{"id":1199,"date":"2025-02-18T10:52:04","date_gmt":"2025-02-18T09:52:04","guid":{"rendered":"https:\/\/monumental-valois.com\/the-artists\/"},"modified":"2026-02-09T14:33:28","modified_gmt":"2026-02-09T13:33:28","slug":"the-artists","status":"publish","type":"page","link":"https:\/\/monumental-valois.com\/en\/the-artists\/","title":{"rendered":"The artists"},"content":{"rendered":"<div class=\"lazyblock-listes-des-artistes-Z1mh7gQ alignfull alignfull  wp-block-lazyblock-listes-des-artistes\"> <div class=\"listes-artistes\">\n                     \n    <div class=\"artiste\">\n      <div class=\"photo-artiste\" style=\"background-image: url(https:\/\/monumental-valois.com\/wp-content\/uploads\/2025\/02\/Antoine_Bourdelle-\u00a9agence-de-presse-Meurisse.jpg);\">\n        <a href=\"https:\/\/monumental-valois.com\/en\/artist\/antoine-bourdelle\/\" title=\"Antoine Bourdelle\"><\/a>\n      <\/div>\n      <div class=\"textes\">\n      <h2>Antoine Bourdelle<\/h2>\n      <p class=\"pays\">France<\/p>\n      <div class=\"intro\">\n        <a href=\"https:\/\/monumental-valois.com\/en\/artist\/antoine-bourdelle\/\" title=\"Antoine Bourdelle\">\n        Antoine Bourdelle is a major figure in French sculpture of the early XX\u1d49 century. A pupil of Alexandre Falgui\u00e8re and assistant to Rodin, he embodied the artistic transition between academicism and the modernist avant-garde. Born in Montauban, he showed an early talent for sculpture and, after studying in Toulouse, moved to Paris to develop his unique style.        <\/a>\n      <\/div>\n      <\/div>\n      \n    <\/div>\n    \n                        \n    <div class=\"artiste\">\n      <div class=\"photo-artiste\" style=\"background-image: url(https:\/\/monumental-valois.com\/wp-content\/uploads\/2025\/02\/daniel-buren.jpg);\">\n        <a href=\"https:\/\/monumental-valois.com\/en\/artist\/daniel-buren\/\" title=\"Daniel Buren\"><\/a>\n      <\/div>\n      <div class=\"textes\">\n      <h2>Daniel Buren<\/h2>\n      <p class=\"pays\">France<\/p>\n      <div class=\"intro\">\n        <a href=\"https:\/\/monumental-valois.com\/en\/artist\/daniel-buren\/\" title=\"Daniel Buren\">\n        Daniel Buren is a major figure in international contemporary art. Renowned for his site-specific work, he conceives his creations in interaction with the places they occupy. His &#8220;visual tool&#8221;, alternating bands of color and white 8.7 cm wide, became his artistic signature.        <\/a>\n      <\/div>\n      <\/div>\n      \n    <\/div>\n    \n                        \n    <div class=\"artiste\">\n      <div class=\"photo-artiste\" style=\"background-image: url(https:\/\/monumental-valois.com\/wp-content\/uploads\/2025\/02\/cc3a9sar-baldaccini-\u00a9La-Beautaniste.jpg);\">\n        <a href=\"https:\/\/monumental-valois.com\/en\/artist\/cesar\/\" title=\"C\u00e9sar\"><\/a>\n      <\/div>\n      <div class=\"textes\">\n      <h2>C\u00e9sar<\/h2>\n      <p class=\"pays\">France<\/p>\n      <div class=\"intro\">\n        <a href=\"https:\/\/monumental-valois.com\/en\/artist\/cesar\/\" title=\"C\u00e9sar\">\n        C\u00e9sar Baldaccini is a major artist of the New Realist movement, alongside such figures as Arman and Jean Tinguely. Self-taught, he turned to modern art after training at the \u00c9cole des Beaux-Arts in Paris.        <\/a>\n      <\/div>\n      <\/div>\n      \n    <\/div>\n    \n                        \n    <div class=\"artiste\">\n      <div class=\"photo-artiste\" style=\"background-image: url(https:\/\/monumental-valois.com\/wp-content\/uploads\/2025\/02\/couturier-ok-\u00a9Galerie-Dina-Vierny.jpg);\">\n        <a href=\"https:\/\/monumental-valois.com\/en\/artist\/robert-couturier\/\" title=\"Robert Couturier\"><\/a>\n      <\/div>\n      <div class=\"textes\">\n      <h2>Robert Couturier<\/h2>\n      <p class=\"pays\">France<\/p>\n      <div class=\"intro\">\n        <a href=\"https:\/\/monumental-valois.com\/en\/artist\/robert-couturier\/\" title=\"Robert Couturier\">\n        Robert Couturier is a major sculptor of the 20th century, whose work combines modernity and classicism.        <\/a>\n      <\/div>\n      <\/div>\n      \n    <\/div>\n    \n                        \n    <div class=\"artiste\">\n      <div class=\"photo-artiste\" style=\"background-image: url(https:\/\/monumental-valois.com\/wp-content\/uploads\/2025\/02\/Pascal-Cribier-jardin-Sebastien-Soriano-Le-Figaro.jpg);\">\n        <a href=\"https:\/\/monumental-valois.com\/en\/artist\/pascal-cribier\/\" title=\"Pascal Cribier\"><\/a>\n      <\/div>\n      <div class=\"textes\">\n      <h2>Pascal Cribier<\/h2>\n      <p class=\"pays\">France<\/p>\n      <div class=\"intro\">\n        <a href=\"https:\/\/monumental-valois.com\/en\/artist\/pascal-cribier\/\" title=\"Pascal Cribier\">\n        Pascal Cribier has transformed the art of gardening by combining classical heritage with ecological innovation. With almost 180 public and private creations in 30 years, he has established himself as a key figure of his generation.        <\/a>\n      <\/div>\n      <\/div>\n      \n    <\/div>\n    \n                        \n    <div class=\"artiste\">\n      <div class=\"photo-artiste\" style=\"background-image: url(https:\/\/monumental-valois.com\/wp-content\/uploads\/2025\/02\/Eric-Croes.jpg);\">\n        <a href=\"https:\/\/monumental-valois.com\/en\/artist\/eric-croes\/\" title=\"Eric Croes\"><\/a>\n      <\/div>\n      <div class=\"textes\">\n      <h2>Eric Croes<\/h2>\n      <p class=\"pays\">Belgique<\/p>\n      <div class=\"intro\">\n        <a href=\"https:\/\/monumental-valois.com\/en\/artist\/eric-croes\/\" title=\"Eric Croes\">\n        Based in Brussels, Eric Croes has made a name for himself in contemporary art with his ceramic sculptures, which combine craftsmanship, cultural influences and the collective imagination. His work blurs the boundaries between art, design and tradition.        <\/a>\n      <\/div>\n      <\/div>\n      \n    <\/div>\n    \n                        \n    <div class=\"artiste\">\n      <div class=\"photo-artiste\" style=\"background-image: url(https:\/\/monumental-valois.com\/wp-content\/uploads\/2025\/02\/Dodeigne-Eugene-\u00a9Academie-des-Beaux-Arts.jpg);\">\n        <a href=\"https:\/\/monumental-valois.com\/en\/artist\/eugene-dodeigne\/\" title=\"Eug\u00e8ne Dodeigne\"><\/a>\n      <\/div>\n      <div class=\"textes\">\n      <h2>Eug\u00e8ne Dodeigne<\/h2>\n      <p class=\"pays\">France<\/p>\n      <div class=\"intro\">\n        <a href=\"https:\/\/monumental-valois.com\/en\/artist\/eugene-dodeigne\/\" title=\"Eug\u00e8ne Dodeigne\">\n        Eug\u00e8ne Dodeigne is a sculptor renowned for his mastery of stone and wood. Trained by his father, a stonemason, from 1936, he continued his training at the \u00c9cole des Beaux-Arts in Paris. Marcel Gimond&#8217;s studio was a veritable artistic revelation. In 1950, he set up his studio in Bondues and developed the &#8220;split stone&#8221; technique, combining perforation and discing to create expressive human forms.        <\/a>\n      <\/div>\n      <\/div>\n      \n    <\/div>\n    \n                        \n    <div class=\"artiste\">\n      <div class=\"photo-artiste\" style=\"background-image: url(https:\/\/monumental-valois.com\/wp-content\/uploads\/2025\/02\/Gustave-Eiffel.jpg);\">\n        <a href=\"https:\/\/monumental-valois.com\/en\/artist\/gustave-eiffel\/\" title=\"Gustave Eiffel\"><\/a>\n      <\/div>\n      <div class=\"textes\">\n      <h2>Gustave Eiffel<\/h2>\n      <p class=\"pays\">France<\/p>\n      <div class=\"intro\">\n        <a href=\"https:\/\/monumental-valois.com\/en\/artist\/gustave-eiffel\/\" title=\"Gustave Eiffel\">\n        Gustave Eiffel est l\u2019un des ing\u00e9nieurs les plus c\u00e9l\u00e8bres de l\u2019histoire de l\u2019architecture et de l\u2019ing\u00e9nierie. N\u00e9 \u00e0 Dijon, il s\u2019impose rapidement comme un expert des structures m\u00e9talliques, contribuant \u00e0 transformer le paysage urbain et industriel du XIXe si\u00e8cle.        <\/a>\n      <\/div>\n      <\/div>\n      \n    <\/div>\n    \n                        \n    <div class=\"artiste\">\n      <div class=\"photo-artiste\" style=\"background-image: url(https:\/\/monumental-valois.com\/wp-content\/uploads\/2025\/02\/Entrelacs-Patrick-Fleury.jpg);\">\n        <a href=\"https:\/\/monumental-valois.com\/en\/artist\/patrick-fleury\/\" title=\"Patrick Fleury\"><\/a>\n      <\/div>\n      <div class=\"textes\">\n      <h2>Patrick Fleury<\/h2>\n      <p class=\"pays\">France<\/p>\n      <div class=\"intro\">\n        <a href=\"https:\/\/monumental-valois.com\/en\/artist\/patrick-fleury\/\" title=\"Patrick Fleury\">\n        Patrick Fleury is a sculptor, visual artist and composer whose work combines space, movement and innovation. His sculptures, notably his &#8220;wide arc&#8221; inspired by sundials, play on the interactions between forms and their environment. By dividing and reinterpreting space, he infuses his works with a unique dynamic.        <\/a>\n      <\/div>\n      <\/div>\n      \n    <\/div>\n    \n                        \n    <div class=\"artiste\">\n      <div class=\"photo-artiste\" style=\"background-image: url(https:\/\/monumental-valois.com\/wp-content\/uploads\/2025\/02\/Emmanuel_Fremiet.jpg);\">\n        <a href=\"https:\/\/monumental-valois.com\/en\/artist\/emmanuel-fremiet\/\" title=\"Emmanuel Fr\u00e9miet\"><\/a>\n      <\/div>\n      <div class=\"textes\">\n      <h2>Emmanuel Fr\u00e9miet<\/h2>\n      <p class=\"pays\">France<\/p>\n      <div class=\"intro\">\n        <a href=\"https:\/\/monumental-valois.com\/en\/artist\/emmanuel-fremiet\/\" title=\"Emmanuel Fr\u00e9miet\">\n        Emmanuel Fr\u00e9miet was one of the most influential sculptors of the 19th century, particularly renowned for his animal works and monumental statues. Trained at the \u00c9cole des Beaux-Arts in Paris, he explores movement and realism with precision in his work.        <\/a>\n      <\/div>\n      <\/div>\n      \n    <\/div>\n    \n                        \n    <div class=\"artiste\">\n      <div class=\"photo-artiste\" style=\"background-image: url(https:\/\/monumental-valois.com\/wp-content\/uploads\/2025\/02\/Kawamata-Tadashi.jpg);\">\n        <a href=\"https:\/\/monumental-valois.com\/en\/artist\/tadashi-kawamata\/\" title=\"Tadashi Kawamata\"><\/a>\n      <\/div>\n      <div class=\"textes\">\n      <h2>Tadashi Kawamata<\/h2>\n      <p class=\"pays\">Japon<\/p>\n      <div class=\"intro\">\n        <a href=\"https:\/\/monumental-valois.com\/en\/artist\/tadashi-kawamata\/\" title=\"Tadashi Kawamata\">\n        Tadashi Kawamata, plasticien japonais, est une figure de l\u2019art contemporain mondialement reconnue. Install\u00e9 entre Tokyo et Paris, il s\u2019illustre par des installations in situ \u00e9ph\u00e9m\u00e8res, m\u00ealant architecture, recyclage et r\u00e9flexion sur l\u2019environnement.        <\/a>\n      <\/div>\n      <\/div>\n      \n    <\/div>\n    \n                        \n    <div class=\"artiste\">\n      <div class=\"photo-artiste\" style=\"background-image: url(https:\/\/monumental-valois.com\/wp-content\/uploads\/2025\/02\/Sol-LeWitt-\u00a9Beaux-Arts-magazine.jpg);\">\n        <a href=\"https:\/\/monumental-valois.com\/en\/artist\/sol-lewitt\/\" title=\"Sol LeWitt\"><\/a>\n      <\/div>\n      <div class=\"textes\">\n      <h2>Sol LeWitt<\/h2>\n      <p class=\"pays\">United States<\/p>\n      <div class=\"intro\">\n        <a href=\"https:\/\/monumental-valois.com\/en\/artist\/sol-lewitt\/\" title=\"Sol LeWitt\">\n        A major figure in conceptual and minimalist art, this American artist revolutionized artistic creation by asserting that the idea, rather than the object, was at the heart of the work. His famous phrase, &#8220;The idea becomes a machine that makes art&#8221;, sums up his philosophy perfectly.        <\/a>\n      <\/div>\n      <\/div>\n      \n    <\/div>\n    \n                        \n    <div class=\"artiste\">\n      <div class=\"photo-artiste\" style=\"background-image: url(https:\/\/monumental-valois.com\/wp-content\/uploads\/2025\/02\/Morelet_Francois_portrait.jpg);\">\n        <a href=\"https:\/\/monumental-valois.com\/en\/artist\/francois-morellet\/\" title=\"Fran\u00e7ois Morellet\"><\/a>\n      <\/div>\n      <div class=\"textes\">\n      <h2>Fran\u00e7ois Morellet<\/h2>\n      <p class=\"pays\">France<\/p>\n      <div class=\"intro\">\n        <a href=\"https:\/\/monumental-valois.com\/en\/artist\/francois-morellet\/\" title=\"Fran\u00e7ois Morellet\">\n        Fran\u00e7ois Morellet is one of the great names in geometric abstraction and minimalism. Painter, engraver and sculptor, he revolutionized modern art while pursuing an industrial career until 1975.        <\/a>\n      <\/div>\n      <\/div>\n      \n    <\/div>\n    \n                        \n    <div class=\"artiste\">\n      <div class=\"photo-artiste\" style=\"background-image: url(https:\/\/monumental-valois.com\/wp-content\/uploads\/2025\/02\/Jean-Pierre-Raynaud.jpg);\">\n        <a href=\"https:\/\/monumental-valois.com\/en\/artist\/jean-pierre-raynaud\/\" title=\"Jean-Pierre Raynaud\"><\/a>\n      <\/div>\n      <div class=\"textes\">\n      <h2>Jean-Pierre Raynaud<\/h2>\n      <p class=\"pays\">France<\/p>\n      <div class=\"intro\">\n        <a href=\"https:\/\/monumental-valois.com\/en\/artist\/jean-pierre-raynaud\/\" title=\"Jean-Pierre Raynaud\">\n        Jean-Pierre Raynaud is a French visual artist known for his work with symbols and everyday materials. With a degree in horticulture, he began his artistic career in the 1960s with iconic works using cement-filled flower pots, road signs and the white tiles with black grout that have become his signature.        <\/a>\n      <\/div>\n      <\/div>\n      \n    <\/div>\n    \n                        \n    <div class=\"artiste\">\n      <div class=\"photo-artiste\" style=\"background-image: url(https:\/\/monumental-valois.com\/wp-content\/uploads\/2026\/03\/official-picture-Reskate-1-e1774535081409.webp);\">\n        <a href=\"https:\/\/monumental-valois.com\/en\/artist\/reskate-studio\/\" title=\"Reskate Studio\"><\/a>\n      <\/div>\n      <div class=\"textes\">\n      <h2>Reskate Studio<\/h2>\n      <p class=\"pays\">Spain<\/p>\n      <div class=\"intro\">\n        <a href=\"https:\/\/monumental-valois.com\/en\/artist\/reskate-studio\/\" title=\"Reskate Studio\">\n        Reskate Studio is an artist collective formed by Mar\u00eda L\u00f3pez and Javier de Riba, from Donostia-San Sebasti\u00e1n and Barcelona respectively. Based in Barcelona&#8217;s Sants district, the duo specialize in murals, installations and illustrations, influenced by popular culture and graphic design. Their artistic approach is distinguished by an ongoing quest for innovation, where the aesthetics, techniques and materials chosen always serve to amplify the underlying message of each work.        <\/a>\n      <\/div>\n      <\/div>\n      \n    <\/div>\n    \n                        \n    <div class=\"artiste\">\n      <div class=\"photo-artiste\" style=\"background-image: url(https:\/\/monumental-valois.com\/wp-content\/uploads\/2025\/02\/takis-\u00a9Natalie-Seroussi.webp);\">\n        <a href=\"https:\/\/monumental-valois.com\/en\/artist\/vassilakis-takis\/\" title=\"Vassilakis Takis\"><\/a>\n      <\/div>\n      <div class=\"textes\">\n      <h2>Vassilakis Takis<\/h2>\n      <p class=\"pays\">Greece<\/p>\n      <div class=\"intro\">\n        <a href=\"https:\/\/monumental-valois.com\/en\/artist\/vassilakis-takis\/\" title=\"Vassilakis Takis\">\n        Greek visual artist Vassilakis Takis revolutionized kinetic art with a body of work that blends science, nature and spirituality. Self-taught and visionary, he has explored magnetic fields, wind, light and sound to create sculptures vibrating with energy.        <\/a>\n      <\/div>\n      <\/div>\n      \n    <\/div>\n    \n                        \n    <div class=\"artiste\">\n      <div class=\"photo-artiste\" style=\"background-image: url(https:\/\/monumental-valois.com\/wp-content\/uploads\/2025\/02\/Lee-Ufan.jpg);\">\n        <a href=\"https:\/\/monumental-valois.com\/en\/artist\/lee-ufan\/\" title=\"Lee Ufan\"><\/a>\n      <\/div>\n      <div class=\"textes\">\n      <h2>Lee Ufan<\/h2>\n      <p class=\"pays\">Korea<\/p>\n      <div class=\"intro\">\n        <a href=\"https:\/\/monumental-valois.com\/en\/artist\/lee-ufan\/\" title=\"Lee Ufan\">\n        Lee Ufan is a Korean artist whose work blends Asian philosophical traditions with Western influences. Based in Japan, his work is distinguished by a unique approach to materials and space, characterized by simplicity and purity of form.        <\/a>\n      <\/div>\n      <\/div>\n      \n    <\/div>\n    \n                        \n    <div class=\"artiste\">\n      <div class=\"photo-artiste\" style=\"background-image: url(https:\/\/monumental-valois.com\/wp-content\/uploads\/2025\/02\/Bernar-Venet.jpg);\">\n        <a href=\"https:\/\/monumental-valois.com\/en\/artist\/bernar-venet\/\" title=\"Bernar Venet\"><\/a>\n      <\/div>\n      <div class=\"textes\">\n      <h2>Bernar Venet<\/h2>\n      <p class=\"pays\">France<\/p>\n      <div class=\"intro\">\n        <a href=\"https:\/\/monumental-valois.com\/en\/artist\/bernar-venet\/\" title=\"Bernar Venet\">\n        Bernar Venet is an internationally renowned French visual artist. Known for his monumental steel sculptures and conceptual works, he lived in the USA for almost 40 years before returning to the south of France, where he founded the Venet Foundation in Le Muy (Var).        <\/a>\n      <\/div>\n      <\/div>\n      \n    <\/div>\n    \n                        \n    <div class=\"artiste\">\n      <div class=\"photo-artiste\" style=\"background-image: url(https:\/\/monumental-valois.com\/wp-content\/uploads\/2025\/02\/Michel-Verjux-1.jpg);\">\n        <a href=\"https:\/\/monumental-valois.com\/en\/artist\/michel-verjux\/\" title=\"Michel Verjux\"><\/a>\n      <\/div>\n      <div class=\"textes\">\n      <h2>Michel Verjux<\/h2>\n      <p class=\"pays\">France<\/p>\n      <div class=\"intro\">\n        <a href=\"https:\/\/monumental-valois.com\/en\/artist\/michel-verjux\/\" title=\"Michel Verjux\">\n        Michel Verjux made a name for himself in the 1980s with a body of work focusing on light and perception. After exploring drawing, poetry and performance art, he turned to the visual arts in 1983, using lighting as his main medium.        <\/a>\n      <\/div>\n      <\/div>\n      \n    <\/div>\n    \n                                                                        <\/div><\/div>\n\n\n<p><\/p>\n\n\n\n<p><\/p>\n\n\n\n<p><\/p>\n\n\n\n<p><\/p>\n\n\n\n<p><\/p>\n","protected":false},"excerpt":{"rendered":"","protected":false},"author":1,"featured_media":0,"parent":0,"menu_order":0,"comment_status":"closed","ping_status":"closed","template":"page-artistes.php","meta":{"footnotes":""},"class_list":["post-1199","page","type-page","status-publish","hentry"],"_links":{"self":[{"href":"https:\/\/monumental-valois.com\/en\/wp-json\/wp\/v2\/pages\/1199","targetHints":{"allow":["GET"]}}],"collection":[{"href":"https:\/\/monumental-valois.com\/en\/wp-json\/wp\/v2\/pages"}],"about":[{"href":"https:\/\/monumental-valois.com\/en\/wp-json\/wp\/v2\/types\/page"}],"author":[{"embeddable":true,"href":"https:\/\/monumental-valois.com\/en\/wp-json\/wp\/v2\/users\/1"}],"replies":[{"embeddable":true,"href":"https:\/\/monumental-valois.com\/en\/wp-json\/wp\/v2\/comments?post=1199"}],"version-history":[{"count":0,"href":"https:\/\/monumental-valois.com\/en\/wp-json\/wp\/v2\/pages\/1199\/revisions"}],"wp:attachment":[{"href":"https:\/\/monumental-valois.com\/en\/wp-json\/wp\/v2\/media?parent=1199"}],"curies":[{"name":"wp","href":"https:\/\/api.w.org\/{rel}","templated":true}]}}