{"id":1267,"date":"2025-01-08T15:03:13","date_gmt":"2025-01-08T14:03:13","guid":{"rendered":"https:\/\/monumental-valois.com\/home\/"},"modified":"2026-02-19T15:14:57","modified_gmt":"2026-02-19T14:14:57","slug":"home","status":"publish","type":"page","link":"https:\/\/monumental-valois.com\/en\/","title":{"rendered":"Home"},"content":{"rendered":"\n<header class=\"wp-block-group alignfull\"><div class=\"wp-block-group__inner-container is-layout-constrained wp-block-group-is-layout-constrained\"><div class=\"lazyblock-slider-home-page-top-11SCKt alignfull alignfull  wp-block-lazyblock-slider-home-page-top\"><div class=\"wrapper-slider-home\">\n<div class=\"swiper slider-oeuvres-home\">\n<div class=\"swiper-wrapper\">\n  <div class=\"swiper-slide slide-oeuvre\" style=\"background-image: url(https:\/\/monumental-valois.com\/wp-content\/uploads\/2026\/01\/Jardin-minimaliste-2.webp);\">\n  <div class=\"opaque\">\n    <div class=\"content\">\n         <h1> Monumental Valois a unique journey through contemporary art<\/h1>\n         \n            <\/div>\n  <\/div>\n  \n<\/div>\n<div class=\"swiper-slide slide-oeuvre\" style=\"background-image: url(https:\/\/monumental-valois.com\/wp-content\/uploads\/2026\/01\/Mareuil-sur-ourcq-canal-de-l-ourcq.webp);\">\n  <div class=\"opaque\">\n    <div class=\"content\">\n              <h2> The Pays de Valois: an area combining nature, history and heritage<\/h2>\n       \n         <p>Pays de Valois<\/p>\n              <a href=\"https:\/\/monumental-valois.com\/le-pays-de-valois-un-territoire-alliant-nature-histoire-et-patrimoine\/\" title=\"The Pays de Valois: an area combining nature, history and heritage\">\n      More details      <\/a>\n <\/div>\n  <\/div>\n  \n<\/div>\n<div class=\"swiper-slide slide-oeuvre\" style=\"background-image: url(https:\/\/monumental-valois.com\/wp-content\/uploads\/2026\/01\/fresque-reskate.webp);\">\n  <div class=\"opaque\">\n    <div class=\"content\">\n              <h2> Fresco Reskate: a work of art with multiple symbols<\/h2>\n       \n         <p>Reskate Studio &#8211; Mareuil-sur-Ourcq<\/p>\n              <a href=\"https:\/\/monumental-valois.com\/oeuvre-monumentale\/fresque-reskate-une-oeuvre-aux-multiples-symboles\/\" title=\"Fresco Reskate: a work of art with multiple symbols\">\n      More details      <\/a>\n <\/div>\n  <\/div>\n  \n<\/div>\n<\/div>\n<\/div>\n<div class=\"cote-slide\">\n            <span>in the spotlight in the Valois region<\/span>\n        <\/div>\n        <div class=\"swiper-pagination-home\"><\/div>\n<div class=\"swiper-nav-home\">\n            <span class=\"btn-next-nav-home\" tabindex=\"0\" role=\"button\" aria-label=\"Next slide\" aria-controls=\"swiper-wrapper-70ef11098d3e543f4\"><\/span>\n            <span class=\"btn-prev-nav-home\" tabindex=\"0\" role=\"button\" aria-label=\"Previous slide\" aria-controls=\"swiper-wrapper-70ef11098d3e543f4\"><\/span>\n        <\/div>\n<\/div><\/div><\/div><\/header>\n\n<div class=\"wp-block-group alignwide\"><div class=\"wp-block-group__inner-container is-layout-constrained wp-block-group-is-layout-constrained\">\n<p class=\"has-text-align-center is-style-introduction\">Introduction<\/p>\n\n\n\n<hr class=\"wp-block-separator has-text-color has-gris-fonce-color has-alpha-channel-opacity has-gris-fonce-background-color has-background is-style-petit-separator\"\/>\n\n\n\n<h2 class=\"wp-block-heading alignwide has-text-align-center is-style-fleche-gauche is-style-titre-home\">Monumental Valois is an innovative artistic and tourism initiative supported by the Communaut\u00e9 de Communes du Pays de Valois and inspired by international examples from Japan, the United States and Brazil.<\/h2>\n<\/div><\/div>\n\n<div class=\"wp-block-group alignwide\"><div class=\"wp-block-group__inner-container is-layout-constrained wp-block-group-is-layout-constrained\">\n<div class=\"wp-block-columns alignwide are-vertically-aligned-bottom is-style-espace-60-px is-layout-flex wp-container-core-columns-is-layout-28f84493 wp-block-columns-is-layout-flex\">\n<div class=\"wp-block-column is-vertically-aligned-bottom is-layout-flow wp-block-column-is-layout-flow\">\n<figure class=\"wp-block-image size-full\"><img loading=\"lazy\" decoding=\"async\" width=\"2560\" height=\"2194\" src=\"https:\/\/monumental-valois.com\/wp-content\/uploads\/2026\/01\/FresqueReskate-pays-valois2-@sophiepalmier-carre-scaled.webp\" alt=\"Maria and Javier from Reskate Studio\" class=\"wp-image-1139\" srcset=\"https:\/\/monumental-valois.com\/wp-content\/uploads\/2026\/01\/FresqueReskate-pays-valois2-@sophiepalmier-carre-scaled.webp 2560w, https:\/\/monumental-valois.com\/wp-content\/uploads\/2026\/01\/FresqueReskate-pays-valois2-@sophiepalmier-carre-467x400.webp 467w, https:\/\/monumental-valois.com\/wp-content\/uploads\/2026\/01\/FresqueReskate-pays-valois2-@sophiepalmier-carre-1050x900.webp 1050w, https:\/\/monumental-valois.com\/wp-content\/uploads\/2026\/01\/FresqueReskate-pays-valois2-@sophiepalmier-carre-768x658.webp 768w, https:\/\/monumental-valois.com\/wp-content\/uploads\/2026\/01\/FresqueReskate-pays-valois2-@sophiepalmier-carre-1536x1316.webp 1536w, https:\/\/monumental-valois.com\/wp-content\/uploads\/2026\/01\/FresqueReskate-pays-valois2-@sophiepalmier-carre-2048x1755.webp 2048w, https:\/\/monumental-valois.com\/wp-content\/uploads\/2026\/01\/FresqueReskate-pays-valois2-@sophiepalmier-carre-450x386.webp 450w, https:\/\/monumental-valois.com\/wp-content\/uploads\/2026\/01\/FresqueReskate-pays-valois2-@sophiepalmier-carre-700x600.webp 700w\" sizes=\"auto, (max-width: 2560px) 100vw, 2560px\" \/><\/figure>\n<\/div>\n\n\n\n<div class=\"wp-block-column is-vertically-aligned-bottom is-layout-flow wp-block-column-is-layout-flow\">\n<figure class=\"wp-block-image size-full\"><img loading=\"lazy\" decoding=\"async\" width=\"1707\" height=\"2560\" src=\"https:\/\/monumental-valois.com\/wp-content\/uploads\/2026\/01\/FresqueReskate-pays-valois-@sophiepalmier-9-scaled.webp\" alt=\"Reskate fresco in Mareuil-sur-Ourcq\" class=\"wp-image-1141\" srcset=\"https:\/\/monumental-valois.com\/wp-content\/uploads\/2026\/01\/FresqueReskate-pays-valois-@sophiepalmier-9-scaled.webp 1707w, https:\/\/monumental-valois.com\/wp-content\/uploads\/2026\/01\/FresqueReskate-pays-valois-@sophiepalmier-9-267x400.webp 267w, https:\/\/monumental-valois.com\/wp-content\/uploads\/2026\/01\/FresqueReskate-pays-valois-@sophiepalmier-9-600x900.webp 600w, https:\/\/monumental-valois.com\/wp-content\/uploads\/2026\/01\/FresqueReskate-pays-valois-@sophiepalmier-9-768x1152.webp 768w, https:\/\/monumental-valois.com\/wp-content\/uploads\/2026\/01\/FresqueReskate-pays-valois-@sophiepalmier-9-1024x1536.webp 1024w, https:\/\/monumental-valois.com\/wp-content\/uploads\/2026\/01\/FresqueReskate-pays-valois-@sophiepalmier-9-1365x2048.webp 1365w, https:\/\/monumental-valois.com\/wp-content\/uploads\/2026\/01\/FresqueReskate-pays-valois-@sophiepalmier-9-300x450.webp 300w, https:\/\/monumental-valois.com\/wp-content\/uploads\/2026\/01\/FresqueReskate-pays-valois-@sophiepalmier-9-400x600.webp 400w\" sizes=\"auto, (max-width: 1707px) 100vw, 1707px\" \/><\/figure>\n<\/div>\n\n\n\n<div class=\"wp-block-column is-vertically-aligned-bottom is-layout-flow wp-block-column-is-layout-flow\">\n<h2 class=\"wp-block-heading is-style-petit-titre\">origin of the project<\/h2>\n\n\n\n<h3 class=\"wp-block-heading has-30-px-font-size\">A unique artistic and tourist initiative<\/h3>\n\n\n\n<p>The aim of this project, the only one of its kind in Europe, is to create a trail of monumental sculptures, architecture and contemporary graffiti, scattered across the 62 communes of the region.<\/p>\n\n\n\n<div class=\"wp-block-buttons is-layout-flex wp-block-buttons-is-layout-flex\">\n<div class=\"wp-block-button\"><a class=\"wp-block-button__link wp-element-button\" href=\"https:\/\/monumental-valois.com\/en\/monumental-valois-a-contemporary-art-project-unique-in-europe\/\">Read more<\/a><\/div>\n<\/div>\n<\/div>\n<\/div>\n<\/div><\/div>\n\n<div style=\"height:70px\" aria-hidden=\"true\" class=\"wp-block-spacer\"><\/div>\n\n<div class=\"wp-block-media-text alignfull has-media-on-the-right is-stacked-on-mobile is-vertically-aligned-bottom is-image-fill-element is-style-texte-max-400-px\" style=\"grid-template-columns:auto 59%\"><div class=\"wp-block-media-text__content\">\n<div style=\"height:100px\" aria-hidden=\"true\" class=\"wp-block-spacer\"><\/div>\n\n\n\n<h2 class=\"wp-block-heading is-style-petit-titre\">a museum for everyone<\/h2>\n\n\n\n<h3 class=\"wp-block-heading has-30-px-font-size\">An open-air museum<br\/><\/h3>\n\n\n\n<p>At the heart of the communaut\u00e9 de communes&#8217; regional project, this open-air museum puts innovation at the service of tourism, culture and environmental development.<\/p>\n\n\n\n<div class=\"wp-block-buttons is-layout-flex wp-block-buttons-is-layout-flex\">\n<div class=\"wp-block-button\"><a class=\"wp-block-button__link wp-element-button\" href=\"https:\/\/monumental-valois.com\/en\/monumental-valois-a-contemporary-art-project-unique-in-europe\/\">Read more<\/a><\/div>\n<\/div>\n<\/div><figure class=\"wp-block-media-text__media\"><img loading=\"lazy\" decoding=\"async\" width=\"1744\" height=\"900\" src=\"https:\/\/monumental-valois.com\/wp-content\/uploads\/2026\/01\/Donjon-de-vez-vue-drone-un-musee-pour-tous-1744x900.webp\" alt=\"Donjon de Vez - contemporary art\" class=\"wp-image-1145 size-full\" style=\"object-position:50% 50%\" srcset=\"https:\/\/monumental-valois.com\/wp-content\/uploads\/2026\/01\/Donjon-de-vez-vue-drone-un-musee-pour-tous-1744x900.webp 1744w, https:\/\/monumental-valois.com\/wp-content\/uploads\/2026\/01\/Donjon-de-vez-vue-drone-un-musee-pour-tous-775x400.webp 775w, https:\/\/monumental-valois.com\/wp-content\/uploads\/2026\/01\/Donjon-de-vez-vue-drone-un-musee-pour-tous-768x396.webp 768w, https:\/\/monumental-valois.com\/wp-content\/uploads\/2026\/01\/Donjon-de-vez-vue-drone-un-musee-pour-tous-1536x792.webp 1536w, https:\/\/monumental-valois.com\/wp-content\/uploads\/2026\/01\/Donjon-de-vez-vue-drone-un-musee-pour-tous-2048x1057.webp 2048w, https:\/\/monumental-valois.com\/wp-content\/uploads\/2026\/01\/Donjon-de-vez-vue-drone-un-musee-pour-tous-450x232.webp 450w, https:\/\/monumental-valois.com\/wp-content\/uploads\/2026\/01\/Donjon-de-vez-vue-drone-un-musee-pour-tous-1163x600.webp 1163w\" sizes=\"auto, (max-width: 1744px) 100vw, 1744px\" \/><\/figure><\/div>\n\n<div style=\"height:70px\" aria-hidden=\"true\" class=\"wp-block-spacer\"><\/div>\n\n<div class=\"wp-block-group alignfull has-blanc-color has-noir-background-color has-text-color has-background has-link-color wp-elements-93d9abc548fdacb7321bb97e60cdf699\"><div class=\"wp-block-group__inner-container is-layout-constrained wp-block-group-is-layout-constrained\">\n<div style=\"height:100px\" aria-hidden=\"true\" class=\"wp-block-spacer\"><\/div>\n\n\n\n<div class=\"wp-block-columns alignwide are-vertically-aligned-top is-layout-flex wp-container-core-columns-is-layout-28f84493 wp-block-columns-is-layout-flex\">\n<div class=\"wp-block-column is-vertically-aligned-top is-layout-flow wp-block-column-is-layout-flow\" style=\"flex-basis:45%\">\n<h2 class=\"wp-block-heading has-56-px-font-size\">Artists at work at the Monumental<\/h2>\n<\/div>\n\n\n\n<div class=\"wp-block-column is-vertically-aligned-top is-layout-flow wp-block-column-is-layout-flow\" style=\"flex-basis:20%\"><\/div>\n\n\n\n<div class=\"wp-block-column is-vertically-aligned-top is-layout-flow wp-block-column-is-layout-flow\" style=\"flex-basis:35%\">\n<p>Painters, sculptors and visual artists, the Monumental Valois artists take a look at the region through contemporary works conceived in situ. Each, with his or her own universe, creates a dialogue between art, heritage and Valois landscapes.<\/p>\n<\/div>\n<\/div>\n\n\n<div class=\"lazyblock-slider-artistes-ZjvKyg alignfull alignfull  wp-block-lazyblock-slider-artistes\"><div class=\"slider-artistes-wrapper\">\n  <div class=\"bloc-titre\">\n  <h2>\n    The artists<\/h2>\n<\/div>\n  <div class=\"slider-artiste swiper\">\n    <div class=\"swiper-wrapper\">\n     \n                    \n    <div class=\"slide-artiste swiper-slide\">\n      <div class=\"photo-artiste\" style=\"background-image: url(https:\/\/monumental-valois.com\/wp-content\/uploads\/2025\/02\/Antoine_Bourdelle-\u00a9agence-de-presse-Meurisse-294x400.jpg);\">\n        <a href=\"https:\/\/monumental-valois.com\/en\/artist\/antoine-bourdelle\/\" title=\"Antoine Bourdelle\"><\/a>\n      <\/div>\n      <div class=\"textes\">\n      <h3>Antoine Bourdelle<\/h3>\n      <p class=\"pays\">France<\/p>\n      <div class=\"intro\">\n        Antoine Bourdelle is a major figure in French sculpture of the early XX\u1d49 century. A pupil of Alexandre Falgui\u00e8re and assistant to Rodin, he embodied the artistic transition between academicism and the modernist avant-garde. Born in Montauban, he showed an early talent for sculpture and, after studying in Toulouse, moved to Paris to develop his unique style.      <\/div>\n      <\/div>\n      \n    <\/div>\n    \n                        \n    <div class=\"slide-artiste swiper-slide\">\n      <div class=\"photo-artiste\" style=\"background-image: url(https:\/\/monumental-valois.com\/wp-content\/uploads\/2025\/02\/daniel-buren-600x400.jpg);\">\n        <a href=\"https:\/\/monumental-valois.com\/en\/artist\/daniel-buren\/\" title=\"Daniel Buren\"><\/a>\n      <\/div>\n      <div class=\"textes\">\n      <h3>Daniel Buren<\/h3>\n      <p class=\"pays\">France<\/p>\n      <div class=\"intro\">\n        Daniel Buren is a major figure in international contemporary art. Renowned for his site-specific work, he conceives his creations in interaction with the places they occupy. His &#8220;visual tool&#8221;, alternating bands of color and white 8.7 cm wide, became his artistic signature.      <\/div>\n      <\/div>\n      \n    <\/div>\n    \n                        \n    <div class=\"slide-artiste swiper-slide\">\n      <div class=\"photo-artiste\" style=\"background-image: url(https:\/\/monumental-valois.com\/wp-content\/uploads\/2025\/02\/cc3a9sar-baldaccini-\u00a9La-Beautaniste-400x400.jpg);\">\n        <a href=\"https:\/\/monumental-valois.com\/en\/artist\/cesar\/\" title=\"C\u00e9sar\"><\/a>\n      <\/div>\n      <div class=\"textes\">\n      <h3>C\u00e9sar<\/h3>\n      <p class=\"pays\">France<\/p>\n      <div class=\"intro\">\n        C\u00e9sar Baldaccini is a major artist of the New Realist movement, alongside such figures as Arman and Jean Tinguely. Self-taught, he turned to modern art after training at the \u00c9cole des Beaux-Arts in Paris.      <\/div>\n      <\/div>\n      \n    <\/div>\n    \n                        \n    <div class=\"slide-artiste swiper-slide\">\n      <div class=\"photo-artiste\" style=\"background-image: url(https:\/\/monumental-valois.com\/wp-content\/uploads\/2025\/02\/couturier-ok-\u00a9Galerie-Dina-Vierny-650x400.jpg);\">\n        <a href=\"https:\/\/monumental-valois.com\/en\/artist\/robert-couturier\/\" title=\"Robert Couturier\"><\/a>\n      <\/div>\n      <div class=\"textes\">\n      <h3>Robert Couturier<\/h3>\n      <p class=\"pays\">France<\/p>\n      <div class=\"intro\">\n        Robert Couturier is a major sculptor of the 20th century, whose work combines modernity and classicism.      <\/div>\n      <\/div>\n      \n    <\/div>\n    \n                        \n    <div class=\"slide-artiste swiper-slide\">\n      <div class=\"photo-artiste\" style=\"background-image: url(https:\/\/monumental-valois.com\/wp-content\/uploads\/2025\/02\/Eric-Croes-594x400.jpg);\">\n        <a href=\"https:\/\/monumental-valois.com\/en\/artist\/eric-croes\/\" title=\"Eric Croes\"><\/a>\n      <\/div>\n      <div class=\"textes\">\n      <h3>Eric Croes<\/h3>\n      <p class=\"pays\">Belgique<\/p>\n      <div class=\"intro\">\n        Based in Brussels, Eric Croes has made a name for himself in contemporary art with his ceramic sculptures, which combine craftsmanship, cultural influences and the collective imagination. His work blurs the boundaries between art, design and tradition.      <\/div>\n      <\/div>\n      \n    <\/div>\n    \n                        \n    <div class=\"slide-artiste swiper-slide\">\n      <div class=\"photo-artiste\" style=\"background-image: url(https:\/\/monumental-valois.com\/wp-content\/uploads\/2025\/02\/Gustave-Eiffel-706x400.jpg);\">\n        <a href=\"https:\/\/monumental-valois.com\/en\/artist\/gustave-eiffel\/\" title=\"Gustave Eiffel\"><\/a>\n      <\/div>\n      <div class=\"textes\">\n      <h3>Gustave Eiffel<\/h3>\n      <p class=\"pays\">France<\/p>\n      <div class=\"intro\">\n        Gustave Eiffel est l\u2019un des ing\u00e9nieurs les plus c\u00e9l\u00e8bres de l\u2019histoire de l\u2019architecture et de l\u2019ing\u00e9nierie. N\u00e9 \u00e0 Dijon, il s\u2019impose rapidement comme un expert des structures m\u00e9talliques, contribuant \u00e0 transformer le paysage urbain et industriel du XIXe si\u00e8cle.      <\/div>\n      <\/div>\n      \n    <\/div>\n    \n                        \n    <div class=\"slide-artiste swiper-slide\">\n      <div class=\"photo-artiste\" style=\"background-image: url(https:\/\/monumental-valois.com\/wp-content\/uploads\/2025\/02\/Entrelacs-Patrick-Fleury-533x400.jpg);\">\n        <a href=\"https:\/\/monumental-valois.com\/en\/artist\/patrick-fleury\/\" title=\"Patrick Fleury\"><\/a>\n      <\/div>\n      <div class=\"textes\">\n      <h3>Patrick Fleury<\/h3>\n      <p class=\"pays\">France<\/p>\n      <div class=\"intro\">\n        Patrick Fleury is a sculptor, visual artist and composer whose work combines space, movement and innovation. His sculptures, notably his &#8220;wide arc&#8221; inspired by sundials, play on the interactions between forms and their environment. By dividing and reinterpreting space, he infuses his works with a unique dynamic.      <\/div>\n      <\/div>\n      \n    <\/div>\n    \n                        \n    <div class=\"slide-artiste swiper-slide\">\n      <div class=\"photo-artiste\" style=\"background-image: url(https:\/\/monumental-valois.com\/wp-content\/uploads\/2025\/02\/Morelet_Francois_portrait.jpg);\">\n        <a href=\"https:\/\/monumental-valois.com\/en\/artist\/francois-morellet\/\" title=\"Fran\u00e7ois Morellet\"><\/a>\n      <\/div>\n      <div class=\"textes\">\n      <h3>Fran\u00e7ois Morellet<\/h3>\n      <p class=\"pays\">France<\/p>\n      <div class=\"intro\">\n        Fran\u00e7ois Morellet is one of the great names in geometric abstraction and minimalism. Painter, engraver and sculptor, he revolutionized modern art while pursuing an industrial career until 1975.      <\/div>\n      <\/div>\n      \n    <\/div>\n    \n                        \n    <div class=\"slide-artiste swiper-slide\">\n      <div class=\"photo-artiste\" style=\"background-image: url(https:\/\/monumental-valois.com\/wp-content\/uploads\/2025\/02\/Jean-Pierre-Raynaud-276x400.jpg);\">\n        <a href=\"https:\/\/monumental-valois.com\/en\/artist\/jean-pierre-raynaud\/\" title=\"Jean-Pierre Raynaud\"><\/a>\n      <\/div>\n      <div class=\"textes\">\n      <h3>Jean-Pierre Raynaud<\/h3>\n      <p class=\"pays\">France<\/p>\n      <div class=\"intro\">\n        Jean-Pierre Raynaud is a French visual artist known for his work with symbols and everyday materials. With a degree in horticulture, he began his artistic career in the 1960s with iconic works using cement-filled flower pots, road signs and the white tiles with black grout that have become his signature.      <\/div>\n      <\/div>\n      \n    <\/div>\n    \n                        \n    <div class=\"slide-artiste swiper-slide\">\n      <div class=\"photo-artiste\" style=\"background-image: url(https:\/\/monumental-valois.com\/wp-content\/uploads\/2026\/03\/official-picture-Reskate-1-e1774535081409-400x400.webp);\">\n        <a href=\"https:\/\/monumental-valois.com\/en\/artist\/reskate-studio\/\" title=\"Reskate Studio\"><\/a>\n      <\/div>\n      <div class=\"textes\">\n      <h3>Reskate Studio<\/h3>\n      <p class=\"pays\">Spain<\/p>\n      <div class=\"intro\">\n        Reskate Studio is an artist collective formed by Mar\u00eda L\u00f3pez and Javier de Riba, from Donostia-San Sebasti\u00e1n and Barcelona respectively. Based in Barcelona&#8217;s Sants district, the duo specialize in murals, installations and illustrations, influenced by popular culture and graphic design. Their artistic approach is distinguished by an ongoing quest for innovation, where the aesthetics, techniques and materials chosen always serve to amplify the underlying message of each work.      <\/div>\n      <\/div>\n      \n    <\/div>\n    \n                        \n    <div class=\"slide-artiste swiper-slide\">\n      <div class=\"photo-artiste\" style=\"background-image: url(https:\/\/monumental-valois.com\/wp-content\/uploads\/2025\/02\/Michel-Verjux-1-474x400.jpg);\">\n        <a href=\"https:\/\/monumental-valois.com\/en\/artist\/michel-verjux\/\" title=\"Michel Verjux\"><\/a>\n      <\/div>\n      <div class=\"textes\">\n      <h3>Michel Verjux<\/h3>\n      <p class=\"pays\">France<\/p>\n      <div class=\"intro\">\n        Michel Verjux made a name for himself in the 1980s with a body of work focusing on light and perception. After exploring drawing, poetry and performance art, he turned to the visual arts in 1983, using lighting as his main medium.      <\/div>\n      <\/div>\n      \n    <\/div>\n    \n                                                          <\/div>\n  <\/div>\n  <div class=\"swiper-pagination-artistes\"><\/div>\n<\/div><\/div>\n\n\n<div style=\"height:70px\" aria-hidden=\"true\" class=\"wp-block-spacer\"><\/div>\n\n\n\n<hr class=\"wp-block-separator has-alpha-channel-opacity\"\/>\n\n\n\n<div style=\"height:70px\" aria-hidden=\"true\" class=\"wp-block-spacer\"><\/div>\n\n\n\n<div class=\"wp-block-columns alignwide are-vertically-aligned-top is-layout-flex wp-container-core-columns-is-layout-28f84493 wp-block-columns-is-layout-flex\">\n<div class=\"wp-block-column is-vertically-aligned-top is-layout-flow wp-block-column-is-layout-flow\" style=\"flex-basis:45%\">\n<h2 class=\"wp-block-heading has-54-px-font-size\">Discover emblematic places<br\/>revisited by artists<\/h2>\n<\/div>\n\n\n\n<div class=\"wp-block-column is-vertically-aligned-top is-layout-flow wp-block-column-is-layout-flow\" style=\"flex-basis:20%\"><\/div>\n\n\n\n<div class=\"wp-block-column is-vertically-aligned-top is-layout-flow wp-block-column-is-layout-flow\" style=\"flex-basis:35%\">\n<p>Monumental Valois invites you to explore the region in a whole new way. Through their eyes, contemporary artists revisit emblematic places where heritage and art meet.<\/p>\n<\/div>\n<\/div>\n\n\n<div class=\"lazyblock-carte-home-page-ZUDwm1 alignfull alignfull  wp-block-lazyblock-carte-home-page\"> <div class=\"carte-home-page\">\n  <div class=\"fiche-info\">\n    <div class=\"fond-opaque\">\n    <div class=\"texte\">\n      <h3 id=\"titre-oeuvre\"><\/h3>\n      <p id=\"ville-oeuvre\"><\/p>\n      <a href=\"#\" id=\"bouton-page\">\n        Learn more      <\/a>\n    <\/div>\n   <\/div>\n  <\/div>\n  <div class=\"la-carte\" id=\"map-home\">\n    \n  <\/div>\n<\/div><\/div><\/div><\/div>\n\n<div style=\"height:70px\" aria-hidden=\"true\" class=\"wp-block-spacer\"><\/div>\n\n<hr class=\"wp-block-separator has-alpha-channel-opacity\"\/>\n\n<div style=\"height:70px\" aria-hidden=\"true\" class=\"wp-block-spacer\"><\/div>\n\n<div class=\"wp-block-group alignfull\"><div class=\"wp-block-group__inner-container is-layout-constrained wp-block-group-is-layout-constrained\">\n<div class=\"wp-block-columns alignwide are-vertically-aligned-top is-layout-flex wp-container-core-columns-is-layout-28f84493 wp-block-columns-is-layout-flex\">\n<div class=\"wp-block-column is-vertically-aligned-top is-layout-flow wp-block-column-is-layout-flow\" style=\"flex-basis:45%\">\n<h2 class=\"wp-block-heading has-52-px-font-size\">Monumental art<br\/>in the Pays de Valois, France and the world<\/h2>\n\n\n\n<div class=\"wp-block-buttons is-layout-flex wp-block-buttons-is-layout-flex\">\n<div class=\"wp-block-button is-style-bouton-blanc\"><a class=\"wp-block-button__link wp-element-button\" href=\"https:\/\/monumental-valois.com\/actus\/\">See all articles<\/a><\/div>\n<\/div>\n<\/div>\n\n\n\n<div class=\"wp-block-column is-vertically-aligned-top is-layout-flow wp-block-column-is-layout-flow\" style=\"flex-basis:10%\"><\/div>\n\n\n\n<div class=\"wp-block-column is-vertically-aligned-top is-layout-flow wp-block-column-is-layout-flow\" style=\"flex-basis:35%\">\n<p>Keep up to date with monumental art in France and abroad: new works, current projects, remarkable exhibitions or installations&#8230; An overview of contemporary monumental art.<\/p>\n<\/div>\n<\/div>\n\n\n<div class=\"lazyblock-actus-big-slider-1Hi2M6 alignfull alignfull  wp-block-lazyblock-actus-big-slider\"><div class=\"big-slider-actus-wrapper\">\n<div class=\"swiper big-slider-actus\">\n  <div class=\"swiper-wrapper\">\n    <div class=\"swiper-slide big-slide-actu\" style=\"background-image: url(https:\/\/monumental-valois.com\/wp-content\/uploads\/2026\/04\/sous-la-canopee-credits-photo-Alberto-Roncelli.webp);\">\n    <div class=\"opaque\">\n      <div class=\"texte-content\">\n    <h3>In Fiji, LAGI develops clean energy through art<\/h3>    <a href=\"https:\/\/monumental-valois.com\/en\/in-the-world\/in-fiji-lagi-develops-clean-energy-through-art\/\" title=\"In Fiji, LAGI develops clean energy through art\">Lire la suite<\/a>\n    <\/div>\n    <\/div>\n  <\/div>\n    <div class=\"swiper-slide big-slide-actu\" style=\"background-image: url(https:\/\/monumental-valois.com\/wp-content\/uploads\/2026\/04\/Do-LaB-Coachella-2026.webp);\">\n    <div class=\"opaque\">\n      <div class=\"texte-content\">\n    <h3>Coachella, a festival of music and art<\/h3>    <a href=\"https:\/\/monumental-valois.com\/en\/in-the-world\/coachella-a-festival-of-music-and-art\/\" title=\"Coachella, a festival of music and art\">Lire la suite<\/a>\n    <\/div>\n    <\/div>\n  <\/div>\n    <div class=\"swiper-slide big-slide-actu\" style=\"background-image: url(https:\/\/monumental-valois.com\/wp-content\/uploads\/2026\/04\/01-2Portzamparc-Flagship-Dior-Beijing-@Zhu-Yumeng.webp);\">\n    <div class=\"opaque\">\n      <div class=\"texte-content\">\n    <h3>Monumental petals adorn Dior&#8217;s new sales space in Beijing: House of Dior Beijing<\/h3>    <a href=\"https:\/\/monumental-valois.com\/en\/in-the-world\/monumental-petals-adorn-diors-new-sales-space-in-beijing-house-of-dior-beijing\/\" title=\"Monumental petals adorn Dior&#8217;s new sales space in Beijing: House of Dior Beijing\">Lire la suite<\/a>\n    <\/div>\n    <\/div>\n  <\/div>\n    <div class=\"swiper-slide big-slide-actu\" style=\"background-image: url(https:\/\/monumental-valois.com\/wp-content\/uploads\/2026\/04\/James-Turrell-photo-Florien-Holzherr.webp);\">\n    <div class=\"opaque\">\n      <div class=\"texte-content\">\n    <h3>James Turrell &#8211; A Roden Crater, land art at its best<\/h3>    <a href=\"https:\/\/monumental-valois.com\/en\/in-the-world\/james-turrell-a-roden-crater-land-art-at-its-best\/\" title=\"James Turrell &#8211; A Roden Crater, land art at its best\">Lire la suite<\/a>\n    <\/div>\n    <\/div>\n  <\/div>\n  \t\n<\/div>\n<div class=\"swiper-pagination-big-actus\"><\/div>\n<\/div>\n<\/div><\/div><\/div><\/div>\n\n<div style=\"height:70px\" aria-hidden=\"true\" class=\"wp-block-spacer\"><\/div>\n<div class=\"lazyblock-liste-actus-TYIeA wp-block-lazyblock-liste-actus\"><div class=\"liste-actualites\">\n  <div class=\"liste-actus-content\">\n    <h2>Monumental art in the Pays de Valois<\/h2>\n    <div class=\"actus-categ-slider swiper\">\n        <div class=\"swiper-wrapper\">\n      \n              <div class=\"actus swiper-slide\">\n           <div class=\"bloc-actus\">\n                                <div class=\"photo-actus\" style=\"background-image: url(https:\/\/monumental-valois.com\/wp-content\/uploads\/2026\/04\/edgar-sarin-pacifique-credits-photos-JL-76actu.webp);\">\n                                    <div class=\"categs\">\n                                        <span> art in valois<\/span>\n                                    <\/div>\n                                    <a href=\"https:\/\/monumental-valois.com\/en\/art-in-valois\/edgar-sarin-the-artist-engineer-soon-at-the-donjon-de-vez\/\" title=\"Edgar Sarin, the artist-engineer, soon at the Donjon de Vez\"><\/a>\n                                <\/div>\n                                <p class=\"date\">\n                                    24 April 2026                                <\/p>\n        <h3>Edgar Sarin, the artist-engineer, soon at the Donjon de Vez<\/h3>\n        <\/div>\n      <\/div>\n              <div class=\"actus swiper-slide\">\n           <div class=\"bloc-actus\">\n                                <div class=\"photo-actus\" style=\"background-image: url(https:\/\/monumental-valois.com\/wp-content\/uploads\/2026\/03\/reskate-hoshinomori-version-de-jour.webp);\">\n                                    <div class=\"categs\">\n                                        <span> art in valois<\/span>\n                                    <\/div>\n                                    <a href=\"https:\/\/monumental-valois.com\/en\/art-in-valois\/a-new-reskate-studio-mural-in-tokyo\/\" title=\"A new Reskate Studio mural in Tokyo\"><\/a>\n                                <\/div>\n                                <p class=\"date\">\n                                    26 March 2026                                <\/p>\n        <h3>A new Reskate Studio mural in Tokyo<\/h3>\n        <\/div>\n      <\/div>\n        \t\n    <\/div>\n    \n    <\/div>\n  <\/div>\n<\/div> <\/div>","protected":false},"excerpt":{"rendered":"<p>Introduction Monumental Valois is an innovative artistic and tourism initiative supported by the Communaut\u00e9 de Communes du Pays de Valois [&hellip;]<\/p>\n","protected":false},"author":1,"featured_media":0,"parent":0,"menu_order":0,"comment_status":"closed","ping_status":"closed","template":"","meta":{"footnotes":""},"class_list":["post-1267","page","type-page","status-publish","hentry"],"_links":{"self":[{"href":"https:\/\/monumental-valois.com\/en\/wp-json\/wp\/v2\/pages\/1267","targetHints":{"allow":["GET"]}}],"collection":[{"href":"https:\/\/monumental-valois.com\/en\/wp-json\/wp\/v2\/pages"}],"about":[{"href":"https:\/\/monumental-valois.com\/en\/wp-json\/wp\/v2\/types\/page"}],"author":[{"embeddable":true,"href":"https:\/\/monumental-valois.com\/en\/wp-json\/wp\/v2\/users\/1"}],"replies":[{"embeddable":true,"href":"https:\/\/monumental-valois.com\/en\/wp-json\/wp\/v2\/comments?post=1267"}],"version-history":[{"count":0,"href":"https:\/\/monumental-valois.com\/en\/wp-json\/wp\/v2\/pages\/1267\/revisions"}],"wp:attachment":[{"href":"https:\/\/monumental-valois.com\/en\/wp-json\/wp\/v2\/media?parent=1267"}],"curies":[{"name":"wp","href":"https:\/\/api.w.org\/{rel}","templated":true}]}}