{"id":1345,"date":"2024-12-04T14:54:31","date_gmt":"2024-12-04T13:54:31","guid":{"rendered":"https:\/\/monumental-valois.com\/artiste\/estudio-reskate\/"},"modified":"2026-02-11T15:25:44","modified_gmt":"2026-02-11T14:25:44","slug":"estudio-reskate","status":"publish","type":"artiste","link":"https:\/\/monumental-valois.com\/es\/artista\/estudio-reskate\/","title":{"rendered":"Estudio Reskate"},"content":{"rendered":"\n<div class=\"wp-block-group alignwide\"><div class=\"wp-block-group__inner-container is-layout-constrained wp-block-group-is-layout-constrained\">\n<div class=\"wp-block-columns alignwide is-layout-flex wp-container-core-columns-is-layout-28f84493 wp-block-columns-is-layout-flex\">\n<div class=\"wp-block-column is-layout-flow wp-block-column-is-layout-flow\" style=\"flex-basis:33%\">\n<p class=\"is-style-sur-titre-artiste\">Estudio Reskate<\/p>\n\n\n\n<h2 class=\"wp-block-heading has-34-px-font-size\">Obras po\u00e9ticas y comprometidas<\/h2>\n\n\n\n<p>Las obras de Reskate se caracterizan por su profundidad y dimensi\u00f3n po\u00e9tica, a menudo con mensajes ocultos revelados mediante el uso de pintura fosforescente. Sus creaciones exploran temas relacionados con cuestiones medioambientales y sociales, invitando al p\u00fablico a una reflexi\u00f3n activa. Cada proyecto se concibe en conexi\u00f3n con el lugar donde toma forma, lo que permite que sus obras reflejen la identidad cultural y la historia locales.  <\/p>\n\n\n\n<div class=\"wp-block-buttons is-layout-flex wp-block-buttons-is-layout-flex\">\n<div class=\"wp-block-button\"><a class=\"wp-block-button__link wp-element-button\" href=\"#\">Ver el fresco de REskate<\/a><\/div>\n<\/div>\n<\/div>\n\n\n\n<div class=\"wp-block-column is-layout-flow wp-block-column-is-layout-flow\" style=\"flex-basis:67%\">\n<figure class=\"wp-block-image size-full\"><img loading=\"lazy\" decoding=\"async\" width=\"1200\" height=\"800\" src=\"https:\/\/monumental-valois.com\/wp-content\/uploads\/2024\/12\/ccpv-reskate-studio.jpg\" alt=\"Estudio Reskate\" class=\"wp-image-331\" srcset=\"https:\/\/monumental-valois.com\/wp-content\/uploads\/2024\/12\/ccpv-reskate-studio.jpg 1200w, https:\/\/monumental-valois.com\/wp-content\/uploads\/2024\/12\/ccpv-reskate-studio-600x400.jpg 600w, https:\/\/monumental-valois.com\/wp-content\/uploads\/2024\/12\/ccpv-reskate-studio-768x512.jpg 768w, https:\/\/monumental-valois.com\/wp-content\/uploads\/2024\/12\/ccpv-reskate-studio-450x300.jpg 450w, https:\/\/monumental-valois.com\/wp-content\/uploads\/2024\/12\/ccpv-reskate-studio-900x600.jpg 900w\" sizes=\"auto, (max-width: 1200px) 100vw, 1200px\" \/><\/figure>\n<\/div>\n<\/div>\n<\/div><\/div>\n\n<div style=\"height:100px\" aria-hidden=\"true\" class=\"wp-block-spacer\"><\/div>\n\n<div class=\"wp-block-cover alignfull\"><span aria-hidden=\"true\" class=\"wp-block-cover__background has-background-dim-0 has-background-dim\" style=\"background-color:#183a2b\"><\/span><img loading=\"lazy\" decoding=\"async\" width=\"1800\" height=\"650\" class=\"wp-block-cover__image-background wp-image-812\" alt=\"\" src=\"https:\/\/monumental-valois.com\/wp-content\/uploads\/2024\/12\/reskate-1800.jpg\" data-object-fit=\"cover\" srcset=\"https:\/\/monumental-valois.com\/wp-content\/uploads\/2024\/12\/reskate-1800.jpg 1800w, https:\/\/monumental-valois.com\/wp-content\/uploads\/2024\/12\/reskate-1800-800x289.jpg 800w, https:\/\/monumental-valois.com\/wp-content\/uploads\/2024\/12\/reskate-1800-768x277.jpg 768w, https:\/\/monumental-valois.com\/wp-content\/uploads\/2024\/12\/reskate-1800-1536x555.jpg 1536w, https:\/\/monumental-valois.com\/wp-content\/uploads\/2024\/12\/reskate-1800-450x163.jpg 450w, https:\/\/monumental-valois.com\/wp-content\/uploads\/2024\/12\/reskate-1800-1662x600.jpg 1662w\" sizes=\"auto, (max-width: 1800px) 100vw, 1800px\" \/><div class=\"wp-block-cover__inner-container is-layout-constrained wp-block-cover-is-layout-constrained\">\n<p class=\"has-text-align-center has-large-font-size\"><\/p>\n<\/div><\/div>\n\n<div style=\"height:100px\" aria-hidden=\"true\" class=\"wp-block-spacer\"><\/div>\n\n<div class=\"wp-block-columns alignwide is-layout-flex wp-container-core-columns-is-layout-28f84493 wp-block-columns-is-layout-flex\">\n<div class=\"wp-block-column is-layout-flow wp-block-column-is-layout-flow\" style=\"flex-basis:33.3%\">\n<figure class=\"wp-block-image size-full\"><img loading=\"lazy\" decoding=\"async\" width=\"470\" height=\"520\" src=\"https:\/\/monumental-valois.com\/wp-content\/uploads\/2024\/12\/reskate-rubi-saber-4h3-1120.jpg\" alt=\"reskate sable  \" class=\"wp-image-819\" srcset=\"https:\/\/monumental-valois.com\/wp-content\/uploads\/2024\/12\/reskate-rubi-saber-4h3-1120.jpg 470w, https:\/\/monumental-valois.com\/wp-content\/uploads\/2024\/12\/reskate-rubi-saber-4h3-1120-362x400.jpg 362w, https:\/\/monumental-valois.com\/wp-content\/uploads\/2024\/12\/reskate-rubi-saber-4h3-1120-407x450.jpg 407w\" sizes=\"auto, (max-width: 470px) 100vw, 470px\" \/><\/figure>\n<\/div>\n\n\n\n<div class=\"wp-block-column is-layout-flow wp-block-column-is-layout-flow\" style=\"flex-basis:33.33%\">\n<p class=\"is-style-sur-titre-artiste\">Estudio Reskate<\/p>\n\n\n\n<h2 class=\"wp-block-heading has-34-px-font-size\">Un colectivo mundialmente reconocido<\/h2>\n\n\n\n<p>El colectivo ha trabajado en todo el mundo, desde Catalu\u00f1a hasta China, pasando por el Pa\u00eds Vasco, Portugal, Francia, Alemania, B\u00e9lgica, Ruman\u00eda, Austria, las Azores y Estados Unidos. A trav\u00e9s de su arte, Mar\u00eda y Javier pretenden crear un di\u00e1logo entre el arte contempor\u00e1neo, la naturaleza y la memoria hist\u00f3rica de los lugares, enriqueciendo cada espacio con su capacidad para contar historias poderosas que enganchen al espectador. <\/p>\n<\/div>\n\n\n\n<div class=\"wp-block-column is-layout-flow wp-block-column-is-layout-flow\" style=\"flex-basis:33.33%\">\n<figure class=\"wp-block-image size-full\"><img loading=\"lazy\" decoding=\"async\" width=\"470\" height=\"520\" src=\"https:\/\/monumental-valois.com\/wp-content\/uploads\/2024\/12\/reskate-jena-2_1.jpg\" alt=\"reskate die natur hier\" class=\"wp-image-817\" srcset=\"https:\/\/monumental-valois.com\/wp-content\/uploads\/2024\/12\/reskate-jena-2_1.jpg 470w, https:\/\/monumental-valois.com\/wp-content\/uploads\/2024\/12\/reskate-jena-2_1-362x400.jpg 362w, https:\/\/monumental-valois.com\/wp-content\/uploads\/2024\/12\/reskate-jena-2_1-407x450.jpg 407w\" sizes=\"auto, (max-width: 470px) 100vw, 470px\" \/><\/figure>\n<\/div>\n<\/div>\n","protected":false},"excerpt":{"rendered":"<p>Estudio Reskate Obras po\u00e9ticas y comprometidas Las obras de Reskate se caracterizan por su profundidad y dimensi\u00f3n po\u00e9tica, a menudo [&hellip;]<\/p>\n","protected":false},"featured_media":2721,"template":"","discipline":[20],"class_list":["post-1345","artiste","type-artiste","status-publish","has-post-thumbnail","hentry","discipline-peinture"],"_links":{"self":[{"href":"https:\/\/monumental-valois.com\/es\/wp-json\/wp\/v2\/artiste\/1345","targetHints":{"allow":["GET"]}}],"collection":[{"href":"https:\/\/monumental-valois.com\/es\/wp-json\/wp\/v2\/artiste"}],"about":[{"href":"https:\/\/monumental-valois.com\/es\/wp-json\/wp\/v2\/types\/artiste"}],"wp:featuredmedia":[{"embeddable":true,"href":"https:\/\/monumental-valois.com\/es\/wp-json\/wp\/v2\/media\/2721"}],"wp:attachment":[{"href":"https:\/\/monumental-valois.com\/es\/wp-json\/wp\/v2\/media?parent=1345"}],"wp:term":[{"taxonomy":"discipline","embeddable":true,"href":"https:\/\/monumental-valois.com\/es\/wp-json\/wp\/v2\/discipline?post=1345"}],"curies":[{"name":"wp","href":"https:\/\/api.w.org\/{rel}","templated":true}]}}