{"id":1376,"date":"2025-02-18T17:21:36","date_gmt":"2025-02-18T16:21:36","guid":{"rendered":"https:\/\/monumental-valois.com\/artiste\/gustave-eiffel\/"},"modified":"2026-02-11T15:29:43","modified_gmt":"2026-02-11T14:29:43","slug":"gustave-eiffel","status":"publish","type":"artiste","link":"https:\/\/monumental-valois.com\/es\/artista\/gustave-eiffel\/","title":{"rendered":"Gustave Eiffel"},"content":{"rendered":"\n<div class=\"wp-block-group alignwide\"><div class=\"wp-block-group__inner-container is-layout-constrained wp-block-group-is-layout-constrained\">\n<div class=\"wp-block-columns alignwide are-vertically-aligned-bottom is-style-espace-60-px is-layout-flex wp-container-core-columns-is-layout-28f84493 wp-block-columns-is-layout-flex\">\n<div class=\"wp-block-column is-vertically-aligned-bottom is-layout-flow wp-block-column-is-layout-flow\" style=\"flex-basis:33%\">\n<p class=\"is-style-sur-titre-artiste\"><strong><strong><strong><strong><strong>Gustave Eiffel<\/strong><\/strong><\/strong><\/strong><\/strong><\/p>\n\n\n\n<h2 class=\"wp-block-heading has-34-px-font-size\">De los puentes a las torres: un visionario<\/h2>\n\n\n\n<p>Eiffel comenz\u00f3 su carrera construyendo puentes notables, como el viaducto de Garabit. Pero fue en la Exposici\u00f3n Universal de Par\u00eds donde se convirti\u00f3 en leyenda, al dise\u00f1ar la Torre Eiffel. Criticada inicialmente por su est\u00e9tica, pas\u00f3 a convertirse en uno de los s\u00edmbolos m\u00e1s emblem\u00e1ticos de Francia.  <\/p>\n<\/div>\n\n\n\n<div class=\"wp-block-column is-vertically-aligned-bottom is-layout-flow wp-block-column-is-layout-flow\" style=\"flex-basis:67%\">\n<figure class=\"wp-block-image size-large\"><img loading=\"lazy\" decoding=\"async\" width=\"599\" height=\"900\" src=\"https:\/\/monumental-valois.com\/wp-content\/uploads\/2025\/02\/Salle-Eiffel-charpente-599x900.jpg\" alt=\"Armaz&#xF3;n: una obra de hierro de Gustave Eiffel\" class=\"wp-image-735\" srcset=\"https:\/\/monumental-valois.com\/wp-content\/uploads\/2025\/02\/Salle-Eiffel-charpente-599x900.jpg 599w, https:\/\/monumental-valois.com\/wp-content\/uploads\/2025\/02\/Salle-Eiffel-charpente-266x400.jpg 266w, https:\/\/monumental-valois.com\/wp-content\/uploads\/2025\/02\/Salle-Eiffel-charpente-299x450.jpg 299w, https:\/\/monumental-valois.com\/wp-content\/uploads\/2025\/02\/Salle-Eiffel-charpente-399x600.jpg 399w, https:\/\/monumental-valois.com\/wp-content\/uploads\/2025\/02\/Salle-Eiffel-charpente.jpg 681w\" sizes=\"auto, (max-width: 599px) 100vw, 599px\" \/><\/figure>\n<\/div>\n<\/div>\n<\/div><\/div>\n\n<div style=\"height:50px\" aria-hidden=\"true\" class=\"wp-block-spacer\"><\/div>\n\n<div class=\"wp-block-group alignwide\"><div class=\"wp-block-group__inner-container is-layout-constrained wp-block-group-is-layout-constrained\">\n<div class=\"wp-block-columns alignwide are-vertically-aligned-bottom is-style-espace-60-px is-layout-flex wp-container-core-columns-is-layout-28f84493 wp-block-columns-is-layout-flex\">\n<div class=\"wp-block-column is-vertically-aligned-bottom is-layout-flow wp-block-column-is-layout-flow\" style=\"flex-basis:50%\">\n<p class=\"is-style-sur-titre-artiste\"><strong><strong><strong><strong><strong>Gustave Eiffel<\/strong><\/strong><\/strong><\/strong><\/strong><\/p>\n\n\n\n<h2 class=\"wp-block-heading has-34-px-font-size\">Una contribuci\u00f3n cient\u00edfica y t\u00e9cnica<\/h2>\n\n\n\n<p>M\u00e1s all\u00e1 de la arquitectura, Gustave Eiffel dej\u00f3 su huella en la historia por sus avances cient\u00edficos. Utiliz\u00f3 la Torre Eiffel como un gigantesco laboratorio de experimentos meteorol\u00f3gicos, radioel\u00e9ctricos y aerodin\u00e1micos, superando los l\u00edmites de su \u00e9poca. <\/p>\n\n\n\n<div class=\"wp-block-buttons is-layout-flex wp-block-buttons-is-layout-flex\">\n<div class=\"wp-block-button\"><a class=\"wp-block-button__link wp-element-button\" href=\"https:\/\/monumental-valois.com\/es\/oeuvre-monumentale\/estructura-una-obra-en-hierro-de-eiffel\/\">Descubre el trabajo<\/a><\/div>\n<\/div>\n<\/div>\n\n\n\n<div class=\"wp-block-column is-vertically-aligned-bottom is-layout-flow wp-block-column-is-layout-flow\" style=\"flex-basis:50%\">\n<h2 class=\"wp-block-heading has-34-px-font-size\">Una herencia intemporal<\/h2>\n\n\n\n<p>Adem\u00e1s de la Torre Eiffel, sus principales obras incluyen estaciones de ferrocarril monumentales, el armaz\u00f3n de la Estatua de la Libertad y puentes innovadores. Sus innovaciones t\u00e9cnicas, que combinan ligereza y resistencia, han influido en generaciones de ingenieros y siguen estudi\u00e1ndose en las escuelas de ingenier\u00eda. <\/p>\n<\/div>\n<\/div>\n<\/div><\/div>\n","protected":false},"excerpt":{"rendered":"<p>Gustave Eiffel De los puentes a las torres: un visionario Eiffel comenz\u00f3 su carrera construyendo puentes notables, como el viaducto [&hellip;]<\/p>\n","protected":false},"featured_media":1377,"template":"","discipline":[21],"class_list":["post-1376","artiste","type-artiste","status-publish","has-post-thumbnail","hentry","discipline-sculpture"],"_links":{"self":[{"href":"https:\/\/monumental-valois.com\/es\/wp-json\/wp\/v2\/artiste\/1376","targetHints":{"allow":["GET"]}}],"collection":[{"href":"https:\/\/monumental-valois.com\/es\/wp-json\/wp\/v2\/artiste"}],"about":[{"href":"https:\/\/monumental-valois.com\/es\/wp-json\/wp\/v2\/types\/artiste"}],"wp:featuredmedia":[{"embeddable":true,"href":"https:\/\/monumental-valois.com\/es\/wp-json\/wp\/v2\/media\/1377"}],"wp:attachment":[{"href":"https:\/\/monumental-valois.com\/es\/wp-json\/wp\/v2\/media?parent=1376"}],"wp:term":[{"taxonomy":"discipline","embeddable":true,"href":"https:\/\/monumental-valois.com\/es\/wp-json\/wp\/v2\/discipline?post=1376"}],"curies":[{"name":"wp","href":"https:\/\/api.w.org\/{rel}","templated":true}]}}