{"id":1378,"date":"2025-02-18T16:40:13","date_gmt":"2025-02-18T15:40:13","guid":{"rendered":"https:\/\/monumental-valois.com\/artiste\/jean-pierre-raynaud\/"},"modified":"2026-02-11T15:25:50","modified_gmt":"2026-02-11T14:25:50","slug":"jean-pierre-raynaud","status":"publish","type":"artiste","link":"https:\/\/monumental-valois.com\/es\/artista\/jean-pierre-raynaud\/","title":{"rendered":"Jean-Pierre Raynaud"},"content":{"rendered":"\n<div class=\"wp-block-group alignwide\"><div class=\"wp-block-group__inner-container is-layout-constrained wp-block-group-is-layout-constrained\">\n<div class=\"wp-block-columns alignwide are-vertically-aligned-bottom is-style-espace-60-px is-layout-flex wp-container-core-columns-is-layout-28f84493 wp-block-columns-is-layout-flex\">\n<div class=\"wp-block-column is-vertically-aligned-bottom is-layout-flow wp-block-column-is-layout-flow\" style=\"flex-basis:33%\">\n<p class=\"is-style-sur-titre-artiste\"><strong><strong>Jean-Pierre Raynaud<\/strong><\/strong><\/p>\n\n\n\n<h2 class=\"wp-block-heading has-34-px-font-size\">Reconocimiento internacional<\/h2>\n\n\n\n<p>Tras debutar en el Sal\u00f3n de la Joven Escultura en 1964, celebr\u00f3 una serie de exposiciones individuales, sobre todo en Par\u00eds, Nueva York y S\u00e3o Paulo. Su carrera adquiri\u00f3 r\u00e1pidamente una dimensi\u00f3n internacional, lo que le convirti\u00f3 en una figura importante del arte contempor\u00e1neo. <\/p>\n<\/div>\n\n\n\n<div class=\"wp-block-column is-vertically-aligned-bottom is-layout-flow wp-block-column-is-layout-flow\" style=\"flex-basis:67%\">\n<figure class=\"wp-block-image size-full\"><img loading=\"lazy\" decoding=\"async\" width=\"600\" height=\"900\" src=\"https:\/\/monumental-valois.com\/wp-content\/uploads\/2025\/02\/Pot-or-2-jean-pierre-raynaud.jpg\" alt=\"La olla de oro de Jean-Pierre Raynaud: el brillo del arte contempor&#xE1;neo&#10;\" class=\"wp-image-797\" srcset=\"https:\/\/monumental-valois.com\/wp-content\/uploads\/2025\/02\/Pot-or-2-jean-pierre-raynaud.jpg 600w, https:\/\/monumental-valois.com\/wp-content\/uploads\/2025\/02\/Pot-or-2-jean-pierre-raynaud-267x400.jpg 267w, https:\/\/monumental-valois.com\/wp-content\/uploads\/2025\/02\/Pot-or-2-jean-pierre-raynaud-300x450.jpg 300w, https:\/\/monumental-valois.com\/wp-content\/uploads\/2025\/02\/Pot-or-2-jean-pierre-raynaud-400x600.jpg 400w\" sizes=\"auto, (max-width: 600px) 100vw, 600px\" \/><\/figure>\n<\/div>\n<\/div>\n<\/div><\/div>\n\n<div style=\"height:50px\" aria-hidden=\"true\" class=\"wp-block-spacer\"><\/div>\n\n<div class=\"wp-block-group alignwide\"><div class=\"wp-block-group__inner-container is-layout-constrained wp-block-group-is-layout-constrained\">\n<div class=\"wp-block-columns alignwide are-vertically-aligned-bottom is-style-espace-60-px is-layout-flex wp-container-core-columns-is-layout-28f84493 wp-block-columns-is-layout-flex\">\n<div class=\"wp-block-column is-vertically-aligned-bottom is-layout-flow wp-block-column-is-layout-flow\" style=\"flex-basis:50%\">\n<p class=\"is-style-sur-titre-artiste\"><strong><strong>Jean-Pierre Raynaud<\/strong><\/strong><\/p>\n\n\n\n<h2 class=\"wp-block-heading has-34-px-font-size\">Obras y compromisos clave<\/h2>\n\n\n\n<p>Raynaud ha realizado encargos prestigiosos, como las vidrieras de la Abad\u00eda de Noirlac y la Carte du Ciel de La D\u00e9fense. Tambi\u00e9n invierte en lugares simb\u00f3licos, sobre todo con la Bandera de Cuba en La Habana o su actuaci\u00f3n en Corea del Norte en 2006, mezclando arte y geopol\u00edtica. <\/p>\n\n\n\n<div class=\"wp-block-buttons is-layout-flex wp-block-buttons-is-layout-flex\">\n<div class=\"wp-block-button\"><a class=\"wp-block-button__link wp-element-button\" href=\"https:\/\/monumental-valois.com\/oeuvre-monumentale\/le-pot-or-de-jean-pierre-raynaud-eclat-de-lart-contemporain\/\">Descubre el trabajo<\/a><\/div>\n<\/div>\n<\/div>\n\n\n\n<div class=\"wp-block-column is-vertically-aligned-bottom is-layout-flow wp-block-column-is-layout-flow\" style=\"flex-basis:50%\">\n<h2 class=\"wp-block-heading has-34-px-font-size\">Una obra intemporal<\/h2>\n\n\n\n<p>Siempre en busca de la innovaci\u00f3n, Raynaud ha dejado su huella en el arte contempor\u00e1neo gracias a su capacidad para transformar objetos cotidianos en obras significativas que le han valido un reconocimiento duradero, tanto en Francia como en el extranjero.<\/p>\n<\/div>\n<\/div>\n<\/div><\/div>\n","protected":false},"excerpt":{"rendered":"<p>Jean-Pierre Raynaud Reconocimiento internacional Tras debutar en el Sal\u00f3n de la Joven Escultura en 1964, celebr\u00f3 una serie de exposiciones [&hellip;]<\/p>\n","protected":false},"featured_media":1379,"template":"","discipline":[21],"class_list":["post-1378","artiste","type-artiste","status-publish","has-post-thumbnail","hentry","discipline-sculpture"],"_links":{"self":[{"href":"https:\/\/monumental-valois.com\/es\/wp-json\/wp\/v2\/artiste\/1378","targetHints":{"allow":["GET"]}}],"collection":[{"href":"https:\/\/monumental-valois.com\/es\/wp-json\/wp\/v2\/artiste"}],"about":[{"href":"https:\/\/monumental-valois.com\/es\/wp-json\/wp\/v2\/types\/artiste"}],"wp:featuredmedia":[{"embeddable":true,"href":"https:\/\/monumental-valois.com\/es\/wp-json\/wp\/v2\/media\/1379"}],"wp:attachment":[{"href":"https:\/\/monumental-valois.com\/es\/wp-json\/wp\/v2\/media?parent=1378"}],"wp:term":[{"taxonomy":"discipline","embeddable":true,"href":"https:\/\/monumental-valois.com\/es\/wp-json\/wp\/v2\/discipline?post=1378"}],"curies":[{"name":"wp","href":"https:\/\/api.w.org\/{rel}","templated":true}]}}