{"id":1389,"date":"2025-02-18T17:31:20","date_gmt":"2025-02-18T16:31:20","guid":{"rendered":"https:\/\/monumental-valois.com\/artiste\/michel-verjux\/"},"modified":"2026-02-11T17:45:25","modified_gmt":"2026-02-11T16:45:25","slug":"michel-verjux","status":"publish","type":"artiste","link":"https:\/\/monumental-valois.com\/es\/artista\/michel-verjux\/","title":{"rendered":"Michel Verjux"},"content":{"rendered":"\n<div class=\"wp-block-group alignwide\"><div class=\"wp-block-group__inner-container is-layout-constrained wp-block-group-is-layout-constrained\">\n<div class=\"wp-block-columns alignwide are-vertically-aligned-bottom is-style-espace-60-px is-layout-flex wp-container-core-columns-is-layout-28f84493 wp-block-columns-is-layout-flex\">\n<div class=\"wp-block-column is-vertically-aligned-bottom is-layout-flow wp-block-column-is-layout-flow\" style=\"flex-basis:33%\">\n<p class=\"is-style-sur-titre-artiste\"><strong><strong><strong><strong><strong><strong><strong><strong>Michel Verjux<\/strong><\/strong><\/strong><\/strong><\/strong><\/strong><\/strong><\/strong><\/p>\n\n\n\n<h2 class=\"wp-block-heading has-34-px-font-size\">La iluminaci\u00f3n como herramienta y materia prima<\/h2>\n\n\n\n<p>Michel Verjux cree que \u00abiluminar ya es exponer\u00bb, y por eso trabaja con focos, creando haces de luz blanca que transforman la arquitectura y revelan vol\u00famenes. Sus obras minimalistas e inmersivas cuestionan lo visible y lo invisible, jugando con muros, suelos y fachadas. <\/p>\n<\/div>\n\n\n\n<div class=\"wp-block-column is-vertically-aligned-bottom is-layout-flow wp-block-column-is-layout-flow\" style=\"flex-basis:67%\">\n<figure class=\"wp-block-image size-large is-style-img-responsive\"><img loading=\"lazy\" decoding=\"async\" width=\"1350\" height=\"900\" src=\"https:\/\/monumental-valois.com\/wp-content\/uploads\/2025\/02\/Galeries-souterraines-1350x900.jpg\" alt=\"Michel Verjux: revelar el espacio a trav&#xE9;s de la luz\" class=\"wp-image-575\" srcset=\"https:\/\/monumental-valois.com\/wp-content\/uploads\/2025\/02\/Galeries-souterraines-1350x900.jpg 1350w, https:\/\/monumental-valois.com\/wp-content\/uploads\/2025\/02\/Galeries-souterraines-600x400.jpg 600w, https:\/\/monumental-valois.com\/wp-content\/uploads\/2025\/02\/Galeries-souterraines-768x512.jpg 768w, https:\/\/monumental-valois.com\/wp-content\/uploads\/2025\/02\/Galeries-souterraines-450x300.jpg 450w, https:\/\/monumental-valois.com\/wp-content\/uploads\/2025\/02\/Galeries-souterraines-900x600.jpg 900w, https:\/\/monumental-valois.com\/wp-content\/uploads\/2025\/02\/Galeries-souterraines.jpg 1500w\" sizes=\"auto, (max-width: 1350px) 100vw, 1350px\" \/><\/figure>\n<\/div>\n<\/div>\n<\/div><\/div>\n\n<div style=\"height:50px\" aria-hidden=\"true\" class=\"wp-block-spacer\"><\/div>\n\n<div class=\"wp-block-group alignwide\"><div class=\"wp-block-group__inner-container is-layout-constrained wp-block-group-is-layout-constrained\">\n<div class=\"wp-block-columns alignwide are-vertically-aligned-bottom is-style-espace-60-px is-layout-flex wp-container-core-columns-is-layout-28f84493 wp-block-columns-is-layout-flex\">\n<div class=\"wp-block-column is-vertically-aligned-bottom is-layout-flow wp-block-column-is-layout-flow\" style=\"flex-basis:50%\">\n<p class=\"is-style-sur-titre-artiste\"><strong><strong><strong><strong><strong><strong><strong><strong>Michel Verjux<\/strong><\/strong><\/strong><\/strong><\/strong><\/strong><\/strong><\/strong><\/p>\n\n\n\n<h2 class=\"wp-block-heading has-34-px-font-size\">Un artista en la escena internacional<\/h2>\n\n\n\n<p>La obra de Michel Verjux se expone en numerosos museos y espacios art\u00edsticos de Francia y el extranjero. Tambi\u00e9n est\u00e1 representado en colecciones p\u00fablicas y privadas, donde dise\u00f1a obras de luz permanentes. Su enfoque \u00fanico cuestiona constantemente nuestra relaci\u00f3n con el espacio y la luz.  <\/p>\n\n\n\n<div class=\"wp-block-buttons is-layout-flex wp-block-buttons-is-layout-flex\">\n<div class=\"wp-block-button\"><a class=\"wp-block-button__link wp-element-button\" href=\"https:\/\/monumental-valois.com\/es\/obra-monumental\/michel-verjux-revelar-el-espacio-a-traves-de-la-luz\/\">Descubre el trabajo<\/a><\/div>\n<\/div>\n<\/div>\n\n\n\n<div class=\"wp-block-column is-vertically-aligned-bottom is-layout-flow wp-block-column-is-layout-flow\" style=\"flex-basis:50%\"><\/div>\n<\/div>\n<\/div><\/div>\n","protected":false},"excerpt":{"rendered":"<p>Michel Verjux La iluminaci\u00f3n como herramienta y materia prima Michel Verjux cree que \u00abiluminar ya es exponer\u00bb, y por eso [&hellip;]<\/p>\n","protected":false},"featured_media":1390,"template":"","discipline":[20,21],"class_list":["post-1389","artiste","type-artiste","status-publish","has-post-thumbnail","hentry","discipline-peinture","discipline-sculpture"],"_links":{"self":[{"href":"https:\/\/monumental-valois.com\/es\/wp-json\/wp\/v2\/artiste\/1389","targetHints":{"allow":["GET"]}}],"collection":[{"href":"https:\/\/monumental-valois.com\/es\/wp-json\/wp\/v2\/artiste"}],"about":[{"href":"https:\/\/monumental-valois.com\/es\/wp-json\/wp\/v2\/types\/artiste"}],"wp:featuredmedia":[{"embeddable":true,"href":"https:\/\/monumental-valois.com\/es\/wp-json\/wp\/v2\/media\/1390"}],"wp:attachment":[{"href":"https:\/\/monumental-valois.com\/es\/wp-json\/wp\/v2\/media?parent=1389"}],"wp:term":[{"taxonomy":"discipline","embeddable":true,"href":"https:\/\/monumental-valois.com\/es\/wp-json\/wp\/v2\/discipline?post=1389"}],"curies":[{"name":"wp","href":"https:\/\/api.w.org\/{rel}","templated":true}]}}