{"id":1395,"date":"2025-10-02T15:26:35","date_gmt":"2025-10-02T13:26:35","guid":{"rendered":"https:\/\/monumental-valois.com\/lieux\/artco-cuando-el-arte-reconfigura-la-economia\/"},"modified":"2026-02-11T15:27:21","modified_gmt":"2026-02-11T14:27:21","slug":"artco-cuando-el-arte-reconfigura-la-economia","status":"publish","type":"lieux","link":"https:\/\/monumental-valois.com\/es\/lugares\/artco-cuando-el-arte-reconfigura-la-economia\/","title":{"rendered":"Art&amp;Co: cuando el arte reconfigura la econom\u00eda"},"content":{"rendered":"\n<div class=\"wp-block-group alignwide\"><div class=\"wp-block-group__inner-container is-layout-constrained wp-block-group-is-layout-constrained\">\n<div class=\"wp-block-columns alignwide is-style-espace-60-px is-layout-flex wp-container-core-columns-is-layout-28f84493 wp-block-columns-is-layout-flex\">\n<div class=\"wp-block-column is-layout-flow wp-block-column-is-layout-flow\" style=\"flex-basis:40%\"><div class=\"lazyblock-partager-la-page-Z2bkmMf wp-block-lazyblock-partager-la-page\"> <div class=\"partage-single\">\r\n                        <p>comparte esta p\u00e1gina<\/p>\r\n                        <div class=\"liens\">\r\n                            <a href=\"http:\/\/twitter.com\/share?url=https%3A%2F%2Fmonumental-valois.com%2Fes%2Flugares%2Fartco-cuando-el-arte-reconfigura-la-economia%2F\" class=\"share-x\" target=\"_blank\" rel=\"nofollow\" title=\"Compartir en X\"><\/a>\r\n                            <a href=\"http:\/\/www.facebook.com\/sharer.php?u=https%3A%2F%2Fmonumental-valois.com%2Fes%2Flugares%2Fartco-cuando-el-arte-reconfigura-la-economia%2F&#038;t=Art%26amp%3BCo%3A+cuando+el+arte+reconfigura+la+econom%C3%ADa&#038;src=sp\" class=\"share-facebook\" target=\"_blank\" rel=\"nofollow\" title=\"Compartir en Facebook\">\r\n\r\n                            <\/a>\r\n\r\n\r\n                        <\/div>\r\n                    <\/div><\/div>\n\n\n<figure class=\"wp-block-image size-full\"><img loading=\"lazy\" decoding=\"async\" width=\"800\" height=\"800\" src=\"https:\/\/monumental-valois.com\/wp-content\/uploads\/2025\/10\/art-and-co-pays-du-valois-01.webp\" alt=\"Art &amp;amp; Co : Regi&#xF3;n de Valois\" class=\"wp-image-914\" srcset=\"https:\/\/monumental-valois.com\/wp-content\/uploads\/2025\/10\/art-and-co-pays-du-valois-01.webp 800w, https:\/\/monumental-valois.com\/wp-content\/uploads\/2025\/10\/art-and-co-pays-du-valois-01-400x400.webp 400w, https:\/\/monumental-valois.com\/wp-content\/uploads\/2025\/10\/art-and-co-pays-du-valois-01-300x300.webp 300w, https:\/\/monumental-valois.com\/wp-content\/uploads\/2025\/10\/art-and-co-pays-du-valois-01-768x768.webp 768w, https:\/\/monumental-valois.com\/wp-content\/uploads\/2025\/10\/art-and-co-pays-du-valois-01-450x450.webp 450w, https:\/\/monumental-valois.com\/wp-content\/uploads\/2025\/10\/art-and-co-pays-du-valois-01-600x600.webp 600w\" sizes=\"auto, (max-width: 800px) 100vw, 800px\" \/><\/figure>\n<\/div>\n\n\n\n<div class=\"wp-block-column is-layout-flow wp-block-column-is-layout-flow\" style=\"flex-basis:60%\">\n<p class=\"is-style-sur-titre-page\"><strong>PARQUE DE ACTIVIDAD ECON\u00d3MICA Art&amp;Co<\/strong><\/p>\n\n\n\n<p>Entre Silly-le-Long y Le Plessis-Belleville, la Mancomunidad de Municipios del Pa\u00eds de Valois desarrolla un proyecto \u00fanico en Europa: el parque empresarial \u00abArt&amp;Co\u00bb. Con una superficie de casi 35 hect\u00e1reas, este emplazamiento combina desarrollo industrial, atractivo econ\u00f3mico y un ambicioso enfoque art\u00edstico. <\/p>\n\n\n\n<p>Dise\u00f1ado en estrecha colaboraci\u00f3n con Monumental Valois, este parque \u00fanico transforma el parque empresarial en un aut\u00e9ntico museo al aire libre. Cada edificio presentar\u00e1 frescos monumentales de artistas contempor\u00e1neos en sus fachadas, creando una obra colectiva de casi 700 metros de largo. El arte no s\u00f3lo viste el espacio: se convierte en parte integrante de la identidad del lugar.  <\/p>\n\n\n\n<p>Este proyecto forma parte de una visi\u00f3n innovadora en la que el arte es un vector de transformaci\u00f3n y valor a\u00f1adido. \u00bfC\u00f3mo puede ser rentable la est\u00e9tica? \u00bfC\u00f3mo puede transformarse un almac\u00e9n en un medio art\u00edstico? \u00bfC\u00f3mo podemos dirigir nuestra mirada de lo feo a lo bello y, por \u00faltimo, en nuestra vida cotidiana, c\u00f3mo podemos utilizar la basura, las ruinas, los objetos abandonados y deteriorados para crear lo espectacular, lo monumental y generar belleza?   <\/p>\n\n\n\n<p>Con \u00abArt&amp;Co\u00bb, la communaut\u00e9 de communes da un nuevo paso: convertir el desarrollo econ\u00f3mico en palanca de creaci\u00f3n art\u00edstica, y el patrimonio industrial en lugar de contemplaci\u00f3n. Es una forma audaz y \u00fanica de combinar rendimiento, est\u00e9tica y atractivo regional. <\/p>\n<\/div>\n<\/div>\n<\/div><\/div>\n\n<div style=\"height:100px\" aria-hidden=\"true\" class=\"wp-block-spacer\"><\/div>\n","protected":false},"excerpt":{"rendered":"<p>PARQUE DE ACTIVIDAD ECON\u00d3MICA Art&amp;Co Entre Silly-le-Long y Le Plessis-Belleville, la Mancomunidad de Municipios del Pa\u00eds de Valois desarrolla un [&hellip;]<\/p>\n","protected":false},"featured_media":1397,"template":"","class_list":["post-1395","lieux","type-lieux","status-publish","has-post-thumbnail","hentry"],"_links":{"self":[{"href":"https:\/\/monumental-valois.com\/es\/wp-json\/wp\/v2\/lieux\/1395","targetHints":{"allow":["GET"]}}],"collection":[{"href":"https:\/\/monumental-valois.com\/es\/wp-json\/wp\/v2\/lieux"}],"about":[{"href":"https:\/\/monumental-valois.com\/es\/wp-json\/wp\/v2\/types\/lieux"}],"wp:featuredmedia":[{"embeddable":true,"href":"https:\/\/monumental-valois.com\/es\/wp-json\/wp\/v2\/media\/1397"}],"wp:attachment":[{"href":"https:\/\/monumental-valois.com\/es\/wp-json\/wp\/v2\/media?parent=1395"}],"curies":[{"name":"wp","href":"https:\/\/api.w.org\/{rel}","templated":true}]}}