{"id":1396,"date":"2025-10-02T11:37:31","date_gmt":"2025-10-02T09:37:31","guid":{"rendered":"https:\/\/monumental-valois.com\/lieux\/el-donjon-de-vez-un-escaparate-para-el-arte-contemporaneo\/"},"modified":"2026-02-11T15:27:24","modified_gmt":"2026-02-11T14:27:24","slug":"el-donjon-de-vez-un-escaparate-para-el-arte-contemporaneo","status":"publish","type":"lieux","link":"https:\/\/monumental-valois.com\/es\/lugares\/el-donjon-de-vez-un-escaparate-para-el-arte-contemporaneo\/","title":{"rendered":"El Donjon de Vez: un escaparate para el arte contempor\u00e1neo"},"content":{"rendered":"\n<div class=\"wp-block-group alignwide\"><div class=\"wp-block-group__inner-container is-layout-constrained wp-block-group-is-layout-constrained\">\n<div class=\"wp-block-columns alignwide is-style-espace-60-px is-layout-flex wp-container-core-columns-is-layout-28f84493 wp-block-columns-is-layout-flex\">\n<div class=\"wp-block-column is-layout-flow wp-block-column-is-layout-flow\" style=\"flex-basis:40%\"><div class=\"lazyblock-partager-la-page-Z2bkmMf wp-block-lazyblock-partager-la-page\"> <div class=\"partage-single\">\r\n                        <p>comparte esta p\u00e1gina<\/p>\r\n                        <div class=\"liens\">\r\n                            <a href=\"http:\/\/twitter.com\/share?url=https%3A%2F%2Fmonumental-valois.com%2Fes%2Flugares%2Fel-donjon-de-vez-un-escaparate-para-el-arte-contemporaneo%2F\" class=\"share-x\" target=\"_blank\" rel=\"nofollow\" title=\"Compartir en X\"><\/a>\r\n                            <a href=\"http:\/\/www.facebook.com\/sharer.php?u=https%3A%2F%2Fmonumental-valois.com%2Fes%2Flugares%2Fel-donjon-de-vez-un-escaparate-para-el-arte-contemporaneo%2F&#038;t=El+Donjon+de+Vez%3A+un+escaparate+para+el+arte+contempor%C3%A1neo&#038;src=sp\" class=\"share-facebook\" target=\"_blank\" rel=\"nofollow\" title=\"Compartir en Facebook\">\r\n\r\n                            <\/a>\r\n\r\n\r\n                        <\/div>\r\n                    <\/div><\/div>\n\n\n<figure class=\"wp-block-image size-large\"><img loading=\"lazy\" decoding=\"async\" width=\"506\" height=\"900\" src=\"https:\/\/monumental-valois.com\/wp-content\/uploads\/2025\/02\/Donjon-de-Vez-Buren-vitraux-506x900.jpg\" alt=\"\" class=\"wp-image-527\" srcset=\"https:\/\/monumental-valois.com\/wp-content\/uploads\/2025\/02\/Donjon-de-Vez-Buren-vitraux-506x900.jpg 506w, https:\/\/monumental-valois.com\/wp-content\/uploads\/2025\/02\/Donjon-de-Vez-Buren-vitraux-225x400.jpg 225w, https:\/\/monumental-valois.com\/wp-content\/uploads\/2025\/02\/Donjon-de-Vez-Buren-vitraux-768x1365.jpg 768w, https:\/\/monumental-valois.com\/wp-content\/uploads\/2025\/02\/Donjon-de-Vez-Buren-vitraux-253x450.jpg 253w, https:\/\/monumental-valois.com\/wp-content\/uploads\/2025\/02\/Donjon-de-Vez-Buren-vitraux-338x600.jpg 338w, https:\/\/monumental-valois.com\/wp-content\/uploads\/2025\/02\/Donjon-de-Vez-Buren-vitraux.jpg 800w\" sizes=\"auto, (max-width: 506px) 100vw, 506px\" \/><\/figure>\n<\/div>\n\n\n\n<div class=\"wp-block-column is-layout-flow wp-block-column-is-layout-flow\" style=\"flex-basis:60%\">\n<p class=\"is-style-sur-titre-page\">La Torre Vez<\/p>\n\n\n\n<h2 class=\"wp-block-heading has-36-px-font-size\">Un patrimonio medieval a s\u00f3lo 1 hora de Par\u00eds<\/h2>\n\n\n\n<p>En la regi\u00f3n de Valois, a s\u00f3lo <strong>una hora de Par\u00eds<\/strong>, el <a href=\"https:\/\/www.donjondevez.com\/\" data-type=\"link\" data-id=\"https:\/\/www.donjondevez.com\/\" target=\"_blank\" rel=\"noopener\">Donjon de Vez<\/a>, una imponente fortaleza medieval del siglo XIV, se alza en el coraz\u00f3n del valle de Automne. Monumento hist\u00f3rico desde 1906, es un s\u00edmbolo vivo de la historia medieval y, desde 1987, <strong>un importante centro de arte contempor\u00e1neo<\/strong>. <\/p>\n\n\n\n<h2 class=\"wp-block-heading has-36-px-font-size\">Un lugar dedicado al arte contempor\u00e1neo<\/h2>\n\n\n\n<p>Anta\u00f1o fortaleza estrat\u00e9gica durante la Guerra de los Cien A\u00f1os, la mazmorra ha sido transformada por Francis Briest, un entusiasta del arte y el patrimonio, en un lugar donde la arquitectura feudal se encuentra con el dise\u00f1o moderno.  <\/p>\n\n\n\n<p>En sus patios y jardines, los visitantes pueden descubrir esculturas monumentales de destacados artistas contempor\u00e1neos. Las obras de Daniel Buren, Bernar Venet, Antoine Bourdelle y Robert Couturier interact\u00faan con las murallas y el paisaje circundante, creando una atm\u00f3sfera \u00fanica en la que se encuentran el pasado y el presente. <\/p>\n\n\n\n<h2 class=\"wp-block-heading has-36-px-font-size\">Un parque escult\u00f3rico y un jard\u00edn extraordinario<\/h2>\n\n\n\n<p>El recinto del Donjon, dise\u00f1ado por <a href=\"https:\/\/monumental-valois.com\/es\/artiste\/pascal-cribier\/\" data-type=\"link\" data-id=\"https:\/\/monumental-valois.com\/artiste\/pascal-cribier\/\">el paisajista Pascal Cribier<\/a> y galardonado con el sello de <strong>\u00abJardin Remarquable<\/strong> \u00ab, es un verdadero escaparate para estas esculturas. Alternando claros y maleza, constituye un marco ideal para la exposici\u00f3n permanente de una veintena de obras, algunas de las cuales, como Carr\u00e9 de<a href=\"https:\/\/monumental-valois.com\/es\/artiste\/eugene-dodeigne\/\" data-type=\"link\" data-id=\"https:\/\/monumental-valois.com\/artiste\/eugene-dodeigne\/\">Eug\u00e8ne Dodeigne<\/a> y Sapho de Antoine Bourdelle, resuenan especialmente en este entorno. La interacci\u00f3n entre naturaleza y arte permite a los visitantes contemplar creaciones que se integran armoniosamente en el paisaje.  <\/p>\n\n\n\n<h2 class=\"wp-block-heading has-36-px-font-size\">Exposiciones temporales cada a\u00f1o<\/h2>\n\n\n\n<p>Cada a\u00f1o se a\u00f1aden exposiciones temporales a la colecci\u00f3n, lo que convierte al Donjon de Vez en un destino art\u00edstico clave en la regi\u00f3n de Hauts-de-France. Las obras, expuestas al aire libre o en las salas de la torre del homenaje, reflejan un di\u00e1logo permanente entre el pasado medieval del lugar y las creaciones contempor\u00e1neas. Este emblem\u00e1tico lugar ofrece una experiencia \u00fanica, en la que el arte act\u00faa como veh\u00edculo de reflexi\u00f3n sobre el patrimonio y su evoluci\u00f3n a lo largo del tiempo.  <\/p>\n\n\n\n<div class=\"wp-block-buttons is-layout-flex wp-block-buttons-is-layout-flex\">\n<div class=\"wp-block-button\"><a class=\"wp-block-button__link wp-element-button\" href=\"https:\/\/www.donjondevez.com\/\" target=\"_blank\" rel=\"noreferrer noopener\">Donjon de vez<\/a><\/div>\n<\/div>\n<\/div>\n<\/div>\n\n\n\n<div style=\"height:100px\" aria-hidden=\"true\" class=\"wp-block-spacer\"><\/div>\n\n\n\n<h2 class=\"wp-block-heading has-36-px-font-size\">las obras en la bodega de Vez<\/h2>\n<\/div><\/div>\n<div class=\"lazyblock-liste-oeuvres-26yl0f alignwide alignwide  wp-block-lazyblock-liste-oeuvres\"><div class=\"list-oeuvres\">\r\n                                        <div class=\"une-oeuvre\" data-commune=\"Vez\">\r\n                            <article>\r\n\r\n                                <div class=\"photo\" style=\"background-image: url(https:\/\/monumental-valois.com\/wp-content\/uploads\/2025\/02\/Galeries-souterraines-600x400.jpg);\">\r\n                                    <a href=\"https:\/\/monumental-valois.com\/es\/obra-monumental\/michel-verjux-revelar-el-espacio-a-traves-de-la-luz\/\" title=\"Michel Verjux: revelar el espacio a trav\u00e9s de la luz\"><\/a>\r\n                                <\/div>\r\n                                <p>Vez<\/p>\r\n                                <h2><a href=\"https:\/\/monumental-valois.com\/es\/obra-monumental\/michel-verjux-revelar-el-espacio-a-traves-de-la-luz\/\" title=\"Michel Verjux: revelar el espacio a trav\u00e9s de la luz\">\r\n                                        Michel Verjux: revelar el espacio a trav\u00e9s de la luz                                    <\/a><\/h2>\r\n<h3><a href=\"https:\/\/monumental-valois.com\/es\/artista\/michel-verjux\/\">Michel Verjux<\/a><\/h3>\r\n                            <\/article>\r\n                        <\/div>\r\n                                            <div class=\"une-oeuvre\" data-commune=\"Vez\">\r\n                            <article>\r\n\r\n                                <div class=\"photo\" style=\"background-image: url(https:\/\/monumental-valois.com\/wp-content\/uploads\/2025\/02\/Cabanes-533x400.jpg);\">\r\n                                    <a href=\"https:\/\/monumental-valois.com\/es\/obra-monumental\/chozas-obras-suspendidas\/\" title=\"Chozas: obras suspendidas\"><\/a>\r\n                                <\/div>\r\n                                <p>Vez<\/p>\r\n                                <h2><a href=\"https:\/\/monumental-valois.com\/es\/obra-monumental\/chozas-obras-suspendidas\/\" title=\"Chozas: obras suspendidas\">\r\n                                        Chozas: obras suspendidas                                    <\/a><\/h2>\r\n<h3><a href=\"https:\/\/monumental-valois.com\/es\/artista\/tadashi-kawamata\/\">Tadashi Kawamata<\/a><\/h3>\r\n                            <\/article>\r\n                        <\/div>\r\n                                            <div class=\"une-oeuvre\" data-commune=\"Vez\">\r\n                            <article>\r\n\r\n                                <div class=\"photo\" style=\"background-image: url(https:\/\/monumental-valois.com\/wp-content\/uploads\/2025\/02\/Relatum-X-601x400.jpg);\">\r\n                                    <a href=\"https:\/\/monumental-valois.com\/es\/obra-monumental\/relatum-x-dialogo-entre-el-hombre-y-la-naturaleza\/\" title=\"Relatum X: di\u00e1logo entre el hombre y la naturaleza\"><\/a>\r\n                                <\/div>\r\n                                <p>Vez<\/p>\r\n                                <h2><a href=\"https:\/\/monumental-valois.com\/es\/obra-monumental\/relatum-x-dialogo-entre-el-hombre-y-la-naturaleza\/\" title=\"Relatum X: di\u00e1logo entre el hombre y la naturaleza\">\r\n                                        Relatum X: di\u00e1logo entre el hombre y la naturaleza                                    <\/a><\/h2>\r\n<h3><a href=\"https:\/\/monumental-valois.com\/es\/artista\/lee-ufan\/\">Lee Ufan<\/a><\/h3>\r\n                            <\/article>\r\n                        <\/div>\r\n                                            <div class=\"une-oeuvre\" data-commune=\"Vez\">\r\n                            <article>\r\n\r\n                                <div class=\"photo\" style=\"background-image: url(https:\/\/monumental-valois.com\/wp-content\/uploads\/2025\/02\/Salle-Eiffel-266x400.jpg);\">\r\n                                    <a href=\"https:\/\/monumental-valois.com\/es\/obra-monumental\/estructura-una-obra-en-hierro-de-eiffel\/\" title=\"Estructura: una obra en hierro de Eiffel\"><\/a>\r\n                                <\/div>\r\n                                <p>Vez<\/p>\r\n                                <h2><a href=\"https:\/\/monumental-valois.com\/es\/obra-monumental\/estructura-una-obra-en-hierro-de-eiffel\/\" title=\"Estructura: una obra en hierro de Eiffel\">\r\n                                        Estructura: una obra en hierro de Eiffel                                    <\/a><\/h2>\r\n<h3><a href=\"https:\/\/monumental-valois.com\/es\/artista\/gustave-eiffel\/\">Gustave Eiffel<\/a><\/h3>\r\n                            <\/article>\r\n                        <\/div>\r\n                                            <div class=\"une-oeuvre\" data-commune=\"Vez\">\r\n                            <article>\r\n\r\n                                <div class=\"photo\" style=\"background-image: url(https:\/\/monumental-valois.com\/wp-content\/uploads\/2025\/02\/ceramique-Eric-Croes-300x400.jpg);\">\r\n                                    <a href=\"https:\/\/monumental-valois.com\/es\/obra-monumental\/la-obra-de-eric-croes-una-invitacion-a-la-imaginacion\/\" title=\"La obra de Eric Croes: una invitaci\u00f3n a la imaginaci\u00f3n\"><\/a>\r\n                                <\/div>\r\n                                <p>Vez<\/p>\r\n                                <h2><a href=\"https:\/\/monumental-valois.com\/es\/obra-monumental\/la-obra-de-eric-croes-una-invitacion-a-la-imaginacion\/\" title=\"La obra de Eric Croes: una invitaci\u00f3n a la imaginaci\u00f3n\">\r\n                                        La obra de Eric Croes: una invitaci\u00f3n a la imaginaci\u00f3n                                    <\/a><\/h2>\r\n<h3><a href=\"https:\/\/monumental-valois.com\/es\/artista\/eric-croes\/\">Eric Croes<\/a><\/h3>\r\n                            <\/article>\r\n                        <\/div>\r\n                                            <div class=\"une-oeuvre\" data-commune=\"Vez\">\r\n                            <article>\r\n\r\n                                <div class=\"photo\" style=\"background-image: url(https:\/\/monumental-valois.com\/wp-content\/uploads\/2025\/02\/Gisants-581x400.jpg);\">\r\n                                    <a href=\"https:\/\/monumental-valois.com\/es\/obra-monumental\/a-la-sombra-de-la-capilla-de-vez-las-figuras-yacentes-de-fremiet\/\" title=\"A la sombra de la capilla de Vez: las figuras yacentes de Fr\u00e9miet\"><\/a>\r\n                                <\/div>\r\n                                <p>Vez<\/p>\r\n                                <h2><a href=\"https:\/\/monumental-valois.com\/es\/obra-monumental\/a-la-sombra-de-la-capilla-de-vez-las-figuras-yacentes-de-fremiet\/\" title=\"A la sombra de la capilla de Vez: las figuras yacentes de Fr\u00e9miet\">\r\n                                        A la sombra de la capilla de Vez: las figuras yacentes de Fr\u00e9miet                                    <\/a><\/h2>\r\n<h3><a href=\"https:\/\/monumental-valois.com\/es\/artista\/emmanuel-fremiet\/\">Emmanuel Fr\u00e9miet<\/a><\/h3>\r\n                            <\/article>\r\n                        <\/div>\r\n                                            <div class=\"une-oeuvre\" data-commune=\"Vez\">\r\n                            <article>\r\n\r\n                                <div class=\"photo\" style=\"background-image: url(https:\/\/monumental-valois.com\/wp-content\/uploads\/2025\/02\/Verrieres-daniel-buren-698x400.jpg);\">\r\n                                    <a href=\"https:\/\/monumental-valois.com\/es\/obra-monumental\/les-verrieres-de-buren-o-el-arte-de-la-luz\/\" title=\"Les Verri\u00e8res de Buren o el arte de la luz\"><\/a>\r\n                                <\/div>\r\n                                <p>Vez<\/p>\r\n                                <h2><a href=\"https:\/\/monumental-valois.com\/es\/obra-monumental\/les-verrieres-de-buren-o-el-arte-de-la-luz\/\" title=\"Les Verri\u00e8res de Buren o el arte de la luz\">\r\n                                        Les Verri\u00e8res de Buren o el arte de la luz                                    <\/a><\/h2>\r\n<h3><a href=\"https:\/\/monumental-valois.com\/es\/artista\/daniel-buren\/\">Daniel Buren<\/a><\/h3>\r\n                            <\/article>\r\n                        <\/div>\r\n                                            <div class=\"une-oeuvre\" data-commune=\"Vez\">\r\n                            <article>\r\n\r\n                                <div class=\"photo\" style=\"background-image: url(https:\/\/monumental-valois.com\/wp-content\/uploads\/2025\/02\/Allegories-601x400.jpg);\">\r\n                                    <a href=\"https:\/\/monumental-valois.com\/es\/obra-monumental\/alegorias-elocuencia-fuerza-y-libertad\/\" title=\"Alegor\u00edas: elocuencia, fuerza y libertad\"><\/a>\r\n                                <\/div>\r\n                                <p>Vez<\/p>\r\n                                <h2><a href=\"https:\/\/monumental-valois.com\/es\/obra-monumental\/alegorias-elocuencia-fuerza-y-libertad\/\" title=\"Alegor\u00edas: elocuencia, fuerza y libertad\">\r\n                                        Alegor\u00edas: elocuencia, fuerza y libertad                                    <\/a><\/h2>\r\n<h3><a href=\"https:\/\/monumental-valois.com\/es\/artista\/antoine-bourdelle\/\">Antoine Bourdelle<\/a><\/h3>\r\n                            <\/article>\r\n                        <\/div>\r\n                                            <div class=\"une-oeuvre\" data-commune=\"Vez\">\r\n                            <article>\r\n\r\n                                <div class=\"photo\" style=\"background-image: url(https:\/\/monumental-valois.com\/wp-content\/uploads\/2025\/02\/Pot-or-482x400.jpg);\">\r\n                                    <a href=\"https:\/\/monumental-valois.com\/es\/obra-monumental\/la-olla-de-oro-de-jean-pierre-raynaud-el-brillo-del-arte-contemporaneo\/\" title=\"La olla de oro de Jean-Pierre Raynaud: el brillo del arte contempor\u00e1neo\"><\/a>\r\n                                <\/div>\r\n                                <p>Vez<\/p>\r\n                                <h2><a href=\"https:\/\/monumental-valois.com\/es\/obra-monumental\/la-olla-de-oro-de-jean-pierre-raynaud-el-brillo-del-arte-contemporaneo\/\" title=\"La olla de oro de Jean-Pierre Raynaud: el brillo del arte contempor\u00e1neo\">\r\n                                        La olla de oro de Jean-Pierre Raynaud: el brillo del arte contempor\u00e1neo                                    <\/a><\/h2>\r\n<h3><a href=\"https:\/\/monumental-valois.com\/es\/artista\/jean-pierre-raynaud\/\">Jean-Pierre Raynaud<\/a><\/h3>\r\n                            <\/article>\r\n                        <\/div>\r\n                                            <div class=\"une-oeuvre\" data-commune=\"Vez\">\r\n                            <article>\r\n\r\n                                <div class=\"photo\" style=\"background-image: url(https:\/\/monumental-valois.com\/wp-content\/uploads\/2025\/02\/Ancienne-cheminee-601x400.jpg);\">\r\n                                    <a href=\"https:\/\/monumental-valois.com\/es\/obra-monumental\/chimenea-antigua-armonia-y-minimalismo-en-el-donjon-de-vez\/\" title=\"Chimenea antigua: armon\u00eda y minimalismo en el Donjon de Vez\"><\/a>\r\n                                <\/div>\r\n                                <p>Vez<\/p>\r\n                                <h2><a href=\"https:\/\/monumental-valois.com\/es\/obra-monumental\/chimenea-antigua-armonia-y-minimalismo-en-el-donjon-de-vez\/\" title=\"Chimenea antigua: armon\u00eda y minimalismo en el Donjon de Vez\">\r\n                                        Chimenea antigua: armon\u00eda y minimalismo en el Donjon de Vez                                    <\/a><\/h2>\r\n<h3><a href=\"https:\/\/monumental-valois.com\/es\/artista\/francois-morellet\/\">Fran\u00e7ois Morellet<\/a><\/h3>\r\n                            <\/article>\r\n                        <\/div>\r\n                                            <div class=\"une-oeuvre\" data-commune=\"Vez\">\r\n                            <article>\r\n\r\n                                <div class=\"photo\" style=\"background-image: url(https:\/\/monumental-valois.com\/wp-content\/uploads\/2026\/03\/Jardin-minimaliste-2-\u00a9Francis-Briest-retouchee-601x400.webp);\">\r\n                                    <a href=\"https:\/\/monumental-valois.com\/es\/obra-monumental\/jardin-minimalista-un-dialogo-entre-naturaleza-e-historia\/\" title=\"Jard\u00edn minimalista: un di\u00e1logo entre naturaleza e historia\"><\/a>\r\n                                <\/div>\r\n                                <p>Vez<\/p>\r\n                                <h2><a href=\"https:\/\/monumental-valois.com\/es\/obra-monumental\/jardin-minimalista-un-dialogo-entre-naturaleza-e-historia\/\" title=\"Jard\u00edn minimalista: un di\u00e1logo entre naturaleza e historia\">\r\n                                        Jard\u00edn minimalista: un di\u00e1logo entre naturaleza e historia                                    <\/a><\/h2>\r\n<h3><a href=\"https:\/\/monumental-valois.com\/es\/artista\/pascal-cribier\/\">Pascal Cribier<\/a><\/h3>\r\n                            <\/article>\r\n                        <\/div>\r\n                                            <div class=\"une-oeuvre\" data-commune=\"Vez\">\r\n                            <article>\r\n\r\n                                <div class=\"photo\" style=\"background-image: url(https:\/\/monumental-valois.com\/wp-content\/uploads\/2025\/02\/Wall-Drawing-671x400.jpg);\">\r\n                                    <a href=\"https:\/\/monumental-valois.com\/es\/obra-monumental\/dibujo-mural-de-sol-lewitt-inmersion-geometrica\/\" title=\"Dibujo mural de Sol LeWitt: inmersi\u00f3n geom\u00e9trica\"><\/a>\r\n                                <\/div>\r\n                                <p>Vez<\/p>\r\n                                <h2><a href=\"https:\/\/monumental-valois.com\/es\/obra-monumental\/dibujo-mural-de-sol-lewitt-inmersion-geometrica\/\" title=\"Dibujo mural de Sol LeWitt: inmersi\u00f3n geom\u00e9trica\">\r\n                                        Dibujo mural de Sol LeWitt: inmersi\u00f3n geom\u00e9trica                                    <\/a><\/h2>\r\n<h3><a href=\"https:\/\/monumental-valois.com\/es\/artista\/sol-lewitt\/\">Sol LeWitt<\/a><\/h3>\r\n                            <\/article>\r\n                        <\/div>\r\n                                            <div class=\"une-oeuvre\" data-commune=\"Vez\">\r\n                            <article>\r\n\r\n                                <div class=\"photo\" style=\"background-image: url(https:\/\/monumental-valois.com\/wp-content\/uploads\/2025\/02\/La-Savonette-2-533x400.jpg);\">\r\n                                    <a href=\"https:\/\/monumental-valois.com\/es\/obra-monumental\/la-savonnette-una-oda-a-la-sencillez-del-desnudo\/\" title=\"La Savonnette: una oda a la sencillez del desnudo\"><\/a>\r\n                                <\/div>\r\n                                <p>Vez<\/p>\r\n                                <h2><a href=\"https:\/\/monumental-valois.com\/es\/obra-monumental\/la-savonnette-una-oda-a-la-sencillez-del-desnudo\/\" title=\"La Savonnette: una oda a la sencillez del desnudo\">\r\n                                        La Savonnette: una oda a la sencillez del desnudo                                    <\/a><\/h2>\r\n<h3><a href=\"https:\/\/monumental-valois.com\/es\/artista\/robert-couturier\/\">Robert Couturier<\/a><\/h3>\r\n                            <\/article>\r\n                        <\/div>\r\n                                            <div class=\"une-oeuvre\" data-commune=\"Vez\">\r\n                            <article>\r\n\r\n                                <div class=\"photo\" style=\"background-image: url(https:\/\/monumental-valois.com\/wp-content\/uploads\/2025\/02\/eolienne-takis-533x400.jpg);\">\r\n                                    <a href=\"https:\/\/monumental-valois.com\/es\/obra-monumental\/aerogenerador-escultura-entre-naturaleza-y-futurismo\/\" title=\"Aerogenerador: escultura entre naturaleza y futurismo\"><\/a>\r\n                                <\/div>\r\n                                <p>Vez<\/p>\r\n                                <h2><a href=\"https:\/\/monumental-valois.com\/es\/obra-monumental\/aerogenerador-escultura-entre-naturaleza-y-futurismo\/\" title=\"Aerogenerador: escultura entre naturaleza y futurismo\">\r\n                                        Aerogenerador: escultura entre naturaleza y futurismo                                    <\/a><\/h2>\r\n<h3><a href=\"https:\/\/monumental-valois.com\/es\/artista\/vassilakis-takis\/\">Vassilakis Takis<\/a><\/h3>\r\n                            <\/article>\r\n                        <\/div>\r\n                                            <div class=\"une-oeuvre\" data-commune=\"Vez\">\r\n                            <article>\r\n\r\n                                <div class=\"photo\" style=\"background-image: url(https:\/\/monumental-valois.com\/wp-content\/uploads\/2025\/02\/Sapho-bourdelle-300x400.jpg);\">\r\n                                    <a href=\"https:\/\/monumental-valois.com\/es\/obra-monumental\/sapho-armonia-entre-arte-y-naturaleza-por-bourdelle\/\" title=\"Sapho: armon\u00eda entre arte y naturaleza por Bourdelle\"><\/a>\r\n                                <\/div>\r\n                                <p>Vez<\/p>\r\n                                <h2><a href=\"https:\/\/monumental-valois.com\/es\/obra-monumental\/sapho-armonia-entre-arte-y-naturaleza-por-bourdelle\/\" title=\"Sapho: armon\u00eda entre arte y naturaleza por Bourdelle\">\r\n                                        Sapho: armon\u00eda entre arte y naturaleza por Bourdelle                                    <\/a><\/h2>\r\n<h3><a href=\"https:\/\/monumental-valois.com\/es\/artista\/antoine-bourdelle\/\">Antoine Bourdelle<\/a><\/h3>\r\n                            <\/article>\r\n                        <\/div>\r\n                                            <div class=\"une-oeuvre\" data-commune=\"Vez\">\r\n                            <article>\r\n\r\n                                <div class=\"photo\" style=\"background-image: url(https:\/\/monumental-valois.com\/wp-content\/uploads\/2025\/02\/Obliques-donjon-vez-267x400.jpg);\">\r\n                                    <a href=\"https:\/\/monumental-valois.com\/es\/obra-monumental\/9-lineas-oblicuas-el-impulso-monumental-de-bernar-venet\/\" title=\"9 l\u00edneas oblicuas: el impulso monumental de Bernar Venet\"><\/a>\r\n                                <\/div>\r\n                                <p>Vez<\/p>\r\n                                <h2><a href=\"https:\/\/monumental-valois.com\/es\/obra-monumental\/9-lineas-oblicuas-el-impulso-monumental-de-bernar-venet\/\" title=\"9 l\u00edneas oblicuas: el impulso monumental de Bernar Venet\">\r\n                                        9 l\u00edneas oblicuas: el impulso monumental de Bernar Venet                                    <\/a><\/h2>\r\n<h3><a href=\"https:\/\/monumental-valois.com\/es\/artista\/bernar-venet\/\">Bernar Venet<\/a><\/h3>\r\n                            <\/article>\r\n                        <\/div>\r\n                                            <div class=\"une-oeuvre\" data-commune=\"Vez\">\r\n                            <article>\r\n\r\n                                <div class=\"photo\" style=\"background-image: url(https:\/\/monumental-valois.com\/wp-content\/uploads\/2025\/02\/Expansion-n-1-sculpture-cesar-437x400.jpg);\">\r\n                                    <a href=\"https:\/\/monumental-valois.com\/es\/obra-monumental\/ampliacion-no-1-la-escultura-viviente-de-cesar\/\" title=\"Ampliaci\u00f3n n\u00ba 1: La escultura viviente de C\u00e9sar\"><\/a>\r\n                                <\/div>\r\n                                <p>Vez<\/p>\r\n                                <h2><a href=\"https:\/\/monumental-valois.com\/es\/obra-monumental\/ampliacion-no-1-la-escultura-viviente-de-cesar\/\" title=\"Ampliaci\u00f3n n\u00ba 1: La escultura viviente de C\u00e9sar\">\r\n                                        Ampliaci\u00f3n n\u00ba 1: La escultura viviente de C\u00e9sar                                    <\/a><\/h2>\r\n<h3><a href=\"https:\/\/monumental-valois.com\/es\/artista\/cesar\/\">C\u00e9sar<\/a><\/h3>\r\n                            <\/article>\r\n                        <\/div>\r\n                                            <div class=\"une-oeuvre\" data-commune=\"Vez\">\r\n                            <article>\r\n\r\n                                <div class=\"photo\" style=\"background-image: url(https:\/\/monumental-valois.com\/wp-content\/uploads\/2025\/02\/Carre-eugene-dodeigne-300x400.jpg);\">\r\n                                    <a href=\"https:\/\/monumental-valois.com\/es\/obra-monumental\/cuadrado-el-poder-de-la-piedra\/\" title=\"Cuadrado: el poder de la piedra\"><\/a>\r\n                                <\/div>\r\n                                <p>Vez<\/p>\r\n                                <h2><a href=\"https:\/\/monumental-valois.com\/es\/obra-monumental\/cuadrado-el-poder-de-la-piedra\/\" title=\"Cuadrado: el poder de la piedra\">\r\n                                        Cuadrado: el poder de la piedra                                    <\/a><\/h2>\r\n<h3><a href=\"https:\/\/monumental-valois.com\/es\/artista\/eugene-dodeigne\/\">Eug\u00e8ne Dodeigne<\/a><\/h3>\r\n                            <\/article>\r\n                        <\/div>\r\n                                            <div class=\"une-oeuvre\" data-commune=\"Vez\">\r\n                            <article>\r\n\r\n                                <div class=\"photo\" style=\"background-image: url(https:\/\/monumental-valois.com\/wp-content\/uploads\/2025\/02\/Arc-Large-300x400.jpg);\">\r\n                                    <a href=\"https:\/\/monumental-valois.com\/es\/obra-monumental\/arc-large-una-escultura-que-combina-luz-y-espacio\/\" title=\"Arc Large: una escultura que combina luz y espacio\"><\/a>\r\n                                <\/div>\r\n                                <p>Vez<\/p>\r\n                                <h2><a href=\"https:\/\/monumental-valois.com\/es\/obra-monumental\/arc-large-una-escultura-que-combina-luz-y-espacio\/\" title=\"Arc Large: una escultura que combina luz y espacio\">\r\n                                        Arc Large: una escultura que combina luz y espacio                                    <\/a><\/h2>\r\n<h3><a href=\"https:\/\/monumental-valois.com\/es\/artista\/patrick-fleury\/\">Patrick Fleury<\/a><\/h3>\r\n                            <\/article>\r\n                        <\/div>\r\n                                                                    <\/div>\r\n<\/div>\n<div style=\"height:100px\" aria-hidden=\"true\" class=\"wp-block-spacer\"><\/div>\n","protected":false},"excerpt":{"rendered":"<p>La Torre Vez Un patrimonio medieval a s\u00f3lo 1 hora de Par\u00eds En la regi\u00f3n de Valois, a s\u00f3lo una [&hellip;]<\/p>\n","protected":false},"featured_media":1331,"template":"","class_list":["post-1396","lieux","type-lieux","status-publish","has-post-thumbnail","hentry"],"_links":{"self":[{"href":"https:\/\/monumental-valois.com\/es\/wp-json\/wp\/v2\/lieux\/1396","targetHints":{"allow":["GET"]}}],"collection":[{"href":"https:\/\/monumental-valois.com\/es\/wp-json\/wp\/v2\/lieux"}],"about":[{"href":"https:\/\/monumental-valois.com\/es\/wp-json\/wp\/v2\/types\/lieux"}],"wp:featuredmedia":[{"embeddable":true,"href":"https:\/\/monumental-valois.com\/es\/wp-json\/wp\/v2\/media\/1331"}],"wp:attachment":[{"href":"https:\/\/monumental-valois.com\/es\/wp-json\/wp\/v2\/media?parent=1396"}],"curies":[{"name":"wp","href":"https:\/\/api.w.org\/{rel}","templated":true}]}}