{"id":1398,"date":"2025-10-02T11:40:39","date_gmt":"2025-10-02T09:40:39","guid":{"rendered":"https:\/\/monumental-valois.com\/lieux\/galerie-hazard-un-espacio-expositivo-olvidado\/"},"modified":"2026-02-11T15:27:24","modified_gmt":"2026-02-11T14:27:24","slug":"galerie-hazard-un-espacio-expositivo-olvidado","status":"publish","type":"lieux","link":"https:\/\/monumental-valois.com\/es\/lugares\/galerie-hazard-un-espacio-expositivo-olvidado\/","title":{"rendered":"Galerie Hazard: un espacio expositivo olvidado"},"content":{"rendered":"\n<div class=\"wp-block-group alignwide\"><div class=\"wp-block-group__inner-container is-layout-constrained wp-block-group-is-layout-constrained\">\n<div class=\"wp-block-columns alignwide is-style-espace-60-px is-layout-flex wp-container-core-columns-is-layout-28f84493 wp-block-columns-is-layout-flex\">\n<div class=\"wp-block-column is-layout-flow wp-block-column-is-layout-flow\" style=\"flex-basis:40%\"><div class=\"lazyblock-partager-la-page-Z2bkmMf wp-block-lazyblock-partager-la-page\"> <div class=\"partage-single\">\r\n                        <p>comparte esta p\u00e1gina<\/p>\r\n                        <div class=\"liens\">\r\n                            <a href=\"http:\/\/twitter.com\/share?url=https%3A%2F%2Fmonumental-valois.com%2Fes%2Flugares%2Fgalerie-hazard-un-espacio-expositivo-olvidado%2F\" class=\"share-x\" target=\"_blank\" rel=\"nofollow\" title=\"Compartir en X\"><\/a>\r\n                            <a href=\"http:\/\/www.facebook.com\/sharer.php?u=https%3A%2F%2Fmonumental-valois.com%2Fes%2Flugares%2Fgalerie-hazard-un-espacio-expositivo-olvidado%2F&#038;t=Galerie+Hazard%3A+un+espacio+expositivo+olvidado&#038;src=sp\" class=\"share-facebook\" target=\"_blank\" rel=\"nofollow\" title=\"Compartir en Facebook\">\r\n\r\n                            <\/a>\r\n\r\n\r\n                        <\/div>\r\n                    <\/div><\/div>\n\n\n<figure class=\"wp-block-image size-large\"><img loading=\"lazy\" decoding=\"async\" width=\"646\" height=\"900\" src=\"https:\/\/monumental-valois.com\/wp-content\/uploads\/2025\/10\/galerie-hazard-orrouy-02-646x900.webp\" alt=\"Galer&#xED;a Hazard - Orrouy -Oise\" class=\"wp-image-903\" srcset=\"https:\/\/monumental-valois.com\/wp-content\/uploads\/2025\/10\/galerie-hazard-orrouy-02-646x900.webp 646w, https:\/\/monumental-valois.com\/wp-content\/uploads\/2025\/10\/galerie-hazard-orrouy-02-287x400.webp 287w, https:\/\/monumental-valois.com\/wp-content\/uploads\/2025\/10\/galerie-hazard-orrouy-02-768x1069.webp 768w, https:\/\/monumental-valois.com\/wp-content\/uploads\/2025\/10\/galerie-hazard-orrouy-02-323x450.webp 323w, https:\/\/monumental-valois.com\/wp-content\/uploads\/2025\/10\/galerie-hazard-orrouy-02-431x600.webp 431w, https:\/\/monumental-valois.com\/wp-content\/uploads\/2025\/10\/galerie-hazard-orrouy-02.webp 800w\" sizes=\"auto, (max-width: 646px) 100vw, 646px\" \/><\/figure>\n<\/div>\n\n\n\n<div class=\"wp-block-column is-layout-flow wp-block-column-is-layout-flow\" style=\"flex-basis:60%\">\n<p class=\"is-style-sur-titre-page\">Galer\u00eda de peligros<\/p>\n\n\n\n<h2 class=\"wp-block-heading has-36-px-font-size\">La Galerie Hazard: una joya poco conocida de la regi\u00f3n de Valois<\/h2>\n\n\n\n<p>Enclavada en el coraz\u00f3n del pueblo de Orrouy, al sur del departamento de Oise, la Galer\u00eda Hazard es un testigo \u00fanico de la historia art\u00edstica del siglo XIX. Tras su sobria fachada de ladrillo rojo se esconde el sue\u00f1o de un coleccionista apasionado: Nicolas-Auguste Hazard (1834-1913). Amigo y vecino del conde Armand Doria, otro gran amante del arte que viv\u00eda en el castillo de Orrouy, hizo construir esta larga orangerie para albergar una excepcional colecci\u00f3n de pintura moderna.  <\/p>\n\n\n\n<h2 class=\"wp-block-heading has-36-px-font-size\">Un escaparate para el arte moderno<\/h2>\n\n\n\n<p>Entre 1890 y 1900, gracias a Hazard y Doria, Orrouy se convirti\u00f3 en una meca insospechada de la pintura contempor\u00e1nea. En su galer\u00eda privada, Nicolas-Auguste Hazard reun\u00eda obras de la Escuela de Barbizon, del Realismo y del Impresionismo: Corot, Troyon, Daumier, Boudin, D\u00edaz de la Pe\u00f1a y Renoir. Este eclecticismo ilustra su gusto por los paisajes y las escenas de la vida moderna, as\u00ed como su inter\u00e9s por los artistas de su \u00e9poca, algunos de los cuales segu\u00edan siendo controvertidos.  <\/p>\n\n\n\n<h2 class=\"wp-block-heading has-36-px-font-size\">Una colecci\u00f3n ahora dispersa<\/h2>\n\n\n\n<p>Tras su muerte en 1913, la colecci\u00f3n se vendi\u00f3 en subasta p\u00fablica en el H\u00f4tel Drouot en 1919. Fue un acontecimiento importante en el mercado del arte, ya que se subastaron obras de Renoir y Maximilien Luce. Puede que los cuadros hayan abandonado Orrouy, pero el edificio permanece, llevando a\u00fan el recuerdo de este esplendor pasado.  <\/p>\n\n\n\n<h2 class=\"wp-block-heading has-36-px-font-size\">Un patrimonio protegido<\/h2>\n\n\n\n<p>La Galerie Hazard fue declarada Monumento Hist\u00f3rico en 2019, tras haber pasado por diversos usos a lo largo del siglo XX, incluido el de hogar de convalecencia. En la actualidad, sigue en pie orgullosa, a tiro de piedra de la iglesia del pueblo. <\/p>\n<\/div>\n<\/div>\n<\/div><\/div>\n\n<div style=\"height:100px\" aria-hidden=\"true\" class=\"wp-block-spacer\"><\/div>\n","protected":false},"excerpt":{"rendered":"<p>Galer\u00eda de peligros La Galerie Hazard: una joya poco conocida de la regi\u00f3n de Valois Enclavada en el coraz\u00f3n del [&hellip;]<\/p>\n","protected":false},"featured_media":1401,"template":"","class_list":["post-1398","lieux","type-lieux","status-publish","has-post-thumbnail","hentry"],"_links":{"self":[{"href":"https:\/\/monumental-valois.com\/es\/wp-json\/wp\/v2\/lieux\/1398","targetHints":{"allow":["GET"]}}],"collection":[{"href":"https:\/\/monumental-valois.com\/es\/wp-json\/wp\/v2\/lieux"}],"about":[{"href":"https:\/\/monumental-valois.com\/es\/wp-json\/wp\/v2\/types\/lieux"}],"wp:featuredmedia":[{"embeddable":true,"href":"https:\/\/monumental-valois.com\/es\/wp-json\/wp\/v2\/media\/1401"}],"wp:attachment":[{"href":"https:\/\/monumental-valois.com\/es\/wp-json\/wp\/v2\/media?parent=1398"}],"curies":[{"name":"wp","href":"https:\/\/api.w.org\/{rel}","templated":true}]}}