{"id":1403,"date":"2025-10-02T12:08:45","date_gmt":"2025-10-02T10:08:45","guid":{"rendered":"https:\/\/monumental-valois.com\/lieux\/la-via-verde-del-pais-de-valois-un-paseo-tras-las-huellas-del-pasado-ferroviario\/"},"modified":"2026-02-11T15:27:24","modified_gmt":"2026-02-11T14:27:24","slug":"la-via-verde-del-pais-de-valois-un-paseo-tras-las-huellas-del-pasado-ferroviario","status":"publish","type":"lieux","link":"https:\/\/monumental-valois.com\/es\/lugares\/la-via-verde-del-pais-de-valois-un-paseo-tras-las-huellas-del-pasado-ferroviario\/","title":{"rendered":"La V\u00eda Verde del Pa\u00eds de Valois, un paseo tras las huellas del pasado ferroviario"},"content":{"rendered":"\n<div class=\"wp-block-group alignwide\"><div class=\"wp-block-group__inner-container is-layout-constrained wp-block-group-is-layout-constrained\">\n<div class=\"wp-block-columns alignwide is-style-espace-60-px is-layout-flex wp-container-core-columns-is-layout-28f84493 wp-block-columns-is-layout-flex\">\n<div class=\"wp-block-column is-layout-flow wp-block-column-is-layout-flow\" style=\"flex-basis:40%\"><div class=\"lazyblock-partager-la-page-Z2bkmMf wp-block-lazyblock-partager-la-page\"> <div class=\"partage-single\">\r\n                        <p>comparte esta p\u00e1gina<\/p>\r\n                        <div class=\"liens\">\r\n                            <a href=\"http:\/\/twitter.com\/share?url=https%3A%2F%2Fmonumental-valois.com%2Fes%2Flugares%2Fla-via-verde-del-pais-de-valois-un-paseo-tras-las-huellas-del-pasado-ferroviario%2F\" class=\"share-x\" target=\"_blank\" rel=\"nofollow\" title=\"Compartir en X\"><\/a>\r\n                            <a href=\"http:\/\/www.facebook.com\/sharer.php?u=https%3A%2F%2Fmonumental-valois.com%2Fes%2Flugares%2Fla-via-verde-del-pais-de-valois-un-paseo-tras-las-huellas-del-pasado-ferroviario%2F&#038;t=La+V%C3%ADa+Verde+del+Pa%C3%ADs+de+Valois%2C+un+paseo+tras+las+huellas+del+pasado+ferroviario&#038;src=sp\" class=\"share-facebook\" target=\"_blank\" rel=\"nofollow\" title=\"Compartir en Facebook\">\r\n\r\n                            <\/a>\r\n\r\n\r\n                        <\/div>\r\n                    <\/div><\/div>\n\n\n<figure class=\"wp-block-image size-large\"><img loading=\"lazy\" decoding=\"async\" width=\"563\" height=\"900\" src=\"https:\/\/monumental-valois.com\/wp-content\/uploads\/2025\/10\/voie-verte-pays-du-valois-01-563x900.webp\" alt=\"V&#xED;a Verde del Pa&#xED;s de Valois\" class=\"wp-image-908\" srcset=\"https:\/\/monumental-valois.com\/wp-content\/uploads\/2025\/10\/voie-verte-pays-du-valois-01-563x900.webp 563w, https:\/\/monumental-valois.com\/wp-content\/uploads\/2025\/10\/voie-verte-pays-du-valois-01-250x400.webp 250w, https:\/\/monumental-valois.com\/wp-content\/uploads\/2025\/10\/voie-verte-pays-du-valois-01-768x1229.webp 768w, https:\/\/monumental-valois.com\/wp-content\/uploads\/2025\/10\/voie-verte-pays-du-valois-01-281x450.webp 281w, https:\/\/monumental-valois.com\/wp-content\/uploads\/2025\/10\/voie-verte-pays-du-valois-01-375x600.webp 375w, https:\/\/monumental-valois.com\/wp-content\/uploads\/2025\/10\/voie-verte-pays-du-valois-01.webp 800w\" sizes=\"auto, (max-width: 563px) 100vw, 563px\" \/><\/figure>\n<\/div>\n\n\n\n<div class=\"wp-block-column is-layout-flow wp-block-column-is-layout-flow\" style=\"flex-basis:60%\">\n<p class=\"is-style-sur-titre-page\">V\u00eda Verde del Pa\u00eds de Valois<\/p>\n\n\n\n<p>Desde 2017, la Voie verte du Pays de Valois, de 18 km entre Ormoy-Villers y Mareuil-sur-Ourcq, ofrece un entorno ideal para pasear con seguridad. Peatones, ciclistas y patinadores pueden disfrutar de una pista asfaltada de 3 metros de ancho, mientras que los jinetes pueden tomar un camino paralelo sobre terreno natural. <\/p>\n\n\n\n<p>Seguir este itinerario tambi\u00e9n significa sumergirse en la historia: antiguos ra\u00edles a\u00fan visibles, casas de porteros convertidas en viviendas, estaciones restauradas en Boissy-L\u00e9vignen, Betz y Antilly&#8230; Sin olvidar las b\u00f3vedas y zanjas de ladrillo que dan testimonio del rico pasado ferroviario de la l\u00ednea.<\/p>\n\n\n\n<p><\/p>\n<\/div>\n<\/div>\n<\/div><\/div>\n\n<div style=\"height:100px\" aria-hidden=\"true\" class=\"wp-block-spacer\"><\/div>\n","protected":false},"excerpt":{"rendered":"<p>V\u00eda Verde del Pa\u00eds de Valois Desde 2017, la Voie verte du Pays de Valois, de 18 km entre Ormoy-Villers [&hellip;]<\/p>\n","protected":false},"featured_media":1404,"template":"","class_list":["post-1403","lieux","type-lieux","status-publish","has-post-thumbnail","hentry"],"_links":{"self":[{"href":"https:\/\/monumental-valois.com\/es\/wp-json\/wp\/v2\/lieux\/1403","targetHints":{"allow":["GET"]}}],"collection":[{"href":"https:\/\/monumental-valois.com\/es\/wp-json\/wp\/v2\/lieux"}],"about":[{"href":"https:\/\/monumental-valois.com\/es\/wp-json\/wp\/v2\/types\/lieux"}],"wp:featuredmedia":[{"embeddable":true,"href":"https:\/\/monumental-valois.com\/es\/wp-json\/wp\/v2\/media\/1404"}],"wp:attachment":[{"href":"https:\/\/monumental-valois.com\/es\/wp-json\/wp\/v2\/media?parent=1403"}],"curies":[{"name":"wp","href":"https:\/\/api.w.org\/{rel}","templated":true}]}}