{"id":1412,"date":"2025-10-02T12:43:34","date_gmt":"2025-10-02T10:43:34","guid":{"rendered":"https:\/\/monumental-valois.com\/lieux\/la-maison-des-projets-expo-du-pays-de-valois\/"},"modified":"2026-02-11T17:23:41","modified_gmt":"2026-02-11T16:23:41","slug":"casa-de-proyectos-y-exposicion","status":"publish","type":"lieux","link":"https:\/\/monumental-valois.com\/es\/lugares\/casa-de-proyectos-y-exposicion\/","title":{"rendered":"Casa de proyectos y exposici\u00f3n del Pa\u00eds de Valois"},"content":{"rendered":"\n<div class=\"wp-block-group alignwide\"><div class=\"wp-block-group__inner-container is-layout-constrained wp-block-group-is-layout-constrained\">\n<div class=\"wp-block-columns alignwide is-style-espace-60-px is-layout-flex wp-container-core-columns-is-layout-28f84493 wp-block-columns-is-layout-flex\">\n<div class=\"wp-block-column is-layout-flow wp-block-column-is-layout-flow\" style=\"flex-basis:33.33%\"><div class=\"lazyblock-partager-la-page-Z2bkmMf wp-block-lazyblock-partager-la-page\"> <div class=\"partage-single\">\r\n                        <p>comparte esta p\u00e1gina<\/p>\r\n                        <div class=\"liens\">\r\n                            <a href=\"http:\/\/twitter.com\/share?url=https%3A%2F%2Fmonumental-valois.com%2Fes%2Flugares%2Fcasa-de-proyectos-y-exposicion%2F\" class=\"share-x\" target=\"_blank\" rel=\"nofollow\" title=\"Compartir en X\"><\/a>\r\n                            <a href=\"http:\/\/www.facebook.com\/sharer.php?u=https%3A%2F%2Fmonumental-valois.com%2Fes%2Flugares%2Fcasa-de-proyectos-y-exposicion%2F&#038;t=Casa+de+proyectos+y+exposici%C3%B3n+del+Pa%C3%ADs+de+Valois&#038;src=sp\" class=\"share-facebook\" target=\"_blank\" rel=\"nofollow\" title=\"Compartir en Facebook\">\r\n\r\n                            <\/a>\r\n\r\n\r\n                        <\/div>\r\n                    <\/div><\/div>\n\n\n<figure class=\"wp-block-image size-full\"><img loading=\"lazy\" decoding=\"async\" width=\"516\" height=\"548\" src=\"https:\/\/monumental-valois.com\/wp-content\/uploads\/2025\/10\/exposition-crepy-en-valois-01.webp\" alt=\"\" class=\"wp-image-956\" srcset=\"https:\/\/monumental-valois.com\/wp-content\/uploads\/2025\/10\/exposition-crepy-en-valois-01.webp 516w, https:\/\/monumental-valois.com\/wp-content\/uploads\/2025\/10\/exposition-crepy-en-valois-01-377x400.webp 377w, https:\/\/monumental-valois.com\/wp-content\/uploads\/2025\/10\/exposition-crepy-en-valois-01-424x450.webp 424w\" sizes=\"auto, (max-width: 516px) 100vw, 516px\" \/><\/figure>\n<\/div>\n\n\n\n<div class=\"wp-block-column is-layout-flow wp-block-column-is-layout-flow\" style=\"flex-basis:33.33%\">\n<p class=\"is-style-sur-titre-page\"><strong>Casa de proyectos y exposici\u00f3n del Pa\u00eds de Valois<\/strong><\/p>\n\n\n\n<p>Situada en el coraz\u00f3n de la<a href=\"https:\/\/www.paysdevalois-tourisme.fr\/\" data-type=\"link\" data-id=\"https:\/\/www.paysdevalois-tourisme.fr\/\" target=\"_blank\" rel=\"noreferrer noopener\">Oficina de Turismo del Pa\u00eds de Valois<\/a>, la Maison des projets &amp; expo es un espacio de 200 m\u00b2 dedicado al descubrimiento y al intercambio. Acoge residencias de artistas y exposiciones de arte contempor\u00e1neo, as\u00ed como presentaciones de los grandes proyectos culturales, patrimoniales y de desarrollo de la regi\u00f3n. <\/p>\n\n\n\n<p>Escaparate vivo, la Maison des projets &amp; expo invita a los residentes y visitantes ocasionales a explorar las \u00faltimas novedades art\u00edsticas y las grandes transformaciones del Pa\u00eds de Valois. Es un lugar abierto y accesible, pensado para despertar la curiosidad y promover la identidad de la regi\u00f3n. <\/p>\n<\/div>\n\n\n\n<div class=\"wp-block-column is-layout-flow wp-block-column-is-layout-flow\" style=\"flex-basis:33.33%\"><\/div>\n<\/div>\n<\/div><\/div>\n\n<div style=\"height:80px\" aria-hidden=\"true\" class=\"wp-block-spacer\"><\/div>\n\n<div class=\"wp-block-group\"><div class=\"wp-block-group__inner-container is-layout-constrained wp-block-group-is-layout-constrained\"><div class=\"lazyblock-liste-actus-etiquette-Z1xf51W wp-block-lazyblock-liste-actus-etiquette\"><div class=\"liste-actualites\">\n  <div class=\"liste-actus-content\">\n    <h2>L&#039;art monumental dans le Valois<\/h2>\n    <div class=\"actus-categ-slider swiper\">\n        <div class=\"swiper-wrapper\">\n      \n              <div class=\"actus swiper-slide\">\n           <div class=\"bloc-actus\">\n                                <div class=\"photo-actus\" style=\"background-image: url(https:\/\/monumental-valois.com\/wp-content\/uploads\/2025\/10\/IMG_2464-1600x900.webp);\">\n                                    <div class=\"categs\">\n                                        <span> En el Pa\u00eds de Valois<\/span>\n                                    <\/div>\n                                    <a href=\"https:\/\/monumental-valois.com\/es\/en-el-pais-de-valois\/exposicion-detours-oise-a-traves-del-arte-contemporaneo\/\" title=\"Exposici\u00f3n D\u00e9tours &#8211; Oise a trav\u00e9s del arte contempor\u00e1neo\"><\/a>\n                                <\/div>\n                                <p class=\"date\">\n                                    2 de octubre de 2025                                <\/p>\n        <h3>Exposici\u00f3n D\u00e9tours &#8211; Oise a trav\u00e9s del arte contempor\u00e1neo<\/h3>\n        <\/div>\n      <\/div>\n        \t\n    <\/div>\n    \n    <\/div>\n  <\/div>\n<\/div> <\/div><\/div><\/div>\n\n<div style=\"height:100px\" aria-hidden=\"true\" class=\"wp-block-spacer\"><\/div>\n","protected":false},"excerpt":{"rendered":"<p>Casa de proyectos y exposici\u00f3n del Pa\u00eds de Valois Situada en el coraz\u00f3n de laOficina de Turismo del Pa\u00eds de [&hellip;]<\/p>\n","protected":false},"featured_media":1415,"template":"","class_list":["post-1412","lieux","type-lieux","status-publish","has-post-thumbnail","hentry"],"_links":{"self":[{"href":"https:\/\/monumental-valois.com\/es\/wp-json\/wp\/v2\/lieux\/1412","targetHints":{"allow":["GET"]}}],"collection":[{"href":"https:\/\/monumental-valois.com\/es\/wp-json\/wp\/v2\/lieux"}],"about":[{"href":"https:\/\/monumental-valois.com\/es\/wp-json\/wp\/v2\/types\/lieux"}],"wp:featuredmedia":[{"embeddable":true,"href":"https:\/\/monumental-valois.com\/es\/wp-json\/wp\/v2\/media\/1415"}],"wp:attachment":[{"href":"https:\/\/monumental-valois.com\/es\/wp-json\/wp\/v2\/media?parent=1412"}],"curies":[{"name":"wp","href":"https:\/\/api.w.org\/{rel}","templated":true}]}}