{"id":1419,"date":"2025-02-18T17:39:43","date_gmt":"2025-02-18T16:39:43","guid":{"rendered":"https:\/\/monumental-valois.com\/oeuvre-monumentale\/arc-large-una-escultura-que-combina-luz-y-espacio\/"},"modified":"2026-02-11T15:29:35","modified_gmt":"2026-02-11T14:29:35","slug":"arc-large-una-escultura-que-combina-luz-y-espacio","status":"publish","type":"oeuvre","link":"https:\/\/monumental-valois.com\/es\/obra-monumental\/arc-large-una-escultura-que-combina-luz-y-espacio\/","title":{"rendered":"Arc Large: una escultura que combina luz y espacio"},"content":{"rendered":"\n<div class=\"wp-block-columns alignwide is-style-espace-60-px is-layout-flex wp-container-core-columns-is-layout-28f84493 wp-block-columns-is-layout-flex\">\n<div class=\"wp-block-column is-layout-flow wp-block-column-is-layout-flow\" style=\"flex-basis:30%\"><div class=\"lazyblock-partager-la-page-Z1SDHFv wp-block-lazyblock-partager-la-page\"> <div class=\"partage-single\">\r\n                        <p>comparte esta p\u00e1gina<\/p>\r\n                        <div class=\"liens\">\r\n                            <a href=\"http:\/\/twitter.com\/share?url=https%3A%2F%2Fmonumental-valois.com%2Fes%2Fobra-monumental%2Farc-large-una-escultura-que-combina-luz-y-espacio%2F\" class=\"share-x\" target=\"_blank\" rel=\"nofollow\" title=\"Compartir en X\"><\/a>\r\n                            <a href=\"http:\/\/www.facebook.com\/sharer.php?u=https%3A%2F%2Fmonumental-valois.com%2Fes%2Fobra-monumental%2Farc-large-una-escultura-que-combina-luz-y-espacio%2F&#038;t=Arc+Large%3A+una+escultura+que+combina+luz+y+espacio&#038;src=sp\" class=\"share-facebook\" target=\"_blank\" rel=\"nofollow\" title=\"Compartir en Facebook\">\r\n\r\n                            <\/a>\r\n\r\n\r\n                        <\/div>\r\n                    <\/div><\/div><\/div>\n\n\n\n<div class=\"wp-block-column is-layout-flow wp-block-column-is-layout-flow\" style=\"flex-basis:70%\">\n<p class=\"has-28-px-font-size\">La escultura Gran Arco de Patrick Fleury, instalada en el Donjon de Vez en 2001, explora la interacci\u00f3n entre formas visibles e invisibles. Esta obra monumental divide el espacio y crea un di\u00e1logo entre el interior y el exterior. <\/p>\n<\/div>\n<\/div>\n\n<div class=\"wp-block-group alignfull is-style-fond-blanc-gris\"><div class=\"wp-block-group__inner-container is-layout-constrained wp-block-group-is-layout-constrained\">\n<div class=\"wp-block-columns alignwide are-vertically-aligned-bottom is-style-espace-60-px is-layout-flex wp-container-core-columns-is-layout-28f84493 wp-block-columns-is-layout-flex\">\n<div class=\"wp-block-column is-vertically-aligned-bottom is-layout-flow wp-block-column-is-layout-flow\" style=\"flex-basis:30%\">\n<p class=\"is-style-sur-titre-page\">Arc Large: una escultura que combina luz y espacio<\/p>\n\n\n\n<h2 class=\"wp-block-heading has-36-px-font-size\"><strong>Una forma entre tradici\u00f3n y modernidad<\/strong><\/h2>\n\n\n\n<p>Fabricado en metal, acero pintado y aluminio, el Gran Arco mide 510 cm de di\u00e1metro. Su forma, inspirada en un reloj de sol, se reinterpreta en una curva fluida que parece curvar la luz. <\/p>\n\n\n\n<h2 class=\"wp-block-heading has-36-px-font-size\"><strong>Un di\u00e1logo entre arte contempor\u00e1neo y arquitectura<\/strong><\/h2>\n\n\n\n<p>La escultura cuestiona las nociones de visibilidad e invisibilidad, creando un espacio po\u00e9tico donde las interacciones de la luz y las formas adquieren una dimensi\u00f3n simb\u00f3lica y nos invitan a cuestionar el espacio que nos rodea.<\/p>\n<\/div>\n\n\n\n<div class=\"wp-block-column is-vertically-aligned-bottom is-layout-flow wp-block-column-is-layout-flow\" style=\"flex-basis:70%\">\n<figure class=\"wp-block-image size-full\"><img loading=\"lazy\" decoding=\"async\" width=\"600\" height=\"800\" src=\"https:\/\/monumental-valois.com\/wp-content\/uploads\/2025\/02\/Arc-Large-patrick-fleury.jpg\" alt=\"Arc Large: una escultura que combina luz y espacio\" class=\"wp-image-791\" srcset=\"https:\/\/monumental-valois.com\/wp-content\/uploads\/2025\/02\/Arc-Large-patrick-fleury.jpg 600w, https:\/\/monumental-valois.com\/wp-content\/uploads\/2025\/02\/Arc-Large-patrick-fleury-300x400.jpg 300w, https:\/\/monumental-valois.com\/wp-content\/uploads\/2025\/02\/Arc-Large-patrick-fleury-338x450.jpg 338w, https:\/\/monumental-valois.com\/wp-content\/uploads\/2025\/02\/Arc-Large-patrick-fleury-450x600.jpg 450w\" sizes=\"auto, (max-width: 600px) 100vw, 600px\" \/><\/figure>\n<\/div>\n<\/div>\n<\/div><\/div>\n\n<div style=\"height:50px\" aria-hidden=\"true\" class=\"wp-block-spacer\"><\/div>\n\n<div class=\"wp-block-cover alignwide\"><span aria-hidden=\"true\" class=\"wp-block-cover__background has-noir-background-color has-background-dim\"><\/span><img loading=\"lazy\" decoding=\"async\" width=\"665\" height=\"499\" class=\"wp-block-cover__image-background wp-image-441\" alt=\"Entrelacs Patrick Fleury\" src=\"https:\/\/monumental-valois.com\/wp-content\/uploads\/2025\/02\/Entrelacs-Patrick-Fleury.jpg\" style=\"object-position:47% 40%\" data-object-fit=\"cover\" data-object-position=\"47% 40%\" srcset=\"https:\/\/monumental-valois.com\/wp-content\/uploads\/2025\/02\/Entrelacs-Patrick-Fleury.jpg 665w, https:\/\/monumental-valois.com\/wp-content\/uploads\/2025\/02\/Entrelacs-Patrick-Fleury-533x400.jpg 533w, https:\/\/monumental-valois.com\/wp-content\/uploads\/2025\/02\/Entrelacs-Patrick-Fleury-450x338.jpg 450w\" sizes=\"auto, (max-width: 665px) 100vw, 665px\" \/><div class=\"wp-block-cover__inner-container is-layout-constrained wp-block-cover-is-layout-constrained\">\n<h3 class=\"wp-block-heading alignwide has-text-align-left has-64-px-font-size\">Visita la p\u00e1gina<br\/>dedicada al artista<\/h3>\n\n\n\n<div class=\"wp-block-buttons alignwide is-layout-flex wp-block-buttons-is-layout-flex\">\n<div class=\"wp-block-button\"><a class=\"wp-block-button__link wp-element-button\" href=\"https:\/\/monumental-valois.com\/es\/artiste\/patrick-fleury\/\">Ver al artista<\/a><\/div>\n<\/div>\n<\/div><\/div>\n\n<p><\/p>\n","protected":false},"excerpt":{"rendered":"<p>La escultura Gran Arco de Patrick Fleury, instalada en el Donjon de Vez en 2001, explora la interacci\u00f3n entre formas [&hellip;]<\/p>\n","protected":false},"featured_media":1421,"template":"","class_list":["post-1419","oeuvre","type-oeuvre","status-publish","has-post-thumbnail","hentry"],"_links":{"self":[{"href":"https:\/\/monumental-valois.com\/es\/wp-json\/wp\/v2\/oeuvre\/1419","targetHints":{"allow":["GET"]}}],"collection":[{"href":"https:\/\/monumental-valois.com\/es\/wp-json\/wp\/v2\/oeuvre"}],"about":[{"href":"https:\/\/monumental-valois.com\/es\/wp-json\/wp\/v2\/types\/oeuvre"}],"wp:featuredmedia":[{"embeddable":true,"href":"https:\/\/monumental-valois.com\/es\/wp-json\/wp\/v2\/media\/1421"}],"wp:attachment":[{"href":"https:\/\/monumental-valois.com\/es\/wp-json\/wp\/v2\/media?parent=1419"}],"curies":[{"name":"wp","href":"https:\/\/api.w.org\/{rel}","templated":true}]}}