{"id":1447,"date":"2025-02-19T17:54:08","date_gmt":"2025-02-19T16:54:08","guid":{"rendered":"https:\/\/monumental-valois.com\/oeuvre-monumentale\/chimenea-antigua-armonia-y-minimalismo-en-el-donjon-de-vez\/"},"modified":"2026-02-11T15:29:36","modified_gmt":"2026-02-11T14:29:36","slug":"chimenea-antigua-armonia-y-minimalismo-en-el-donjon-de-vez","status":"publish","type":"oeuvre","link":"https:\/\/monumental-valois.com\/es\/obra-monumental\/chimenea-antigua-armonia-y-minimalismo-en-el-donjon-de-vez\/","title":{"rendered":"Chimenea antigua: armon\u00eda y minimalismo en el Donjon de Vez"},"content":{"rendered":"\n<div class=\"wp-block-columns alignwide is-style-espace-60-px is-layout-flex wp-container-core-columns-is-layout-28f84493 wp-block-columns-is-layout-flex\">\n<div class=\"wp-block-column is-layout-flow wp-block-column-is-layout-flow\" style=\"flex-basis:30%\"><div class=\"lazyblock-partager-la-page-Z1SDHFv wp-block-lazyblock-partager-la-page\"> <div class=\"partage-single\">\r\n                        <p>comparte esta p\u00e1gina<\/p>\r\n                        <div class=\"liens\">\r\n                            <a href=\"http:\/\/twitter.com\/share?url=https%3A%2F%2Fmonumental-valois.com%2Fes%2Fobra-monumental%2Fchimenea-antigua-armonia-y-minimalismo-en-el-donjon-de-vez%2F\" class=\"share-x\" target=\"_blank\" rel=\"nofollow\" title=\"Compartir en X\"><\/a>\r\n                            <a href=\"http:\/\/www.facebook.com\/sharer.php?u=https%3A%2F%2Fmonumental-valois.com%2Fes%2Fobra-monumental%2Fchimenea-antigua-armonia-y-minimalismo-en-el-donjon-de-vez%2F&#038;t=Chimenea+antigua%3A+armon%C3%ADa+y+minimalismo+en+el+Donjon+de+Vez&#038;src=sp\" class=\"share-facebook\" target=\"_blank\" rel=\"nofollow\" title=\"Compartir en Facebook\">\r\n\r\n                            <\/a>\r\n\r\n\r\n                        <\/div>\r\n                    <\/div><\/div><\/div>\n\n\n\n<div class=\"wp-block-column is-layout-flow wp-block-column-is-layout-flow\" style=\"flex-basis:70%\">\n<p class=\"has-28-px-font-size\">En 1999, Fran\u00e7ois Morellet, gran figura de la abstracci\u00f3n geom\u00e9trica y del minimalismo, cre\u00f3 una obra integrada en la antigua chimenea del edificio principal del Donjon de Vez, en el marco de la exposici\u00f3n L&#8217;Art surprend l&#8217;\u00e9clipse.<\/p>\n<\/div>\n<\/div>\n\n<div class=\"wp-block-group alignfull is-style-fond-blanc-gris\"><div class=\"wp-block-group__inner-container is-layout-constrained wp-block-group-is-layout-constrained\">\n<div class=\"wp-block-columns alignwide are-vertically-aligned-bottom is-style-espace-60-px is-layout-flex wp-container-core-columns-is-layout-28f84493 wp-block-columns-is-layout-flex\">\n<div class=\"wp-block-column is-vertically-aligned-bottom is-layout-flow wp-block-column-is-layout-flow\" style=\"flex-basis:30%\">\n<p class=\"is-style-sur-titre-page\">Chimenea antigua: armon\u00eda y minimalismo en el Donjon de Vez<\/p>\n\n\n\n<h2 class=\"wp-block-heading has-36-px-font-size\"><strong>Un juego de l\u00edneas y luz<\/strong><\/h2>\n\n\n\n<p>Combinando geometr\u00eda y luz, Morellet utiliza el ne\u00f3n para estructurar el espacio y crear un llamativo contraste con la arquitectura hist\u00f3rica. Este enfoque minimalista refleja su b\u00fasqueda constante de un di\u00e1logo entre las l\u00edneas y la intensidad de la luz. <\/p>\n\n\n\n<h2 class=\"wp-block-heading has-36-px-font-size\"><strong>Tradici\u00f3n y modernidad combinadas<\/strong><\/h2>\n\n\n\n<p>Al integrar su arte con un antiguo elemento arquitect\u00f3nico, el artista crea un audaz di\u00e1logo entre pasado y presente, ofreciendo una reinterpretaci\u00f3n contempor\u00e1nea de este emblem\u00e1tico espacio. Esta instalaci\u00f3n ilustra la habilidad de Morellet para combinar minimalismo y patrimonio, al tiempo que nos invita a repensar el espacio y la forma en que lo miramos. <\/p>\n<\/div>\n\n\n\n<div class=\"wp-block-column is-vertically-aligned-bottom is-layout-flow wp-block-column-is-layout-flow\" style=\"flex-basis:70%\">\n<figure class=\"wp-block-image size-full\"><img loading=\"lazy\" decoding=\"async\" width=\"600\" height=\"900\" src=\"https:\/\/monumental-valois.com\/wp-content\/uploads\/2025\/02\/Ancienne-cheminee-2-francois-morellet.jpg\" alt=\"Chimenea antigua: armon&#xED;a y minimalismo en el Donjon de Vez\" class=\"wp-image-756\" srcset=\"https:\/\/monumental-valois.com\/wp-content\/uploads\/2025\/02\/Ancienne-cheminee-2-francois-morellet.jpg 600w, https:\/\/monumental-valois.com\/wp-content\/uploads\/2025\/02\/Ancienne-cheminee-2-francois-morellet-267x400.jpg 267w, https:\/\/monumental-valois.com\/wp-content\/uploads\/2025\/02\/Ancienne-cheminee-2-francois-morellet-300x450.jpg 300w, https:\/\/monumental-valois.com\/wp-content\/uploads\/2025\/02\/Ancienne-cheminee-2-francois-morellet-400x600.jpg 400w\" sizes=\"auto, (max-width: 600px) 100vw, 600px\" \/><\/figure>\n<\/div>\n<\/div>\n<\/div><\/div>\n\n<div style=\"height:50px\" aria-hidden=\"true\" class=\"wp-block-spacer\"><\/div>\n\n<div class=\"wp-block-cover alignwide\"><span aria-hidden=\"true\" class=\"wp-block-cover__background has-noir-background-color has-background-dim\"><\/span><img loading=\"lazy\" decoding=\"async\" width=\"400\" height=\"400\" class=\"wp-block-cover__image-background wp-image-449\" alt=\"\" src=\"https:\/\/monumental-valois.com\/wp-content\/uploads\/2025\/02\/Morelet_Francois_portrait.jpg\" style=\"object-position:47% 24%\" data-object-fit=\"cover\" data-object-position=\"47% 24%\" srcset=\"https:\/\/monumental-valois.com\/wp-content\/uploads\/2025\/02\/Morelet_Francois_portrait.jpg 400w, https:\/\/monumental-valois.com\/wp-content\/uploads\/2025\/02\/Morelet_Francois_portrait-300x300.jpg 300w\" sizes=\"auto, (max-width: 400px) 100vw, 400px\" \/><div class=\"wp-block-cover__inner-container is-layout-constrained wp-block-cover-is-layout-constrained\">\n<h3 class=\"wp-block-heading alignwide has-text-align-left has-64-px-font-size\">Visita la p\u00e1gina<br\/>dedicada al artista<\/h3>\n\n\n\n<div class=\"wp-block-buttons alignwide is-layout-flex wp-block-buttons-is-layout-flex\">\n<div class=\"wp-block-button\"><a class=\"wp-block-button__link wp-element-button\" href=\"https:\/\/monumental-valois.com\/es\/artiste\/francois-morellet\/\">Ver al artista<\/a><\/div>\n<\/div>\n<\/div><\/div>\n\n<p><\/p>\n","protected":false},"excerpt":{"rendered":"<p>En 1999, Fran\u00e7ois Morellet, gran figura de la abstracci\u00f3n geom\u00e9trica y del minimalismo, cre\u00f3 una obra integrada en la antigua [&hellip;]<\/p>\n","protected":false},"featured_media":1448,"template":"","class_list":["post-1447","oeuvre","type-oeuvre","status-publish","has-post-thumbnail","hentry"],"_links":{"self":[{"href":"https:\/\/monumental-valois.com\/es\/wp-json\/wp\/v2\/oeuvre\/1447","targetHints":{"allow":["GET"]}}],"collection":[{"href":"https:\/\/monumental-valois.com\/es\/wp-json\/wp\/v2\/oeuvre"}],"about":[{"href":"https:\/\/monumental-valois.com\/es\/wp-json\/wp\/v2\/types\/oeuvre"}],"wp:featuredmedia":[{"embeddable":true,"href":"https:\/\/monumental-valois.com\/es\/wp-json\/wp\/v2\/media\/1448"}],"wp:attachment":[{"href":"https:\/\/monumental-valois.com\/es\/wp-json\/wp\/v2\/media?parent=1447"}],"curies":[{"name":"wp","href":"https:\/\/api.w.org\/{rel}","templated":true}]}}