{"id":1465,"date":"2025-02-19T18:11:05","date_gmt":"2025-02-19T17:11:05","guid":{"rendered":"https:\/\/monumental-valois.com\/oeuvre-monumentale\/chozas-obras-suspendidas\/"},"modified":"2026-02-11T15:29:43","modified_gmt":"2026-02-11T14:29:43","slug":"chozas-obras-suspendidas","status":"publish","type":"oeuvre","link":"https:\/\/monumental-valois.com\/es\/obra-monumental\/chozas-obras-suspendidas\/","title":{"rendered":"Chozas: obras suspendidas"},"content":{"rendered":"\n<div class=\"wp-block-columns alignwide is-style-espace-60-px is-layout-flex wp-container-core-columns-is-layout-28f84493 wp-block-columns-is-layout-flex\">\n<div class=\"wp-block-column is-layout-flow wp-block-column-is-layout-flow\" style=\"flex-basis:30%\"><div class=\"lazyblock-partager-la-page-Z1SDHFv wp-block-lazyblock-partager-la-page\"> <div class=\"partage-single\">\r\n                        <p>comparte esta p\u00e1gina<\/p>\r\n                        <div class=\"liens\">\r\n                            <a href=\"http:\/\/twitter.com\/share?url=https%3A%2F%2Fmonumental-valois.com%2Fes%2Fobra-monumental%2Fchozas-obras-suspendidas%2F\" class=\"share-x\" target=\"_blank\" rel=\"nofollow\" title=\"Compartir en X\"><\/a>\r\n                            <a href=\"http:\/\/www.facebook.com\/sharer.php?u=https%3A%2F%2Fmonumental-valois.com%2Fes%2Fobra-monumental%2Fchozas-obras-suspendidas%2F&#038;t=Chozas%3A+obras+suspendidas&#038;src=sp\" class=\"share-facebook\" target=\"_blank\" rel=\"nofollow\" title=\"Compartir en Facebook\">\r\n\r\n                            <\/a>\r\n\r\n\r\n                        <\/div>\r\n                    <\/div><\/div><\/div>\n\n\n\n<div class=\"wp-block-column is-layout-flow wp-block-column-is-layout-flow\" style=\"flex-basis:70%\">\n<p class=\"has-28-px-font-size\">En la explanada del Donjon de Vez, anta\u00f1o utilizada como establos y almacenes, se alza una extraordinaria instalaci\u00f3n del artista japon\u00e9s Tadashi Kawamata. Nacido en Mikasa en 1953, Kawamata ha sido aclamado internacionalmente por sus creaciones site-specific, que transforman los espacios y cuestionan nuestra relaci\u00f3n con el lugar. <\/p>\n<\/div>\n<\/div>\n\n<div class=\"wp-block-group alignfull is-style-fond-blanc-gris\"><div class=\"wp-block-group__inner-container is-layout-constrained wp-block-group-is-layout-constrained\">\n<div class=\"wp-block-columns alignwide are-vertically-aligned-bottom is-style-espace-60-px is-layout-flex wp-container-core-columns-is-layout-28f84493 wp-block-columns-is-layout-flex\">\n<div class=\"wp-block-column is-vertically-aligned-bottom is-layout-flow wp-block-column-is-layout-flow\" style=\"flex-basis:30%\">\n<p class=\"is-style-sur-titre-page\">Chozas: obras suspendidas<\/p>\n\n\n\n<h2 class=\"wp-block-heading has-36-px-font-size\"><strong>Un di\u00e1logo con el medio ambiente<\/strong><\/h2>\n\n\n\n<p>Suspendida en los \u00e1rboles, la obra de madera dialoga armoniosamente con su entorno. Fiel a su enfoque art\u00edstico, Kawamata utiliza materiales reciclados para construir estructuras tan precarias como po\u00e9ticas. Esta instalaci\u00f3n invita a los visitantes a reexaminar la historia del corral, al tiempo que redescubren el paisaje desde un nuevo \u00e1ngulo.  <\/p>\n<\/div>\n\n\n\n<div class=\"wp-block-column is-vertically-aligned-bottom is-layout-flow wp-block-column-is-layout-flow\" style=\"flex-basis:70%\">\n<figure class=\"wp-block-image alignwide size-full is-style-img-responsive\"><img loading=\"lazy\" decoding=\"async\" width=\"800\" height=\"1200\" src=\"https:\/\/monumental-valois.com\/wp-content\/uploads\/2025\/02\/Cabanes-oeuvre-suspendue.jpg\" alt=\"Chozas: obras suspendidas\" class=\"wp-image-610\" srcset=\"https:\/\/monumental-valois.com\/wp-content\/uploads\/2025\/02\/Cabanes-oeuvre-suspendue.jpg 800w, https:\/\/monumental-valois.com\/wp-content\/uploads\/2025\/02\/Cabanes-oeuvre-suspendue-267x400.jpg 267w, https:\/\/monumental-valois.com\/wp-content\/uploads\/2025\/02\/Cabanes-oeuvre-suspendue-600x900.jpg 600w, https:\/\/monumental-valois.com\/wp-content\/uploads\/2025\/02\/Cabanes-oeuvre-suspendue-768x1152.jpg 768w, https:\/\/monumental-valois.com\/wp-content\/uploads\/2025\/02\/Cabanes-oeuvre-suspendue-300x450.jpg 300w, https:\/\/monumental-valois.com\/wp-content\/uploads\/2025\/02\/Cabanes-oeuvre-suspendue-400x600.jpg 400w\" sizes=\"auto, (max-width: 800px) 100vw, 800px\" \/><\/figure>\n<\/div>\n<\/div>\n<\/div><\/div>\n\n<div style=\"height:50px\" aria-hidden=\"true\" class=\"wp-block-spacer\"><\/div>\n\n<div class=\"wp-block-cover alignwide\"><span aria-hidden=\"true\" class=\"wp-block-cover__background has-noir-background-color has-background-dim\"><\/span><img loading=\"lazy\" decoding=\"async\" width=\"1079\" height=\"720\" class=\"wp-block-cover__image-background wp-image-473\" alt=\"Tadashi Kawamata : r\u00e9inventer l\u2019espace avec l\u2019art\" src=\"https:\/\/monumental-valois.com\/wp-content\/uploads\/2025\/02\/Kawamata-Tadashi.jpg\" style=\"object-position:54% 16%\" data-object-fit=\"cover\" data-object-position=\"54% 16%\" srcset=\"https:\/\/monumental-valois.com\/wp-content\/uploads\/2025\/02\/Kawamata-Tadashi.jpg 1079w, https:\/\/monumental-valois.com\/wp-content\/uploads\/2025\/02\/Kawamata-Tadashi-599x400.jpg 599w, https:\/\/monumental-valois.com\/wp-content\/uploads\/2025\/02\/Kawamata-Tadashi-768x512.jpg 768w, https:\/\/monumental-valois.com\/wp-content\/uploads\/2025\/02\/Kawamata-Tadashi-450x300.jpg 450w, https:\/\/monumental-valois.com\/wp-content\/uploads\/2025\/02\/Kawamata-Tadashi-899x600.jpg 899w\" sizes=\"auto, (max-width: 1079px) 100vw, 1079px\" \/><div class=\"wp-block-cover__inner-container is-layout-constrained wp-block-cover-is-layout-constrained\">\n<h3 class=\"wp-block-heading alignwide has-text-align-left has-64-px-font-size\">Visita la p\u00e1gina<br\/>dedicada al artista<\/h3>\n\n\n\n<div class=\"wp-block-buttons alignwide is-layout-flex wp-block-buttons-is-layout-flex\">\n<div class=\"wp-block-button\"><a class=\"wp-block-button__link wp-element-button\" href=\"https:\/\/monumental-valois.com\/es\/artiste\/tadashi-kawamata\/\">Ver al artista<\/a><\/div>\n<\/div>\n<\/div><\/div>\n","protected":false},"excerpt":{"rendered":"<p>En la explanada del Donjon de Vez, anta\u00f1o utilizada como establos y almacenes, se alza una extraordinaria instalaci\u00f3n del artista [&hellip;]<\/p>\n","protected":false},"featured_media":1466,"template":"","class_list":["post-1465","oeuvre","type-oeuvre","status-publish","has-post-thumbnail","hentry"],"_links":{"self":[{"href":"https:\/\/monumental-valois.com\/es\/wp-json\/wp\/v2\/oeuvre\/1465","targetHints":{"allow":["GET"]}}],"collection":[{"href":"https:\/\/monumental-valois.com\/es\/wp-json\/wp\/v2\/oeuvre"}],"about":[{"href":"https:\/\/monumental-valois.com\/es\/wp-json\/wp\/v2\/types\/oeuvre"}],"wp:featuredmedia":[{"embeddable":true,"href":"https:\/\/monumental-valois.com\/es\/wp-json\/wp\/v2\/media\/1466"}],"wp:attachment":[{"href":"https:\/\/monumental-valois.com\/es\/wp-json\/wp\/v2\/media?parent=1465"}],"curies":[{"name":"wp","href":"https:\/\/api.w.org\/{rel}","templated":true}]}}