{"id":1468,"date":"2025-02-19T18:02:50","date_gmt":"2025-02-19T17:02:50","guid":{"rendered":"https:\/\/monumental-valois.com\/oeuvre-monumentale\/a-la-sombra-de-la-capilla-de-vez-las-figuras-yacentes-de-fremiet\/"},"modified":"2026-02-11T15:29:44","modified_gmt":"2026-02-11T14:29:44","slug":"a-la-sombra-de-la-capilla-de-vez-las-figuras-yacentes-de-fremiet","status":"publish","type":"oeuvre","link":"https:\/\/monumental-valois.com\/es\/obra-monumental\/a-la-sombra-de-la-capilla-de-vez-las-figuras-yacentes-de-fremiet\/","title":{"rendered":"A la sombra de la capilla de Vez: las figuras yacentes de Fr\u00e9miet"},"content":{"rendered":"\n<div class=\"wp-block-columns alignwide is-style-espace-60-px is-layout-flex wp-container-core-columns-is-layout-28f84493 wp-block-columns-is-layout-flex\">\n<div class=\"wp-block-column is-layout-flow wp-block-column-is-layout-flow\" style=\"flex-basis:30%\"><div class=\"lazyblock-partager-la-page-Z1SDHFv wp-block-lazyblock-partager-la-page\"> <div class=\"partage-single\">\r\n                        <p>comparte esta p\u00e1gina<\/p>\r\n                        <div class=\"liens\">\r\n                            <a href=\"http:\/\/twitter.com\/share?url=https%3A%2F%2Fmonumental-valois.com%2Fes%2Fobra-monumental%2Fa-la-sombra-de-la-capilla-de-vez-las-figuras-yacentes-de-fremiet%2F\" class=\"share-x\" target=\"_blank\" rel=\"nofollow\" title=\"Compartir en X\"><\/a>\r\n                            <a href=\"http:\/\/www.facebook.com\/sharer.php?u=https%3A%2F%2Fmonumental-valois.com%2Fes%2Fobra-monumental%2Fa-la-sombra-de-la-capilla-de-vez-las-figuras-yacentes-de-fremiet%2F&#038;t=A+la+sombra+de+la+capilla+de+Vez%3A+las+figuras+yacentes+de+Fr%C3%A9miet&#038;src=sp\" class=\"share-facebook\" target=\"_blank\" rel=\"nofollow\" title=\"Compartir en Facebook\">\r\n\r\n                            <\/a>\r\n\r\n\r\n                        <\/div>\r\n                    <\/div><\/div><\/div>\n\n\n\n<div class=\"wp-block-column is-layout-flow wp-block-column-is-layout-flow\" style=\"flex-basis:70%\">\n<p class=\"has-28-px-font-size\">En la intimidad de la capilla del Donjon de Vez, los visitantes son recibidos por dos majestuosas esculturas: los yacentes de m\u00e1rmol blanco de L\u00e9on Dru y su esposa. Estas obras monumentales, verdaderas obras maestras del arte neog\u00f3tico, fueron creadas por Emmanuel Fr\u00e9miet, uno de los m\u00e1s grandes escultores del siglo XIX. <\/p>\n<\/div>\n<\/div>\n\n<div class=\"wp-block-group alignfull is-style-fond-blanc-gris\"><div class=\"wp-block-group__inner-container is-layout-constrained wp-block-group-is-layout-constrained\">\n<div class=\"wp-block-columns alignwide are-vertically-aligned-bottom is-style-espace-60-px is-layout-flex wp-container-core-columns-is-layout-28f84493 wp-block-columns-is-layout-flex\">\n<div class=\"wp-block-column is-vertically-aligned-bottom is-layout-flow wp-block-column-is-layout-flow\" style=\"flex-basis:30%\">\n<p class=\"is-style-sur-titre-page\">A la sombra de la capilla de Vez: las figuras yacentes de Fr\u00e9miet<\/p>\n\n\n\n<h2 class=\"wp-block-heading has-36-px-font-size\"><strong>Emmanuel Fr\u00e9miet: un artista polifac\u00e9tico<\/strong><\/h2>\n\n\n\n<p>Conocido por sus esculturas de animales, Fr\u00e9miet demuestra aqu\u00ed su maestr\u00eda en el retrato funerario. Las figuras, alargadas y dignas, se distinguen por la elegancia de sus l\u00edneas y un trabajo del m\u00e1rmol excepcionalmente fino, que juega con la luz para magnificar los cuerpos. <\/p>\n\n\n\n<h2 class=\"wp-block-heading has-36-px-font-size\"><strong>Una obra neog\u00f3tica<\/strong><\/h2>\n\n\n\n<p>Estas figuras yacentes, integradas en la atm\u00f3sfera silenciosa de la capilla, perpet\u00faan la memoria de sus modelos a la vez que forman parte del patrimonio del Donjon de Vez, ofreciendo a los visitantes un momento de contemplaci\u00f3n entre la historia y la emoci\u00f3n escult\u00f3rica. <\/p>\n<\/div>\n\n\n\n<div class=\"wp-block-column is-vertically-aligned-bottom is-layout-flow wp-block-column-is-layout-flow\" style=\"flex-basis:70%\">\n<figure class=\"wp-block-image size-full\"><img loading=\"lazy\" decoding=\"async\" width=\"600\" height=\"819\" src=\"https:\/\/monumental-valois.com\/wp-content\/uploads\/2025\/02\/les-Gisants-de-Fremiet.jpg\" alt=\"A la sombra de la capilla de Vez: las figuras yacentes de Fr&#xE9;miet\" class=\"wp-image-743\" srcset=\"https:\/\/monumental-valois.com\/wp-content\/uploads\/2025\/02\/les-Gisants-de-Fremiet.jpg 600w, https:\/\/monumental-valois.com\/wp-content\/uploads\/2025\/02\/les-Gisants-de-Fremiet-293x400.jpg 293w, https:\/\/monumental-valois.com\/wp-content\/uploads\/2025\/02\/les-Gisants-de-Fremiet-330x450.jpg 330w, https:\/\/monumental-valois.com\/wp-content\/uploads\/2025\/02\/les-Gisants-de-Fremiet-440x600.jpg 440w\" sizes=\"auto, (max-width: 600px) 100vw, 600px\" \/><\/figure>\n<\/div>\n<\/div>\n<\/div><\/div>\n\n<div style=\"height:50px\" aria-hidden=\"true\" class=\"wp-block-spacer\"><\/div>\n\n<div class=\"wp-block-cover alignwide\"><span aria-hidden=\"true\" class=\"wp-block-cover__background has-noir-background-color has-background-dim\"><\/span><img loading=\"lazy\" decoding=\"async\" width=\"1260\" height=\"1828\" class=\"wp-block-cover__image-background wp-image-459\" alt=\"Emmanuel Fr\u00e9miet : sculpteur de l\u2019histoire et de la nature\" src=\"https:\/\/monumental-valois.com\/wp-content\/uploads\/2025\/02\/Emmanuel_Fremiet.jpg\" style=\"object-position:48% 29%\" data-object-fit=\"cover\" data-object-position=\"48% 29%\" srcset=\"https:\/\/monumental-valois.com\/wp-content\/uploads\/2025\/02\/Emmanuel_Fremiet.jpg 1260w, https:\/\/monumental-valois.com\/wp-content\/uploads\/2025\/02\/Emmanuel_Fremiet-276x400.jpg 276w, https:\/\/monumental-valois.com\/wp-content\/uploads\/2025\/02\/Emmanuel_Fremiet-620x900.jpg 620w, https:\/\/monumental-valois.com\/wp-content\/uploads\/2025\/02\/Emmanuel_Fremiet-768x1114.jpg 768w, https:\/\/monumental-valois.com\/wp-content\/uploads\/2025\/02\/Emmanuel_Fremiet-1059x1536.jpg 1059w, https:\/\/monumental-valois.com\/wp-content\/uploads\/2025\/02\/Emmanuel_Fremiet-310x450.jpg 310w, https:\/\/monumental-valois.com\/wp-content\/uploads\/2025\/02\/Emmanuel_Fremiet-414x600.jpg 414w\" sizes=\"auto, (max-width: 1260px) 100vw, 1260px\" \/><div class=\"wp-block-cover__inner-container is-layout-constrained wp-block-cover-is-layout-constrained\">\n<h3 class=\"wp-block-heading alignwide has-text-align-left has-64-px-font-size\">Visita la p\u00e1gina<br\/>dedicada al artista<\/h3>\n\n\n\n<div class=\"wp-block-buttons alignwide is-layout-flex wp-block-buttons-is-layout-flex\">\n<div class=\"wp-block-button\"><a class=\"wp-block-button__link wp-element-button\" href=\"https:\/\/monumental-valois.com\/es\/artiste\/emmanuel-fremiet\/\">Ver al artista<\/a><\/div>\n<\/div>\n<\/div><\/div>\n\n<p><\/p>\n","protected":false},"excerpt":{"rendered":"<p>En la intimidad de la capilla del Donjon de Vez, los visitantes son recibidos por dos majestuosas esculturas: los yacentes [&hellip;]<\/p>\n","protected":false},"featured_media":1469,"template":"","class_list":["post-1468","oeuvre","type-oeuvre","status-publish","has-post-thumbnail","hentry"],"_links":{"self":[{"href":"https:\/\/monumental-valois.com\/es\/wp-json\/wp\/v2\/oeuvre\/1468","targetHints":{"allow":["GET"]}}],"collection":[{"href":"https:\/\/monumental-valois.com\/es\/wp-json\/wp\/v2\/oeuvre"}],"about":[{"href":"https:\/\/monumental-valois.com\/es\/wp-json\/wp\/v2\/types\/oeuvre"}],"wp:featuredmedia":[{"embeddable":true,"href":"https:\/\/monumental-valois.com\/es\/wp-json\/wp\/v2\/media\/1469"}],"wp:attachment":[{"href":"https:\/\/monumental-valois.com\/es\/wp-json\/wp\/v2\/media?parent=1468"}],"curies":[{"name":"wp","href":"https:\/\/api.w.org\/{rel}","templated":true}]}}