{"id":1473,"date":"2025-02-20T14:42:08","date_gmt":"2025-02-20T13:42:08","guid":{"rendered":"https:\/\/monumental-valois.com\/oeuvre-monumentale\/fresco-de-reskate-una-obra-de-arte-con-multiples-simbolos\/"},"modified":"2026-02-11T15:29:43","modified_gmt":"2026-02-11T14:29:43","slug":"fresco-de-reskate-una-obra-de-arte-con-multiples-simbolos","status":"publish","type":"oeuvre","link":"https:\/\/monumental-valois.com\/es\/obra-monumental\/fresco-de-reskate-una-obra-de-arte-con-multiples-simbolos\/","title":{"rendered":"Fresco de Reskate: una obra de arte con m\u00faltiples s\u00edmbolos"},"content":{"rendered":"\n<div class=\"wp-block-columns alignwide is-style-espace-60-px is-layout-flex wp-container-core-columns-is-layout-28f84493 wp-block-columns-is-layout-flex\">\n<div class=\"wp-block-column is-layout-flow wp-block-column-is-layout-flow\" style=\"flex-basis:30%\"><div class=\"lazyblock-partager-la-page-Z1SDHFv wp-block-lazyblock-partager-la-page\"> <div class=\"partage-single\">\r\n                        <p>comparte esta p\u00e1gina<\/p>\r\n                        <div class=\"liens\">\r\n                            <a href=\"http:\/\/twitter.com\/share?url=https%3A%2F%2Fmonumental-valois.com%2Fes%2Fobra-monumental%2Ffresco-de-reskate-una-obra-de-arte-con-multiples-simbolos%2F\" class=\"share-x\" target=\"_blank\" rel=\"nofollow\" title=\"Compartir en X\"><\/a>\r\n                            <a href=\"http:\/\/www.facebook.com\/sharer.php?u=https%3A%2F%2Fmonumental-valois.com%2Fes%2Fobra-monumental%2Ffresco-de-reskate-una-obra-de-arte-con-multiples-simbolos%2F&#038;t=Fresco+de+Reskate%3A+una+obra+de+arte+con+m%C3%BAltiples+s%C3%ADmbolos&#038;src=sp\" class=\"share-facebook\" target=\"_blank\" rel=\"nofollow\" title=\"Compartir en Facebook\">\r\n\r\n                            <\/a>\r\n\r\n\r\n                        <\/div>\r\n                    <\/div><\/div><\/div>\n\n\n\n<div class=\"wp-block-column is-layout-flow wp-block-column-is-layout-flow\" style=\"flex-basis:70%\">\n<p class=\"has-28-px-font-size\">El fresco Reskate, primera obra del recorrido Valois Monumental, se inscribe en el marco de la urbanizaci\u00f3n de la entrada de la Voie verte en Mareuil-sur-Ourcq, cubriendo espectacularmente un antiguo transformador el\u00e9ctrico. Aut\u00e9ntico hito visual, este fresco monumental recorre sin interrupci\u00f3n los cuatro lados de la torre de 12 metros de altura, ofreciendo una experiencia envolvente de 360\u00b0. <\/p>\n<\/div>\n<\/div>\n\n<div class=\"wp-block-group alignfull is-style-fond-blanc-gris\"><div class=\"wp-block-group__inner-container is-layout-constrained wp-block-group-is-layout-constrained\">\n<div class=\"wp-block-columns alignwide are-vertically-aligned-bottom is-style-espace-60-px is-layout-flex wp-container-core-columns-is-layout-28f84493 wp-block-columns-is-layout-flex\">\n<div class=\"wp-block-column is-vertically-aligned-bottom is-layout-flow wp-block-column-is-layout-flow\" style=\"flex-basis:30%\">\n<p class=\"is-style-sur-titre-page\">Fresco Reskate<\/p>\n\n\n\n<h2 class=\"wp-block-heading has-36-px-font-size\">Un homenaje a la historia y la esencia de la regi\u00f3n de Valois<\/h2>\n\n\n\n<p>Inspirada en la historia y la esencia del Pa\u00eds de Valois, la obra explora varios temas clave: el silencio, la naturaleza, la cultura, el movimiento y la tradici\u00f3n, con especial atenci\u00f3n a tres grandes orientaciones: el tiro con arco, la naturaleza y la arquitectura.<\/p>\n<\/div>\n\n\n\n<div class=\"wp-block-column is-vertically-aligned-bottom is-layout-flow wp-block-column-is-layout-flow\" style=\"flex-basis:70%\">\n<figure class=\"wp-block-image alignwide size-full is-style-img-responsive\"><img loading=\"lazy\" decoding=\"async\" width=\"1000\" height=\"888\" src=\"https:\/\/monumental-valois.com\/wp-content\/uploads\/2024\/12\/FresqueReskate-pays-valois-jour.jpg\" alt=\"\" class=\"wp-image-484\" srcset=\"https:\/\/monumental-valois.com\/wp-content\/uploads\/2024\/12\/FresqueReskate-pays-valois-jour.jpg 1000w, https:\/\/monumental-valois.com\/wp-content\/uploads\/2024\/12\/FresqueReskate-pays-valois-jour-450x400.jpg 450w, https:\/\/monumental-valois.com\/wp-content\/uploads\/2024\/12\/FresqueReskate-pays-valois-jour-768x682.jpg 768w, https:\/\/monumental-valois.com\/wp-content\/uploads\/2024\/12\/FresqueReskate-pays-valois-jour-676x600.jpg 676w\" sizes=\"auto, (max-width: 1000px) 100vw, 1000px\" \/><\/figure>\n<\/div>\n<\/div>\n<\/div><\/div>\n\n<div style=\"height:70px\" aria-hidden=\"true\" class=\"wp-block-spacer\"><\/div>\n\n<div class=\"wp-block-columns alignwide is-layout-flex wp-container-core-columns-is-layout-28f84493 wp-block-columns-is-layout-flex\">\n<div class=\"wp-block-column is-layout-flow wp-block-column-is-layout-flow\" style=\"flex-basis:50%\">\n<figure class=\"wp-block-image size-large\"><img loading=\"lazy\" decoding=\"async\" width=\"825\" height=\"900\" src=\"https:\/\/monumental-valois.com\/wp-content\/uploads\/2024\/12\/FresqueReskate-pays-valois-nuit-825x900.jpg\" alt=\"Fresco Reskate Pays du Valois\" class=\"wp-image-582\" srcset=\"https:\/\/monumental-valois.com\/wp-content\/uploads\/2024\/12\/FresqueReskate-pays-valois-nuit-825x900.jpg 825w, https:\/\/monumental-valois.com\/wp-content\/uploads\/2024\/12\/FresqueReskate-pays-valois-nuit-367x400.jpg 367w, https:\/\/monumental-valois.com\/wp-content\/uploads\/2024\/12\/FresqueReskate-pays-valois-nuit-768x838.jpg 768w, https:\/\/monumental-valois.com\/wp-content\/uploads\/2024\/12\/FresqueReskate-pays-valois-nuit-413x450.jpg 413w, https:\/\/monumental-valois.com\/wp-content\/uploads\/2024\/12\/FresqueReskate-pays-valois-nuit-550x600.jpg 550w, https:\/\/monumental-valois.com\/wp-content\/uploads\/2024\/12\/FresqueReskate-pays-valois-nuit.jpg 850w\" sizes=\"auto, (max-width: 825px) 100vw, 825px\" \/><\/figure>\n<\/div>\n\n\n\n<div class=\"wp-block-column is-vertically-aligned-bottom is-layout-flow wp-block-column-is-layout-flow\" style=\"flex-basis:50%\">\n<div class=\"wp-block-group is-style-largeur-max-370\"><div class=\"wp-block-group__inner-container is-layout-constrained wp-block-group-is-layout-constrained\">\n<p class=\"is-style-sur-titre-page\">Fresco Reskate<\/p>\n\n\n\n<h2 class=\"wp-block-heading has-36-px-font-size\">Una obra con dos caras<\/h2>\n\n\n\n<p>Articulada en los cuatro lados de la torre por una continuidad sin fin, esta obra \u00abJano\u00bb de dos caras tiene la particularidad de contar con una versi\u00f3n diurna y otra nocturna.<\/p>\n\n\n\n<p>De d\u00eda, revela una sutil paleta de colores, en la que aparecen dos figuras, con la cabeza perdida en la misma nube, que interact\u00faan sosteniendo una flecha en actitudes diferentes. Este s\u00edmbolo se hace eco de la tradici\u00f3n del tiro con arco, que abarca generaciones, y es tambi\u00e9n una discreta se\u00f1al que indica d\u00f3nde est\u00e1 el \u00abcamino\u00bb. <\/p>\n<\/div><\/div>\n<\/div>\n<\/div>\n\n<div style=\"height:70px\" aria-hidden=\"true\" class=\"wp-block-spacer\"><\/div>\n\n<div class=\"wp-block-group alignwide\"><div class=\"wp-block-group__inner-container is-layout-constrained wp-block-group-is-layout-constrained\">\n<figure class=\"wp-block-embed alignwide is-type-video is-provider-youtube wp-block-embed-youtube wp-embed-aspect-16-9 wp-has-aspect-ratio\"><div class=\"wp-block-embed__wrapper\">\n<iframe loading=\"lazy\" title=\"Monumental Valois | Fresque Reskate \u00e0 Mareuil-sur-Ourcq (60)\" width=\"500\" height=\"281\" src=\"https:\/\/www.youtube.com\/embed\/_YJuVugtow8?feature=oembed\" frameborder=\"0\" allow=\"accelerometer; autoplay; clipboard-write; encrypted-media; gyroscope; picture-in-picture; web-share\" referrerpolicy=\"strict-origin-when-cross-origin\" allowfullscreen><\/iframe>\n<\/div><\/figure>\n<\/div><\/div>\n\n<div style=\"height:70px\" aria-hidden=\"true\" class=\"wp-block-spacer\"><\/div>\n\n<div class=\"wp-block-group alignfull is-style-fond-gris-blanc\"><div class=\"wp-block-group__inner-container is-layout-constrained wp-block-group-is-layout-constrained\">\n<div class=\"wp-block-columns alignwide are-vertically-aligned-bottom is-layout-flex wp-container-core-columns-is-layout-28f84493 wp-block-columns-is-layout-flex\">\n<div class=\"wp-block-column is-vertically-aligned-bottom is-layout-flow wp-block-column-is-layout-flow\" style=\"flex-basis:60%\">\n<figure class=\"wp-block-image size-full is-style-img-responsive\"><img loading=\"lazy\" decoding=\"async\" width=\"1000\" height=\"667\" src=\"https:\/\/monumental-valois.com\/wp-content\/uploads\/2025\/02\/FresqueReskate-pays-valois-@sophiepalmier-85.jpg\" alt=\"\" class=\"wp-image-595\" srcset=\"https:\/\/monumental-valois.com\/wp-content\/uploads\/2025\/02\/FresqueReskate-pays-valois-@sophiepalmier-85.jpg 1000w, https:\/\/monumental-valois.com\/wp-content\/uploads\/2025\/02\/FresqueReskate-pays-valois-@sophiepalmier-85-600x400.jpg 600w, https:\/\/monumental-valois.com\/wp-content\/uploads\/2025\/02\/FresqueReskate-pays-valois-@sophiepalmier-85-768x512.jpg 768w, https:\/\/monumental-valois.com\/wp-content\/uploads\/2025\/02\/FresqueReskate-pays-valois-@sophiepalmier-85-450x300.jpg 450w, https:\/\/monumental-valois.com\/wp-content\/uploads\/2025\/02\/FresqueReskate-pays-valois-@sophiepalmier-85-900x600.jpg 900w\" sizes=\"auto, (max-width: 1000px) 100vw, 1000px\" \/><\/figure>\n<\/div>\n\n\n\n<div class=\"wp-block-column is-vertically-aligned-bottom has-blanc-background-color has-background is-layout-flow wp-block-column-is-layout-flow\" style=\"flex-basis:5%\"><\/div>\n\n\n\n<div class=\"wp-block-column is-vertically-aligned-bottom is-layout-flow wp-block-column-is-layout-flow\" style=\"flex-basis:35%\">\n<figure class=\"wp-block-image size-full is-style-img-responsive\"><img loading=\"lazy\" decoding=\"async\" width=\"600\" height=\"600\" src=\"https:\/\/monumental-valois.com\/wp-content\/uploads\/2025\/02\/FresqueReskate-pays-valois-@sophiepalmier-38.jpg\" alt=\"\" class=\"wp-image-593\" srcset=\"https:\/\/monumental-valois.com\/wp-content\/uploads\/2025\/02\/FresqueReskate-pays-valois-@sophiepalmier-38.jpg 600w, https:\/\/monumental-valois.com\/wp-content\/uploads\/2025\/02\/FresqueReskate-pays-valois-@sophiepalmier-38-400x400.jpg 400w, https:\/\/monumental-valois.com\/wp-content\/uploads\/2025\/02\/FresqueReskate-pays-valois-@sophiepalmier-38-300x300.jpg 300w, https:\/\/monumental-valois.com\/wp-content\/uploads\/2025\/02\/FresqueReskate-pays-valois-@sophiepalmier-38-450x450.jpg 450w\" sizes=\"auto, (max-width: 600px) 100vw, 600px\" \/><\/figure>\n<\/div>\n<\/div>\n<\/div><\/div>\n\n<div style=\"height:70px\" aria-hidden=\"true\" class=\"wp-block-spacer\"><\/div>\n\n<div class=\"wp-block-media-text alignfull has-media-on-the-right is-stacked-on-mobile is-image-fill-element is-style-texte-max-400-px\" style=\"grid-template-columns:auto 58%\"><div class=\"wp-block-media-text__content\">\n<p class=\"is-style-sur-titre-page\">Fresco Reskate<\/p>\n\n\n\n<p>En la parte inferior de la torre, unos arcos evocan los s\u00f3tanos abovedados del patrimonio arquitect\u00f3nico de la regi\u00f3n de Valois. Reflejan el asombro de los artistas ante la calidad de la arquitectura valois, que se encuentra incluso en los s\u00f3tanos de las casas m\u00e1s antiguas, algunos de cuyos arcos han reproducido. <\/p>\n\n\n\n<p>Por la noche, la obra se transforma mediante efectos luminosos, revelando elementos ocultos. Las plumas de las flechas se convierten en un exuberante ramo de naturaleza, mientras que los rostros de los personajes se transforman en caras de ni\u00f1os, subrayando la importancia de las generaciones futuras y la transmisi\u00f3n de valores a trav\u00e9s del tiempo. <\/p>\n\n\n\n<p>Gracias al uso de pinturas fotoluminiscentes y luces ultravioletas, este fresco adquiere una nueva dimensi\u00f3n al caer la noche, ofreciendo una visi\u00f3n diferente y po\u00e9tica que invita a los espectadores a redescubrir la obra desde otro \u00e1ngulo.<\/p>\n<\/div><figure class=\"wp-block-media-text__media\"><img loading=\"lazy\" decoding=\"async\" width=\"1350\" height=\"900\" src=\"https:\/\/monumental-valois.com\/wp-content\/uploads\/2024\/12\/Fresque-Reskate-pays-valois-face-arriere-1350x900.jpg\" alt=\"\" class=\"wp-image-589 size-full\" style=\"object-position:63% 17%\" srcset=\"https:\/\/monumental-valois.com\/wp-content\/uploads\/2024\/12\/Fresque-Reskate-pays-valois-face-arriere-1350x900.jpg 1350w, https:\/\/monumental-valois.com\/wp-content\/uploads\/2024\/12\/Fresque-Reskate-pays-valois-face-arriere-600x400.jpg 600w, https:\/\/monumental-valois.com\/wp-content\/uploads\/2024\/12\/Fresque-Reskate-pays-valois-face-arriere-768x512.jpg 768w, https:\/\/monumental-valois.com\/wp-content\/uploads\/2024\/12\/Fresque-Reskate-pays-valois-face-arriere-1536x1024.jpg 1536w, https:\/\/monumental-valois.com\/wp-content\/uploads\/2024\/12\/Fresque-Reskate-pays-valois-face-arriere-450x300.jpg 450w, https:\/\/monumental-valois.com\/wp-content\/uploads\/2024\/12\/Fresque-Reskate-pays-valois-face-arriere-900x600.jpg 900w, https:\/\/monumental-valois.com\/wp-content\/uploads\/2024\/12\/Fresque-Reskate-pays-valois-face-arriere.jpg 1600w\" sizes=\"auto, (max-width: 1350px) 100vw, 1350px\" \/><\/figure><\/div>\n\n<div style=\"height:70px\" aria-hidden=\"true\" class=\"wp-block-spacer\"><\/div>\n\n<div class=\"wp-block-group alignfull is-style-fond-blanc-gris\"><div class=\"wp-block-group__inner-container is-layout-constrained wp-block-group-is-layout-constrained\">\n<div class=\"wp-block-columns alignwide are-vertically-aligned-bottom has-blanc-background-color has-background is-layout-flex wp-container-core-columns-is-layout-28f84493 wp-block-columns-is-layout-flex\">\n<div class=\"wp-block-column is-vertically-aligned-bottom is-layout-flow wp-block-column-is-layout-flow\" style=\"flex-basis:30%\">\n<figure class=\"wp-block-image size-large\"><img loading=\"lazy\" decoding=\"async\" width=\"825\" height=\"900\" src=\"https:\/\/monumental-valois.com\/wp-content\/uploads\/2024\/12\/FresqueReskate-pays-valois-nuit-825x900.jpg\" alt=\"Fresco Reskate Pays du Valois\" class=\"wp-image-582\" srcset=\"https:\/\/monumental-valois.com\/wp-content\/uploads\/2024\/12\/FresqueReskate-pays-valois-nuit-825x900.jpg 825w, https:\/\/monumental-valois.com\/wp-content\/uploads\/2024\/12\/FresqueReskate-pays-valois-nuit-367x400.jpg 367w, https:\/\/monumental-valois.com\/wp-content\/uploads\/2024\/12\/FresqueReskate-pays-valois-nuit-768x838.jpg 768w, https:\/\/monumental-valois.com\/wp-content\/uploads\/2024\/12\/FresqueReskate-pays-valois-nuit-413x450.jpg 413w, https:\/\/monumental-valois.com\/wp-content\/uploads\/2024\/12\/FresqueReskate-pays-valois-nuit-550x600.jpg 550w, https:\/\/monumental-valois.com\/wp-content\/uploads\/2024\/12\/FresqueReskate-pays-valois-nuit.jpg 850w\" sizes=\"auto, (max-width: 825px) 100vw, 825px\" \/><\/figure>\n<\/div>\n\n\n\n<div class=\"wp-block-column is-vertically-aligned-bottom has-blanc-background-color has-background is-layout-flow wp-block-column-is-layout-flow\" style=\"flex-basis:20%\"><\/div>\n\n\n\n<div class=\"wp-block-column is-vertically-aligned-bottom is-layout-flow wp-block-column-is-layout-flow\" style=\"flex-basis:50%\">\n<div class=\"wp-block-group is-style-largeur-max-370\"><div class=\"wp-block-group__inner-container is-layout-constrained wp-block-group-is-layout-constrained\">\n<p class=\"is-style-sur-titre-page\">Fresco Reskate<\/p>\n\n\n\n<h2 class=\"wp-block-heading has-36-px-font-size\">Una obra arraigada en la identidad del Pa\u00eds de Valois<\/h2>\n\n\n\n<p>Con este espectacular fresco, el colectivo Reskate Studio ha creado una obra profundamente arraigada en la identidad del Pa\u00eds de Valois, donde el arte, la naturaleza y el patrimonio interact\u00faan en armon\u00eda. Es una celebraci\u00f3n de la cultura local y una invitaci\u00f3n a la contemplaci\u00f3n, de d\u00eda y de noche. <\/p>\n<\/div><\/div>\n<\/div>\n<\/div>\n<\/div><\/div>\n\n<div style=\"height:70px\" aria-hidden=\"true\" class=\"wp-block-spacer\"><\/div>\n\n<div class=\"wp-block-cover alignwide\"><span aria-hidden=\"true\" class=\"wp-block-cover__background has-noir-background-color has-background-dim\"><\/span><img loading=\"lazy\" decoding=\"async\" width=\"1400\" height=\"600\" class=\"wp-block-cover__image-background wp-image-603\" alt=\"\" src=\"https:\/\/monumental-valois.com\/wp-content\/uploads\/2025\/02\/FresqueReskate-pays-valois-@sophiepalmier-56.jpg\" style=\"object-position:58% 32%\" data-object-fit=\"cover\" data-object-position=\"58% 32%\" srcset=\"https:\/\/monumental-valois.com\/wp-content\/uploads\/2025\/02\/FresqueReskate-pays-valois-@sophiepalmier-56.jpg 1400w, https:\/\/monumental-valois.com\/wp-content\/uploads\/2025\/02\/FresqueReskate-pays-valois-@sophiepalmier-56-800x343.jpg 800w, https:\/\/monumental-valois.com\/wp-content\/uploads\/2025\/02\/FresqueReskate-pays-valois-@sophiepalmier-56-768x329.jpg 768w, https:\/\/monumental-valois.com\/wp-content\/uploads\/2025\/02\/FresqueReskate-pays-valois-@sophiepalmier-56-450x193.jpg 450w\" sizes=\"auto, (max-width: 1400px) 100vw, 1400px\" \/><div class=\"wp-block-cover__inner-container is-layout-constrained wp-block-cover-is-layout-constrained\">\n<h3 class=\"wp-block-heading alignwide has-text-align-left has-64-px-font-size\">Visita la p\u00e1gina<br\/>dedicada al artista<\/h3>\n\n\n\n<div class=\"wp-block-buttons alignwide is-layout-flex wp-block-buttons-is-layout-flex\">\n<div class=\"wp-block-button\"><a class=\"wp-block-button__link wp-element-button\" href=\"https:\/\/monumental-valois.com\/es\/artiste\/estudio-reskate\/\">Ver al artista<\/a><\/div>\n<\/div>\n<\/div><\/div>\n\n<p><\/p>\n","protected":false},"excerpt":{"rendered":"<p>El fresco Reskate, primera obra del recorrido Valois Monumental, se inscribe en el marco de la urbanizaci\u00f3n de la entrada [&hellip;]<\/p>\n","protected":false},"featured_media":1474,"template":"","class_list":["post-1473","oeuvre","type-oeuvre","status-publish","has-post-thumbnail","hentry"],"_links":{"self":[{"href":"https:\/\/monumental-valois.com\/es\/wp-json\/wp\/v2\/oeuvre\/1473","targetHints":{"allow":["GET"]}}],"collection":[{"href":"https:\/\/monumental-valois.com\/es\/wp-json\/wp\/v2\/oeuvre"}],"about":[{"href":"https:\/\/monumental-valois.com\/es\/wp-json\/wp\/v2\/types\/oeuvre"}],"wp:featuredmedia":[{"embeddable":true,"href":"https:\/\/monumental-valois.com\/es\/wp-json\/wp\/v2\/media\/1474"}],"wp:attachment":[{"href":"https:\/\/monumental-valois.com\/es\/wp-json\/wp\/v2\/media?parent=1473"}],"curies":[{"name":"wp","href":"https:\/\/api.w.org\/{rel}","templated":true}]}}