{"id":1317,"date":"2025-01-08T15:03:13","date_gmt":"2025-01-08T14:03:13","guid":{"rendered":"https:\/\/monumental-valois.com\/inicio\/"},"modified":"2026-02-12T12:14:00","modified_gmt":"2026-02-12T11:14:00","slug":"inicio","status":"publish","type":"page","link":"https:\/\/monumental-valois.com\/es\/","title":{"rendered":"Inicio"},"content":{"rendered":"\n<header class=\"wp-block-group alignfull\"><div class=\"wp-block-group__inner-container is-layout-constrained wp-block-group-is-layout-constrained\"><div class=\"lazyblock-slider-home-page-top-11SCKt alignfull alignfull  wp-block-lazyblock-slider-home-page-top\"><div class=\"wrapper-slider-home\">\n<div class=\"swiper slider-oeuvres-home\">\n<div class=\"swiper-wrapper\">\n  <div class=\"swiper-slide slide-oeuvre\" style=\"background-image: url(https:\/\/monumental-valois.com\/wp-content\/uploads\/2026\/01\/Jardin-minimaliste-2.webp);\">\n  <div class=\"opaque\">\n    <div class=\"content\">\n         <h1> Monumental Valois, un viaje \u00fanico por el arte contempor\u00e1neo<\/h1>\n         \n            <\/div>\n  <\/div>\n  \n<\/div>\n<div class=\"swiper-slide slide-oeuvre\" style=\"background-image: url(https:\/\/monumental-valois.com\/wp-content\/uploads\/2026\/01\/Mareuil-sur-ourcq-canal-de-l-ourcq.webp);\">\n  <div class=\"opaque\">\n    <div class=\"content\">\n              <h2> El Pa\u00eds de Valois: un espacio que combina naturaleza, historia y patrimonio<\/h2>\n       \n         <p>Pa\u00eds de Valois<\/p>\n              <a href=\"https:\/\/monumental-valois.fr\/es\/el-pais-de-valois-un-espacio-que-combina-naturaleza-historia-y-patrimonio\/\" title=\"El Pa\u00eds de Valois: un espacio que combina naturaleza, historia y patrimonio\" target=\"_blank\" rel=\"noopener\">\n      M\u00e1s detalles      <\/a>\n <\/div>\n  <\/div>\n  \n<\/div>\n<div class=\"swiper-slide slide-oeuvre\" style=\"background-image: url(https:\/\/monumental-valois.com\/wp-content\/uploads\/2026\/01\/fresque-reskate.webp);\">\n  <div class=\"opaque\">\n    <div class=\"content\">\n              <h2> Fresco de Reskate: una obra de arte con m\u00faltiples s\u00edmbolos<\/h2>\n       \n         <p>Estudio Reskate &#8211; Mareuil-sur-Ourcq<\/p>\n              <a href=\"https:\/\/monumental-valois.fr\/es\/obra-monumental\/fresco-de-reskate-una-obra-de-arte-con-multiples-simbolos\/\" title=\"Fresco de Reskate: una obra de arte con m\u00faltiples s\u00edmbolos\" target=\"_blank\" rel=\"noopener\">\n      M\u00e1s detalles      <\/a>\n <\/div>\n  <\/div>\n  \n<\/div>\n<\/div>\n<\/div>\n<div class=\"cote-slide\">\n            <span>en el punto de mira de la regi\u00f3n de Valois<\/span>\n        <\/div>\n        <div class=\"swiper-pagination-home\"><\/div>\n<div class=\"swiper-nav-home\">\n            <span class=\"btn-next-nav-home\" tabindex=\"0\" role=\"button\" aria-label=\"Next slide\" aria-controls=\"swiper-wrapper-70ef11098d3e543f4\"><\/span>\n            <span class=\"btn-prev-nav-home\" tabindex=\"0\" role=\"button\" aria-label=\"Previous slide\" aria-controls=\"swiper-wrapper-70ef11098d3e543f4\"><\/span>\n        <\/div>\n<\/div><\/div><\/div><\/header>\n\n<div class=\"wp-block-group alignwide\"><div class=\"wp-block-group__inner-container is-layout-constrained wp-block-group-is-layout-constrained\">\n<p class=\"has-text-align-center is-style-introduction\">Introducci\u00f3n<\/p>\n\n\n\n<hr class=\"wp-block-separator has-text-color has-gris-fonce-color has-alpha-channel-opacity has-gris-fonce-background-color has-background is-style-petit-separator\"\/>\n\n\n\n<h2 class=\"wp-block-heading alignwide has-text-align-center is-style-fleche-gauche is-style-titre-home\">Monumental Valois es una iniciativa art\u00edstica y tur\u00edstica innovadora apoyada por la Communaut\u00e9 de Communes du Pays de Valois e inspirada en ejemplos internacionales de Jap\u00f3n, Estados Unidos y Brasil.<\/h2>\n<\/div><\/div>\n\n<div class=\"wp-block-group alignwide\"><div class=\"wp-block-group__inner-container is-layout-constrained wp-block-group-is-layout-constrained\">\n<div class=\"wp-block-columns alignwide are-vertically-aligned-bottom is-style-espace-60-px is-layout-flex wp-container-core-columns-is-layout-28f84493 wp-block-columns-is-layout-flex\">\n<div class=\"wp-block-column is-vertically-aligned-bottom is-layout-flow wp-block-column-is-layout-flow\">\n<figure class=\"wp-block-image size-full\"><img loading=\"lazy\" decoding=\"async\" width=\"2560\" height=\"2194\" src=\"https:\/\/monumental-valois.com\/wp-content\/uploads\/2026\/01\/FresqueReskate-pays-valois2-@sophiepalmier-carre-scaled.webp\" alt=\"Maria y Javier de Reskate Studio\" class=\"wp-image-1139\" srcset=\"https:\/\/monumental-valois.com\/wp-content\/uploads\/2026\/01\/FresqueReskate-pays-valois2-@sophiepalmier-carre-scaled.webp 2560w, https:\/\/monumental-valois.com\/wp-content\/uploads\/2026\/01\/FresqueReskate-pays-valois2-@sophiepalmier-carre-467x400.webp 467w, https:\/\/monumental-valois.com\/wp-content\/uploads\/2026\/01\/FresqueReskate-pays-valois2-@sophiepalmier-carre-1050x900.webp 1050w, https:\/\/monumental-valois.com\/wp-content\/uploads\/2026\/01\/FresqueReskate-pays-valois2-@sophiepalmier-carre-768x658.webp 768w, https:\/\/monumental-valois.com\/wp-content\/uploads\/2026\/01\/FresqueReskate-pays-valois2-@sophiepalmier-carre-1536x1316.webp 1536w, https:\/\/monumental-valois.com\/wp-content\/uploads\/2026\/01\/FresqueReskate-pays-valois2-@sophiepalmier-carre-2048x1755.webp 2048w, https:\/\/monumental-valois.com\/wp-content\/uploads\/2026\/01\/FresqueReskate-pays-valois2-@sophiepalmier-carre-450x386.webp 450w, https:\/\/monumental-valois.com\/wp-content\/uploads\/2026\/01\/FresqueReskate-pays-valois2-@sophiepalmier-carre-700x600.webp 700w\" sizes=\"auto, (max-width: 2560px) 100vw, 2560px\" \/><\/figure>\n<\/div>\n\n\n\n<div class=\"wp-block-column is-vertically-aligned-bottom is-layout-flow wp-block-column-is-layout-flow\">\n<figure class=\"wp-block-image size-full\"><img loading=\"lazy\" decoding=\"async\" width=\"1707\" height=\"2560\" src=\"https:\/\/monumental-valois.com\/wp-content\/uploads\/2026\/01\/FresqueReskate-pays-valois-@sophiepalmier-9-scaled.webp\" alt=\"Revestimiento al fresco en Mareuil-sur-Ourcq\" class=\"wp-image-1141\" srcset=\"https:\/\/monumental-valois.com\/wp-content\/uploads\/2026\/01\/FresqueReskate-pays-valois-@sophiepalmier-9-scaled.webp 1707w, https:\/\/monumental-valois.com\/wp-content\/uploads\/2026\/01\/FresqueReskate-pays-valois-@sophiepalmier-9-267x400.webp 267w, https:\/\/monumental-valois.com\/wp-content\/uploads\/2026\/01\/FresqueReskate-pays-valois-@sophiepalmier-9-600x900.webp 600w, https:\/\/monumental-valois.com\/wp-content\/uploads\/2026\/01\/FresqueReskate-pays-valois-@sophiepalmier-9-768x1152.webp 768w, https:\/\/monumental-valois.com\/wp-content\/uploads\/2026\/01\/FresqueReskate-pays-valois-@sophiepalmier-9-1024x1536.webp 1024w, https:\/\/monumental-valois.com\/wp-content\/uploads\/2026\/01\/FresqueReskate-pays-valois-@sophiepalmier-9-1365x2048.webp 1365w, https:\/\/monumental-valois.com\/wp-content\/uploads\/2026\/01\/FresqueReskate-pays-valois-@sophiepalmier-9-300x450.webp 300w, https:\/\/monumental-valois.com\/wp-content\/uploads\/2026\/01\/FresqueReskate-pays-valois-@sophiepalmier-9-400x600.webp 400w\" sizes=\"auto, (max-width: 1707px) 100vw, 1707px\" \/><\/figure>\n<\/div>\n\n\n\n<div class=\"wp-block-column is-vertically-aligned-bottom is-layout-flow wp-block-column-is-layout-flow\">\n<h2 class=\"wp-block-heading is-style-petit-titre\">origen del proyecto<\/h2>\n\n\n\n<h3 class=\"wp-block-heading has-30-px-font-size\">Una iniciativa art\u00edstica y tur\u00edstica \u00fanica<\/h3>\n\n\n\n<p>El objetivo de este proyecto, \u00fanico en su g\u00e9nero en Europa, es crear un rastro de esculturas monumentales, arquitectura y graffiti contempor\u00e1neo, diseminados por los 62 municipios de la zona.<\/p>\n\n\n\n<div class=\"wp-block-buttons is-layout-flex wp-block-buttons-is-layout-flex\">\n<div class=\"wp-block-button\"><a class=\"wp-block-button__link wp-element-button\" href=\"https:\/\/monumental-valois.com\/es\/monumental-valois-un-proyecto-de-arte-contemporaneo-unico-en-europa\/\">Leer m\u00e1s<\/a><\/div>\n<\/div>\n<\/div>\n<\/div>\n<\/div><\/div>\n\n<div style=\"height:70px\" aria-hidden=\"true\" class=\"wp-block-spacer\"><\/div>\n\n<div class=\"wp-block-media-text alignfull has-media-on-the-right is-stacked-on-mobile is-vertically-aligned-bottom is-image-fill-element is-style-texte-max-400-px\" style=\"grid-template-columns:auto 59%\"><div class=\"wp-block-media-text__content\">\n<div style=\"height:100px\" aria-hidden=\"true\" class=\"wp-block-spacer\"><\/div>\n\n\n\n<h2 class=\"wp-block-heading is-style-petit-titre\">un museo para todos<\/h2>\n\n\n\n<h3 class=\"wp-block-heading has-30-px-font-size\">Un museo al aire libre<br\/><\/h3>\n\n\n\n<p>En el coraz\u00f3n del proyecto regional de la Communaut\u00e9 de Communes, este museo al aire libre pone la innovaci\u00f3n al servicio del turismo, la cultura y el medio ambiente.<\/p>\n\n\n\n<div class=\"wp-block-buttons is-layout-flex wp-block-buttons-is-layout-flex\">\n<div class=\"wp-block-button\"><a class=\"wp-block-button__link wp-element-button\" href=\"https:\/\/monumental-valois.com\/es\/monumental-valois-un-proyecto-de-arte-contemporaneo-unico-en-europa\/\">Leer m\u00e1s<\/a><\/div>\n<\/div>\n<\/div><figure class=\"wp-block-media-text__media\"><img loading=\"lazy\" decoding=\"async\" width=\"1744\" height=\"900\" src=\"https:\/\/monumental-valois.com\/wp-content\/uploads\/2026\/01\/Donjon-de-vez-vue-drone-un-musee-pour-tous-1744x900.webp\" alt=\"Donjon de Vez - arte contempor\u00e1neo\" class=\"wp-image-1145 size-full\" style=\"object-position:50% 50%\" srcset=\"https:\/\/monumental-valois.com\/wp-content\/uploads\/2026\/01\/Donjon-de-vez-vue-drone-un-musee-pour-tous-1744x900.webp 1744w, https:\/\/monumental-valois.com\/wp-content\/uploads\/2026\/01\/Donjon-de-vez-vue-drone-un-musee-pour-tous-775x400.webp 775w, https:\/\/monumental-valois.com\/wp-content\/uploads\/2026\/01\/Donjon-de-vez-vue-drone-un-musee-pour-tous-768x396.webp 768w, https:\/\/monumental-valois.com\/wp-content\/uploads\/2026\/01\/Donjon-de-vez-vue-drone-un-musee-pour-tous-1536x792.webp 1536w, https:\/\/monumental-valois.com\/wp-content\/uploads\/2026\/01\/Donjon-de-vez-vue-drone-un-musee-pour-tous-2048x1057.webp 2048w, https:\/\/monumental-valois.com\/wp-content\/uploads\/2026\/01\/Donjon-de-vez-vue-drone-un-musee-pour-tous-450x232.webp 450w, https:\/\/monumental-valois.com\/wp-content\/uploads\/2026\/01\/Donjon-de-vez-vue-drone-un-musee-pour-tous-1163x600.webp 1163w\" sizes=\"auto, (max-width: 1744px) 100vw, 1744px\" \/><\/figure><\/div>\n\n<div style=\"height:70px\" aria-hidden=\"true\" class=\"wp-block-spacer\"><\/div>\n\n<div class=\"wp-block-group alignfull has-blanc-color has-noir-background-color has-text-color has-background has-link-color wp-elements-5116291fc9355a6cc606a4e2a8ad35dc\"><div class=\"wp-block-group__inner-container is-layout-constrained wp-block-group-is-layout-constrained\">\n<div style=\"height:100px\" aria-hidden=\"true\" class=\"wp-block-spacer\"><\/div>\n\n\n\n<div class=\"wp-block-columns alignwide are-vertically-aligned-top is-layout-flex wp-container-core-columns-is-layout-28f84493 wp-block-columns-is-layout-flex\">\n<div class=\"wp-block-column is-vertically-aligned-top is-layout-flow wp-block-column-is-layout-flow\" style=\"flex-basis:45%\">\n<h2 class=\"wp-block-heading has-56-px-font-size\">Artistas trabajando en el Monumental<\/h2>\n<\/div>\n\n\n\n<div class=\"wp-block-column is-vertically-aligned-top is-layout-flow wp-block-column-is-layout-flow\" style=\"flex-basis:20%\"><\/div>\n\n\n\n<div class=\"wp-block-column is-vertically-aligned-top is-layout-flow wp-block-column-is-layout-flow\" style=\"flex-basis:35%\">\n<p>Pintores, escultores y artistas pl\u00e1sticos, los artistas del Valois Monumental dan una mirada a la regi\u00f3n a trav\u00e9s de obras contempor\u00e1neas concebidas in situ. Cada artista, con su propio universo, crea un di\u00e1logo entre el arte, el patrimonio y el paisaje valois. <\/p>\n<\/div>\n<\/div>\n\n\n<div class=\"lazyblock-slider-artistes-ZjvKyg alignfull alignfull  wp-block-lazyblock-slider-artistes\"><div class=\"slider-artistes-wrapper\">\n  <div class=\"bloc-titre\">\n  <h2>\n    Los artistas<\/h2>\n<\/div>\n  <div class=\"slider-artiste swiper\">\n    <div class=\"swiper-wrapper\">\n     \n                    \n    <div class=\"slide-artiste swiper-slide\">\n      <div class=\"photo-artiste\" style=\"background-image: url(https:\/\/monumental-valois.com\/wp-content\/uploads\/2025\/02\/Antoine_Bourdelle-\u00a9agence-de-presse-Meurisse-294x400.jpg);\">\n        <a href=\"https:\/\/monumental-valois.com\/es\/artista\/antoine-bourdelle\/\" title=\"Antoine Bourdelle\"><\/a>\n      <\/div>\n      <div class=\"textes\">\n      <h3>Antoine Bourdelle<\/h3>\n      <p class=\"pays\">Francia<\/p>\n      <div class=\"intro\">\n        Antoine Bourdelle es una figura importante de la escultura francesa de principios del siglo XX. Alumno de Alexandre Falgui\u00e8re y ayudante de Rodin, encarn\u00f3 una transici\u00f3n art\u00edstica entre el academicismo y la vanguardia modernista. Nacido en Montauban, mostr\u00f3 un talento precoz para la escultura y, tras estudiar en Toulouse, se traslad\u00f3 a Par\u00eds para desarrollar su estilo \u00fanico.        <\/div>\n      <\/div>\n      \n    <\/div>\n    \n                        \n    <div class=\"slide-artiste swiper-slide\">\n      <div class=\"photo-artiste\" style=\"background-image: url(https:\/\/monumental-valois.com\/wp-content\/uploads\/2025\/02\/daniel-buren-600x400.jpg);\">\n        <a href=\"https:\/\/monumental-valois.com\/es\/artista\/daniel-buren\/\" title=\"Daniel Buren\"><\/a>\n      <\/div>\n      <div class=\"textes\">\n      <h3>Daniel Buren<\/h3>\n      <p class=\"pays\">Francia<\/p>\n      <div class=\"intro\">\n        Daniel Buren es una figura importante del arte contempor\u00e1neo internacional. Conocido por sus obras site-specific, concibe sus creaciones en interacci\u00f3n con los lugares que ocupan. Su \u00abherramienta visual\u00bb, bandas alternas de color y blanco de 8,7 cm de ancho, se ha convertido en su firma art\u00edstica.      <\/div>\n      <\/div>\n      \n    <\/div>\n    \n                        \n    <div class=\"slide-artiste swiper-slide\">\n      <div class=\"photo-artiste\" style=\"background-image: url(https:\/\/monumental-valois.com\/wp-content\/uploads\/2025\/02\/cc3a9sar-baldaccini-\u00a9La-Beautaniste-400x400.jpg);\">\n        <a href=\"https:\/\/monumental-valois.com\/es\/artista\/cesar\/\" title=\"C\u00e9sar\"><\/a>\n      <\/div>\n      <div class=\"textes\">\n      <h3>C\u00e9sar<\/h3>\n      <p class=\"pays\">Francia<\/p>\n      <div class=\"intro\">\n        C\u00e9sar Baldaccini es un artista importante del movimiento del Nuevo Realismo, junto a figuras como Arman y Jean Tinguely. Autodidacta, se orient\u00f3 hacia el arte moderno tras formarse en la Escuela de Bellas Artes de Par\u00eds.       <\/div>\n      <\/div>\n      \n    <\/div>\n    \n                        \n    <div class=\"slide-artiste swiper-slide\">\n      <div class=\"photo-artiste\" style=\"background-image: url(https:\/\/monumental-valois.com\/wp-content\/uploads\/2025\/02\/couturier-ok-\u00a9Galerie-Dina-Vierny-650x400.jpg);\">\n        <a href=\"https:\/\/monumental-valois.com\/es\/artista\/robert-couturier\/\" title=\"Robert Couturier\"><\/a>\n      <\/div>\n      <div class=\"textes\">\n      <h3>Robert Couturier<\/h3>\n      <p class=\"pays\">Francia<\/p>\n      <div class=\"intro\">\n        Robert Couturier es un importante escultor del siglo XX cuya obra combina modernidad y clasicismo.      <\/div>\n      <\/div>\n      \n    <\/div>\n    \n                        \n    <div class=\"slide-artiste swiper-slide\">\n      <div class=\"photo-artiste\" style=\"background-image: url(https:\/\/monumental-valois.com\/wp-content\/uploads\/2025\/02\/Eric-Croes-594x400.jpg);\">\n        <a href=\"https:\/\/monumental-valois.com\/es\/artista\/eric-croes\/\" title=\"Eric Croes\"><\/a>\n      <\/div>\n      <div class=\"textes\">\n      <h3>Eric Croes<\/h3>\n      <p class=\"pays\">B\u00e9lgica<\/p>\n      <div class=\"intro\">\n        Afincado en Bruselas, Eric Croes se ha hecho un nombre en el arte contempor\u00e1neo con sus esculturas de cer\u00e1mica, que combinan artesan\u00eda, influencias culturales e imaginaci\u00f3n colectiva. Su obra difumina los l\u00edmites entre arte, dise\u00f1o y tradici\u00f3n.       <\/div>\n      <\/div>\n      \n    <\/div>\n    \n                        \n    <div class=\"slide-artiste swiper-slide\">\n      <div class=\"photo-artiste\" style=\"background-image: url(https:\/\/monumental-valois.com\/wp-content\/uploads\/2025\/02\/Gustave-Eiffel-706x400.jpg);\">\n        <a href=\"https:\/\/monumental-valois.com\/es\/artista\/gustave-eiffel\/\" title=\"Gustave Eiffel\"><\/a>\n      <\/div>\n      <div class=\"textes\">\n      <h3>Gustave Eiffel<\/h3>\n      <p class=\"pays\">Francia<\/p>\n      <div class=\"intro\">\n        Gustave Eiffel es uno de los ingenieros m\u00e1s famosos de la historia de la arquitectura y la ingenier\u00eda. Nacido en Dijon, se estableci\u00f3 r\u00e1pidamente como experto en estructuras met\u00e1licas, contribuyendo a transformar el paisaje urbano e industrial del siglo XIX.       <\/div>\n      <\/div>\n      \n    <\/div>\n    \n                        \n    <div class=\"slide-artiste swiper-slide\">\n      <div class=\"photo-artiste\" style=\"background-image: url(https:\/\/monumental-valois.com\/wp-content\/uploads\/2026\/03\/official-picture-Reskate-1-e1774535081409-400x400.webp);\">\n        <a href=\"https:\/\/monumental-valois.com\/es\/artista\/estudio-reskate\/\" title=\"Estudio Reskate\"><\/a>\n      <\/div>\n      <div class=\"textes\">\n      <h3>Estudio Reskate<\/h3>\n      <p class=\"pays\">Espa\u00f1a<\/p>\n      <div class=\"intro\">\n        Reskate Studio es un colectivo de artistas formado por Mar\u00eda L\u00f3pez y Javier de Riba, de Donostia-San Sebasti\u00e1n y Barcelona respectivamente. Con sede en el barrio barcelon\u00e9s de Sants, el d\u00fao est\u00e1 especializado en murales, instalaciones e ilustraciones, influenciados por la cultura popular y el dise\u00f1o gr\u00e1fico. Su enfoque art\u00edstico se caracteriza por una b\u00fasqueda constante de la innovaci\u00f3n, donde la est\u00e9tica, las t\u00e9cnicas y los materiales elegidos sirven siempre para amplificar el mensaje subyacente de cada obra.        <\/div>\n      <\/div>\n      \n    <\/div>\n    \n                        \n    <div class=\"slide-artiste swiper-slide\">\n      <div class=\"photo-artiste\" style=\"background-image: url(https:\/\/monumental-valois.com\/wp-content\/uploads\/2025\/02\/Entrelacs-Patrick-Fleury-533x400.jpg);\">\n        <a href=\"https:\/\/monumental-valois.com\/es\/artista\/patrick-fleury\/\" title=\"Patrick Fleury\"><\/a>\n      <\/div>\n      <div class=\"textes\">\n      <h3>Patrick Fleury<\/h3>\n      <p class=\"pays\">Francia<\/p>\n      <div class=\"intro\">\n        Patrick Fleury es un escultor, artista visual y compositor cuya obra combina espacio, movimiento e innovaci\u00f3n. Sus esculturas, en particular su \u00abarco ancho\u00bb inspirado en los relojes de sol, juegan con las interacciones entre las formas y su entorno. Al dividir y reinterpretar el espacio, infunde a sus obras una din\u00e1mica \u00fanica.        <\/div>\n      <\/div>\n      \n    <\/div>\n    \n                        \n    <div class=\"slide-artiste swiper-slide\">\n      <div class=\"photo-artiste\" style=\"background-image: url(https:\/\/monumental-valois.com\/wp-content\/uploads\/2025\/02\/Morelet_Francois_portrait.jpg);\">\n        <a href=\"https:\/\/monumental-valois.com\/es\/artista\/francois-morellet\/\" title=\"Fran\u00e7ois Morellet\"><\/a>\n      <\/div>\n      <div class=\"textes\">\n      <h3>Fran\u00e7ois Morellet<\/h3>\n      <p class=\"pays\">Francia<\/p>\n      <div class=\"intro\">\n        Fran\u00e7ois Morellet es uno de los grandes nombres de la abstracci\u00f3n geom\u00e9trica y el minimalismo. Pintor, grabador y escultor, revolucion\u00f3 el arte moderno mientras segu\u00eda una carrera como industrial hasta 1975.       <\/div>\n      <\/div>\n      \n    <\/div>\n    \n                        \n    <div class=\"slide-artiste swiper-slide\">\n      <div class=\"photo-artiste\" style=\"background-image: url(https:\/\/monumental-valois.com\/wp-content\/uploads\/2025\/02\/Jean-Pierre-Raynaud-276x400.jpg);\">\n        <a href=\"https:\/\/monumental-valois.com\/es\/artista\/jean-pierre-raynaud\/\" title=\"Jean-Pierre Raynaud\"><\/a>\n      <\/div>\n      <div class=\"textes\">\n      <h3>Jean-Pierre Raynaud<\/h3>\n      <p class=\"pays\">Francia<\/p>\n      <div class=\"intro\">\n        Jean-Pierre Raynaud es un artista visual franc\u00e9s conocido por su trabajo con s\u00edmbolos y materiales cotidianos. Licenciado en horticultura, comenz\u00f3 su carrera art\u00edstica en los a\u00f1os 60 con obras emblem\u00e1ticas realizadas con macetas rellenas de cemento, se\u00f1ales de tr\u00e1fico y azulejos blancos con juntas negras, que se han convertido en su firma.       <\/div>\n      <\/div>\n      \n    <\/div>\n    \n                        \n    <div class=\"slide-artiste swiper-slide\">\n      <div class=\"photo-artiste\" style=\"background-image: url(https:\/\/monumental-valois.com\/wp-content\/uploads\/2025\/02\/Michel-Verjux-1-474x400.jpg);\">\n        <a href=\"https:\/\/monumental-valois.com\/es\/artista\/michel-verjux\/\" title=\"Michel Verjux\"><\/a>\n      <\/div>\n      <div class=\"textes\">\n      <h3>Michel Verjux<\/h3>\n      <p class=\"pays\">France<\/p>\n      <div class=\"intro\">\n        Michel Verjux se fait conna\u00eetre dans les ann\u00e9es 1980 avec une \u0153uvre centr\u00e9e sur la lumi\u00e8re et la perception. Apr\u00e8s avoir explor\u00e9 le dessin, la po\u00e9sie et la performance, il se consacre d\u00e8s 1983 aux arts plastiques, utilisant l\u2019\u00e9clairage comme m\u00e9dium principal.      <\/div>\n      <\/div>\n      \n    <\/div>\n    \n                                                          <\/div>\n  <\/div>\n  <div class=\"swiper-pagination-artistes\"><\/div>\n<\/div><\/div>\n\n\n<div style=\"height:70px\" aria-hidden=\"true\" class=\"wp-block-spacer\"><\/div>\n\n\n\n<hr class=\"wp-block-separator has-alpha-channel-opacity\"\/>\n\n\n\n<div style=\"height:70px\" aria-hidden=\"true\" class=\"wp-block-spacer\"><\/div>\n\n\n\n<div class=\"wp-block-columns alignwide are-vertically-aligned-top is-layout-flex wp-container-core-columns-is-layout-28f84493 wp-block-columns-is-layout-flex\">\n<div class=\"wp-block-column is-vertically-aligned-top is-layout-flow wp-block-column-is-layout-flow\" style=\"flex-basis:45%\">\n<h2 class=\"wp-block-heading has-54-px-font-size\">Descubre lugares emblem\u00e1ticos<br\/>revisitados por artistas<\/h2>\n<\/div>\n\n\n\n<div class=\"wp-block-column is-vertically-aligned-top is-layout-flow wp-block-column-is-layout-flow\" style=\"flex-basis:20%\"><\/div>\n\n\n\n<div class=\"wp-block-column is-vertically-aligned-top is-layout-flow wp-block-column-is-layout-flow\" style=\"flex-basis:35%\">\n<p>Monumental Valois te invita a explorar la regi\u00f3n de otra manera. A trav\u00e9s de sus ojos, artistas contempor\u00e1neos revisitan lugares emblem\u00e1ticos donde el patrimonio y el arte se encuentran. <\/p>\n<\/div>\n<\/div>\n\n\n<div class=\"lazyblock-carte-home-page-ZUDwm1 alignfull alignfull  wp-block-lazyblock-carte-home-page\"> <div class=\"carte-home-page\">\n  <div class=\"fiche-info\">\n    <div class=\"fond-opaque\">\n    <div class=\"texte\">\n      <h3 id=\"titre-oeuvre\"><\/h3>\n      <p id=\"ville-oeuvre\"><\/p>\n      <a href=\"#\" id=\"bouton-page\">\n        M\u00e1s informaci\u00f3n      <\/a>\n    <\/div>\n   <\/div>\n  <\/div>\n  <div class=\"la-carte\" id=\"map-home\">\n    \n  <\/div>\n<\/div><\/div><\/div><\/div>\n\n<div style=\"height:70px\" aria-hidden=\"true\" class=\"wp-block-spacer\"><\/div>\n\n<hr class=\"wp-block-separator has-alpha-channel-opacity\"\/>\n\n<div style=\"height:70px\" aria-hidden=\"true\" class=\"wp-block-spacer\"><\/div>\n\n<div class=\"wp-block-group alignfull\"><div class=\"wp-block-group__inner-container is-layout-constrained wp-block-group-is-layout-constrained\">\n<div class=\"wp-block-columns alignwide are-vertically-aligned-top is-layout-flex wp-container-core-columns-is-layout-28f84493 wp-block-columns-is-layout-flex\">\n<div class=\"wp-block-column is-vertically-aligned-top is-layout-flow wp-block-column-is-layout-flow\" style=\"flex-basis:45%\">\n<h2 class=\"wp-block-heading has-52-px-font-size\">Arte monumental<br\/>en la regi\u00f3n de Valois, Francia y el mundo<\/h2>\n\n\n\n<div class=\"wp-block-buttons is-layout-flex wp-block-buttons-is-layout-flex\">\n<div class=\"wp-block-button is-style-bouton-blanc\"><a class=\"wp-block-button__link wp-element-button\" href=\"https:\/\/monumental-valois.com\/es\/noticias\/\">Ver todos los art\u00edculos<\/a><\/div>\n<\/div>\n<\/div>\n\n\n\n<div class=\"wp-block-column is-vertically-aligned-top is-layout-flow wp-block-column-is-layout-flow\" style=\"flex-basis:10%\"><\/div>\n\n\n\n<div class=\"wp-block-column is-vertically-aligned-top is-layout-flow wp-block-column-is-layout-flow\" style=\"flex-basis:35%\">\n<p>Mantente al d\u00eda del arte monumental en Francia y en el extranjero: nuevas obras, proyectos en curso, exposiciones e instalaciones destacadas&#8230; Una panor\u00e1mica del arte monumental contempor\u00e1neo.<\/p>\n<\/div>\n<\/div>\n\n\n<div class=\"lazyblock-actus-big-slider-1Hi2M6 alignfull alignfull  wp-block-lazyblock-actus-big-slider\"><div class=\"big-slider-actus-wrapper\">\n<div class=\"swiper big-slider-actus\">\n  <div class=\"swiper-wrapper\">\n    <div class=\"swiper-slide big-slide-actu\" style=\"background-image: url(https:\/\/monumental-valois.com\/wp-content\/uploads\/2026\/04\/James-Turrell-photo-Florien-Holzherr.webp);\">\n    <div class=\"opaque\">\n      <div class=\"texte-content\">\n    <h3>James Turrell &#8211; Un cr\u00e1ter Roden, land art en estado puro<\/h3>    <a href=\"https:\/\/monumental-valois.com\/es\/en-el-mundo\/james-turrell-un-crater-roden-land-art-en-estado-puro\/\" title=\"James Turrell &#8211; Un cr\u00e1ter Roden, land art en estado puro\">Lire la suite<\/a>\n    <\/div>\n    <\/div>\n  <\/div>\n    <div class=\"swiper-slide big-slide-actu\" style=\"background-image: url(https:\/\/monumental-valois.com\/wp-content\/uploads\/2026\/03\/RAIR-Credits-photo-Mike-Persico.webp);\">\n    <div class=\"opaque\">\n      <div class=\"texte-content\">\n    <h3>RAIR, una residencia art\u00edstica at\u00edpica en Filadelfia<\/h3>    <a href=\"https:\/\/monumental-valois.com\/es\/en-el-mundo\/rair-una-residencia-artistica-atipica-en-filadelfia\/\" title=\"RAIR, una residencia art\u00edstica at\u00edpica en Filadelfia\">Lire la suite<\/a>\n    <\/div>\n    <\/div>\n  <\/div>\n    <div class=\"swiper-slide big-slide-actu\" style=\"background-image: url(https:\/\/monumental-valois.com\/wp-content\/uploads\/2026\/03\/488360966_1199813035481333_4178212339294956948_n.webp);\">\n    <div class=\"opaque\">\n      <div class=\"texte-content\">\n    <h3>ART BASEL se instala en el Golfo<\/h3>    <a href=\"https:\/\/monumental-valois.com\/es\/en-el-mundo\/art-basel-se-instala-en-el-golfo\/\" title=\"ART BASEL se instala en el Golfo\">Lire la suite<\/a>\n    <\/div>\n    <\/div>\n  <\/div>\n    <div class=\"swiper-slide big-slide-actu\" style=\"background-image: url(https:\/\/monumental-valois.com\/wp-content\/uploads\/2025\/03\/Jerusalem-Stabile-II-1976-par-Alexander-Calder-Jeffrey-Jenkins-1.webp);\">\n    <div class=\"opaque\">\n      <div class=\"texte-content\">\n    <h3>Centro de Arte Storm King<\/h3>    <a href=\"https:\/\/monumental-valois.com\/es\/en-el-mundo\/centro-de-arte-storm-king\/\" title=\"Centro de Arte Storm King\">Lire la suite<\/a>\n    <\/div>\n    <\/div>\n  <\/div>\n  \t\n<\/div>\n<div class=\"swiper-pagination-big-actus\"><\/div>\n<\/div>\n<\/div><\/div><\/div><\/div>\n\n<div style=\"height:70px\" aria-hidden=\"true\" class=\"wp-block-spacer\"><\/div>\n<div class=\"lazyblock-liste-actus-TYIeA wp-block-lazyblock-liste-actus\"><div class=\"liste-actualites\">\n  <div class=\"liste-actus-content\">\n    <h2>Arte monumental en el Pa\u00eds de Valois<\/h2>\n    <div class=\"actus-categ-slider swiper\">\n        <div class=\"swiper-wrapper\">\n      \n              <div class=\"actus swiper-slide\">\n           <div class=\"bloc-actus\">\n                                <div class=\"photo-actus\" style=\"background-image: url(https:\/\/monumental-valois.com\/wp-content\/uploads\/2026\/03\/reskate-hoshinomori-version-de-jour.webp);\">\n                                    <div class=\"categs\">\n                                        <span> En el Pa\u00eds de Valois<\/span>\n                                    <\/div>\n                                    <a href=\"https:\/\/monumental-valois.com\/es\/en-el-pais-de-valois\/un-nuevo-mural-de-reskate-studio-en-tokio\/\" title=\"Un nuevo mural de Reskate Studio en Tokio\"><\/a>\n                                <\/div>\n                                <p class=\"date\">\n                                    26 de marzo de 2026                                <\/p>\n        <h3>Un nuevo mural de Reskate Studio en Tokio<\/h3>\n        <\/div>\n      <\/div>\n              <div class=\"actus swiper-slide\">\n           <div class=\"bloc-actus\">\n                                <div class=\"photo-actus\" style=\"background-image: url(https:\/\/monumental-valois.com\/wp-content\/uploads\/2026\/03\/DGi_FR60_insideout-7524-1350x900.webp);\">\n                                    <div class=\"categs\">\n                                        <span> En el Pa\u00eds de Valois<\/span>\n                                    <\/div>\n                                    <a href=\"https:\/\/monumental-valois.com\/es\/en-el-pais-de-valois\/petalos-monumentales-adornan-el-nuevo-espacio-de-venta-de-dior-en-pekin\/\" title=\"La iniciativa INSIDE OUT de JR celebra su 15\u00ba aniversario\"><\/a>\n                                <\/div>\n                                <p class=\"date\">\n                                    25 de marzo de 2026                                <\/p>\n        <h3>La iniciativa INSIDE OUT de JR celebra su 15\u00ba aniversario<\/h3>\n        <\/div>\n      <\/div>\n        \t\n    <\/div>\n    \n    <\/div>\n  <\/div>\n<\/div> <\/div>","protected":false},"excerpt":{"rendered":"<p>Introducci\u00f3n Monumental Valois es una iniciativa art\u00edstica y tur\u00edstica innovadora apoyada por la Communaut\u00e9 de Communes du Pays de Valois [&hellip;]<\/p>\n","protected":false},"author":1,"featured_media":0,"parent":0,"menu_order":0,"comment_status":"closed","ping_status":"closed","template":"","meta":{"footnotes":""},"class_list":["post-1317","page","type-page","status-publish","hentry"],"_links":{"self":[{"href":"https:\/\/monumental-valois.com\/es\/wp-json\/wp\/v2\/pages\/1317","targetHints":{"allow":["GET"]}}],"collection":[{"href":"https:\/\/monumental-valois.com\/es\/wp-json\/wp\/v2\/pages"}],"about":[{"href":"https:\/\/monumental-valois.com\/es\/wp-json\/wp\/v2\/types\/page"}],"author":[{"embeddable":true,"href":"https:\/\/monumental-valois.com\/es\/wp-json\/wp\/v2\/users\/1"}],"replies":[{"embeddable":true,"href":"https:\/\/monumental-valois.com\/es\/wp-json\/wp\/v2\/comments?post=1317"}],"version-history":[{"count":0,"href":"https:\/\/monumental-valois.com\/es\/wp-json\/wp\/v2\/pages\/1317\/revisions"}],"wp:attachment":[{"href":"https:\/\/monumental-valois.com\/es\/wp-json\/wp\/v2\/media?parent=1317"}],"curies":[{"name":"wp","href":"https:\/\/api.w.org\/{rel}","templated":true}]}}