{"id":1393,"date":"2025-02-18T10:52:04","date_gmt":"2025-02-18T09:52:04","guid":{"rendered":"https:\/\/monumental-valois.com\/los-artistas\/"},"modified":"2026-02-11T15:26:43","modified_gmt":"2026-02-11T14:26:43","slug":"los-artistas","status":"publish","type":"page","link":"https:\/\/monumental-valois.com\/es\/los-artistas\/","title":{"rendered":"Los artistas"},"content":{"rendered":"<div class=\"lazyblock-listes-des-artistes-Z1mh7gQ alignfull alignfull  wp-block-lazyblock-listes-des-artistes\"> <div class=\"listes-artistes\">\n                     \n    <div class=\"artiste\">\n      <div class=\"photo-artiste\" style=\"background-image: url(https:\/\/monumental-valois.com\/wp-content\/uploads\/2025\/02\/Antoine_Bourdelle-\u00a9agence-de-presse-Meurisse.jpg);\">\n        <a href=\"https:\/\/monumental-valois.com\/es\/artista\/antoine-bourdelle\/\" title=\"Antoine Bourdelle\"><\/a>\n      <\/div>\n      <div class=\"textes\">\n      <h2>Antoine Bourdelle<\/h2>\n      <p class=\"pays\">Francia<\/p>\n      <div class=\"intro\">\n        <a href=\"https:\/\/monumental-valois.com\/es\/artista\/antoine-bourdelle\/\" title=\"Antoine Bourdelle\">\n        Antoine Bourdelle es una figura importante de la escultura francesa de principios del siglo XX. Alumno de Alexandre Falgui\u00e8re y ayudante de Rodin, encarn\u00f3 una transici\u00f3n art\u00edstica entre el academicismo y la vanguardia modernista. Nacido en Montauban, mostr\u00f3 un talento precoz para la escultura y, tras estudiar en Toulouse, se traslad\u00f3 a Par\u00eds para desarrollar su estilo \u00fanico.          <\/a>\n      <\/div>\n      <\/div>\n      \n    <\/div>\n    \n                        \n    <div class=\"artiste\">\n      <div class=\"photo-artiste\" style=\"background-image: url(https:\/\/monumental-valois.com\/wp-content\/uploads\/2025\/02\/daniel-buren.jpg);\">\n        <a href=\"https:\/\/monumental-valois.com\/es\/artista\/daniel-buren\/\" title=\"Daniel Buren\"><\/a>\n      <\/div>\n      <div class=\"textes\">\n      <h2>Daniel Buren<\/h2>\n      <p class=\"pays\">Francia<\/p>\n      <div class=\"intro\">\n        <a href=\"https:\/\/monumental-valois.com\/es\/artista\/daniel-buren\/\" title=\"Daniel Buren\">\n        Daniel Buren es una figura importante del arte contempor\u00e1neo internacional. Conocido por sus obras site-specific, concibe sus creaciones en interacci\u00f3n con los lugares que ocupan. Su \u00abherramienta visual\u00bb, bandas alternas de color y blanco de 8,7 cm de ancho, se ha convertido en su firma art\u00edstica.        <\/a>\n      <\/div>\n      <\/div>\n      \n    <\/div>\n    \n                        \n    <div class=\"artiste\">\n      <div class=\"photo-artiste\" style=\"background-image: url(https:\/\/monumental-valois.com\/wp-content\/uploads\/2025\/02\/cc3a9sar-baldaccini-\u00a9La-Beautaniste.jpg);\">\n        <a href=\"https:\/\/monumental-valois.com\/es\/artista\/cesar\/\" title=\"C\u00e9sar\"><\/a>\n      <\/div>\n      <div class=\"textes\">\n      <h2>C\u00e9sar<\/h2>\n      <p class=\"pays\">Francia<\/p>\n      <div class=\"intro\">\n        <a href=\"https:\/\/monumental-valois.com\/es\/artista\/cesar\/\" title=\"C\u00e9sar\">\n        C\u00e9sar Baldaccini es un artista importante del movimiento del Nuevo Realismo, junto a figuras como Arman y Jean Tinguely. Autodidacta, se orient\u00f3 hacia el arte moderno tras formarse en la Escuela de Bellas Artes de Par\u00eds.         <\/a>\n      <\/div>\n      <\/div>\n      \n    <\/div>\n    \n                        \n    <div class=\"artiste\">\n      <div class=\"photo-artiste\" style=\"background-image: url(https:\/\/monumental-valois.com\/wp-content\/uploads\/2025\/02\/couturier-ok-\u00a9Galerie-Dina-Vierny.jpg);\">\n        <a href=\"https:\/\/monumental-valois.com\/es\/artista\/robert-couturier\/\" title=\"Robert Couturier\"><\/a>\n      <\/div>\n      <div class=\"textes\">\n      <h2>Robert Couturier<\/h2>\n      <p class=\"pays\">Francia<\/p>\n      <div class=\"intro\">\n        <a href=\"https:\/\/monumental-valois.com\/es\/artista\/robert-couturier\/\" title=\"Robert Couturier\">\n        Robert Couturier es un importante escultor del siglo XX cuya obra combina modernidad y clasicismo.        <\/a>\n      <\/div>\n      <\/div>\n      \n    <\/div>\n    \n                        \n    <div class=\"artiste\">\n      <div class=\"photo-artiste\" style=\"background-image: url(https:\/\/monumental-valois.com\/wp-content\/uploads\/2025\/02\/Pascal-Cribier-jardin-Sebastien-Soriano-Le-Figaro.jpg);\">\n        <a href=\"https:\/\/monumental-valois.com\/es\/artista\/pascal-cribier\/\" title=\"Pascal Cribier\"><\/a>\n      <\/div>\n      <div class=\"textes\">\n      <h2>Pascal Cribier<\/h2>\n      <p class=\"pays\">Francia<\/p>\n      <div class=\"intro\">\n        <a href=\"https:\/\/monumental-valois.com\/es\/artista\/pascal-cribier\/\" title=\"Pascal Cribier\">\n        Pascal Cribier ha transformado el arte de los jardines combinando la herencia cl\u00e1sica con la innovaci\u00f3n ecol\u00f3gica. Con casi 180 creaciones p\u00fablicas y privadas en 30 a\u00f1os, se ha consolidado como figura destacada de su generaci\u00f3n.         <\/a>\n      <\/div>\n      <\/div>\n      \n    <\/div>\n    \n                        \n    <div class=\"artiste\">\n      <div class=\"photo-artiste\" style=\"background-image: url(https:\/\/monumental-valois.com\/wp-content\/uploads\/2025\/02\/Eric-Croes.jpg);\">\n        <a href=\"https:\/\/monumental-valois.com\/es\/artista\/eric-croes\/\" title=\"Eric Croes\"><\/a>\n      <\/div>\n      <div class=\"textes\">\n      <h2>Eric Croes<\/h2>\n      <p class=\"pays\">B\u00e9lgica<\/p>\n      <div class=\"intro\">\n        <a href=\"https:\/\/monumental-valois.com\/es\/artista\/eric-croes\/\" title=\"Eric Croes\">\n        Afincado en Bruselas, Eric Croes se ha hecho un nombre en el arte contempor\u00e1neo con sus esculturas de cer\u00e1mica, que combinan artesan\u00eda, influencias culturales e imaginaci\u00f3n colectiva. Su obra difumina los l\u00edmites entre arte, dise\u00f1o y tradici\u00f3n.         <\/a>\n      <\/div>\n      <\/div>\n      \n    <\/div>\n    \n                        \n    <div class=\"artiste\">\n      <div class=\"photo-artiste\" style=\"background-image: url(https:\/\/monumental-valois.com\/wp-content\/uploads\/2025\/02\/Dodeigne-Eugene-\u00a9Academie-des-Beaux-Arts.jpg);\">\n        <a href=\"https:\/\/monumental-valois.com\/es\/artista\/eugene-dodeigne\/\" title=\"Eug\u00e8ne Dodeigne\"><\/a>\n      <\/div>\n      <div class=\"textes\">\n      <h2>Eug\u00e8ne Dodeigne<\/h2>\n      <p class=\"pays\">Francia<\/p>\n      <div class=\"intro\">\n        <a href=\"https:\/\/monumental-valois.com\/es\/artista\/eugene-dodeigne\/\" title=\"Eug\u00e8ne Dodeigne\">\n        Eug\u00e8ne Dodeigne es un escultor conocido por su dominio de la piedra y la madera. Formado por su padre, cantero, desde 1936, prosigui\u00f3 su formaci\u00f3n en la Escuela de Bellas Artes de Par\u00eds. El taller de Marcel Gimond fue una aut\u00e9ntica revelaci\u00f3n art\u00edstica. En 1950, instal\u00f3 su taller en Bondues y desarroll\u00f3 la t\u00e9cnica de la \u00abpiedra partida\u00bb, que combina la perforaci\u00f3n y el disco para crear expresivas formas humanas.           <\/a>\n      <\/div>\n      <\/div>\n      \n    <\/div>\n    \n                        \n    <div class=\"artiste\">\n      <div class=\"photo-artiste\" style=\"background-image: url(https:\/\/monumental-valois.com\/wp-content\/uploads\/2025\/02\/Gustave-Eiffel.jpg);\">\n        <a href=\"https:\/\/monumental-valois.com\/es\/artista\/gustave-eiffel\/\" title=\"Gustave Eiffel\"><\/a>\n      <\/div>\n      <div class=\"textes\">\n      <h2>Gustave Eiffel<\/h2>\n      <p class=\"pays\">Francia<\/p>\n      <div class=\"intro\">\n        <a href=\"https:\/\/monumental-valois.com\/es\/artista\/gustave-eiffel\/\" title=\"Gustave Eiffel\">\n        Gustave Eiffel es uno de los ingenieros m\u00e1s famosos de la historia de la arquitectura y la ingenier\u00eda. Nacido en Dijon, se estableci\u00f3 r\u00e1pidamente como experto en estructuras met\u00e1licas, contribuyendo a transformar el paisaje urbano e industrial del siglo XIX.         <\/a>\n      <\/div>\n      <\/div>\n      \n    <\/div>\n    \n                        \n    <div class=\"artiste\">\n      <div class=\"photo-artiste\" style=\"background-image: url(https:\/\/monumental-valois.com\/wp-content\/uploads\/2026\/03\/official-picture-Reskate-1-e1774535081409.webp);\">\n        <a href=\"https:\/\/monumental-valois.com\/es\/artista\/estudio-reskate\/\" title=\"Estudio Reskate\"><\/a>\n      <\/div>\n      <div class=\"textes\">\n      <h2>Estudio Reskate<\/h2>\n      <p class=\"pays\">Espa\u00f1a<\/p>\n      <div class=\"intro\">\n        <a href=\"https:\/\/monumental-valois.com\/es\/artista\/estudio-reskate\/\" title=\"Estudio Reskate\">\n        Reskate Studio es un colectivo de artistas formado por Mar\u00eda L\u00f3pez y Javier de Riba, de Donostia-San Sebasti\u00e1n y Barcelona respectivamente. Con sede en el barrio barcelon\u00e9s de Sants, el d\u00fao est\u00e1 especializado en murales, instalaciones e ilustraciones, influenciados por la cultura popular y el dise\u00f1o gr\u00e1fico. Su enfoque art\u00edstico se caracteriza por una b\u00fasqueda constante de la innovaci\u00f3n, donde la est\u00e9tica, las t\u00e9cnicas y los materiales elegidos sirven siempre para amplificar el mensaje subyacente de cada obra.          <\/a>\n      <\/div>\n      <\/div>\n      \n    <\/div>\n    \n                        \n    <div class=\"artiste\">\n      <div class=\"photo-artiste\" style=\"background-image: url(https:\/\/monumental-valois.com\/wp-content\/uploads\/2025\/02\/Entrelacs-Patrick-Fleury.jpg);\">\n        <a href=\"https:\/\/monumental-valois.com\/es\/artista\/patrick-fleury\/\" title=\"Patrick Fleury\"><\/a>\n      <\/div>\n      <div class=\"textes\">\n      <h2>Patrick Fleury<\/h2>\n      <p class=\"pays\">Francia<\/p>\n      <div class=\"intro\">\n        <a href=\"https:\/\/monumental-valois.com\/es\/artista\/patrick-fleury\/\" title=\"Patrick Fleury\">\n        Patrick Fleury es un escultor, artista visual y compositor cuya obra combina espacio, movimiento e innovaci\u00f3n. Sus esculturas, en particular su \u00abarco ancho\u00bb inspirado en los relojes de sol, juegan con las interacciones entre las formas y su entorno. Al dividir y reinterpretar el espacio, infunde a sus obras una din\u00e1mica \u00fanica.          <\/a>\n      <\/div>\n      <\/div>\n      \n    <\/div>\n    \n                        \n    <div class=\"artiste\">\n      <div class=\"photo-artiste\" style=\"background-image: url(https:\/\/monumental-valois.com\/wp-content\/uploads\/2025\/02\/Emmanuel_Fremiet.jpg);\">\n        <a href=\"https:\/\/monumental-valois.com\/es\/artista\/emmanuel-fremiet\/\" title=\"Emmanuel Fr\u00e9miet\"><\/a>\n      <\/div>\n      <div class=\"textes\">\n      <h2>Emmanuel Fr\u00e9miet<\/h2>\n      <p class=\"pays\">Francia<\/p>\n      <div class=\"intro\">\n        <a href=\"https:\/\/monumental-valois.com\/es\/artista\/emmanuel-fremiet\/\" title=\"Emmanuel Fr\u00e9miet\">\n        Emmanuel Fr\u00e9miet fue uno de los escultores m\u00e1s influyentes del siglo XIX, especialmente conocido por sus obras sobre animales y sus estatuas monumentales. Formado en la Escuela de Bellas Artes de Par\u00eds, explor\u00f3 el movimiento y el realismo con precisi\u00f3n en sus obras.         <\/a>\n      <\/div>\n      <\/div>\n      \n    <\/div>\n    \n                        \n    <div class=\"artiste\">\n      <div class=\"photo-artiste\" style=\"background-image: url(https:\/\/monumental-valois.com\/wp-content\/uploads\/2025\/02\/Kawamata-Tadashi.jpg);\">\n        <a href=\"https:\/\/monumental-valois.com\/es\/artista\/tadashi-kawamata\/\" title=\"Tadashi Kawamata\"><\/a>\n      <\/div>\n      <div class=\"textes\">\n      <h2>Tadashi Kawamata<\/h2>\n      <p class=\"pays\">Jap\u00f3n<\/p>\n      <div class=\"intro\">\n        <a href=\"https:\/\/monumental-valois.com\/es\/artista\/tadashi-kawamata\/\" title=\"Tadashi Kawamata\">\n        El artista visual japon\u00e9s Tadashi Kawamata es una figura de renombre mundial en el arte contempor\u00e1neo. Afincado entre Tokio y Par\u00eds, es conocido por sus instalaciones ef\u00edmeras para lugares concretos que combinan arquitectura, reciclaje y consideraciones medioambientales.         <\/a>\n      <\/div>\n      <\/div>\n      \n    <\/div>\n    \n                        \n    <div class=\"artiste\">\n      <div class=\"photo-artiste\" style=\"background-image: url(https:\/\/monumental-valois.com\/wp-content\/uploads\/2025\/02\/Sol-LeWitt-\u00a9Beaux-Arts-magazine.jpg);\">\n        <a href=\"https:\/\/monumental-valois.com\/es\/artista\/sol-lewitt\/\" title=\"Sol LeWitt\"><\/a>\n      <\/div>\n      <div class=\"textes\">\n      <h2>Sol LeWitt<\/h2>\n      <p class=\"pays\">Estados Unidos<\/p>\n      <div class=\"intro\">\n        <a href=\"https:\/\/monumental-valois.com\/es\/artista\/sol-lewitt\/\" title=\"Sol LeWitt\">\n        Figura principal del arte conceptual y minimalista, este artista estadounidense revolucion\u00f3 la creaci\u00f3n art\u00edstica al afirmar que la idea, y no el objeto, era el n\u00facleo de la obra. Su famosa frase, \u00abLa idea se convierte en una m\u00e1quina que hace arte\u00bb, resume perfectamente su filosof\u00eda.         <\/a>\n      <\/div>\n      <\/div>\n      \n    <\/div>\n    \n                        \n    <div class=\"artiste\">\n      <div class=\"photo-artiste\" style=\"background-image: url(https:\/\/monumental-valois.com\/wp-content\/uploads\/2025\/02\/Morelet_Francois_portrait.jpg);\">\n        <a href=\"https:\/\/monumental-valois.com\/es\/artista\/francois-morellet\/\" title=\"Fran\u00e7ois Morellet\"><\/a>\n      <\/div>\n      <div class=\"textes\">\n      <h2>Fran\u00e7ois Morellet<\/h2>\n      <p class=\"pays\">Francia<\/p>\n      <div class=\"intro\">\n        <a href=\"https:\/\/monumental-valois.com\/es\/artista\/francois-morellet\/\" title=\"Fran\u00e7ois Morellet\">\n        Fran\u00e7ois Morellet es uno de los grandes nombres de la abstracci\u00f3n geom\u00e9trica y el minimalismo. Pintor, grabador y escultor, revolucion\u00f3 el arte moderno mientras segu\u00eda una carrera como industrial hasta 1975.         <\/a>\n      <\/div>\n      <\/div>\n      \n    <\/div>\n    \n                        \n    <div class=\"artiste\">\n      <div class=\"photo-artiste\" style=\"background-image: url(https:\/\/monumental-valois.com\/wp-content\/uploads\/2025\/02\/Jean-Pierre-Raynaud.jpg);\">\n        <a href=\"https:\/\/monumental-valois.com\/es\/artista\/jean-pierre-raynaud\/\" title=\"Jean-Pierre Raynaud\"><\/a>\n      <\/div>\n      <div class=\"textes\">\n      <h2>Jean-Pierre Raynaud<\/h2>\n      <p class=\"pays\">Francia<\/p>\n      <div class=\"intro\">\n        <a href=\"https:\/\/monumental-valois.com\/es\/artista\/jean-pierre-raynaud\/\" title=\"Jean-Pierre Raynaud\">\n        Jean-Pierre Raynaud es un artista visual franc\u00e9s conocido por su trabajo con s\u00edmbolos y materiales cotidianos. Licenciado en horticultura, comenz\u00f3 su carrera art\u00edstica en los a\u00f1os 60 con obras emblem\u00e1ticas realizadas con macetas rellenas de cemento, se\u00f1ales de tr\u00e1fico y azulejos blancos con juntas negras, que se han convertido en su firma.         <\/a>\n      <\/div>\n      <\/div>\n      \n    <\/div>\n    \n                        \n    <div class=\"artiste\">\n      <div class=\"photo-artiste\" style=\"background-image: url(https:\/\/monumental-valois.com\/wp-content\/uploads\/2025\/02\/takis-\u00a9Natalie-Seroussi.webp);\">\n        <a href=\"https:\/\/monumental-valois.com\/es\/artista\/vassilakis-takis\/\" title=\"Vassilakis Takis\"><\/a>\n      <\/div>\n      <div class=\"textes\">\n      <h2>Vassilakis Takis<\/h2>\n      <p class=\"pays\">Grecia<\/p>\n      <div class=\"intro\">\n        <a href=\"https:\/\/monumental-valois.com\/es\/artista\/vassilakis-takis\/\" title=\"Vassilakis Takis\">\n        El artista visual griego Vassilakis Takis ha revolucionado el arte cin\u00e9tico con una obra que mezcla ciencia, naturaleza y espiritualidad. Visionario autodidacta, ha explorado los campos magn\u00e9ticos, el viento, la luz y el sonido para crear esculturas que vibran con energ\u00eda.         <\/a>\n      <\/div>\n      <\/div>\n      \n    <\/div>\n    \n                        \n    <div class=\"artiste\">\n      <div class=\"photo-artiste\" style=\"background-image: url(https:\/\/monumental-valois.com\/wp-content\/uploads\/2025\/02\/Lee-Ufan.jpg);\">\n        <a href=\"https:\/\/monumental-valois.com\/es\/artista\/lee-ufan\/\" title=\"Lee Ufan\"><\/a>\n      <\/div>\n      <div class=\"textes\">\n      <h2>Lee Ufan<\/h2>\n      <p class=\"pays\">Corea<\/p>\n      <div class=\"intro\">\n        <a href=\"https:\/\/monumental-valois.com\/es\/artista\/lee-ufan\/\" title=\"Lee Ufan\">\n        Lee Ufan es un artista coreano cuya obra mezcla tradiciones filos\u00f3ficas asi\u00e1ticas con influencias occidentales. Actualmente afincado en Jap\u00f3n, su obra se distingue por un enfoque \u00fanico de los materiales y el espacio, caracterizado por la sencillez y la pureza de las formas.         <\/a>\n      <\/div>\n      <\/div>\n      \n    <\/div>\n    \n                        \n    <div class=\"artiste\">\n      <div class=\"photo-artiste\" style=\"background-image: url(https:\/\/monumental-valois.com\/wp-content\/uploads\/2025\/02\/Bernar-Venet.jpg);\">\n        <a href=\"https:\/\/monumental-valois.com\/es\/artista\/bernar-venet\/\" title=\"Bernar Venet\"><\/a>\n      <\/div>\n      <div class=\"textes\">\n      <h2>Bernar Venet<\/h2>\n      <p class=\"pays\">Francia<\/p>\n      <div class=\"intro\">\n        <a href=\"https:\/\/monumental-valois.com\/es\/artista\/bernar-venet\/\" title=\"Bernar Venet\">\n        Bernar Venet es un artista visual franc\u00e9s de fama internacional. Conocido por sus esculturas monumentales de acero y sus obras conceptuales, vivi\u00f3 en Estados Unidos durante casi 40 a\u00f1os antes de regresar al sur de Francia, donde fund\u00f3 la Fundaci\u00f3n Venet en Le Muy (Var).         <\/a>\n      <\/div>\n      <\/div>\n      \n    <\/div>\n    \n                        \n    <div class=\"artiste\">\n      <div class=\"photo-artiste\" style=\"background-image: url(https:\/\/monumental-valois.com\/wp-content\/uploads\/2025\/02\/Michel-Verjux-1.jpg);\">\n        <a href=\"https:\/\/monumental-valois.com\/es\/artista\/michel-verjux\/\" title=\"Michel Verjux\"><\/a>\n      <\/div>\n      <div class=\"textes\">\n      <h2>Michel Verjux<\/h2>\n      <p class=\"pays\">France<\/p>\n      <div class=\"intro\">\n        <a href=\"https:\/\/monumental-valois.com\/es\/artista\/michel-verjux\/\" title=\"Michel Verjux\">\n        Michel Verjux se fait conna\u00eetre dans les ann\u00e9es 1980 avec une \u0153uvre centr\u00e9e sur la lumi\u00e8re et la perception. Apr\u00e8s avoir explor\u00e9 le dessin, la po\u00e9sie et la performance, il se consacre d\u00e8s 1983 aux arts plastiques, utilisant l\u2019\u00e9clairage comme m\u00e9dium principal.        <\/a>\n      <\/div>\n      <\/div>\n      \n    <\/div>\n    \n                                                                        <\/div><\/div>\n\n\n<p><\/p>\n\n\n\n<p><\/p>\n\n\n\n<p><\/p>\n\n\n\n<p><\/p>\n\n\n\n<p><\/p>\n","protected":false},"excerpt":{"rendered":"","protected":false},"author":1,"featured_media":0,"parent":0,"menu_order":0,"comment_status":"closed","ping_status":"closed","template":"page-artistes.php","meta":{"footnotes":""},"class_list":["post-1393","page","type-page","status-publish","hentry"],"_links":{"self":[{"href":"https:\/\/monumental-valois.com\/es\/wp-json\/wp\/v2\/pages\/1393","targetHints":{"allow":["GET"]}}],"collection":[{"href":"https:\/\/monumental-valois.com\/es\/wp-json\/wp\/v2\/pages"}],"about":[{"href":"https:\/\/monumental-valois.com\/es\/wp-json\/wp\/v2\/types\/page"}],"author":[{"embeddable":true,"href":"https:\/\/monumental-valois.com\/es\/wp-json\/wp\/v2\/users\/1"}],"replies":[{"embeddable":true,"href":"https:\/\/monumental-valois.com\/es\/wp-json\/wp\/v2\/comments?post=1393"}],"version-history":[{"count":0,"href":"https:\/\/monumental-valois.com\/es\/wp-json\/wp\/v2\/pages\/1393\/revisions"}],"wp:attachment":[{"href":"https:\/\/monumental-valois.com\/es\/wp-json\/wp\/v2\/media?parent=1393"}],"curies":[{"name":"wp","href":"https:\/\/api.w.org\/{rel}","templated":true}]}}