{"id":2129,"date":"2025-02-18T16:35:05","date_gmt":"2025-02-18T15:35:05","guid":{"rendered":"https:\/\/monumental-valois.com\/artiste\/francois-morellet\/"},"modified":"2026-03-02T15:33:21","modified_gmt":"2026-03-02T14:33:21","slug":"francois-morellet","status":"publish","type":"artiste","link":"https:\/\/monumental-valois.com\/pt-br\/artista\/francois-morellet\/","title":{"rendered":"Fran\u00e7ois Morellet"},"content":{"rendered":"\n<div class=\"wp-block-group alignwide\"><div class=\"wp-block-group__inner-container is-layout-constrained wp-block-group-is-layout-constrained\">\n<div class=\"wp-block-columns alignwide are-vertically-aligned-bottom is-style-espace-60-px is-layout-flex wp-container-core-columns-is-layout-28f84493 wp-block-columns-is-layout-flex\">\n<div class=\"wp-block-column is-vertically-aligned-bottom is-layout-flow wp-block-column-is-layout-flow\" style=\"flex-basis:33%\">\n<p class=\"is-style-sur-titre-artiste\"><strong><strong>Fran\u00e7ois Morellet<\/strong><\/strong><\/p>\n\n\n\n<h2 class=\"wp-block-heading has-34-px-font-size\">Uma paix\u00e3o pela geometria<\/h2>\n\n\n\n<p>Ap\u00f3s um per\u00edodo figurativo, ele se voltou para a arte abstrata em 1950, influenciado por Mondrian, Max Bill e suas viagens ao Brasil e a Granada. Ele desenvolveu uma linguagem baseada em formas simples e composi\u00e7\u00f5es rigorosas, integrando a matem\u00e1tica e os princ\u00edpios sistem\u00e1ticos em seu processo criativo. <\/p>\n<\/div>\n\n\n\n<div class=\"wp-block-column is-vertically-aligned-bottom is-layout-flow wp-block-column-is-layout-flow\" style=\"flex-basis:67%\">\n<figure class=\"wp-block-image size-full\"><img loading=\"lazy\" decoding=\"async\" width=\"600\" height=\"900\" src=\"https:\/\/monumental-valois.com\/wp-content\/uploads\/2025\/02\/Ancienne-cheminee-2-francois-morellet.jpg\" alt=\"Lareira antiga: harmonia e minimalismo no Donjon de Vez\" class=\"wp-image-756\" srcset=\"https:\/\/monumental-valois.com\/wp-content\/uploads\/2025\/02\/Ancienne-cheminee-2-francois-morellet.jpg 600w, https:\/\/monumental-valois.com\/wp-content\/uploads\/2025\/02\/Ancienne-cheminee-2-francois-morellet-267x400.jpg 267w, https:\/\/monumental-valois.com\/wp-content\/uploads\/2025\/02\/Ancienne-cheminee-2-francois-morellet-300x450.jpg 300w, https:\/\/monumental-valois.com\/wp-content\/uploads\/2025\/02\/Ancienne-cheminee-2-francois-morellet-400x600.jpg 400w\" sizes=\"auto, (max-width: 600px) 100vw, 600px\" \/><\/figure>\n<\/div>\n<\/div>\n<\/div><\/div>\n\n<div style=\"height:50px\" aria-hidden=\"true\" class=\"wp-block-spacer\"><\/div>\n\n<div class=\"wp-block-group alignwide\"><div class=\"wp-block-group__inner-container is-layout-constrained wp-block-group-is-layout-constrained\">\n<div class=\"wp-block-columns alignwide are-vertically-aligned-bottom is-style-espace-60-px is-layout-flex wp-container-core-columns-is-layout-28f84493 wp-block-columns-is-layout-flex\">\n<div class=\"wp-block-column is-vertically-aligned-bottom is-layout-flow wp-block-column-is-layout-flow\" style=\"flex-basis:50%\">\n<p class=\"is-style-sur-titre-artiste\"><strong><strong>Fran\u00e7ois Morellet<\/strong><\/strong><\/p>\n\n\n\n<h2 class=\"wp-block-heading has-34-px-font-size\">Arte cin\u00e9tica e obras de luz<\/h2>\n\n\n\n<p>Na d\u00e9cada de 1960, foi cofundador do Groupe de recherche d&#8217;art visuel (GRAV), explorando a arte cin\u00e9tica e a intera\u00e7\u00e3o com a percep\u00e7\u00e3o visual. Em 1963, introduziu os tubos de neon, abrindo caminho para obras luminosas inovadoras, muitas vezes tingidas de um humor sutil. <\/p>\n\n\n\n<div class=\"wp-block-buttons is-layout-flex wp-block-buttons-is-layout-flex\">\n<div class=\"wp-block-button\"><a class=\"wp-block-button__link wp-element-button\" href=\"https:\/\/monumental-valois.com\/pt-br\/obra-monumental\/lareira-antiga-harmonia-e-minimalismo-no-donjon-de-vez\/\">Descubra o trabalho<\/a><\/div>\n<\/div>\n<\/div>\n\n\n\n<div class=\"wp-block-column is-vertically-aligned-bottom is-layout-flow wp-block-column-is-layout-flow\" style=\"flex-basis:50%\">\n<h2 class=\"wp-block-heading has-34-px-font-size\">Integra\u00e7\u00e3o arquitet\u00f4nica<\/h2>\n\n\n\n<p>A partir da d\u00e9cada de 1970, Morellet come\u00e7ou a multiplicar seus projetos in situ, transformando espa\u00e7os por meio de interven\u00e7\u00f5es monumentais. Suas obras, como L&#8217;Esprit d&#8217;escalier no Louvre, testemunham seu talento para integrar tradi\u00e7\u00e3o e modernidade. Seu trabalho foi exibido em institui\u00e7\u00f5es de prest\u00edgio na Fran\u00e7a e no exterior.  <\/p>\n<\/div>\n<\/div>\n<\/div><\/div>\n","protected":false},"excerpt":{"rendered":"<p>Fran\u00e7ois Morellet Uma paix\u00e3o pela geometria Ap\u00f3s um per\u00edodo figurativo, ele se voltou para a arte abstrata em 1950, influenciado [&hellip;]<\/p>\n","protected":false},"featured_media":2130,"template":"","discipline":[20,21],"class_list":["post-2129","artiste","type-artiste","status-publish","has-post-thumbnail","hentry","discipline-peinture","discipline-sculpture"],"_links":{"self":[{"href":"https:\/\/monumental-valois.com\/pt-br\/wp-json\/wp\/v2\/artiste\/2129","targetHints":{"allow":["GET"]}}],"collection":[{"href":"https:\/\/monumental-valois.com\/pt-br\/wp-json\/wp\/v2\/artiste"}],"about":[{"href":"https:\/\/monumental-valois.com\/pt-br\/wp-json\/wp\/v2\/types\/artiste"}],"wp:featuredmedia":[{"embeddable":true,"href":"https:\/\/monumental-valois.com\/pt-br\/wp-json\/wp\/v2\/media\/2130"}],"wp:attachment":[{"href":"https:\/\/monumental-valois.com\/pt-br\/wp-json\/wp\/v2\/media?parent=2129"}],"wp:term":[{"taxonomy":"discipline","embeddable":true,"href":"https:\/\/monumental-valois.com\/pt-br\/wp-json\/wp\/v2\/discipline?post=2129"}],"curies":[{"name":"wp","href":"https:\/\/api.w.org\/{rel}","templated":true}]}}