{"id":2173,"date":"2025-02-14T12:37:14","date_gmt":"2025-02-14T11:37:14","guid":{"rendered":"https:\/\/monumental-valois.com\/artiste\/bernar-venet\/"},"modified":"2026-03-02T16:19:45","modified_gmt":"2026-03-02T15:19:45","slug":"bernar-venet","status":"publish","type":"artiste","link":"https:\/\/monumental-valois.com\/pt-br\/artista\/bernar-venet\/","title":{"rendered":"Bernar Venet"},"content":{"rendered":"\n<div class=\"wp-block-group alignwide\"><div class=\"wp-block-group__inner-container is-layout-constrained wp-block-group-is-layout-constrained\">\n<div class=\"wp-block-columns alignwide are-vertically-aligned-bottom is-layout-flex wp-container-core-columns-is-layout-28f84493 wp-block-columns-is-layout-flex\">\n<div class=\"wp-block-column is-vertically-aligned-bottom is-layout-flow wp-block-column-is-layout-flow\" style=\"flex-basis:33%\">\n<p class=\"is-style-sur-titre-artiste\">Bernar venet<\/p>\n\n\n\n<h2 class=\"wp-block-heading has-34-px-font-size\">Um in\u00edcio experimental<\/h2>\n\n\n\n<p>Assistente de decora\u00e7\u00e3o na Op\u00e9ra de Nice em 1958, Bernar Venet logo se voltou para a abstra\u00e7\u00e3o e o minimalismo. Um encontro com um po\u00e7o de piche durante seu servi\u00e7o militar influenciou seus primeiros trabalhos, incluindo uma pilha de carv\u00e3o que rejeitava todas as conven\u00e7\u00f5es art\u00edsticas. Mudando-se para Nova York em 1966, ele se inspirou no Novo Realismo e no Minimalismo Americano, expondo ao lado de alguns dos maiores nomes.  <\/p>\n<\/div>\n\n\n\n<div class=\"wp-block-column is-vertically-aligned-bottom is-layout-flow wp-block-column-is-layout-flow\" style=\"flex-basis:67%\">\n<figure class=\"wp-block-image size-full\"><img loading=\"lazy\" decoding=\"async\" width=\"600\" height=\"900\" src=\"https:\/\/monumental-valois.com\/wp-content\/uploads\/2025\/02\/Obliques-photo-1-benar-venet.jpg\" alt=\"9 linhas obl&#xED;quas: o impulso monumental de Bernar Venet&#10;\" class=\"wp-image-810\" srcset=\"https:\/\/monumental-valois.com\/wp-content\/uploads\/2025\/02\/Obliques-photo-1-benar-venet.jpg 600w, https:\/\/monumental-valois.com\/wp-content\/uploads\/2025\/02\/Obliques-photo-1-benar-venet-267x400.jpg 267w, https:\/\/monumental-valois.com\/wp-content\/uploads\/2025\/02\/Obliques-photo-1-benar-venet-300x450.jpg 300w, https:\/\/monumental-valois.com\/wp-content\/uploads\/2025\/02\/Obliques-photo-1-benar-venet-400x600.jpg 400w\" sizes=\"auto, (max-width: 600px) 100vw, 600px\" \/><\/figure>\n<\/div>\n<\/div>\n<\/div><\/div>\n\n<div style=\"height:50px\" aria-hidden=\"true\" class=\"wp-block-spacer\"><\/div>\n\n<div class=\"wp-block-group alignwide\"><div class=\"wp-block-group__inner-container is-layout-constrained wp-block-group-is-layout-constrained\">\n<div class=\"wp-block-columns alignwide are-vertically-aligned-bottom is-layout-flex wp-container-core-columns-is-layout-28f84493 wp-block-columns-is-layout-flex\">\n<div class=\"wp-block-column is-vertically-aligned-bottom is-layout-flow wp-block-column-is-layout-flow\" style=\"flex-basis:50%\">\n<p class=\"is-style-sur-titre-artiste\">Bernar venet<\/p>\n\n\n\n<h2 class=\"wp-block-heading has-34-px-font-size\">A linha indeterminada, uma assinatura<\/h2>\n\n\n\n<p>Na d\u00e9cada de 1980, Venet criou suas emblem\u00e1ticas &#8220;Lignes ind\u00e9termin\u00e9es&#8221;, esculturas de a\u00e7o Corten que podem ser vistas em espa\u00e7os p\u00fablicos em todo o mundo. Seu trabalho tamb\u00e9m explorou a m\u00fasica e o design, sendo inclu\u00eddo em cole\u00e7\u00f5es de prest\u00edgio. Em 1988, ele recebeu o Grand Prix des arts de la Ville de Paris, marcando o \u00e1pice de uma carreira excepcional.  <\/p>\n\n\n\n<div class=\"wp-block-buttons is-layout-flex wp-block-buttons-is-layout-flex\">\n<div class=\"wp-block-button\"><a class=\"wp-block-button__link wp-element-button\" href=\"https:\/\/monumental-valois.com\/pt-br\/obra-monumental\/9-linhas-obliquas-o-impulso-monumental-de-bernar-venet\/\">Descubra o trabalho<\/a><\/div>\n<\/div>\n<\/div>\n\n\n\n<div class=\"wp-block-column is-vertically-aligned-bottom is-layout-flow wp-block-column-is-layout-flow\" style=\"flex-basis:50%\">\n<h2 class=\"wp-block-heading has-34-px-font-size\"><\/h2>\n<\/div>\n<\/div>\n<\/div><\/div>\n\n<p><\/p>\n","protected":false},"excerpt":{"rendered":"<p>Bernar venet Um in\u00edcio experimental Assistente de decora\u00e7\u00e3o na Op\u00e9ra de Nice em 1958, Bernar Venet logo se voltou para [&hellip;]<\/p>\n","protected":false},"featured_media":2174,"template":"","discipline":[21],"class_list":["post-2173","artiste","type-artiste","status-publish","has-post-thumbnail","hentry","discipline-sculpture"],"_links":{"self":[{"href":"https:\/\/monumental-valois.com\/pt-br\/wp-json\/wp\/v2\/artiste\/2173","targetHints":{"allow":["GET"]}}],"collection":[{"href":"https:\/\/monumental-valois.com\/pt-br\/wp-json\/wp\/v2\/artiste"}],"about":[{"href":"https:\/\/monumental-valois.com\/pt-br\/wp-json\/wp\/v2\/types\/artiste"}],"wp:featuredmedia":[{"embeddable":true,"href":"https:\/\/monumental-valois.com\/pt-br\/wp-json\/wp\/v2\/media\/2174"}],"wp:attachment":[{"href":"https:\/\/monumental-valois.com\/pt-br\/wp-json\/wp\/v2\/media?parent=2173"}],"wp:term":[{"taxonomy":"discipline","embeddable":true,"href":"https:\/\/monumental-valois.com\/pt-br\/wp-json\/wp\/v2\/discipline?post=2173"}],"curies":[{"name":"wp","href":"https:\/\/api.w.org\/{rel}","templated":true}]}}