{"id":2017,"date":"2025-10-02T11:37:31","date_gmt":"2025-10-02T09:37:31","guid":{"rendered":"https:\/\/monumental-valois.com\/lieux\/o-donjon-de-vez-uma-verdadeira-vitrine-para-a-arte-contemporanea\/"},"modified":"2026-03-02T16:24:47","modified_gmt":"2026-03-02T15:24:47","slug":"o-donjon-de-vez-uma-verdadeira-vitrine-para-a-arte-contemporanea","status":"publish","type":"lieux","link":"https:\/\/monumental-valois.com\/pt-br\/lugares\/o-donjon-de-vez-uma-verdadeira-vitrine-para-a-arte-contemporanea\/","title":{"rendered":"O Donjon de Vez: uma verdadeira vitrine para a arte contempor\u00e2nea"},"content":{"rendered":"\n<div class=\"wp-block-group alignwide\"><div class=\"wp-block-group__inner-container is-layout-constrained wp-block-group-is-layout-constrained\">\n<div class=\"wp-block-columns alignwide is-style-espace-60-px is-layout-flex wp-container-core-columns-is-layout-28f84493 wp-block-columns-is-layout-flex\">\n<div class=\"wp-block-column is-layout-flow wp-block-column-is-layout-flow\" style=\"flex-basis:40%\"><div class=\"lazyblock-partager-la-page-Z2bkmMf wp-block-lazyblock-partager-la-page\"> <div class=\"partage-single\">\r\n                        <p>Compartilhe esta p\u00e1gina<\/p>\r\n                        <div class=\"liens\">\r\n                            <a href=\"http:\/\/twitter.com\/share?url=https%3A%2F%2Fmonumental-valois.com%2Fpt-br%2Flugares%2Fo-donjon-de-vez-uma-verdadeira-vitrine-para-a-arte-contemporanea%2F\" class=\"share-x\" target=\"_blank\" rel=\"nofollow\" title=\"Compartilhar no X\"><\/a>\r\n                            <a href=\"http:\/\/www.facebook.com\/sharer.php?u=https%3A%2F%2Fmonumental-valois.com%2Fpt-br%2Flugares%2Fo-donjon-de-vez-uma-verdadeira-vitrine-para-a-arte-contemporanea%2F&#038;t=O+Donjon+de+Vez%3A+uma+verdadeira+vitrine+para+a+arte+contempor%C3%A2nea&#038;src=sp\" class=\"share-facebook\" target=\"_blank\" rel=\"nofollow\" title=\"Compartilhar no Facebook\">\r\n\r\n                            <\/a>\r\n\r\n\r\n                        <\/div>\r\n                    <\/div><\/div>\n\n\n<figure class=\"wp-block-image size-large\"><img loading=\"lazy\" decoding=\"async\" width=\"506\" height=\"900\" src=\"https:\/\/monumental-valois.com\/wp-content\/uploads\/2025\/02\/Donjon-de-Vez-Buren-vitraux-506x900.jpg\" alt=\"\" class=\"wp-image-527\" srcset=\"https:\/\/monumental-valois.com\/wp-content\/uploads\/2025\/02\/Donjon-de-Vez-Buren-vitraux-506x900.jpg 506w, https:\/\/monumental-valois.com\/wp-content\/uploads\/2025\/02\/Donjon-de-Vez-Buren-vitraux-225x400.jpg 225w, https:\/\/monumental-valois.com\/wp-content\/uploads\/2025\/02\/Donjon-de-Vez-Buren-vitraux-768x1365.jpg 768w, https:\/\/monumental-valois.com\/wp-content\/uploads\/2025\/02\/Donjon-de-Vez-Buren-vitraux-253x450.jpg 253w, https:\/\/monumental-valois.com\/wp-content\/uploads\/2025\/02\/Donjon-de-Vez-Buren-vitraux-338x600.jpg 338w, https:\/\/monumental-valois.com\/wp-content\/uploads\/2025\/02\/Donjon-de-Vez-Buren-vitraux.jpg 800w\" sizes=\"auto, (max-width: 506px) 100vw, 506px\" \/><\/figure>\n<\/div>\n\n\n\n<div class=\"wp-block-column is-layout-flow wp-block-column-is-layout-flow\" style=\"flex-basis:60%\">\n<p class=\"is-style-sur-titre-page\">O Vez Keep<\/p>\n\n\n\n<h2 class=\"wp-block-heading has-36-px-font-size\">Um patrim\u00f4nio medieval a apenas 1 hora de Paris<\/h2>\n\n\n\n<p>Na regi\u00e3o de Valois, a apenas <strong>uma hora de Paris<\/strong>, o <a href=\"https:\/\/www.donjondevez.com\/\" data-type=\"link\" data-id=\"https:\/\/www.donjondevez.com\/\" target=\"_blank\" rel=\"noopener\">Donjon de Vez<\/a>, uma imponente fortaleza medieval do s\u00e9culo XIV, fica no cora\u00e7\u00e3o do vale de Automne. Um monumento hist\u00f3rico desde 1906, \u00e9 um s\u00edmbolo vivo da hist\u00f3ria medieval e, desde 1987, <strong>um importante centro de arte contempor\u00e2nea<\/strong>. <\/p>\n\n\n\n<h2 class=\"wp-block-heading has-36-px-font-size\">Um local dedicado \u00e0 arte contempor\u00e2nea<\/h2>\n\n\n\n<p>Outrora uma fortaleza estrat\u00e9gica durante a Guerra dos Cem Anos, a masmorra foi transformada por Francis Briest, um entusiasta da arte e do patrim\u00f4nio, em um local onde a arquitetura feudal encontra o design moderno.  <\/p>\n\n\n\n<p>Em seus p\u00e1tios e jardins, os visitantes podem descobrir esculturas monumentais de importantes artistas contempor\u00e2neos. As obras de Daniel Buren, Bernar Venet, Antoine Bourdelle e Robert Couturier interagem com as muralhas e a paisagem circundante, criando uma atmosfera \u00fanica onde o passado e o presente se encontram. <\/p>\n\n\n\n<h2 class=\"wp-block-heading has-36-px-font-size\">Um parque escultural e um jardim not\u00e1vel<\/h2>\n\n\n\n<p>O terreno do Donjon, projetado pelo arquiteto paisagista <a href=\"https:\/\/monumental-valois.com\/pt-br\/artista\/pascal-cribier\/\" data-type=\"link\" data-id=\"https:\/\/monumental-valois.com\/artiste\/pascal-cribier\/\">Pascal Cribier<\/a> e premiado com o selo <strong>&#8220;Jardin Remarquable<\/strong> &#8220;, \u00e9 uma verdadeira vitrine para essas esculturas. Alternando entre clareiras e vegeta\u00e7\u00e3o rasteira, ele oferece um cen\u00e1rio ideal para a exposi\u00e7\u00e3o permanente de cerca de vinte obras, algumas das quais, como Carr\u00e9, de<a href=\"https:\/\/monumental-valois.com\/pt-br\/artista\/eugene-dodeigne\/\" data-type=\"link\" data-id=\"https:\/\/monumental-valois.com\/artiste\/eugene-dodeigne\/\">Eug\u00e8ne Dodeigne<\/a>, e Sapho, de Antoine Bourdelle, s\u00e3o particularmente ressonantes nesse ambiente. A intera\u00e7\u00e3o entre a natureza e a arte permite que os visitantes contemplem cria\u00e7\u00f5es que se integram harmoniosamente \u00e0 paisagem.  <\/p>\n\n\n\n<h2 class=\"wp-block-heading has-36-px-font-size\">Exposi\u00e7\u00f5es tempor\u00e1rias todos os anos<\/h2>\n\n\n\n<p>Todos os anos, exposi\u00e7\u00f5es tempor\u00e1rias s\u00e3o adicionadas \u00e0 cole\u00e7\u00e3o, tornando o Donjon de Vez um importante destino art\u00edstico na regi\u00e3o de Hauts-de-France. As obras, exibidas ao ar livre ou nas salas da torre de menagem, refletem um di\u00e1logo cont\u00ednuo entre o passado medieval do local e as cria\u00e7\u00f5es contempor\u00e2neas. Esse local emblem\u00e1tico oferece uma experi\u00eancia \u00fanica, onde a arte atua como um ve\u00edculo de reflex\u00e3o sobre o patrim\u00f4nio e sua evolu\u00e7\u00e3o ao longo do tempo.  <\/p>\n\n\n\n<div class=\"wp-block-buttons is-layout-flex wp-block-buttons-is-layout-flex\">\n<div class=\"wp-block-button\"><a class=\"wp-block-button__link wp-element-button\" href=\"https:\/\/www.donjondevez.com\/\" target=\"_blank\" rel=\"noreferrer noopener\">Donjon de vez<\/a><\/div>\n<\/div>\n<\/div>\n<\/div>\n\n\n\n<div style=\"height:100px\" aria-hidden=\"true\" class=\"wp-block-spacer\"><\/div>\n\n\n\n<h2 class=\"wp-block-heading has-36-px-font-size\">os trabalhos no Vez keep<\/h2>\n<\/div><\/div>\n<div class=\"lazyblock-liste-oeuvres-26yl0f alignwide alignwide  wp-block-lazyblock-liste-oeuvres\"><div class=\"list-oeuvres\">\r\n                                        <div class=\"une-oeuvre\" data-commune=\"Vez\">\r\n                            <article>\r\n\r\n                                <div class=\"photo\" style=\"background-image: url(https:\/\/monumental-valois.com\/wp-content\/uploads\/2025\/02\/Galeries-souterraines-600x400.jpg);\">\r\n                                    <a href=\"https:\/\/monumental-valois.com\/pt-br\/obra-monumental\/michel-verjux-revelando-o-espaco-por-meio-da-luz\/\" title=\"Michel Verjux: revelando o espa\u00e7o por meio da luz\"><\/a>\r\n                                <\/div>\r\n                                <p>Vez<\/p>\r\n                                <h2><a href=\"https:\/\/monumental-valois.com\/pt-br\/obra-monumental\/michel-verjux-revelando-o-espaco-por-meio-da-luz\/\" title=\"Michel Verjux: revelando o espa\u00e7o por meio da luz\">\r\n                                        Michel Verjux: revelando o espa\u00e7o por meio da luz                                    <\/a><\/h2>\r\n<h3><a href=\"https:\/\/monumental-valois.com\/pt-br\/artista\/michel-verjux\/\">Michel Verjux<\/a><\/h3>\r\n                            <\/article>\r\n                        <\/div>\r\n                                            <div class=\"une-oeuvre\" data-commune=\"Vez\">\r\n                            <article>\r\n\r\n                                <div class=\"photo\" style=\"background-image: url(https:\/\/monumental-valois.com\/wp-content\/uploads\/2025\/02\/Cabanes-533x400.jpg);\">\r\n                                    <a href=\"https:\/\/monumental-valois.com\/pt-br\/obra-monumental\/cabanas-obras-suspensas\/\" title=\"Cabanas: obras suspensas\"><\/a>\r\n                                <\/div>\r\n                                <p>Vez<\/p>\r\n                                <h2><a href=\"https:\/\/monumental-valois.com\/pt-br\/obra-monumental\/cabanas-obras-suspensas\/\" title=\"Cabanas: obras suspensas\">\r\n                                        Cabanas: obras suspensas                                    <\/a><\/h2>\r\n<h3><a href=\"https:\/\/monumental-valois.com\/pt-br\/artista\/tadashi-kawamata\/\">Tadashi Kawamata<\/a><\/h3>\r\n                            <\/article>\r\n                        <\/div>\r\n                                            <div class=\"une-oeuvre\" data-commune=\"Vez\">\r\n                            <article>\r\n\r\n                                <div class=\"photo\" style=\"background-image: url(https:\/\/monumental-valois.com\/wp-content\/uploads\/2025\/02\/Relatum-X-601x400.jpg);\">\r\n                                    <a href=\"https:\/\/monumental-valois.com\/pt-br\/obra-monumental\/relatum-x-dialogo-entre-o-homem-e-a-natureza\/\" title=\"Relatum X: di\u00e1logo entre o homem e a natureza\"><\/a>\r\n                                <\/div>\r\n                                <p>Vez<\/p>\r\n                                <h2><a href=\"https:\/\/monumental-valois.com\/pt-br\/obra-monumental\/relatum-x-dialogo-entre-o-homem-e-a-natureza\/\" title=\"Relatum X: di\u00e1logo entre o homem e a natureza\">\r\n                                        Relatum X: di\u00e1logo entre o homem e a natureza                                    <\/a><\/h2>\r\n<h3><a href=\"https:\/\/monumental-valois.com\/pt-br\/artista\/lee-ufan\/\">Lee Ufan<\/a><\/h3>\r\n                            <\/article>\r\n                        <\/div>\r\n                                            <div class=\"une-oeuvre\" data-commune=\"Vez\">\r\n                            <article>\r\n\r\n                                <div class=\"photo\" style=\"background-image: url(https:\/\/monumental-valois.com\/wp-content\/uploads\/2025\/02\/Salle-Eiffel-266x400.jpg);\">\r\n                                    <a href=\"https:\/\/monumental-valois.com\/pt-br\/obra-monumental\/estrutura-um-trabalho-em-ferro-de-eiffel\/\" title=\"Estrutura: um trabalho em ferro de Eiffel\"><\/a>\r\n                                <\/div>\r\n                                <p>Vez<\/p>\r\n                                <h2><a href=\"https:\/\/monumental-valois.com\/pt-br\/obra-monumental\/estrutura-um-trabalho-em-ferro-de-eiffel\/\" title=\"Estrutura: um trabalho em ferro de Eiffel\">\r\n                                        Estrutura: um trabalho em ferro de Eiffel                                    <\/a><\/h2>\r\n<h3><a href=\"https:\/\/monumental-valois.com\/pt-br\/artista\/gustave-eiffel\/\">Gustave Eiffel<\/a><\/h3>\r\n                            <\/article>\r\n                        <\/div>\r\n                                            <div class=\"une-oeuvre\" data-commune=\"Vez\">\r\n                            <article>\r\n\r\n                                <div class=\"photo\" style=\"background-image: url(https:\/\/monumental-valois.com\/wp-content\/uploads\/2025\/02\/ceramique-Eric-Croes-300x400.jpg);\">\r\n                                    <a href=\"https:\/\/monumental-valois.com\/pt-br\/obra-monumental\/o-trabalho-de-eric-croes-um-convite-a-imaginacao\/\" title=\"O trabalho de Eric Croes: um convite \u00e0 imagina\u00e7\u00e3o\"><\/a>\r\n                                <\/div>\r\n                                <p>Vez<\/p>\r\n                                <h2><a href=\"https:\/\/monumental-valois.com\/pt-br\/obra-monumental\/o-trabalho-de-eric-croes-um-convite-a-imaginacao\/\" title=\"O trabalho de Eric Croes: um convite \u00e0 imagina\u00e7\u00e3o\">\r\n                                        O trabalho de Eric Croes: um convite \u00e0 imagina\u00e7\u00e3o                                    <\/a><\/h2>\r\n<h3><a href=\"https:\/\/monumental-valois.com\/pt-br\/artista\/eric-croes\/\">Eric Croes<\/a><\/h3>\r\n                            <\/article>\r\n                        <\/div>\r\n                                            <div class=\"une-oeuvre\" data-commune=\"Vez\">\r\n                            <article>\r\n\r\n                                <div class=\"photo\" style=\"background-image: url(https:\/\/monumental-valois.com\/wp-content\/uploads\/2025\/02\/Gisants-581x400.jpg);\">\r\n                                    <a href=\"https:\/\/monumental-valois.com\/pt-br\/obra-monumental\/a-sombra-da-capela-em-vez-as-figuras-reclinadas-de-fremiet\/\" title=\"\u00c0 sombra da capela em Vez: as figuras reclinadas de Fr\u00e9miet\"><\/a>\r\n                                <\/div>\r\n                                <p>Vez<\/p>\r\n                                <h2><a href=\"https:\/\/monumental-valois.com\/pt-br\/obra-monumental\/a-sombra-da-capela-em-vez-as-figuras-reclinadas-de-fremiet\/\" title=\"\u00c0 sombra da capela em Vez: as figuras reclinadas de Fr\u00e9miet\">\r\n                                        \u00c0 sombra da capela em Vez: as figuras reclinadas de Fr\u00e9miet                                    <\/a><\/h2>\r\n<h3><a href=\"https:\/\/monumental-valois.com\/pt-br\/artista\/emmanuel-fremiet\/\">Emmanuel Fr\u00e9miet<\/a><\/h3>\r\n                            <\/article>\r\n                        <\/div>\r\n                                            <div class=\"une-oeuvre\" data-commune=\"Vez\">\r\n                            <article>\r\n\r\n                                <div class=\"photo\" style=\"background-image: url(https:\/\/monumental-valois.com\/wp-content\/uploads\/2025\/02\/Verrieres-daniel-buren-698x400.jpg);\">\r\n                                    <a href=\"https:\/\/monumental-valois.com\/pt-br\/obra-monumental\/les-verrieres-de-buren-ou-a-arte-da-luz\/\" title=\"Les Verri\u00e8res de Buren ou a arte da luz\"><\/a>\r\n                                <\/div>\r\n                                <p>Vez<\/p>\r\n                                <h2><a href=\"https:\/\/monumental-valois.com\/pt-br\/obra-monumental\/les-verrieres-de-buren-ou-a-arte-da-luz\/\" title=\"Les Verri\u00e8res de Buren ou a arte da luz\">\r\n                                        Les Verri\u00e8res de Buren ou a arte da luz                                    <\/a><\/h2>\r\n<h3><a href=\"https:\/\/monumental-valois.com\/pt-br\/artista\/daniel-buren\/\">Daniel Buren<\/a><\/h3>\r\n                            <\/article>\r\n                        <\/div>\r\n                                            <div class=\"une-oeuvre\" data-commune=\"Vez\">\r\n                            <article>\r\n\r\n                                <div class=\"photo\" style=\"background-image: url(https:\/\/monumental-valois.com\/wp-content\/uploads\/2025\/02\/Allegories-601x400.jpg);\">\r\n                                    <a href=\"https:\/\/monumental-valois.com\/pt-br\/obra-monumental\/alegorias-eloquencia-forca-e-liberdade\/\" title=\"Alegorias: eloqu\u00eancia, for\u00e7a e liberdade\"><\/a>\r\n                                <\/div>\r\n                                <p>Vez<\/p>\r\n                                <h2><a href=\"https:\/\/monumental-valois.com\/pt-br\/obra-monumental\/alegorias-eloquencia-forca-e-liberdade\/\" title=\"Alegorias: eloqu\u00eancia, for\u00e7a e liberdade\">\r\n                                        Alegorias: eloqu\u00eancia, for\u00e7a e liberdade                                    <\/a><\/h2>\r\n<h3><a href=\"https:\/\/monumental-valois.com\/pt-br\/artista\/antoine-bourdelle\/\">Antoine Bourdelle<\/a><\/h3>\r\n                            <\/article>\r\n                        <\/div>\r\n                                            <div class=\"une-oeuvre\" data-commune=\"Vez\">\r\n                            <article>\r\n\r\n                                <div class=\"photo\" style=\"background-image: url(https:\/\/monumental-valois.com\/wp-content\/uploads\/2025\/02\/Pot-or-482x400.jpg);\">\r\n                                    <a href=\"https:\/\/monumental-valois.com\/pt-br\/obra-monumental\/o-pote-de-ouro-de-jean-pierre-raynaud-o-brilho-da-arte-contemporanea\/\" title=\"O pote de ouro de Jean-Pierre Raynaud: o brilho da arte contempor\u00e2nea\"><\/a>\r\n                                <\/div>\r\n                                <p>Vez<\/p>\r\n                                <h2><a href=\"https:\/\/monumental-valois.com\/pt-br\/obra-monumental\/o-pote-de-ouro-de-jean-pierre-raynaud-o-brilho-da-arte-contemporanea\/\" title=\"O pote de ouro de Jean-Pierre Raynaud: o brilho da arte contempor\u00e2nea\">\r\n                                        O pote de ouro de Jean-Pierre Raynaud: o brilho da arte contempor\u00e2nea                                    <\/a><\/h2>\r\n<h3><a href=\"https:\/\/monumental-valois.com\/pt-br\/artista\/jean-pierre-raynaud\/\">Jean-Pierre Raynaud<\/a><\/h3>\r\n                            <\/article>\r\n                        <\/div>\r\n                                            <div class=\"une-oeuvre\" data-commune=\"Vez\">\r\n                            <article>\r\n\r\n                                <div class=\"photo\" style=\"background-image: url(https:\/\/monumental-valois.com\/wp-content\/uploads\/2025\/02\/Ancienne-cheminee-601x400.jpg);\">\r\n                                    <a href=\"https:\/\/monumental-valois.com\/pt-br\/obra-monumental\/lareira-antiga-harmonia-e-minimalismo-no-donjon-de-vez\/\" title=\"Lareira antiga: harmonia e minimalismo no Donjon de Vez\"><\/a>\r\n                                <\/div>\r\n                                <p>Vez<\/p>\r\n                                <h2><a href=\"https:\/\/monumental-valois.com\/pt-br\/obra-monumental\/lareira-antiga-harmonia-e-minimalismo-no-donjon-de-vez\/\" title=\"Lareira antiga: harmonia e minimalismo no Donjon de Vez\">\r\n                                        Lareira antiga: harmonia e minimalismo no Donjon de Vez                                    <\/a><\/h2>\r\n<h3><a href=\"https:\/\/monumental-valois.com\/pt-br\/artista\/francois-morellet\/\">Fran\u00e7ois Morellet<\/a><\/h3>\r\n                            <\/article>\r\n                        <\/div>\r\n                                            <div class=\"une-oeuvre\" data-commune=\"Vez\">\r\n                            <article>\r\n\r\n                                <div class=\"photo\" style=\"background-image: url(https:\/\/monumental-valois.com\/wp-content\/uploads\/2026\/03\/Jardin-minimaliste-2-\u00a9Francis-Briest-retouchee-601x400.webp);\">\r\n                                    <a href=\"https:\/\/monumental-valois.com\/pt-br\/obra-monumental\/jardim-minimalista-um-dialogo-entre-a-natureza-e-a-historia\/\" title=\"Jardim minimalista: um di\u00e1logo entre a natureza e a hist\u00f3ria\"><\/a>\r\n                                <\/div>\r\n                                <p>Vez<\/p>\r\n                                <h2><a href=\"https:\/\/monumental-valois.com\/pt-br\/obra-monumental\/jardim-minimalista-um-dialogo-entre-a-natureza-e-a-historia\/\" title=\"Jardim minimalista: um di\u00e1logo entre a natureza e a hist\u00f3ria\">\r\n                                        Jardim minimalista: um di\u00e1logo entre a natureza e a hist\u00f3ria                                    <\/a><\/h2>\r\n<h3><a href=\"https:\/\/monumental-valois.com\/pt-br\/artista\/pascal-cribier\/\">Pascal Cribier<\/a><\/h3>\r\n                            <\/article>\r\n                        <\/div>\r\n                                            <div class=\"une-oeuvre\" data-commune=\"Vez\">\r\n                            <article>\r\n\r\n                                <div class=\"photo\" style=\"background-image: url(https:\/\/monumental-valois.com\/wp-content\/uploads\/2025\/02\/Wall-Drawing-671x400.jpg);\">\r\n                                    <a href=\"https:\/\/monumental-valois.com\/pt-br\/obra-monumental\/desenho-de-parede-de-sol-lewitt-imersao-geometrica\/\" title=\"Desenho de parede de Sol LeWitt: imers\u00e3o geom\u00e9trica\"><\/a>\r\n                                <\/div>\r\n                                <p>Vez<\/p>\r\n                                <h2><a href=\"https:\/\/monumental-valois.com\/pt-br\/obra-monumental\/desenho-de-parede-de-sol-lewitt-imersao-geometrica\/\" title=\"Desenho de parede de Sol LeWitt: imers\u00e3o geom\u00e9trica\">\r\n                                        Desenho de parede de Sol LeWitt: imers\u00e3o geom\u00e9trica                                    <\/a><\/h2>\r\n<h3><a href=\"https:\/\/monumental-valois.com\/pt-br\/artista\/sol-lewitt\/\">Sol LeWitt<\/a><\/h3>\r\n                            <\/article>\r\n                        <\/div>\r\n                                            <div class=\"une-oeuvre\" data-commune=\"Vez\">\r\n                            <article>\r\n\r\n                                <div class=\"photo\" style=\"background-image: url(https:\/\/monumental-valois.com\/wp-content\/uploads\/2025\/02\/La-Savonette-2-533x400.jpg);\">\r\n                                    <a href=\"https:\/\/monumental-valois.com\/pt-br\/obra-monumental\/la-savonnette-uma-ode-a-simplicidade-do-nu\/\" title=\"La Savonnette: uma ode \u00e0 simplicidade do nu\"><\/a>\r\n                                <\/div>\r\n                                <p>Vez<\/p>\r\n                                <h2><a href=\"https:\/\/monumental-valois.com\/pt-br\/obra-monumental\/la-savonnette-uma-ode-a-simplicidade-do-nu\/\" title=\"La Savonnette: uma ode \u00e0 simplicidade do nu\">\r\n                                        La Savonnette: uma ode \u00e0 simplicidade do nu                                    <\/a><\/h2>\r\n<h3><a href=\"https:\/\/monumental-valois.com\/pt-br\/artista\/robert-couturier\/\">Robert Couturier<\/a><\/h3>\r\n                            <\/article>\r\n                        <\/div>\r\n                                            <div class=\"une-oeuvre\" data-commune=\"Vez\">\r\n                            <article>\r\n\r\n                                <div class=\"photo\" style=\"background-image: url(https:\/\/monumental-valois.com\/wp-content\/uploads\/2025\/02\/eolienne-takis-533x400.jpg);\">\r\n                                    <a href=\"https:\/\/monumental-valois.com\/pt-br\/obra-monumental\/turbina-eolica-escultura-entre-a-natureza-e-o-futurismo\/\" title=\"Turbina e\u00f3lica: escultura entre a natureza e o futurismo\"><\/a>\r\n                                <\/div>\r\n                                <p>Vez<\/p>\r\n                                <h2><a href=\"https:\/\/monumental-valois.com\/pt-br\/obra-monumental\/turbina-eolica-escultura-entre-a-natureza-e-o-futurismo\/\" title=\"Turbina e\u00f3lica: escultura entre a natureza e o futurismo\">\r\n                                        Turbina e\u00f3lica: escultura entre a natureza e o futurismo                                    <\/a><\/h2>\r\n<h3><a href=\"https:\/\/monumental-valois.com\/pt-br\/artista\/vassilakis-takis\/\">Vassilakis Takis<\/a><\/h3>\r\n                            <\/article>\r\n                        <\/div>\r\n                                            <div class=\"une-oeuvre\" data-commune=\"Vez\">\r\n                            <article>\r\n\r\n                                <div class=\"photo\" style=\"background-image: url(https:\/\/monumental-valois.com\/wp-content\/uploads\/2025\/02\/Sapho-bourdelle-300x400.jpg);\">\r\n                                    <a href=\"https:\/\/monumental-valois.com\/pt-br\/obra-monumental\/sapho-harmonia-entre-arte-e-natureza-por-bourdelle\/\" title=\"Sapho: harmonia entre arte e natureza por Bourdelle\"><\/a>\r\n                                <\/div>\r\n                                <p>Vez<\/p>\r\n                                <h2><a href=\"https:\/\/monumental-valois.com\/pt-br\/obra-monumental\/sapho-harmonia-entre-arte-e-natureza-por-bourdelle\/\" title=\"Sapho: harmonia entre arte e natureza por Bourdelle\">\r\n                                        Sapho: harmonia entre arte e natureza por Bourdelle                                    <\/a><\/h2>\r\n<h3><a href=\"https:\/\/monumental-valois.com\/pt-br\/artista\/antoine-bourdelle\/\">Antoine Bourdelle<\/a><\/h3>\r\n                            <\/article>\r\n                        <\/div>\r\n                                            <div class=\"une-oeuvre\" data-commune=\"Vez\">\r\n                            <article>\r\n\r\n                                <div class=\"photo\" style=\"background-image: url(https:\/\/monumental-valois.com\/wp-content\/uploads\/2025\/02\/Obliques-donjon-vez-267x400.jpg);\">\r\n                                    <a href=\"https:\/\/monumental-valois.com\/pt-br\/obra-monumental\/9-linhas-obliquas-o-impulso-monumental-de-bernar-venet\/\" title=\"9 linhas obl\u00edquas: o impulso monumental de Bernar Venet\"><\/a>\r\n                                <\/div>\r\n                                <p>Vez<\/p>\r\n                                <h2><a href=\"https:\/\/monumental-valois.com\/pt-br\/obra-monumental\/9-linhas-obliquas-o-impulso-monumental-de-bernar-venet\/\" title=\"9 linhas obl\u00edquas: o impulso monumental de Bernar Venet\">\r\n                                        9 linhas obl\u00edquas: o impulso monumental de Bernar Venet                                    <\/a><\/h2>\r\n<h3><a href=\"https:\/\/monumental-valois.com\/pt-br\/artista\/bernar-venet\/\">Bernar Venet<\/a><\/h3>\r\n                            <\/article>\r\n                        <\/div>\r\n                                            <div class=\"une-oeuvre\" data-commune=\"Vez\">\r\n                            <article>\r\n\r\n                                <div class=\"photo\" style=\"background-image: url(https:\/\/monumental-valois.com\/wp-content\/uploads\/2025\/02\/Expansion-n-1-sculpture-cesar-437x400.jpg);\">\r\n                                    <a href=\"https:\/\/monumental-valois.com\/pt-br\/obra-monumental\/expansao-no-1-a-escultura-viva-de-cesar\/\" title=\"Expans\u00e3o n\u00ba 1: a escultura viva de C\u00e9sar\"><\/a>\r\n                                <\/div>\r\n                                <p>Vez<\/p>\r\n                                <h2><a href=\"https:\/\/monumental-valois.com\/pt-br\/obra-monumental\/expansao-no-1-a-escultura-viva-de-cesar\/\" title=\"Expans\u00e3o n\u00ba 1: a escultura viva de C\u00e9sar\">\r\n                                        Expans\u00e3o n\u00ba 1: a escultura viva de C\u00e9sar                                    <\/a><\/h2>\r\n<h3><a href=\"https:\/\/monumental-valois.com\/pt-br\/artista\/cesar\/\">C\u00e9sar<\/a><\/h3>\r\n                            <\/article>\r\n                        <\/div>\r\n                                            <div class=\"une-oeuvre\" data-commune=\"Vez\">\r\n                            <article>\r\n\r\n                                <div class=\"photo\" style=\"background-image: url(https:\/\/monumental-valois.com\/wp-content\/uploads\/2025\/02\/Carre-eugene-dodeigne-300x400.jpg);\">\r\n                                    <a href=\"https:\/\/monumental-valois.com\/pt-br\/obra-monumental\/square-o-poder-da-pedra\/\" title=\"Square: o poder da pedra\"><\/a>\r\n                                <\/div>\r\n                                <p>Vez<\/p>\r\n                                <h2><a href=\"https:\/\/monumental-valois.com\/pt-br\/obra-monumental\/square-o-poder-da-pedra\/\" title=\"Square: o poder da pedra\">\r\n                                        Square: o poder da pedra                                    <\/a><\/h2>\r\n<h3><a href=\"https:\/\/monumental-valois.com\/pt-br\/artista\/eugene-dodeigne\/\">Eug\u00e8ne Dodeigne<\/a><\/h3>\r\n                            <\/article>\r\n                        <\/div>\r\n                                            <div class=\"une-oeuvre\" data-commune=\"Vez\">\r\n                            <article>\r\n\r\n                                <div class=\"photo\" style=\"background-image: url(https:\/\/monumental-valois.com\/wp-content\/uploads\/2025\/02\/Arc-Large-300x400.jpg);\">\r\n                                    <a href=\"https:\/\/monumental-valois.com\/pt-br\/obra-monumental\/arc-large-uma-escultura-que-combina-luz-e-espaco\/\" title=\"Arc Large: uma escultura que combina luz e espa\u00e7o\"><\/a>\r\n                                <\/div>\r\n                                <p>Vez<\/p>\r\n                                <h2><a href=\"https:\/\/monumental-valois.com\/pt-br\/obra-monumental\/arc-large-uma-escultura-que-combina-luz-e-espaco\/\" title=\"Arc Large: uma escultura que combina luz e espa\u00e7o\">\r\n                                        Arc Large: uma escultura que combina luz e espa\u00e7o                                    <\/a><\/h2>\r\n<h3><a href=\"https:\/\/monumental-valois.com\/pt-br\/artista\/patrick-fleury\/\">Patrick Fleury<\/a><\/h3>\r\n                            <\/article>\r\n                        <\/div>\r\n                                                                    <\/div>\r\n<\/div>\n<div style=\"height:100px\" aria-hidden=\"true\" class=\"wp-block-spacer\"><\/div>\n","protected":false},"excerpt":{"rendered":"<p>O Vez Keep Um patrim\u00f4nio medieval a apenas 1 hora de Paris Na regi\u00e3o de Valois, a apenas uma hora [&hellip;]<\/p>\n","protected":false},"featured_media":2018,"template":"","class_list":["post-2017","lieux","type-lieux","status-publish","has-post-thumbnail","hentry"],"_links":{"self":[{"href":"https:\/\/monumental-valois.com\/pt-br\/wp-json\/wp\/v2\/lieux\/2017","targetHints":{"allow":["GET"]}}],"collection":[{"href":"https:\/\/monumental-valois.com\/pt-br\/wp-json\/wp\/v2\/lieux"}],"about":[{"href":"https:\/\/monumental-valois.com\/pt-br\/wp-json\/wp\/v2\/types\/lieux"}],"wp:featuredmedia":[{"embeddable":true,"href":"https:\/\/monumental-valois.com\/pt-br\/wp-json\/wp\/v2\/media\/2018"}],"wp:attachment":[{"href":"https:\/\/monumental-valois.com\/pt-br\/wp-json\/wp\/v2\/media?parent=2017"}],"curies":[{"name":"wp","href":"https:\/\/api.w.org\/{rel}","templated":true}]}}