{"id":2027,"date":"2025-10-02T12:43:34","date_gmt":"2025-10-02T10:43:34","guid":{"rendered":"https:\/\/monumental-valois.com\/lieux\/a-maison-des-projets-expo-du-pays-de-valois\/"},"modified":"2026-03-02T11:13:22","modified_gmt":"2026-03-02T10:13:22","slug":"a-maison-des-projets-expo-du-pays-de-valois","status":"publish","type":"lieux","link":"https:\/\/monumental-valois.com\/pt-br\/lugares\/a-maison-des-projets-expo-du-pays-de-valois\/","title":{"rendered":"A Maison des projets &amp; expo du Pays de Valois"},"content":{"rendered":"\n<div class=\"wp-block-group alignwide\"><div class=\"wp-block-group__inner-container is-layout-constrained wp-block-group-is-layout-constrained\">\n<div class=\"wp-block-columns alignwide is-style-espace-60-px is-layout-flex wp-container-core-columns-is-layout-28f84493 wp-block-columns-is-layout-flex\">\n<div class=\"wp-block-column is-layout-flow wp-block-column-is-layout-flow\" style=\"flex-basis:33.33%\"><div class=\"lazyblock-partager-la-page-Z2bkmMf wp-block-lazyblock-partager-la-page\"> <div class=\"partage-single\">\r\n                        <p>Compartilhe esta p\u00e1gina<\/p>\r\n                        <div class=\"liens\">\r\n                            <a href=\"http:\/\/twitter.com\/share?url=https%3A%2F%2Fmonumental-valois.com%2Fpt-br%2Flugares%2Fa-maison-des-projets-expo-du-pays-de-valois%2F\" class=\"share-x\" target=\"_blank\" rel=\"nofollow\" title=\"Compartilhar no X\"><\/a>\r\n                            <a href=\"http:\/\/www.facebook.com\/sharer.php?u=https%3A%2F%2Fmonumental-valois.com%2Fpt-br%2Flugares%2Fa-maison-des-projets-expo-du-pays-de-valois%2F&#038;t=A+Maison+des+projets+%26amp%3B+expo+du+Pays+de+Valois&#038;src=sp\" class=\"share-facebook\" target=\"_blank\" rel=\"nofollow\" title=\"Compartilhar no Facebook\">\r\n\r\n                            <\/a>\r\n\r\n\r\n                        <\/div>\r\n                    <\/div><\/div>\n\n\n<figure class=\"wp-block-image size-full\"><img loading=\"lazy\" decoding=\"async\" width=\"516\" height=\"548\" src=\"https:\/\/monumental-valois.com\/wp-content\/uploads\/2025\/10\/exposition-crepy-en-valois-01.webp\" alt=\"\" class=\"wp-image-956\" srcset=\"https:\/\/monumental-valois.com\/wp-content\/uploads\/2025\/10\/exposition-crepy-en-valois-01.webp 516w, https:\/\/monumental-valois.com\/wp-content\/uploads\/2025\/10\/exposition-crepy-en-valois-01-377x400.webp 377w, https:\/\/monumental-valois.com\/wp-content\/uploads\/2025\/10\/exposition-crepy-en-valois-01-424x450.webp 424w\" sizes=\"auto, (max-width: 516px) 100vw, 516px\" \/><\/figure>\n<\/div>\n\n\n\n<div class=\"wp-block-column is-layout-flow wp-block-column-is-layout-flow\" style=\"flex-basis:33.33%\">\n<p class=\"is-style-sur-titre-page\"><strong>Maison des projets &amp; expo du Pays de Valois<\/strong><\/p>\n\n\n\n<p>Localizada no cora\u00e7\u00e3o do<a href=\"https:\/\/www.paysdevalois-tourisme.fr\/\" data-type=\"link\" data-id=\"https:\/\/www.paysdevalois-tourisme.fr\/\" target=\"_blank\" rel=\"noreferrer noopener\">Pays de Valois Tourist Office<\/a>, a Maison des projets &amp; expo \u00e9 um espa\u00e7o de 200 m\u00b2 dedicado \u00e0 descoberta e ao interc\u00e2mbio. Ela abriga resid\u00eancias de artistas e exposi\u00e7\u00f5es de arte contempor\u00e2nea, al\u00e9m de apresenta\u00e7\u00f5es sobre os principais projetos culturais, de patrim\u00f4nio e de desenvolvimento da regi\u00e3o. <\/p>\n\n\n\n<p>Uma vitrine viva, a Maison des projets &amp; expo convida os residentes e visitantes ocasionais a explorar os mais recentes desenvolvimentos art\u00edsticos e as principais transforma\u00e7\u00f5es no Pays de Valois. \u00c9 um espa\u00e7o aberto e acess\u00edvel, projetado para despertar a curiosidade e promover a identidade da regi\u00e3o. <\/p>\n<\/div>\n\n\n\n<div class=\"wp-block-column is-layout-flow wp-block-column-is-layout-flow\" style=\"flex-basis:33.33%\"><\/div>\n<\/div>\n<\/div><\/div>\n\n<div style=\"height:80px\" aria-hidden=\"true\" class=\"wp-block-spacer\"><\/div>\n\n<div class=\"wp-block-group\"><div class=\"wp-block-group__inner-container is-layout-constrained wp-block-group-is-layout-constrained\"><div class=\"lazyblock-liste-actus-etiquette-Z1xf51W wp-block-lazyblock-liste-actus-etiquette\"><div class=\"liste-actualites\">\n  <div class=\"liste-actus-content\">\n    <h2>L&#039;art monumental dans le Valois<\/h2>\n    <div class=\"actus-categ-slider swiper\">\n        <div class=\"swiper-wrapper\">\n      \n              <div class=\"actus swiper-slide\">\n           <div class=\"bloc-actus\">\n                                <div class=\"photo-actus\" style=\"background-image: url(https:\/\/monumental-valois.com\/wp-content\/uploads\/2025\/10\/IMG_2464-1600x900.webp);\">\n                                    <div class=\"categs\">\n                                        <span> Na regi\u00e3o de Valois<\/span>\n                                    <\/div>\n                                    <a href=\"https:\/\/monumental-valois.com\/pt-br\/na-regiao-de-valois\/exposicao-detours-oise-atraves-da-arte-contemporanea\/\" title=\"Exposi\u00e7\u00e3o D\u00e9tours &#8211; Oise atrav\u00e9s da arte contempor\u00e2nea\"><\/a>\n                                <\/div>\n                                <p class=\"date\">\n                                    2 de outubro de 2025                                <\/p>\n        <h3>Exposi\u00e7\u00e3o D\u00e9tours &#8211; Oise atrav\u00e9s da arte contempor\u00e2nea<\/h3>\n        <\/div>\n      <\/div>\n        \t\n    <\/div>\n    \n    <\/div>\n  <\/div>\n<\/div> <\/div><\/div><\/div>\n\n<div style=\"height:100px\" aria-hidden=\"true\" class=\"wp-block-spacer\"><\/div>\n","protected":false},"excerpt":{"rendered":"<p>Maison des projets &amp; expo du Pays de Valois Localizada no cora\u00e7\u00e3o doPays de Valois Tourist Office, a Maison des [&hellip;]<\/p>\n","protected":false},"featured_media":2032,"template":"","class_list":["post-2027","lieux","type-lieux","status-publish","has-post-thumbnail","hentry"],"_links":{"self":[{"href":"https:\/\/monumental-valois.com\/pt-br\/wp-json\/wp\/v2\/lieux\/2027","targetHints":{"allow":["GET"]}}],"collection":[{"href":"https:\/\/monumental-valois.com\/pt-br\/wp-json\/wp\/v2\/lieux"}],"about":[{"href":"https:\/\/monumental-valois.com\/pt-br\/wp-json\/wp\/v2\/types\/lieux"}],"wp:featuredmedia":[{"embeddable":true,"href":"https:\/\/monumental-valois.com\/pt-br\/wp-json\/wp\/v2\/media\/2032"}],"wp:attachment":[{"href":"https:\/\/monumental-valois.com\/pt-br\/wp-json\/wp\/v2\/media?parent=2027"}],"curies":[{"name":"wp","href":"https:\/\/api.w.org\/{rel}","templated":true}]}}