{"id":2033,"date":"2025-10-02T15:26:35","date_gmt":"2025-10-02T13:26:35","guid":{"rendered":"https:\/\/monumental-valois.com\/lieux\/artco-quando-a-arte-remodela-a-economia\/"},"modified":"2026-03-02T11:13:22","modified_gmt":"2026-03-02T10:13:22","slug":"artco-quando-a-arte-remodela-a-economia","status":"publish","type":"lieux","link":"https:\/\/monumental-valois.com\/pt-br\/lugares\/artco-quando-a-arte-remodela-a-economia\/","title":{"rendered":"Art&amp;Co: quando a arte remodela a economia"},"content":{"rendered":"\n<div class=\"wp-block-group alignwide\"><div class=\"wp-block-group__inner-container is-layout-constrained wp-block-group-is-layout-constrained\">\n<div class=\"wp-block-columns alignwide is-style-espace-60-px is-layout-flex wp-container-core-columns-is-layout-28f84493 wp-block-columns-is-layout-flex\">\n<div class=\"wp-block-column is-layout-flow wp-block-column-is-layout-flow\" style=\"flex-basis:40%\"><div class=\"lazyblock-partager-la-page-Z2bkmMf wp-block-lazyblock-partager-la-page\"> <div class=\"partage-single\">\r\n                        <p>Compartilhe esta p\u00e1gina<\/p>\r\n                        <div class=\"liens\">\r\n                            <a href=\"http:\/\/twitter.com\/share?url=https%3A%2F%2Fmonumental-valois.com%2Fpt-br%2Flugares%2Fartco-quando-a-arte-remodela-a-economia%2F\" class=\"share-x\" target=\"_blank\" rel=\"nofollow\" title=\"Compartilhar no X\"><\/a>\r\n                            <a href=\"http:\/\/www.facebook.com\/sharer.php?u=https%3A%2F%2Fmonumental-valois.com%2Fpt-br%2Flugares%2Fartco-quando-a-arte-remodela-a-economia%2F&#038;t=Art%26amp%3BCo%3A+quando+a+arte+remodela+a+economia&#038;src=sp\" class=\"share-facebook\" target=\"_blank\" rel=\"nofollow\" title=\"Compartilhar no Facebook\">\r\n\r\n                            <\/a>\r\n\r\n\r\n                        <\/div>\r\n                    <\/div><\/div>\n\n\n<figure class=\"wp-block-image size-full\"><img loading=\"lazy\" decoding=\"async\" width=\"800\" height=\"800\" src=\"https:\/\/monumental-valois.com\/wp-content\/uploads\/2025\/10\/art-and-co-pays-du-valois-01.webp\" alt=\"Art &amp;amp; Co : Regi&#xE3;o de Valois\" class=\"wp-image-914\" srcset=\"https:\/\/monumental-valois.com\/wp-content\/uploads\/2025\/10\/art-and-co-pays-du-valois-01.webp 800w, https:\/\/monumental-valois.com\/wp-content\/uploads\/2025\/10\/art-and-co-pays-du-valois-01-400x400.webp 400w, https:\/\/monumental-valois.com\/wp-content\/uploads\/2025\/10\/art-and-co-pays-du-valois-01-300x300.webp 300w, https:\/\/monumental-valois.com\/wp-content\/uploads\/2025\/10\/art-and-co-pays-du-valois-01-768x768.webp 768w, https:\/\/monumental-valois.com\/wp-content\/uploads\/2025\/10\/art-and-co-pays-du-valois-01-450x450.webp 450w, https:\/\/monumental-valois.com\/wp-content\/uploads\/2025\/10\/art-and-co-pays-du-valois-01-600x600.webp 600w\" sizes=\"auto, (max-width: 800px) 100vw, 800px\" \/><\/figure>\n<\/div>\n\n\n\n<div class=\"wp-block-column is-layout-flow wp-block-column-is-layout-flow\" style=\"flex-basis:60%\">\n<p class=\"is-style-sur-titre-page\"><strong>PARQUE DE ATIVIDADE ECON\u00d4MICA Art&amp;Co<\/strong><\/p>\n\n\n\n<p>Entre Silly-le-Long e Le Plessis-Belleville, a Comunidade de Comunas do Pays de Valois est\u00e1 desenvolvendo um projeto \u00fanico na Europa: o parque empresarial &#8220;Art&amp;Co&#8221;. Com quase 35 hectares, esse local combina desenvolvimento industrial, apelo econ\u00f4mico e uma abordagem art\u00edstica ambiciosa. <\/p>\n\n\n\n<p>Projetado em estreita colabora\u00e7\u00e3o com a Monumental Valois, esse parque exclusivo transforma o parque empresarial em um verdadeiro museu a c\u00e9u aberto. Cada edif\u00edcio apresentar\u00e1 afrescos monumentais de artistas contempor\u00e2neos em suas fachadas, criando uma obra coletiva de quase 700 metros de comprimento. A arte n\u00e3o apenas enfeita o espa\u00e7o: ela se torna parte integrante da identidade do local.  <\/p>\n\n\n\n<p>Este projeto faz parte de uma vis\u00e3o inovadora na qual a arte \u00e9 um vetor de transforma\u00e7\u00e3o e valor agregado. Como a est\u00e9tica pode ser lucrativa? Como um armaz\u00e9m pode ser transformado em um meio art\u00edstico? Como podemos desviar nosso olhar do feio para o belo e, finalmente, em nossa vida cotidiana, como podemos usar lixo, ru\u00ednas, objetos abandonados e deteriorados para criar o espetacular, o monumental e gerar beleza?   <\/p>\n\n\n\n<p>Com o &#8220;Art&amp;Co&#8221;, a communaut\u00e9 de communes est\u00e1 dando um novo passo: transformando o desenvolvimento econ\u00f4mico em uma alavanca para a cria\u00e7\u00e3o art\u00edstica e o patrim\u00f4nio industrial em um local de contempla\u00e7\u00e3o. \u00c9 uma maneira ousada e exclusiva de combinar desempenho, est\u00e9tica e apelo regional. <\/p>\n<\/div>\n<\/div>\n<\/div><\/div>\n\n<div style=\"height:100px\" aria-hidden=\"true\" class=\"wp-block-spacer\"><\/div>\n","protected":false},"excerpt":{"rendered":"<p>PARQUE DE ATIVIDADE ECON\u00d4MICA Art&amp;Co Entre Silly-le-Long e Le Plessis-Belleville, a Comunidade de Comunas do Pays de Valois est\u00e1 desenvolvendo [&hellip;]<\/p>\n","protected":false},"featured_media":2011,"template":"","class_list":["post-2033","lieux","type-lieux","status-publish","has-post-thumbnail","hentry"],"_links":{"self":[{"href":"https:\/\/monumental-valois.com\/pt-br\/wp-json\/wp\/v2\/lieux\/2033","targetHints":{"allow":["GET"]}}],"collection":[{"href":"https:\/\/monumental-valois.com\/pt-br\/wp-json\/wp\/v2\/lieux"}],"about":[{"href":"https:\/\/monumental-valois.com\/pt-br\/wp-json\/wp\/v2\/types\/lieux"}],"wp:featuredmedia":[{"embeddable":true,"href":"https:\/\/monumental-valois.com\/pt-br\/wp-json\/wp\/v2\/media\/2011"}],"wp:attachment":[{"href":"https:\/\/monumental-valois.com\/pt-br\/wp-json\/wp\/v2\/media?parent=2033"}],"curies":[{"name":"wp","href":"https:\/\/api.w.org\/{rel}","templated":true}]}}