{"id":2105,"date":"2025-02-19T18:08:01","date_gmt":"2025-02-19T17:08:01","guid":{"rendered":"https:\/\/monumental-valois.com\/oeuvre-monumentale\/estrutura-um-trabalho-em-ferro-de-eiffel\/"},"modified":"2026-03-02T15:12:01","modified_gmt":"2026-03-02T14:12:01","slug":"estrutura-um-trabalho-em-ferro-de-eiffel","status":"publish","type":"oeuvre","link":"https:\/\/monumental-valois.com\/pt-br\/obra-monumental\/estrutura-um-trabalho-em-ferro-de-eiffel\/","title":{"rendered":"Estrutura: um trabalho em ferro de Eiffel"},"content":{"rendered":"\n<div class=\"wp-block-columns alignwide is-style-espace-60-px is-layout-flex wp-container-core-columns-is-layout-28f84493 wp-block-columns-is-layout-flex\">\n<div class=\"wp-block-column is-layout-flow wp-block-column-is-layout-flow\" style=\"flex-basis:30%\"><div class=\"lazyblock-partager-la-page-Z1SDHFv wp-block-lazyblock-partager-la-page\"> <div class=\"partage-single\">\r\n                        <p>Compartilhe esta p\u00e1gina<\/p>\r\n                        <div class=\"liens\">\r\n                            <a href=\"http:\/\/twitter.com\/share?url=https%3A%2F%2Fmonumental-valois.com%2Fpt-br%2Fobra-monumental%2Festrutura-um-trabalho-em-ferro-de-eiffel%2F\" class=\"share-x\" target=\"_blank\" rel=\"nofollow\" title=\"Compartilhar no X\"><\/a>\r\n                            <a href=\"http:\/\/www.facebook.com\/sharer.php?u=https%3A%2F%2Fmonumental-valois.com%2Fpt-br%2Fobra-monumental%2Festrutura-um-trabalho-em-ferro-de-eiffel%2F&#038;t=Estrutura%3A+um+trabalho+em+ferro+de+Eiffel&#038;src=sp\" class=\"share-facebook\" target=\"_blank\" rel=\"nofollow\" title=\"Compartilhar no Facebook\">\r\n\r\n                            <\/a>\r\n\r\n\r\n                        <\/div>\r\n                    <\/div><\/div><\/div>\n\n\n\n<div class=\"wp-block-column is-layout-flow wp-block-column-is-layout-flow\" style=\"flex-basis:70%\">\n<p class=\"has-28-px-font-size\">A Sala Eiffel no Donjon de Vez \u00e9 um testemunho \u00fanico do talento de Gustave Eiffel, o famoso engenheiro franc\u00eas que projetou a Torre Eiffel. Aqui, sua genialidade \u00e9 expressa em uma not\u00e1vel estrutura de ferro, projetada na forma de um quadro em forma de barril. Essa obra-prima arquitet\u00f4nica, tanto funcional quanto est\u00e9tica, ilustra a contribui\u00e7\u00e3o revolucion\u00e1ria de Eiffel para a engenharia civil do s\u00e9culo XIX.  <\/p>\n<\/div>\n<\/div>\n\n<div class=\"wp-block-group alignfull is-style-fond-blanc-gris\"><div class=\"wp-block-group__inner-container is-layout-constrained wp-block-group-is-layout-constrained\">\n<div class=\"wp-block-columns alignwide are-vertically-aligned-bottom is-style-espace-60-px is-layout-flex wp-container-core-columns-is-layout-28f84493 wp-block-columns-is-layout-flex\">\n<div class=\"wp-block-column is-vertically-aligned-bottom is-layout-flow wp-block-column-is-layout-flow\" style=\"flex-basis:30%\">\n<p class=\"is-style-sur-titre-page\">Estrutura: um trabalho em ferro de Eiffel<\/p>\n\n\n\n<h2 class=\"wp-block-heading has-36-px-font-size\"><strong>L\u00e9on Dru, restaurador e patrono das artes<\/strong><\/h2>\n\n\n\n<p>A cria\u00e7\u00e3o dessa sala foi parte do trabalho realizado por L\u00e9on Dru, um renomado industrial e antigo propriet\u00e1rio da propriedade. Ansioso para restaurar o car\u00e1ter feudal da propriedade, ele se cercou dos melhores talentos de sua \u00e9poca, incluindo Gustave Eiffel. Al\u00e9m de seus esfor\u00e7os para preservar o patrim\u00f4nio da propriedade, L\u00e9on Dru se destacou como patrono das artes, ajudando a enriquecer as cole\u00e7\u00f5es nacionais.  <\/p>\n\n\n\n<h2 class=\"wp-block-heading has-36-px-font-size\"><strong>O velho encontra o novo<\/strong><\/h2>\n\n\n\n<p>A Salle Eiffel \u00e9 uma ilustra\u00e7\u00e3o perfeita do encontro da tradi\u00e7\u00e3o e da modernidade, simbolizando o casamento ousado do patrim\u00f4nio medieval com os avan\u00e7os industriais da \u00e9poca. Ela incorpora o esp\u00edrito inovador de Gustave Eiffel e o compromisso de L\u00e9on Dru com a preserva\u00e7\u00e3o e o aprimoramento de monumentos hist\u00f3ricos. <\/p>\n<\/div>\n\n\n\n<div class=\"wp-block-column is-vertically-aligned-bottom is-layout-flow wp-block-column-is-layout-flow\" style=\"flex-basis:70%\">\n<figure class=\"wp-block-image size-large\"><img loading=\"lazy\" decoding=\"async\" width=\"599\" height=\"900\" src=\"https:\/\/monumental-valois.com\/wp-content\/uploads\/2025\/02\/Salle-Eiffel-charpente-599x900.jpg\" alt=\"Estrutura: um trabalho em ferro de Eiffel\" class=\"wp-image-735\" srcset=\"https:\/\/monumental-valois.com\/wp-content\/uploads\/2025\/02\/Salle-Eiffel-charpente-599x900.jpg 599w, https:\/\/monumental-valois.com\/wp-content\/uploads\/2025\/02\/Salle-Eiffel-charpente-266x400.jpg 266w, https:\/\/monumental-valois.com\/wp-content\/uploads\/2025\/02\/Salle-Eiffel-charpente-299x450.jpg 299w, https:\/\/monumental-valois.com\/wp-content\/uploads\/2025\/02\/Salle-Eiffel-charpente-399x600.jpg 399w, https:\/\/monumental-valois.com\/wp-content\/uploads\/2025\/02\/Salle-Eiffel-charpente.jpg 681w\" sizes=\"auto, (max-width: 599px) 100vw, 599px\" \/><\/figure>\n<\/div>\n<\/div>\n<\/div><\/div>\n\n<div style=\"height:50px\" aria-hidden=\"true\" class=\"wp-block-spacer\"><\/div>\n\n<div class=\"wp-block-cover alignwide\"><span aria-hidden=\"true\" class=\"wp-block-cover__background has-noir-background-color has-background-dim\"><\/span><img loading=\"lazy\" decoding=\"async\" width=\"1200\" height=\"680\" class=\"wp-block-cover__image-background wp-image-466\" alt=\"Gustave Eiffel, b\u00e2tisseur de l'impossible\" src=\"https:\/\/monumental-valois.com\/wp-content\/uploads\/2025\/02\/Gustave-Eiffel.jpg\" style=\"object-position:50% 9%\" data-object-fit=\"cover\" data-object-position=\"50% 9%\" srcset=\"https:\/\/monumental-valois.com\/wp-content\/uploads\/2025\/02\/Gustave-Eiffel.jpg 1200w, https:\/\/monumental-valois.com\/wp-content\/uploads\/2025\/02\/Gustave-Eiffel-706x400.jpg 706w, https:\/\/monumental-valois.com\/wp-content\/uploads\/2025\/02\/Gustave-Eiffel-768x435.jpg 768w, https:\/\/monumental-valois.com\/wp-content\/uploads\/2025\/02\/Gustave-Eiffel-450x255.jpg 450w, https:\/\/monumental-valois.com\/wp-content\/uploads\/2025\/02\/Gustave-Eiffel-1059x600.jpg 1059w\" sizes=\"auto, (max-width: 1200px) 100vw, 1200px\" \/><div class=\"wp-block-cover__inner-container is-layout-constrained wp-block-cover-is-layout-constrained\">\n<h3 class=\"wp-block-heading alignwide has-text-align-left has-64-px-font-size\">Visite a p\u00e1gina<br\/>dedicada ao artista<\/h3>\n\n\n\n<div class=\"wp-block-buttons alignwide is-layout-flex wp-block-buttons-is-layout-flex\">\n<div class=\"wp-block-button\"><a class=\"wp-block-button__link wp-element-button\" href=\"https:\/\/monumental-valois.com\/pt-br\/artista\/gustave-eiffel\/\">Veja o artista<\/a><\/div>\n<\/div>\n<\/div><\/div>\n\n<p><\/p>\n","protected":false},"excerpt":{"rendered":"<p>A Sala Eiffel no Donjon de Vez \u00e9 um testemunho \u00fanico do talento de Gustave Eiffel, o famoso engenheiro franc\u00eas [&hellip;]<\/p>\n","protected":false},"featured_media":2106,"template":"","class_list":["post-2105","oeuvre","type-oeuvre","status-publish","has-post-thumbnail","hentry"],"_links":{"self":[{"href":"https:\/\/monumental-valois.com\/pt-br\/wp-json\/wp\/v2\/oeuvre\/2105","targetHints":{"allow":["GET"]}}],"collection":[{"href":"https:\/\/monumental-valois.com\/pt-br\/wp-json\/wp\/v2\/oeuvre"}],"about":[{"href":"https:\/\/monumental-valois.com\/pt-br\/wp-json\/wp\/v2\/types\/oeuvre"}],"wp:featuredmedia":[{"embeddable":true,"href":"https:\/\/monumental-valois.com\/pt-br\/wp-json\/wp\/v2\/media\/2106"}],"wp:attachment":[{"href":"https:\/\/monumental-valois.com\/pt-br\/wp-json\/wp\/v2\/media?parent=2105"}],"curies":[{"name":"wp","href":"https:\/\/api.w.org\/{rel}","templated":true}]}}