{"id":2131,"date":"2025-02-19T17:54:08","date_gmt":"2025-02-19T16:54:08","guid":{"rendered":"https:\/\/monumental-valois.com\/oeuvre-monumentale\/lareira-antiga-harmonia-e-minimalismo-no-donjon-de-vez\/"},"modified":"2026-03-02T15:32:07","modified_gmt":"2026-03-02T14:32:07","slug":"lareira-antiga-harmonia-e-minimalismo-no-donjon-de-vez","status":"publish","type":"oeuvre","link":"https:\/\/monumental-valois.com\/pt-br\/obra-monumental\/lareira-antiga-harmonia-e-minimalismo-no-donjon-de-vez\/","title":{"rendered":"Lareira antiga: harmonia e minimalismo no Donjon de Vez"},"content":{"rendered":"\n<div class=\"wp-block-columns alignwide is-style-espace-60-px is-layout-flex wp-container-core-columns-is-layout-28f84493 wp-block-columns-is-layout-flex\">\n<div class=\"wp-block-column is-layout-flow wp-block-column-is-layout-flow\" style=\"flex-basis:30%\"><div class=\"lazyblock-partager-la-page-Z1SDHFv wp-block-lazyblock-partager-la-page\"> <div class=\"partage-single\">\r\n                        <p>Compartilhe esta p\u00e1gina<\/p>\r\n                        <div class=\"liens\">\r\n                            <a href=\"http:\/\/twitter.com\/share?url=https%3A%2F%2Fmonumental-valois.com%2Fpt-br%2Fobra-monumental%2Flareira-antiga-harmonia-e-minimalismo-no-donjon-de-vez%2F\" class=\"share-x\" target=\"_blank\" rel=\"nofollow\" title=\"Compartilhar no X\"><\/a>\r\n                            <a href=\"http:\/\/www.facebook.com\/sharer.php?u=https%3A%2F%2Fmonumental-valois.com%2Fpt-br%2Fobra-monumental%2Flareira-antiga-harmonia-e-minimalismo-no-donjon-de-vez%2F&#038;t=Lareira+antiga%3A+harmonia+e+minimalismo+no+Donjon+de+Vez&#038;src=sp\" class=\"share-facebook\" target=\"_blank\" rel=\"nofollow\" title=\"Compartilhar no Facebook\">\r\n\r\n                            <\/a>\r\n\r\n\r\n                        <\/div>\r\n                    <\/div><\/div><\/div>\n\n\n\n<div class=\"wp-block-column is-layout-flow wp-block-column-is-layout-flow\" style=\"flex-basis:70%\">\n<p class=\"has-28-px-font-size\">Em 1999, Fran\u00e7ois Morellet, uma figura importante da abstra\u00e7\u00e3o geom\u00e9trica e do minimalismo, criou uma obra integrada \u00e0 antiga chamin\u00e9 do edif\u00edcio principal do Donjon de Vez, como parte da exposi\u00e7\u00e3o L&#8217;Art surprend l&#8217;\u00e9clipse.<\/p>\n<\/div>\n<\/div>\n\n<div class=\"wp-block-group alignfull is-style-fond-blanc-gris\"><div class=\"wp-block-group__inner-container is-layout-constrained wp-block-group-is-layout-constrained\">\n<div class=\"wp-block-columns alignwide are-vertically-aligned-bottom is-style-espace-60-px is-layout-flex wp-container-core-columns-is-layout-28f84493 wp-block-columns-is-layout-flex\">\n<div class=\"wp-block-column is-vertically-aligned-bottom is-layout-flow wp-block-column-is-layout-flow\" style=\"flex-basis:30%\">\n<p class=\"is-style-sur-titre-page\">Lareira antiga: harmonia e minimalismo no Donjon de Vez<\/p>\n\n\n\n<h2 class=\"wp-block-heading has-36-px-font-size\"><strong>Um jogo de linhas e luz<\/strong><\/h2>\n\n\n\n<p>Combinando geometria e luz, Morellet usa o neon para estruturar o espa\u00e7o e criar um contraste impressionante com a arquitetura hist\u00f3rica. Essa abordagem minimalista reflete sua busca constante por um di\u00e1logo entre linhas e intensidade de luz. <\/p>\n\n\n\n<h2 class=\"wp-block-heading has-36-px-font-size\"><strong>Tradi\u00e7\u00e3o e modernidade combinadas<\/strong><\/h2>\n\n\n\n<p>Ao integrar sua arte a um elemento arquitet\u00f4nico antigo, o artista cria um di\u00e1logo ousado entre o passado e o presente, oferecendo uma reinterpreta\u00e7\u00e3o contempor\u00e2nea desse espa\u00e7o emblem\u00e1tico. Essa instala\u00e7\u00e3o ilustra a capacidade de Morellet de combinar minimalismo e patrim\u00f4nio, convidando-nos a repensar o espa\u00e7o e a maneira como o vemos. <\/p>\n<\/div>\n\n\n\n<div class=\"wp-block-column is-vertically-aligned-bottom is-layout-flow wp-block-column-is-layout-flow\" style=\"flex-basis:70%\">\n<figure class=\"wp-block-image size-full\"><img loading=\"lazy\" decoding=\"async\" width=\"600\" height=\"900\" src=\"https:\/\/monumental-valois.com\/wp-content\/uploads\/2025\/02\/Ancienne-cheminee-2-francois-morellet.jpg\" alt=\"Lareira antiga: harmonia e minimalismo no Donjon de Vez\" class=\"wp-image-756\" srcset=\"https:\/\/monumental-valois.com\/wp-content\/uploads\/2025\/02\/Ancienne-cheminee-2-francois-morellet.jpg 600w, https:\/\/monumental-valois.com\/wp-content\/uploads\/2025\/02\/Ancienne-cheminee-2-francois-morellet-267x400.jpg 267w, https:\/\/monumental-valois.com\/wp-content\/uploads\/2025\/02\/Ancienne-cheminee-2-francois-morellet-300x450.jpg 300w, https:\/\/monumental-valois.com\/wp-content\/uploads\/2025\/02\/Ancienne-cheminee-2-francois-morellet-400x600.jpg 400w\" sizes=\"auto, (max-width: 600px) 100vw, 600px\" \/><\/figure>\n<\/div>\n<\/div>\n<\/div><\/div>\n\n<div style=\"height:50px\" aria-hidden=\"true\" class=\"wp-block-spacer\"><\/div>\n\n<div class=\"wp-block-cover alignwide\"><span aria-hidden=\"true\" class=\"wp-block-cover__background has-noir-background-color has-background-dim\"><\/span><img loading=\"lazy\" decoding=\"async\" width=\"400\" height=\"400\" class=\"wp-block-cover__image-background wp-image-449\" alt=\"\" src=\"https:\/\/monumental-valois.com\/wp-content\/uploads\/2025\/02\/Morelet_Francois_portrait.jpg\" style=\"object-position:47% 24%\" data-object-fit=\"cover\" data-object-position=\"47% 24%\" srcset=\"https:\/\/monumental-valois.com\/wp-content\/uploads\/2025\/02\/Morelet_Francois_portrait.jpg 400w, https:\/\/monumental-valois.com\/wp-content\/uploads\/2025\/02\/Morelet_Francois_portrait-300x300.jpg 300w\" sizes=\"auto, (max-width: 400px) 100vw, 400px\" \/><div class=\"wp-block-cover__inner-container is-layout-constrained wp-block-cover-is-layout-constrained\">\n<h3 class=\"wp-block-heading alignwide has-text-align-left has-64-px-font-size\">Visite a p\u00e1gina<br\/>dedicada ao artista<\/h3>\n\n\n\n<div class=\"wp-block-buttons alignwide is-layout-flex wp-block-buttons-is-layout-flex\">\n<div class=\"wp-block-button\"><a class=\"wp-block-button__link wp-element-button\" href=\"https:\/\/monumental-valois.com\/pt-br\/artista\/francois-morellet\/\">Veja o artista<\/a><\/div>\n<\/div>\n<\/div><\/div>\n\n<p><\/p>\n","protected":false},"excerpt":{"rendered":"<p>Em 1999, Fran\u00e7ois Morellet, uma figura importante da abstra\u00e7\u00e3o geom\u00e9trica e do minimalismo, criou uma obra integrada \u00e0 antiga chamin\u00e9 [&hellip;]<\/p>\n","protected":false},"featured_media":2132,"template":"","class_list":["post-2131","oeuvre","type-oeuvre","status-publish","has-post-thumbnail","hentry"],"_links":{"self":[{"href":"https:\/\/monumental-valois.com\/pt-br\/wp-json\/wp\/v2\/oeuvre\/2131","targetHints":{"allow":["GET"]}}],"collection":[{"href":"https:\/\/monumental-valois.com\/pt-br\/wp-json\/wp\/v2\/oeuvre"}],"about":[{"href":"https:\/\/monumental-valois.com\/pt-br\/wp-json\/wp\/v2\/types\/oeuvre"}],"wp:featuredmedia":[{"embeddable":true,"href":"https:\/\/monumental-valois.com\/pt-br\/wp-json\/wp\/v2\/media\/2132"}],"wp:attachment":[{"href":"https:\/\/monumental-valois.com\/pt-br\/wp-json\/wp\/v2\/media?parent=2131"}],"curies":[{"name":"wp","href":"https:\/\/api.w.org\/{rel}","templated":true}]}}