{"id":2149,"date":"2025-02-19T17:48:32","date_gmt":"2025-02-19T16:48:32","guid":{"rendered":"https:\/\/monumental-valois.com\/oeuvre-monumentale\/desenho-de-parede-de-sol-lewitt-imersao-geometrica\/"},"modified":"2026-03-02T15:52:46","modified_gmt":"2026-03-02T14:52:46","slug":"desenho-de-parede-de-sol-lewitt-imersao-geometrica","status":"publish","type":"oeuvre","link":"https:\/\/monumental-valois.com\/pt-br\/obra-monumental\/desenho-de-parede-de-sol-lewitt-imersao-geometrica\/","title":{"rendered":"Desenho de parede de Sol LeWitt: imers\u00e3o geom\u00e9trica"},"content":{"rendered":"\n<div class=\"wp-block-columns alignwide is-style-espace-60-px is-layout-flex wp-container-core-columns-is-layout-28f84493 wp-block-columns-is-layout-flex\">\n<div class=\"wp-block-column is-layout-flow wp-block-column-is-layout-flow\" style=\"flex-basis:30%\"><div class=\"lazyblock-partager-la-page-Z1SDHFv wp-block-lazyblock-partager-la-page\"> <div class=\"partage-single\">\r\n                        <p>Compartilhe esta p\u00e1gina<\/p>\r\n                        <div class=\"liens\">\r\n                            <a href=\"http:\/\/twitter.com\/share?url=https%3A%2F%2Fmonumental-valois.com%2Fpt-br%2Fobra-monumental%2Fdesenho-de-parede-de-sol-lewitt-imersao-geometrica%2F\" class=\"share-x\" target=\"_blank\" rel=\"nofollow\" title=\"Compartilhar no X\"><\/a>\r\n                            <a href=\"http:\/\/www.facebook.com\/sharer.php?u=https%3A%2F%2Fmonumental-valois.com%2Fpt-br%2Fobra-monumental%2Fdesenho-de-parede-de-sol-lewitt-imersao-geometrica%2F&#038;t=Desenho+de+parede+de+Sol+LeWitt%3A+imers%C3%A3o+geom%C3%A9trica&#038;src=sp\" class=\"share-facebook\" target=\"_blank\" rel=\"nofollow\" title=\"Compartilhar no Facebook\">\r\n\r\n                            <\/a>\r\n\r\n\r\n                        <\/div>\r\n                    <\/div><\/div><\/div>\n\n\n\n<div class=\"wp-block-column is-layout-flow wp-block-column-is-layout-flow\" style=\"flex-basis:70%\">\n<p class=\"has-28-px-font-size\">Na grande sala no andar t\u00e9rreo do Donjon de Vez, uma obra de Sol LeWitt, criada em 1995, cobre todas as quatro paredes da sala. Esse afresco, intitulado Wall Drawing, incorpora a abordagem minimalista do artista americano, famoso por sua redu\u00e7\u00e3o de formas e cores \u00e0 sua ess\u00eancia. <\/p>\n<\/div>\n<\/div>\n\n<div class=\"wp-block-group alignfull is-style-fond-blanc-gris\"><div class=\"wp-block-group__inner-container is-layout-constrained wp-block-group-is-layout-constrained\">\n<div class=\"wp-block-columns alignwide are-vertically-aligned-bottom is-style-espace-60-px is-layout-flex wp-container-core-columns-is-layout-28f84493 wp-block-columns-is-layout-flex\">\n<div class=\"wp-block-column is-vertically-aligned-bottom is-layout-flow wp-block-column-is-layout-flow\" style=\"flex-basis:30%\">\n<p class=\"is-style-sur-titre-page\">Desenho de parede de Sol LeWitt: imers\u00e3o geom\u00e9trica<\/p>\n\n\n\n<h2 class=\"wp-block-heading has-36-px-font-size\"><strong>Uma est\u00e9tica minimalista<\/strong><\/h2>\n\n\n\n<p>Sol LeWitt \u00e9 uma figura importante na arte conceitual e minimalista. Na d\u00e9cada de 1960, ele causou um profundo impacto no cen\u00e1rio art\u00edstico com uma abordagem radical que purificava formas e cores, reduzindo os elementos visuais \u00e0 sua ess\u00eancia. Essa busca pela simplicidade se reflete em seu Wall Drawing, em que a geometriza\u00e7\u00e3o dos motivos e o uso exclusivo de cores prim\u00e1rias (vermelho, amarelo e azul) refletem seu desejo de voltar ao b\u00e1sico.  <\/p>\n\n\n\n<h2 class=\"wp-block-heading has-36-px-font-size\"><strong>Um trabalho em di\u00e1logo com o espa\u00e7o<\/strong><\/h2>\n\n\n\n<p>O desenho de parede no Donjon de Vez se distingue por seu rigor e car\u00e1ter imersivo. As paredes se tornam uma superf\u00edcie viva onde combina\u00e7\u00f5es geom\u00e9tricas cuidadosamente orquestradas se desdobram. O objetivo de LeWitt n\u00e3o \u00e9 simplesmente produzir uma obra de arte, mas questionar a rela\u00e7\u00e3o entre o espa\u00e7o e o espectador. A pr\u00f3pria sala se torna parte integrante da obra, um ambiente onde a arte e a arquitetura interagem.   <\/p>\n<\/div>\n\n\n\n<div class=\"wp-block-column is-vertically-aligned-bottom is-layout-flow wp-block-column-is-layout-flow\" style=\"flex-basis:70%\">\n<figure class=\"wp-block-image size-full\"><img loading=\"lazy\" decoding=\"async\" width=\"800\" height=\"533\" src=\"https:\/\/monumental-valois.com\/wp-content\/uploads\/2025\/02\/Wall-Drawing-sol-lewitt.jpg\" alt=\"Desenho de parede de Sol LeWitt: imers&#xE3;o geom&#xE9;trica\" class=\"wp-image-768\" srcset=\"https:\/\/monumental-valois.com\/wp-content\/uploads\/2025\/02\/Wall-Drawing-sol-lewitt.jpg 800w, https:\/\/monumental-valois.com\/wp-content\/uploads\/2025\/02\/Wall-Drawing-sol-lewitt-600x400.jpg 600w, https:\/\/monumental-valois.com\/wp-content\/uploads\/2025\/02\/Wall-Drawing-sol-lewitt-768x512.jpg 768w, https:\/\/monumental-valois.com\/wp-content\/uploads\/2025\/02\/Wall-Drawing-sol-lewitt-450x300.jpg 450w\" sizes=\"auto, (max-width: 800px) 100vw, 800px\" \/><\/figure>\n\n\n\n<figure class=\"wp-block-image size-full\"><img loading=\"lazy\" decoding=\"async\" width=\"800\" height=\"477\" src=\"https:\/\/monumental-valois.com\/wp-content\/uploads\/2025\/02\/Wall-Drawing-2sol-lewitt.jpg\" alt=\"\" class=\"wp-image-766\" srcset=\"https:\/\/monumental-valois.com\/wp-content\/uploads\/2025\/02\/Wall-Drawing-2sol-lewitt.jpg 800w, https:\/\/monumental-valois.com\/wp-content\/uploads\/2025\/02\/Wall-Drawing-2sol-lewitt-671x400.jpg 671w, https:\/\/monumental-valois.com\/wp-content\/uploads\/2025\/02\/Wall-Drawing-2sol-lewitt-768x458.jpg 768w, https:\/\/monumental-valois.com\/wp-content\/uploads\/2025\/02\/Wall-Drawing-2sol-lewitt-450x268.jpg 450w\" sizes=\"auto, (max-width: 800px) 100vw, 800px\" \/><\/figure>\n<\/div>\n<\/div>\n<\/div><\/div>\n\n<div style=\"height:50px\" aria-hidden=\"true\" class=\"wp-block-spacer\"><\/div>\n\n<div class=\"wp-block-cover alignwide\"><span aria-hidden=\"true\" class=\"wp-block-cover__background has-noir-background-color has-background-dim\"><\/span><img loading=\"lazy\" decoding=\"async\" width=\"964\" height=\"773\" class=\"wp-block-cover__image-background wp-image-356\" alt=\"\" src=\"https:\/\/monumental-valois.com\/wp-content\/uploads\/2025\/02\/Sol-LeWitt-\u00a9Beaux-Arts-magazine.jpg\" style=\"object-position:19% 59%\" data-object-fit=\"cover\" data-object-position=\"19% 59%\" srcset=\"https:\/\/monumental-valois.com\/wp-content\/uploads\/2025\/02\/Sol-LeWitt-\u00a9Beaux-Arts-magazine.jpg 964w, https:\/\/monumental-valois.com\/wp-content\/uploads\/2025\/02\/Sol-LeWitt-\u00a9Beaux-Arts-magazine-499x400.jpg 499w, https:\/\/monumental-valois.com\/wp-content\/uploads\/2025\/02\/Sol-LeWitt-\u00a9Beaux-Arts-magazine-768x616.jpg 768w, https:\/\/monumental-valois.com\/wp-content\/uploads\/2025\/02\/Sol-LeWitt-\u00a9Beaux-Arts-magazine-450x361.jpg 450w, https:\/\/monumental-valois.com\/wp-content\/uploads\/2025\/02\/Sol-LeWitt-\u00a9Beaux-Arts-magazine-748x600.jpg 748w\" sizes=\"auto, (max-width: 964px) 100vw, 964px\" \/><div class=\"wp-block-cover__inner-container is-layout-constrained wp-block-cover-is-layout-constrained\">\n<h3 class=\"wp-block-heading alignwide has-text-align-left has-64-px-font-size\">Visite a p\u00e1gina<br\/>dedicada ao artista<\/h3>\n\n\n\n<div class=\"wp-block-buttons alignwide is-layout-flex wp-block-buttons-is-layout-flex\">\n<div class=\"wp-block-button\"><a class=\"wp-block-button__link wp-element-button\" href=\"https:\/\/monumental-valois.com\/pt-br\/artista\/sol-lewitt\/\">Veja o artista<\/a><\/div>\n<\/div>\n<\/div><\/div>\n\n<p><\/p>\n","protected":false},"excerpt":{"rendered":"<p>Na grande sala no andar t\u00e9rreo do Donjon de Vez, uma obra de Sol LeWitt, criada em 1995, cobre todas [&hellip;]<\/p>\n","protected":false},"featured_media":2150,"template":"","class_list":["post-2149","oeuvre","type-oeuvre","status-publish","has-post-thumbnail","hentry"],"_links":{"self":[{"href":"https:\/\/monumental-valois.com\/pt-br\/wp-json\/wp\/v2\/oeuvre\/2149","targetHints":{"allow":["GET"]}}],"collection":[{"href":"https:\/\/monumental-valois.com\/pt-br\/wp-json\/wp\/v2\/oeuvre"}],"about":[{"href":"https:\/\/monumental-valois.com\/pt-br\/wp-json\/wp\/v2\/types\/oeuvre"}],"wp:featuredmedia":[{"embeddable":true,"href":"https:\/\/monumental-valois.com\/pt-br\/wp-json\/wp\/v2\/media\/2150"}],"wp:attachment":[{"href":"https:\/\/monumental-valois.com\/pt-br\/wp-json\/wp\/v2\/media?parent=2149"}],"curies":[{"name":"wp","href":"https:\/\/api.w.org\/{rel}","templated":true}]}}