{"id":2162,"date":"2025-02-19T10:09:05","date_gmt":"2025-02-19T09:09:05","guid":{"rendered":"https:\/\/monumental-valois.com\/oeuvre-monumentale\/turbina-eolica-escultura-entre-a-natureza-e-o-futurismo\/"},"modified":"2026-03-02T16:02:21","modified_gmt":"2026-03-02T15:02:21","slug":"turbina-eolica-escultura-entre-a-natureza-e-o-futurismo","status":"publish","type":"oeuvre","link":"https:\/\/monumental-valois.com\/pt-br\/obra-monumental\/turbina-eolica-escultura-entre-a-natureza-e-o-futurismo\/","title":{"rendered":"Turbina e\u00f3lica: escultura entre a natureza e o futurismo"},"content":{"rendered":"\n<div class=\"wp-block-columns alignwide is-style-espace-60-px is-layout-flex wp-container-core-columns-is-layout-28f84493 wp-block-columns-is-layout-flex\">\n<div class=\"wp-block-column is-layout-flow wp-block-column-is-layout-flow\" style=\"flex-basis:30%\"><div class=\"lazyblock-partager-la-page-Z1SDHFv wp-block-lazyblock-partager-la-page\"> <div class=\"partage-single\">\r\n                        <p>Compartilhe esta p\u00e1gina<\/p>\r\n                        <div class=\"liens\">\r\n                            <a href=\"http:\/\/twitter.com\/share?url=https%3A%2F%2Fmonumental-valois.com%2Fpt-br%2Fobra-monumental%2Fturbina-eolica-escultura-entre-a-natureza-e-o-futurismo%2F\" class=\"share-x\" target=\"_blank\" rel=\"nofollow\" title=\"Compartilhar no X\"><\/a>\r\n                            <a href=\"http:\/\/www.facebook.com\/sharer.php?u=https%3A%2F%2Fmonumental-valois.com%2Fpt-br%2Fobra-monumental%2Fturbina-eolica-escultura-entre-a-natureza-e-o-futurismo%2F&#038;t=Turbina+e%C3%B3lica%3A+escultura+entre+a+natureza+e+o+futurismo&#038;src=sp\" class=\"share-facebook\" target=\"_blank\" rel=\"nofollow\" title=\"Compartilhar no Facebook\">\r\n\r\n                            <\/a>\r\n\r\n\r\n                        <\/div>\r\n                    <\/div><\/div><\/div>\n\n\n\n<div class=\"wp-block-column is-layout-flow wp-block-column-is-layout-flow\" style=\"flex-basis:70%\">\n<p class=\"has-28-px-font-size\">A obra \u00c9olienne de Takis, exibida no p\u00e1tio Antoine Bourdelle do Donjon de Vez, incorpora perfeitamente o esp\u00edrito do artista grego, onde natureza, tecnologia e poesia se encontram para oferecer uma vis\u00e3o singular do mundo.<\/p>\n<\/div>\n<\/div>\n\n<div class=\"wp-block-group alignfull is-style-fond-blanc-gris\"><div class=\"wp-block-group__inner-container is-layout-constrained wp-block-group-is-layout-constrained\">\n<div class=\"wp-block-columns alignwide are-vertically-aligned-bottom is-style-espace-60-px is-layout-flex wp-container-core-columns-is-layout-28f84493 wp-block-columns-is-layout-flex\">\n<div class=\"wp-block-column is-vertically-aligned-bottom is-layout-flow wp-block-column-is-layout-flow\" style=\"flex-basis:30%\">\n<p class=\"is-style-sur-titre-page\">Turbina e\u00f3lica: escultura entre a natureza e o futurismo<\/p>\n\n\n\n<h2 class=\"wp-block-heading has-36-px-font-size\">Uma escultura monumental e interativa<\/h2>\n\n\n\n<p>A \u00c9olienne se distingue por sua intera\u00e7\u00e3o com o espa\u00e7o ao seu redor. Takis v\u00ea suas esculturas n\u00e3o apenas como objetos de arte, mas tamb\u00e9m como elementos vivos que transformam a paisagem. A obra parece se integrar perfeitamente ao ambiente, trazendo um toque de estranheza e modernidade a um ambiente tradicional.  <\/p>\n\n\n\n<h2 class=\"wp-block-heading has-36-px-font-size\"><strong>Entre o futurismo e a mitologia<\/strong><\/h2>\n\n\n\n<p>Evocando sinais futuristas e figuras tot\u00eamicas, esta escultura combina formas abstratas e org\u00e2nicas, capturando a energia do vento como um s\u00edmbolo de liberdade e movimento perp\u00e9tuo.<\/p>\n<\/div>\n\n\n\n<div class=\"wp-block-column is-vertically-aligned-bottom is-layout-flow wp-block-column-is-layout-flow\" style=\"flex-basis:70%\">\n<figure class=\"wp-block-image size-large\"><img loading=\"lazy\" decoding=\"async\" width=\"600\" height=\"900\" src=\"https:\/\/monumental-valois.com\/wp-content\/uploads\/2025\/02\/eolienne-1-takis-600x900.jpg\" alt=\"Turbina e&#xF3;lica: escultura entre a natureza e o futurismo\" class=\"wp-image-776\" srcset=\"https:\/\/monumental-valois.com\/wp-content\/uploads\/2025\/02\/eolienne-1-takis-600x900.jpg 600w, https:\/\/monumental-valois.com\/wp-content\/uploads\/2025\/02\/eolienne-1-takis-267x400.jpg 267w, https:\/\/monumental-valois.com\/wp-content\/uploads\/2025\/02\/eolienne-1-takis-768x1152.jpg 768w, https:\/\/monumental-valois.com\/wp-content\/uploads\/2025\/02\/eolienne-1-takis-300x450.jpg 300w, https:\/\/monumental-valois.com\/wp-content\/uploads\/2025\/02\/eolienne-1-takis-400x600.jpg 400w, https:\/\/monumental-valois.com\/wp-content\/uploads\/2025\/02\/eolienne-1-takis.jpg 800w\" sizes=\"auto, (max-width: 600px) 100vw, 600px\" \/><\/figure>\n<\/div>\n<\/div>\n<\/div><\/div>\n\n<div style=\"height:50px\" aria-hidden=\"true\" class=\"wp-block-spacer\"><\/div>\n\n<div class=\"wp-block-cover alignwide\"><span aria-hidden=\"true\" class=\"wp-block-cover__background has-noir-background-color has-background-dim\"><\/span><img loading=\"lazy\" decoding=\"async\" width=\"1176\" height=\"1540\" class=\"wp-block-cover__image-background wp-image-350\" alt=\"\" src=\"https:\/\/monumental-valois.com\/wp-content\/uploads\/2025\/02\/takis-\u00a9Natalie-Seroussi.webp\" style=\"object-position:45% 22%\" data-object-fit=\"cover\" data-object-position=\"45% 22%\" srcset=\"https:\/\/monumental-valois.com\/wp-content\/uploads\/2025\/02\/takis-\u00a9Natalie-Seroussi.webp 1176w, https:\/\/monumental-valois.com\/wp-content\/uploads\/2025\/02\/takis-\u00a9Natalie-Seroussi-305x400.webp 305w, https:\/\/monumental-valois.com\/wp-content\/uploads\/2025\/02\/takis-\u00a9Natalie-Seroussi-687x900.webp 687w, https:\/\/monumental-valois.com\/wp-content\/uploads\/2025\/02\/takis-\u00a9Natalie-Seroussi-768x1006.webp 768w, https:\/\/monumental-valois.com\/wp-content\/uploads\/2025\/02\/takis-\u00a9Natalie-Seroussi-1173x1536.webp 1173w, https:\/\/monumental-valois.com\/wp-content\/uploads\/2025\/02\/takis-\u00a9Natalie-Seroussi-344x450.webp 344w, https:\/\/monumental-valois.com\/wp-content\/uploads\/2025\/02\/takis-\u00a9Natalie-Seroussi-458x600.webp 458w\" sizes=\"auto, (max-width: 1176px) 100vw, 1176px\" \/><div class=\"wp-block-cover__inner-container is-layout-constrained wp-block-cover-is-layout-constrained\">\n<h3 class=\"wp-block-heading alignwide has-text-align-left has-64-px-font-size\">Visite a p\u00e1gina<br\/>dedicada ao artista<\/h3>\n\n\n\n<div class=\"wp-block-buttons alignwide is-layout-flex wp-block-buttons-is-layout-flex\">\n<div class=\"wp-block-button\"><a class=\"wp-block-button__link wp-element-button\" href=\"https:\/\/monumental-valois.com\/pt-br\/artista\/vassilakis-takis\/\">Veja o artista<\/a><\/div>\n<\/div>\n<\/div><\/div>\n\n<p><\/p>\n","protected":false},"excerpt":{"rendered":"<p>A obra \u00c9olienne de Takis, exibida no p\u00e1tio Antoine Bourdelle do Donjon de Vez, incorpora perfeitamente o esp\u00edrito do artista [&hellip;]<\/p>\n","protected":false},"featured_media":2163,"template":"","class_list":["post-2162","oeuvre","type-oeuvre","status-publish","has-post-thumbnail","hentry"],"_links":{"self":[{"href":"https:\/\/monumental-valois.com\/pt-br\/wp-json\/wp\/v2\/oeuvre\/2162","targetHints":{"allow":["GET"]}}],"collection":[{"href":"https:\/\/monumental-valois.com\/pt-br\/wp-json\/wp\/v2\/oeuvre"}],"about":[{"href":"https:\/\/monumental-valois.com\/pt-br\/wp-json\/wp\/v2\/types\/oeuvre"}],"wp:featuredmedia":[{"embeddable":true,"href":"https:\/\/monumental-valois.com\/pt-br\/wp-json\/wp\/v2\/media\/2163"}],"wp:attachment":[{"href":"https:\/\/monumental-valois.com\/pt-br\/wp-json\/wp\/v2\/media?parent=2162"}],"curies":[{"name":"wp","href":"https:\/\/api.w.org\/{rel}","templated":true}]}}