{"id":2168,"date":"2025-02-19T10:05:58","date_gmt":"2025-02-19T09:05:58","guid":{"rendered":"https:\/\/monumental-valois.com\/oeuvre-monumentale\/sapho-harmonia-entre-arte-e-natureza-por-bourdelle\/"},"modified":"2026-03-02T16:14:20","modified_gmt":"2026-03-02T15:14:20","slug":"sapho-harmonia-entre-arte-e-natureza-por-bourdelle","status":"publish","type":"oeuvre","link":"https:\/\/monumental-valois.com\/pt-br\/obra-monumental\/sapho-harmonia-entre-arte-e-natureza-por-bourdelle\/","title":{"rendered":"Sapho: harmonia entre arte e natureza por Bourdelle"},"content":{"rendered":"\n<div class=\"wp-block-columns alignwide is-style-espace-60-px is-layout-flex wp-container-core-columns-is-layout-28f84493 wp-block-columns-is-layout-flex\">\n<div class=\"wp-block-column is-layout-flow wp-block-column-is-layout-flow\" style=\"flex-basis:30%\"><div class=\"lazyblock-partager-la-page-Z1SDHFv wp-block-lazyblock-partager-la-page\"> <div class=\"partage-single\">\r\n                        <p>Compartilhe esta p\u00e1gina<\/p>\r\n                        <div class=\"liens\">\r\n                            <a href=\"http:\/\/twitter.com\/share?url=https%3A%2F%2Fmonumental-valois.com%2Fpt-br%2Fobra-monumental%2Fsapho-harmonia-entre-arte-e-natureza-por-bourdelle%2F\" class=\"share-x\" target=\"_blank\" rel=\"nofollow\" title=\"Compartilhar no X\"><\/a>\r\n                            <a href=\"http:\/\/www.facebook.com\/sharer.php?u=https%3A%2F%2Fmonumental-valois.com%2Fpt-br%2Fobra-monumental%2Fsapho-harmonia-entre-arte-e-natureza-por-bourdelle%2F&#038;t=Sapho%3A+harmonia+entre+arte+e+natureza+por+Bourdelle&#038;src=sp\" class=\"share-facebook\" target=\"_blank\" rel=\"nofollow\" title=\"Compartilhar no Facebook\">\r\n\r\n                            <\/a>\r\n\r\n\r\n                        <\/div>\r\n                    <\/div><\/div><\/div>\n\n\n\n<div class=\"wp-block-column is-layout-flow wp-block-column-is-layout-flow\" style=\"flex-basis:70%\">\n<p class=\"has-28-px-font-size\">Sapho, uma obra not\u00e1vel de Antoine Bourdelle, est\u00e1 entronizada no pomar de ma\u00e7\u00e3s do Donjon de Vez. Esse cen\u00e1rio natural, projetado como uma vitrine, amplia a poesia dessa escultura, ao mesmo tempo em que destaca o di\u00e1logo sutil entre arte e natureza. <\/p>\n<\/div>\n<\/div>\n\n<div class=\"wp-block-group alignfull is-style-fond-blanc-gris\"><div class=\"wp-block-group__inner-container is-layout-constrained wp-block-group-is-layout-constrained\">\n<div class=\"wp-block-columns alignwide are-vertically-aligned-bottom is-style-espace-60-px is-layout-flex wp-container-core-columns-is-layout-28f84493 wp-block-columns-is-layout-flex\">\n<div class=\"wp-block-column is-vertically-aligned-bottom is-layout-flow wp-block-column-is-layout-flow\" style=\"flex-basis:30%\">\n<p class=\"is-style-sur-titre-page\">Sapho: harmonia entre arte e natureza por Bourdelle<\/p>\n\n\n\n<h2 class=\"wp-block-heading has-36-px-font-size\"><strong>Um tema revisitado por Bourdelle<\/strong><\/h2>\n\n\n\n<p>Inspirado j\u00e1 em 1887 por uma jovem italiana, Bourdelle deu a Sapho sua forma definitiva em 1925. Apresentada na Exposition Internationale des Arts D\u00e9coratifs, a obra reflete a busca de Bourdelle pela simplicidade e monumentalidade, em rea\u00e7\u00e3o \u00e0 escultura que era considerada muito expressiva. <\/p>\n\n\n\n<h2 class=\"wp-block-heading has-36-px-font-size\"><strong>Uma est\u00e9tica entre o arca\u00edsmo e a modernidade<\/strong><\/h2>\n\n\n\n<p>Uma est\u00e9tica entre o arca\u00edsmo e a modernidade<br\/>Sentada em medita\u00e7\u00e3o, Sapho segura uma lira esquematizada com toques cubistas. A geometriza\u00e7\u00e3o das formas, as dobras angulares de seu vestido e a composi\u00e7\u00e3o triangular conferem \u00e0 obra uma for\u00e7a atemporal, oscilando entre o arca\u00edsmo e a abstra\u00e7\u00e3o. <\/p>\n\n\n\n<h2 class=\"wp-block-heading has-36-px-font-size\"><strong>Monumentalismo na d\u00e9cada de 1920<\/strong><\/h2>\n\n\n\n<p>Com Sapho, Bourdelle deu um car\u00e1ter monumental a uma cena \u00edntima. Seu estilo refinado e geom\u00e9trico ilustra a busca pelo equil\u00edbrio caracter\u00edstico da d\u00e9cada de 1920, combinando sobriedade com poder expressivo. <\/p>\n<\/div>\n\n\n\n<div class=\"wp-block-column is-vertically-aligned-bottom is-layout-flow wp-block-column-is-layout-flow\" style=\"flex-basis:70%\">\n<figure class=\"wp-block-image size-full\"><img loading=\"lazy\" decoding=\"async\" width=\"600\" height=\"800\" src=\"https:\/\/monumental-valois.com\/wp-content\/uploads\/2025\/02\/Sapho-antoine-bourdelle.jpg\" alt=\"Sapho: harmonia entre arte e natureza por Bourdelle\" class=\"wp-image-779\" srcset=\"https:\/\/monumental-valois.com\/wp-content\/uploads\/2025\/02\/Sapho-antoine-bourdelle.jpg 600w, https:\/\/monumental-valois.com\/wp-content\/uploads\/2025\/02\/Sapho-antoine-bourdelle-300x400.jpg 300w, https:\/\/monumental-valois.com\/wp-content\/uploads\/2025\/02\/Sapho-antoine-bourdelle-338x450.jpg 338w, https:\/\/monumental-valois.com\/wp-content\/uploads\/2025\/02\/Sapho-antoine-bourdelle-450x600.jpg 450w\" sizes=\"auto, (max-width: 600px) 100vw, 600px\" \/><\/figure>\n<\/div>\n<\/div>\n<\/div><\/div>\n\n<div style=\"height:50px\" aria-hidden=\"true\" class=\"wp-block-spacer\"><\/div>\n\n<div class=\"wp-block-cover alignwide\"><span aria-hidden=\"true\" class=\"wp-block-cover__background has-noir-background-color has-background-dim\"><\/span><img loading=\"lazy\" decoding=\"async\" width=\"1200\" height=\"1630\" class=\"wp-block-cover__image-background wp-image-347\" alt=\"\" src=\"https:\/\/monumental-valois.com\/wp-content\/uploads\/2025\/02\/Antoine_Bourdelle-\u00a9agence-de-presse-Meurisse.jpg\" style=\"object-position:43% 22%\" data-object-fit=\"cover\" data-object-position=\"43% 22%\" srcset=\"https:\/\/monumental-valois.com\/wp-content\/uploads\/2025\/02\/Antoine_Bourdelle-\u00a9agence-de-presse-Meurisse.jpg 1200w, https:\/\/monumental-valois.com\/wp-content\/uploads\/2025\/02\/Antoine_Bourdelle-\u00a9agence-de-presse-Meurisse-294x400.jpg 294w, https:\/\/monumental-valois.com\/wp-content\/uploads\/2025\/02\/Antoine_Bourdelle-\u00a9agence-de-presse-Meurisse-663x900.jpg 663w, https:\/\/monumental-valois.com\/wp-content\/uploads\/2025\/02\/Antoine_Bourdelle-\u00a9agence-de-presse-Meurisse-768x1043.jpg 768w, https:\/\/monumental-valois.com\/wp-content\/uploads\/2025\/02\/Antoine_Bourdelle-\u00a9agence-de-presse-Meurisse-1131x1536.jpg 1131w, https:\/\/monumental-valois.com\/wp-content\/uploads\/2025\/02\/Antoine_Bourdelle-\u00a9agence-de-presse-Meurisse-331x450.jpg 331w, https:\/\/monumental-valois.com\/wp-content\/uploads\/2025\/02\/Antoine_Bourdelle-\u00a9agence-de-presse-Meurisse-442x600.jpg 442w\" sizes=\"auto, (max-width: 1200px) 100vw, 1200px\" \/><div class=\"wp-block-cover__inner-container is-layout-constrained wp-block-cover-is-layout-constrained\">\n<h3 class=\"wp-block-heading alignwide has-text-align-left has-64-px-font-size\">Visite a p\u00e1gina<br\/>dedicada ao artista<\/h3>\n\n\n\n<div class=\"wp-block-buttons alignwide is-layout-flex wp-block-buttons-is-layout-flex\">\n<div class=\"wp-block-button\"><a class=\"wp-block-button__link wp-element-button\" href=\"https:\/\/monumental-valois.com\/pt-br\/artista\/antoine-bourdelle\/\">Veja o artista<\/a><\/div>\n<\/div>\n<\/div><\/div>\n\n<p><\/p>\n","protected":false},"excerpt":{"rendered":"<p>Sapho, uma obra not\u00e1vel de Antoine Bourdelle, est\u00e1 entronizada no pomar de ma\u00e7\u00e3s do Donjon de Vez. Esse cen\u00e1rio natural, [&hellip;]<\/p>\n","protected":false},"featured_media":2169,"template":"","class_list":["post-2168","oeuvre","type-oeuvre","status-publish","has-post-thumbnail","hentry"],"_links":{"self":[{"href":"https:\/\/monumental-valois.com\/pt-br\/wp-json\/wp\/v2\/oeuvre\/2168","targetHints":{"allow":["GET"]}}],"collection":[{"href":"https:\/\/monumental-valois.com\/pt-br\/wp-json\/wp\/v2\/oeuvre"}],"about":[{"href":"https:\/\/monumental-valois.com\/pt-br\/wp-json\/wp\/v2\/types\/oeuvre"}],"wp:featuredmedia":[{"embeddable":true,"href":"https:\/\/monumental-valois.com\/pt-br\/wp-json\/wp\/v2\/media\/2169"}],"wp:attachment":[{"href":"https:\/\/monumental-valois.com\/pt-br\/wp-json\/wp\/v2\/media?parent=2168"}],"curies":[{"name":"wp","href":"https:\/\/api.w.org\/{rel}","templated":true}]}}