{"id":2181,"date":"2025-02-19T09:40:06","date_gmt":"2025-02-19T08:40:06","guid":{"rendered":"https:\/\/monumental-valois.com\/oeuvre-monumentale\/expansao-no-1-a-escultura-viva-de-cesar\/"},"modified":"2026-03-02T16:23:17","modified_gmt":"2026-03-02T15:23:17","slug":"expansao-no-1-a-escultura-viva-de-cesar","status":"publish","type":"oeuvre","link":"https:\/\/monumental-valois.com\/pt-br\/obra-monumental\/expansao-no-1-a-escultura-viva-de-cesar\/","title":{"rendered":"Expans\u00e3o n\u00ba 1: a escultura viva de C\u00e9sar"},"content":{"rendered":"\n<div class=\"wp-block-columns alignwide is-style-espace-60-px is-layout-flex wp-container-core-columns-is-layout-28f84493 wp-block-columns-is-layout-flex\">\n<div class=\"wp-block-column is-layout-flow wp-block-column-is-layout-flow\" style=\"flex-basis:30%\"><div class=\"lazyblock-partager-la-page-Z1SDHFv wp-block-lazyblock-partager-la-page\"> <div class=\"partage-single\">\r\n                        <p>Compartilhe esta p\u00e1gina<\/p>\r\n                        <div class=\"liens\">\r\n                            <a href=\"http:\/\/twitter.com\/share?url=https%3A%2F%2Fmonumental-valois.com%2Fpt-br%2Fobra-monumental%2Fexpansao-no-1-a-escultura-viva-de-cesar%2F\" class=\"share-x\" target=\"_blank\" rel=\"nofollow\" title=\"Compartilhar no X\"><\/a>\r\n                            <a href=\"http:\/\/www.facebook.com\/sharer.php?u=https%3A%2F%2Fmonumental-valois.com%2Fpt-br%2Fobra-monumental%2Fexpansao-no-1-a-escultura-viva-de-cesar%2F&#038;t=Expans%C3%A3o+n%C2%BA+1%3A+a+escultura+viva+de+C%C3%A9sar&#038;src=sp\" class=\"share-facebook\" target=\"_blank\" rel=\"nofollow\" title=\"Compartilhar no Facebook\">\r\n\r\n                            <\/a>\r\n\r\n\r\n                        <\/div>\r\n                    <\/div><\/div><\/div>\n\n\n\n<div class=\"wp-block-column is-layout-flow wp-block-column-is-layout-flow\" style=\"flex-basis:70%\">\n<p class=\"has-28-px-font-size\">Expansion n\u00b01, exibida na Donjon de Vez, faz parte da s\u00e9rie &#8220;Expansions&#8221; de C\u00e9sar, criada em 1967. Usando poliuretano, um material com propriedades exclusivas, essa escultura monumentaliza formas org\u00e2nicas que parecem congeladas e em movimento. <\/p>\n<\/div>\n<\/div>\n\n<div class=\"wp-block-group alignfull is-style-fond-blanc-gris\"><div class=\"wp-block-group__inner-container is-layout-constrained wp-block-group-is-layout-constrained\">\n<div class=\"wp-block-columns alignwide are-vertically-aligned-bottom is-style-espace-60-px is-layout-flex wp-container-core-columns-is-layout-28f84493 wp-block-columns-is-layout-flex\">\n<div class=\"wp-block-column is-vertically-aligned-bottom is-layout-flow wp-block-column-is-layout-flow\" style=\"flex-basis:30%\">\n<p class=\"is-style-sur-titre-page\">Expans\u00e3o n\u00ba 1: a escultura viva de C\u00e9sar<\/p>\n\n\n\n<h2 class=\"wp-block-heading has-36-px-font-size\">Entre a suavidade e a aspereza<\/h2>\n\n\n\n<p>Na Expans\u00e3o n\u00ba 1, a forma redonda e maci\u00e7a da obra contrasta com a textura \u00e1spera de sua superf\u00edcie, marcada pela ferrugem. Essa pe\u00e7a, cheia de paradoxos, combina a aparente suavidade de sua forma com a dureza do material, uma tens\u00e3o caracter\u00edstica das esculturas de C\u00e9sar. Aqui, o artista explora as infinitas possibilidades do poliuretano, cuja fundi\u00e7\u00e3o, estratifica\u00e7\u00e3o e acabamento d\u00e3o \u00e0 obra uma qualidade que \u00e9 ao mesmo tempo fixa e viva.  <\/p>\n\n\n\n<h2 class=\"wp-block-heading has-36-px-font-size\"><strong>Uma obra monumental e viva<\/strong><\/h2>\n\n\n\n<p>Expansion n\u00b01 evolui com o tempo, a ferrugem e a transforma\u00e7\u00e3o, acrescentando uma dimens\u00e3o viva \u00e0 obra. Essa escultura n\u00e3o \u00e9 simplesmente uma forma, mas uma experi\u00eancia sensorial e temporal, marcada pelo processo criativo aleat\u00f3rio e pela intera\u00e7\u00e3o com seu ambiente. <\/p>\n<\/div>\n\n\n\n<div class=\"wp-block-column is-vertically-aligned-bottom is-layout-flow wp-block-column-is-layout-flow\" style=\"flex-basis:70%\">\n<figure class=\"wp-block-image size-full\"><img loading=\"lazy\" decoding=\"async\" width=\"600\" height=\"550\" src=\"https:\/\/monumental-valois.com\/wp-content\/uploads\/2025\/02\/Expansion-n1-cesar.jpg\" alt=\"Expans&#xE3;o n&#xBA; 1: a escultura viva de C&#xE9;sar\" class=\"wp-image-786\" srcset=\"https:\/\/monumental-valois.com\/wp-content\/uploads\/2025\/02\/Expansion-n1-cesar.jpg 600w, https:\/\/monumental-valois.com\/wp-content\/uploads\/2025\/02\/Expansion-n1-cesar-436x400.jpg 436w, https:\/\/monumental-valois.com\/wp-content\/uploads\/2025\/02\/Expansion-n1-cesar-450x413.jpg 450w\" sizes=\"auto, (max-width: 600px) 100vw, 600px\" \/><\/figure>\n<\/div>\n<\/div>\n<\/div><\/div>\n\n<div style=\"height:50px\" aria-hidden=\"true\" class=\"wp-block-spacer\"><\/div>\n\n<div class=\"wp-block-cover alignwide\"><span aria-hidden=\"true\" class=\"wp-block-cover__background has-noir-background-color has-background-dim\"><\/span><img loading=\"lazy\" decoding=\"async\" width=\"512\" height=\"512\" class=\"wp-block-cover__image-background wp-image-339\" alt=\"C\u00e9sar\" src=\"https:\/\/monumental-valois.com\/wp-content\/uploads\/2025\/02\/cc3a9sar-baldaccini-\u00a9La-Beautaniste.jpg\" style=\"object-position:52% 14%\" data-object-fit=\"cover\" data-object-position=\"52% 14%\" srcset=\"https:\/\/monumental-valois.com\/wp-content\/uploads\/2025\/02\/cc3a9sar-baldaccini-\u00a9La-Beautaniste.jpg 512w, https:\/\/monumental-valois.com\/wp-content\/uploads\/2025\/02\/cc3a9sar-baldaccini-\u00a9La-Beautaniste-400x400.jpg 400w, https:\/\/monumental-valois.com\/wp-content\/uploads\/2025\/02\/cc3a9sar-baldaccini-\u00a9La-Beautaniste-300x300.jpg 300w, https:\/\/monumental-valois.com\/wp-content\/uploads\/2025\/02\/cc3a9sar-baldaccini-\u00a9La-Beautaniste-450x450.jpg 450w\" sizes=\"auto, (max-width: 512px) 100vw, 512px\" \/><div class=\"wp-block-cover__inner-container is-layout-constrained wp-block-cover-is-layout-constrained\">\n<h3 class=\"wp-block-heading alignwide has-text-align-left has-64-px-font-size\">Visite a p\u00e1gina<br\/>dedicada ao artista<\/h3>\n\n\n\n<div class=\"wp-block-buttons alignwide is-layout-flex wp-block-buttons-is-layout-flex\">\n<div class=\"wp-block-button\"><a class=\"wp-block-button__link wp-element-button\" href=\"https:\/\/monumental-valois.com\/pt-br\/artista\/cesar\/\">Veja o artista<\/a><\/div>\n<\/div>\n<\/div><\/div>\n\n<p><\/p>\n","protected":false},"excerpt":{"rendered":"<p>Expansion n\u00b01, exibida na Donjon de Vez, faz parte da s\u00e9rie &#8220;Expansions&#8221; de C\u00e9sar, criada em 1967. Usando poliuretano, um [&hellip;]<\/p>\n","protected":false},"featured_media":2182,"template":"","class_list":["post-2181","oeuvre","type-oeuvre","status-publish","has-post-thumbnail","hentry"],"_links":{"self":[{"href":"https:\/\/monumental-valois.com\/pt-br\/wp-json\/wp\/v2\/oeuvre\/2181","targetHints":{"allow":["GET"]}}],"collection":[{"href":"https:\/\/monumental-valois.com\/pt-br\/wp-json\/wp\/v2\/oeuvre"}],"about":[{"href":"https:\/\/monumental-valois.com\/pt-br\/wp-json\/wp\/v2\/types\/oeuvre"}],"wp:featuredmedia":[{"embeddable":true,"href":"https:\/\/monumental-valois.com\/pt-br\/wp-json\/wp\/v2\/media\/2182"}],"wp:attachment":[{"href":"https:\/\/monumental-valois.com\/pt-br\/wp-json\/wp\/v2\/media?parent=2181"}],"curies":[{"name":"wp","href":"https:\/\/api.w.org\/{rel}","templated":true}]}}