{"id":2195,"date":"2025-02-20T14:42:08","date_gmt":"2025-02-20T13:42:08","guid":{"rendered":"https:\/\/monumental-valois.com\/oeuvre-monumentale\/reskate-fresco-uma-obra-de-arte-com-varios-simbolos\/"},"modified":"2026-03-02T16:34:36","modified_gmt":"2026-03-02T15:34:36","slug":"reskate-fresco-uma-obra-de-arte-com-varios-simbolos","status":"publish","type":"oeuvre","link":"https:\/\/monumental-valois.com\/pt-br\/obra-monumental\/reskate-fresco-uma-obra-de-arte-com-varios-simbolos\/","title":{"rendered":"Reskate fresco: uma obra de arte com v\u00e1rios s\u00edmbolos"},"content":{"rendered":"\n<div class=\"wp-block-columns alignwide is-style-espace-60-px is-layout-flex wp-container-core-columns-is-layout-28f84493 wp-block-columns-is-layout-flex\">\n<div class=\"wp-block-column is-layout-flow wp-block-column-is-layout-flow\" style=\"flex-basis:30%\"><div class=\"lazyblock-partager-la-page-Z1SDHFv wp-block-lazyblock-partager-la-page\"> <div class=\"partage-single\">\r\n                        <p>Compartilhe esta p\u00e1gina<\/p>\r\n                        <div class=\"liens\">\r\n                            <a href=\"http:\/\/twitter.com\/share?url=https%3A%2F%2Fmonumental-valois.com%2Fpt-br%2Fobra-monumental%2Freskate-fresco-uma-obra-de-arte-com-varios-simbolos%2F\" class=\"share-x\" target=\"_blank\" rel=\"nofollow\" title=\"Compartilhar no X\"><\/a>\r\n                            <a href=\"http:\/\/www.facebook.com\/sharer.php?u=https%3A%2F%2Fmonumental-valois.com%2Fpt-br%2Fobra-monumental%2Freskate-fresco-uma-obra-de-arte-com-varios-simbolos%2F&#038;t=Reskate+fresco%3A+uma+obra+de+arte+com+v%C3%A1rios+s%C3%ADmbolos&#038;src=sp\" class=\"share-facebook\" target=\"_blank\" rel=\"nofollow\" title=\"Compartilhar no Facebook\">\r\n\r\n                            <\/a>\r\n\r\n\r\n                        <\/div>\r\n                    <\/div><\/div><\/div>\n\n\n\n<div class=\"wp-block-column is-layout-flow wp-block-column-is-layout-flow\" style=\"flex-basis:70%\">\n<p class=\"has-28-px-font-size\">O afresco Reskate, o primeiro trabalho na rota Monumental Valois, faz parte do desenvolvimento da entrada da Voie verte em Mareuil-sur-Ourcq, cobrindo de forma espetacular um antigo transformador de eletricidade. Um verdadeiro marco visual, esse afresco monumental percorre continuamente os quatro lados da torre de 12 metros de altura, oferecendo uma experi\u00eancia imersiva de 360\u00b0. <\/p>\n<\/div>\n<\/div>\n\n<div class=\"wp-block-group alignfull is-style-fond-blanc-gris\"><div class=\"wp-block-group__inner-container is-layout-constrained wp-block-group-is-layout-constrained\">\n<div class=\"wp-block-columns alignwide are-vertically-aligned-bottom is-style-espace-60-px is-layout-flex wp-container-core-columns-is-layout-28f84493 wp-block-columns-is-layout-flex\">\n<div class=\"wp-block-column is-vertically-aligned-bottom is-layout-flow wp-block-column-is-layout-flow\" style=\"flex-basis:30%\">\n<p class=\"is-style-sur-titre-page\">Fresco Reskate<\/p>\n\n\n\n<h2 class=\"wp-block-heading has-36-px-font-size\">Um tributo \u00e0 hist\u00f3ria e \u00e0 ess\u00eancia da regi\u00e3o de Valois<\/h2>\n\n\n\n<p>Inspirado na hist\u00f3ria e na ess\u00eancia do Pays de Valois, o trabalho explora v\u00e1rios temas importantes: sil\u00eancio, natureza, cultura, movimento e tradi\u00e7\u00e3o, com foco especial em tr\u00eas dire\u00e7\u00f5es principais: arco e flecha, natureza e arquitetura.<\/p>\n<\/div>\n\n\n\n<div class=\"wp-block-column is-vertically-aligned-bottom is-layout-flow wp-block-column-is-layout-flow\" style=\"flex-basis:70%\">\n<figure class=\"wp-block-image alignwide size-full is-style-img-responsive\"><img loading=\"lazy\" decoding=\"async\" width=\"1000\" height=\"888\" src=\"https:\/\/monumental-valois.com\/wp-content\/uploads\/2024\/12\/FresqueReskate-pays-valois-jour.jpg\" alt=\"\" class=\"wp-image-484\" srcset=\"https:\/\/monumental-valois.com\/wp-content\/uploads\/2024\/12\/FresqueReskate-pays-valois-jour.jpg 1000w, https:\/\/monumental-valois.com\/wp-content\/uploads\/2024\/12\/FresqueReskate-pays-valois-jour-450x400.jpg 450w, https:\/\/monumental-valois.com\/wp-content\/uploads\/2024\/12\/FresqueReskate-pays-valois-jour-768x682.jpg 768w, https:\/\/monumental-valois.com\/wp-content\/uploads\/2024\/12\/FresqueReskate-pays-valois-jour-676x600.jpg 676w\" sizes=\"auto, (max-width: 1000px) 100vw, 1000px\" \/><\/figure>\n<\/div>\n<\/div>\n<\/div><\/div>\n\n<div style=\"height:70px\" aria-hidden=\"true\" class=\"wp-block-spacer\"><\/div>\n\n<div class=\"wp-block-columns alignwide is-layout-flex wp-container-core-columns-is-layout-28f84493 wp-block-columns-is-layout-flex\">\n<div class=\"wp-block-column is-layout-flow wp-block-column-is-layout-flow\" style=\"flex-basis:50%\">\n<figure class=\"wp-block-image size-large\"><img loading=\"lazy\" decoding=\"async\" width=\"825\" height=\"900\" src=\"https:\/\/monumental-valois.com\/wp-content\/uploads\/2024\/12\/FresqueReskate-pays-valois-nuit-825x900.jpg\" alt=\"Fresco Reskate Pays du Valois\" class=\"wp-image-582\" srcset=\"https:\/\/monumental-valois.com\/wp-content\/uploads\/2024\/12\/FresqueReskate-pays-valois-nuit-825x900.jpg 825w, https:\/\/monumental-valois.com\/wp-content\/uploads\/2024\/12\/FresqueReskate-pays-valois-nuit-367x400.jpg 367w, https:\/\/monumental-valois.com\/wp-content\/uploads\/2024\/12\/FresqueReskate-pays-valois-nuit-768x838.jpg 768w, https:\/\/monumental-valois.com\/wp-content\/uploads\/2024\/12\/FresqueReskate-pays-valois-nuit-413x450.jpg 413w, https:\/\/monumental-valois.com\/wp-content\/uploads\/2024\/12\/FresqueReskate-pays-valois-nuit-550x600.jpg 550w, https:\/\/monumental-valois.com\/wp-content\/uploads\/2024\/12\/FresqueReskate-pays-valois-nuit.jpg 850w\" sizes=\"auto, (max-width: 825px) 100vw, 825px\" \/><\/figure>\n<\/div>\n\n\n\n<div class=\"wp-block-column is-vertically-aligned-bottom is-layout-flow wp-block-column-is-layout-flow\" style=\"flex-basis:50%\">\n<div class=\"wp-block-group is-style-largeur-max-370\"><div class=\"wp-block-group__inner-container is-layout-constrained wp-block-group-is-layout-constrained\">\n<p class=\"is-style-sur-titre-page\">Fresco Reskate<\/p>\n\n\n\n<h2 class=\"wp-block-heading has-36-px-font-size\">Um trabalho com duas faces<\/h2>\n\n\n\n<p>Articulado nos quatro lados da torre por uma continuidade infinita, esse trabalho &#8220;Janus&#8221; com duas faces tem a particularidade de ter uma vers\u00e3o diurna e outra noturna.<\/p>\n\n\n\n<p>Durante o dia, ele revela uma paleta de cores sutil, apresentando duas figuras, com as cabe\u00e7as perdidas na mesma nuvem, interagindo ao segurar uma flecha em atitudes diferentes. Esse s\u00edmbolo ecoa a tradi\u00e7\u00e3o do arco e flecha, que atravessa gera\u00e7\u00f5es, e tamb\u00e9m \u00e9 um sinal discreto que indica onde est\u00e1 o &#8220;caminho&#8221;. <\/p>\n<\/div><\/div>\n<\/div>\n<\/div>\n\n<div style=\"height:70px\" aria-hidden=\"true\" class=\"wp-block-spacer\"><\/div>\n\n<div class=\"wp-block-group alignwide\"><div class=\"wp-block-group__inner-container is-layout-constrained wp-block-group-is-layout-constrained\">\n<figure class=\"wp-block-embed alignwide is-type-video is-provider-youtube wp-block-embed-youtube wp-embed-aspect-16-9 wp-has-aspect-ratio\"><div class=\"wp-block-embed__wrapper\">\n<iframe loading=\"lazy\" title=\"Monumental Valois | Fresque Reskate \u00e0 Mareuil-sur-Ourcq (60)\" width=\"500\" height=\"281\" src=\"https:\/\/www.youtube.com\/embed\/_YJuVugtow8?feature=oembed\" frameborder=\"0\" allow=\"accelerometer; autoplay; clipboard-write; encrypted-media; gyroscope; picture-in-picture; web-share\" referrerpolicy=\"strict-origin-when-cross-origin\" allowfullscreen><\/iframe>\n<\/div><\/figure>\n<\/div><\/div>\n\n<div style=\"height:70px\" aria-hidden=\"true\" class=\"wp-block-spacer\"><\/div>\n\n<div class=\"wp-block-group alignfull is-style-fond-gris-blanc\"><div class=\"wp-block-group__inner-container is-layout-constrained wp-block-group-is-layout-constrained\">\n<div class=\"wp-block-columns alignwide are-vertically-aligned-bottom is-layout-flex wp-container-core-columns-is-layout-28f84493 wp-block-columns-is-layout-flex\">\n<div class=\"wp-block-column is-vertically-aligned-bottom is-layout-flow wp-block-column-is-layout-flow\" style=\"flex-basis:60%\">\n<figure class=\"wp-block-image size-full is-style-img-responsive\"><img loading=\"lazy\" decoding=\"async\" width=\"1000\" height=\"667\" src=\"https:\/\/monumental-valois.com\/wp-content\/uploads\/2025\/02\/FresqueReskate-pays-valois-@sophiepalmier-85.jpg\" alt=\"\" class=\"wp-image-595\" srcset=\"https:\/\/monumental-valois.com\/wp-content\/uploads\/2025\/02\/FresqueReskate-pays-valois-@sophiepalmier-85.jpg 1000w, https:\/\/monumental-valois.com\/wp-content\/uploads\/2025\/02\/FresqueReskate-pays-valois-@sophiepalmier-85-600x400.jpg 600w, https:\/\/monumental-valois.com\/wp-content\/uploads\/2025\/02\/FresqueReskate-pays-valois-@sophiepalmier-85-768x512.jpg 768w, https:\/\/monumental-valois.com\/wp-content\/uploads\/2025\/02\/FresqueReskate-pays-valois-@sophiepalmier-85-450x300.jpg 450w, https:\/\/monumental-valois.com\/wp-content\/uploads\/2025\/02\/FresqueReskate-pays-valois-@sophiepalmier-85-900x600.jpg 900w\" sizes=\"auto, (max-width: 1000px) 100vw, 1000px\" \/><\/figure>\n<\/div>\n\n\n\n<div class=\"wp-block-column is-vertically-aligned-bottom has-blanc-background-color has-background is-layout-flow wp-block-column-is-layout-flow\" style=\"flex-basis:5%\"><\/div>\n\n\n\n<div class=\"wp-block-column is-vertically-aligned-bottom is-layout-flow wp-block-column-is-layout-flow\" style=\"flex-basis:35%\">\n<figure class=\"wp-block-image size-full is-style-img-responsive\"><img loading=\"lazy\" decoding=\"async\" width=\"600\" height=\"600\" src=\"https:\/\/monumental-valois.com\/wp-content\/uploads\/2025\/02\/FresqueReskate-pays-valois-@sophiepalmier-38.jpg\" alt=\"\" class=\"wp-image-593\" srcset=\"https:\/\/monumental-valois.com\/wp-content\/uploads\/2025\/02\/FresqueReskate-pays-valois-@sophiepalmier-38.jpg 600w, https:\/\/monumental-valois.com\/wp-content\/uploads\/2025\/02\/FresqueReskate-pays-valois-@sophiepalmier-38-400x400.jpg 400w, https:\/\/monumental-valois.com\/wp-content\/uploads\/2025\/02\/FresqueReskate-pays-valois-@sophiepalmier-38-300x300.jpg 300w, https:\/\/monumental-valois.com\/wp-content\/uploads\/2025\/02\/FresqueReskate-pays-valois-@sophiepalmier-38-450x450.jpg 450w\" sizes=\"auto, (max-width: 600px) 100vw, 600px\" \/><\/figure>\n<\/div>\n<\/div>\n<\/div><\/div>\n\n<div style=\"height:70px\" aria-hidden=\"true\" class=\"wp-block-spacer\"><\/div>\n\n<div class=\"wp-block-media-text alignfull has-media-on-the-right is-stacked-on-mobile is-image-fill-element is-style-texte-max-400-px\" style=\"grid-template-columns:auto 58%\"><div class=\"wp-block-media-text__content\">\n<p class=\"is-style-sur-titre-page\">Fresco Reskate<\/p>\n\n\n\n<p>Na parte inferior da torre, os arcos evocam os por\u00f5es abobadados do patrim\u00f4nio arquitet\u00f4nico da regi\u00e3o de Valois. Eles refletem o espanto dos artistas com a qualidade da arquitetura de Valois, que pode ser encontrada at\u00e9 mesmo nos por\u00f5es das casas mais antigas, alguns de cujos arcos foram reproduzidos. <\/p>\n\n\n\n<p>\u00c0 noite, a obra \u00e9 transformada por efeitos de ilumina\u00e7\u00e3o, revelando elementos ocultos. As penas nas flechas tornam-se um buqu\u00ea exuberante da natureza, enquanto os rostos dos personagens s\u00e3o transformados em rostos de crian\u00e7as, ressaltando a import\u00e2ncia das gera\u00e7\u00f5es futuras e a transmiss\u00e3o de valores ao longo do tempo. <\/p>\n\n\n\n<p>Gra\u00e7as ao uso de tintas fotoluminescentes e luzes UV, esse afresco ganha uma nova dimens\u00e3o ao cair da noite, oferecendo uma vis\u00e3o diferente e po\u00e9tica que convida os espectadores a redescobrir a obra de outro \u00e2ngulo.<\/p>\n<\/div><figure class=\"wp-block-media-text__media\"><img loading=\"lazy\" decoding=\"async\" width=\"1350\" height=\"900\" src=\"https:\/\/monumental-valois.com\/wp-content\/uploads\/2024\/12\/Fresque-Reskate-pays-valois-face-arriere-1350x900.jpg\" alt=\"\" class=\"wp-image-589 size-full\" style=\"object-position:63% 17%\" srcset=\"https:\/\/monumental-valois.com\/wp-content\/uploads\/2024\/12\/Fresque-Reskate-pays-valois-face-arriere-1350x900.jpg 1350w, https:\/\/monumental-valois.com\/wp-content\/uploads\/2024\/12\/Fresque-Reskate-pays-valois-face-arriere-600x400.jpg 600w, https:\/\/monumental-valois.com\/wp-content\/uploads\/2024\/12\/Fresque-Reskate-pays-valois-face-arriere-768x512.jpg 768w, https:\/\/monumental-valois.com\/wp-content\/uploads\/2024\/12\/Fresque-Reskate-pays-valois-face-arriere-1536x1024.jpg 1536w, https:\/\/monumental-valois.com\/wp-content\/uploads\/2024\/12\/Fresque-Reskate-pays-valois-face-arriere-450x300.jpg 450w, https:\/\/monumental-valois.com\/wp-content\/uploads\/2024\/12\/Fresque-Reskate-pays-valois-face-arriere-900x600.jpg 900w, https:\/\/monumental-valois.com\/wp-content\/uploads\/2024\/12\/Fresque-Reskate-pays-valois-face-arriere.jpg 1600w\" sizes=\"auto, (max-width: 1350px) 100vw, 1350px\" \/><\/figure><\/div>\n\n<div style=\"height:70px\" aria-hidden=\"true\" class=\"wp-block-spacer\"><\/div>\n\n<div class=\"wp-block-group alignfull is-style-fond-blanc-gris\"><div class=\"wp-block-group__inner-container is-layout-constrained wp-block-group-is-layout-constrained\">\n<div class=\"wp-block-columns alignwide are-vertically-aligned-bottom has-blanc-background-color has-background is-layout-flex wp-container-core-columns-is-layout-28f84493 wp-block-columns-is-layout-flex\">\n<div class=\"wp-block-column is-vertically-aligned-bottom is-layout-flow wp-block-column-is-layout-flow\" style=\"flex-basis:30%\">\n<figure class=\"wp-block-image size-large\"><img loading=\"lazy\" decoding=\"async\" width=\"825\" height=\"900\" src=\"https:\/\/monumental-valois.com\/wp-content\/uploads\/2024\/12\/FresqueReskate-pays-valois-nuit-825x900.jpg\" alt=\"Fresco Reskate Pays du Valois\" class=\"wp-image-582\" srcset=\"https:\/\/monumental-valois.com\/wp-content\/uploads\/2024\/12\/FresqueReskate-pays-valois-nuit-825x900.jpg 825w, https:\/\/monumental-valois.com\/wp-content\/uploads\/2024\/12\/FresqueReskate-pays-valois-nuit-367x400.jpg 367w, https:\/\/monumental-valois.com\/wp-content\/uploads\/2024\/12\/FresqueReskate-pays-valois-nuit-768x838.jpg 768w, https:\/\/monumental-valois.com\/wp-content\/uploads\/2024\/12\/FresqueReskate-pays-valois-nuit-413x450.jpg 413w, https:\/\/monumental-valois.com\/wp-content\/uploads\/2024\/12\/FresqueReskate-pays-valois-nuit-550x600.jpg 550w, https:\/\/monumental-valois.com\/wp-content\/uploads\/2024\/12\/FresqueReskate-pays-valois-nuit.jpg 850w\" sizes=\"auto, (max-width: 825px) 100vw, 825px\" \/><\/figure>\n<\/div>\n\n\n\n<div class=\"wp-block-column is-vertically-aligned-bottom has-blanc-background-color has-background is-layout-flow wp-block-column-is-layout-flow\" style=\"flex-basis:20%\"><\/div>\n\n\n\n<div class=\"wp-block-column is-vertically-aligned-bottom is-layout-flow wp-block-column-is-layout-flow\" style=\"flex-basis:50%\">\n<div class=\"wp-block-group is-style-largeur-max-370\"><div class=\"wp-block-group__inner-container is-layout-constrained wp-block-group-is-layout-constrained\">\n<p class=\"is-style-sur-titre-page\">Fresco Reskate<\/p>\n\n\n\n<h2 class=\"wp-block-heading has-36-px-font-size\">Um trabalho enraizado na identidade do Pays de Valois<\/h2>\n\n\n\n<p>Com esse afresco espetacular, o coletivo Reskate Studio criou uma obra profundamente enraizada na identidade do Pays de Valois, onde arte, natureza e patrim\u00f4nio interagem em harmonia. \u00c9 uma celebra\u00e7\u00e3o da cultura local e um convite \u00e0 contempla\u00e7\u00e3o, dia e noite. <\/p>\n<\/div><\/div>\n<\/div>\n<\/div>\n<\/div><\/div>\n\n<div style=\"height:70px\" aria-hidden=\"true\" class=\"wp-block-spacer\"><\/div>\n\n<div class=\"wp-block-cover alignwide\"><span aria-hidden=\"true\" class=\"wp-block-cover__background has-noir-background-color has-background-dim\"><\/span><img loading=\"lazy\" decoding=\"async\" width=\"1400\" height=\"600\" class=\"wp-block-cover__image-background wp-image-603\" alt=\"\" src=\"https:\/\/monumental-valois.com\/wp-content\/uploads\/2025\/02\/FresqueReskate-pays-valois-@sophiepalmier-56.jpg\" style=\"object-position:58% 32%\" data-object-fit=\"cover\" data-object-position=\"58% 32%\" srcset=\"https:\/\/monumental-valois.com\/wp-content\/uploads\/2025\/02\/FresqueReskate-pays-valois-@sophiepalmier-56.jpg 1400w, https:\/\/monumental-valois.com\/wp-content\/uploads\/2025\/02\/FresqueReskate-pays-valois-@sophiepalmier-56-800x343.jpg 800w, https:\/\/monumental-valois.com\/wp-content\/uploads\/2025\/02\/FresqueReskate-pays-valois-@sophiepalmier-56-768x329.jpg 768w, https:\/\/monumental-valois.com\/wp-content\/uploads\/2025\/02\/FresqueReskate-pays-valois-@sophiepalmier-56-450x193.jpg 450w\" sizes=\"auto, (max-width: 1400px) 100vw, 1400px\" \/><div class=\"wp-block-cover__inner-container is-layout-constrained wp-block-cover-is-layout-constrained\">\n<h3 class=\"wp-block-heading alignwide has-text-align-left has-64-px-font-size\">Visite a p\u00e1gina<br\/>dedicada ao artista<\/h3>\n\n\n\n<div class=\"wp-block-buttons alignwide is-layout-flex wp-block-buttons-is-layout-flex\">\n<div class=\"wp-block-button\"><a class=\"wp-block-button__link wp-element-button\" href=\"https:\/\/monumental-valois.com\/pt-br\/artista\/estudio-de-reskate\/\">Veja o artista<\/a><\/div>\n<\/div>\n<\/div><\/div>\n\n<p><\/p>\n","protected":false},"excerpt":{"rendered":"<p>O afresco Reskate, o primeiro trabalho na rota Monumental Valois, faz parte do desenvolvimento da entrada da Voie verte em [&hellip;]<\/p>\n","protected":false},"featured_media":2196,"template":"","class_list":["post-2195","oeuvre","type-oeuvre","status-publish","has-post-thumbnail","hentry"],"_links":{"self":[{"href":"https:\/\/monumental-valois.com\/pt-br\/wp-json\/wp\/v2\/oeuvre\/2195","targetHints":{"allow":["GET"]}}],"collection":[{"href":"https:\/\/monumental-valois.com\/pt-br\/wp-json\/wp\/v2\/oeuvre"}],"about":[{"href":"https:\/\/monumental-valois.com\/pt-br\/wp-json\/wp\/v2\/types\/oeuvre"}],"wp:featuredmedia":[{"embeddable":true,"href":"https:\/\/monumental-valois.com\/pt-br\/wp-json\/wp\/v2\/media\/2196"}],"wp:attachment":[{"href":"https:\/\/monumental-valois.com\/pt-br\/wp-json\/wp\/v2\/media?parent=2195"}],"curies":[{"name":"wp","href":"https:\/\/api.w.org\/{rel}","templated":true}]}}