{"id":2008,"date":"2025-02-28T11:52:31","date_gmt":"2025-02-28T10:52:31","guid":{"rendered":"https:\/\/monumental-valois.com\/sala-de-imprensa\/"},"modified":"2026-03-02T11:04:34","modified_gmt":"2026-03-02T10:04:34","slug":"sala-de-imprensa","status":"publish","type":"page","link":"https:\/\/monumental-valois.com\/pt-br\/sala-de-imprensa\/","title":{"rendered":"Sala de imprensa"},"content":{"rendered":"\n<div class=\"wp-block-group alignwide\"><div class=\"wp-block-group__inner-container is-layout-constrained wp-block-group-is-layout-constrained\">\n<div class=\"wp-block-columns alignwide is-style-espace-60-px is-layout-flex wp-container-core-columns-is-layout-28f84493 wp-block-columns-is-layout-flex\">\n<div class=\"wp-block-column is-layout-flow wp-block-column-is-layout-flow\" style=\"flex-basis:65%\">\n<p class=\"has-28-px-font-size\">Bem-vindo \u00e0 \u00e1rea de imprensa da Monumental Valois. Aqui voc\u00ea pode fazer o download de v\u00e1rios kits de imprensa e comunicados \u00e0 imprensa relacionados \u00e0s \u00faltimas not\u00edcias sobre a rota. Estamos \u00e0 sua disposi\u00e7\u00e3o para qualquer informa\u00e7\u00e3o adicional sobre o projeto.  <\/p>\n\n\n\n<div style=\"height:54px\" aria-hidden=\"true\" class=\"wp-block-spacer\"><\/div>\n<\/div>\n\n\n\n<div class=\"wp-block-column is-layout-flow wp-block-column-is-layout-flow\" style=\"flex-basis:35%\"><\/div>\n<\/div>\n\n\n\n<div class=\"wp-block-columns alignwide is-style-espace-60-px is-layout-flex wp-container-core-columns-is-layout-28f84493 wp-block-columns-is-layout-flex\">\n<div class=\"wp-block-column is-layout-flow wp-block-column-is-layout-flow\" style=\"flex-basis:65%\">\n<h2 class=\"wp-block-heading has-40-px-font-size\">2024<\/h2>\n\n\n\n<div style=\"height:20px\" aria-hidden=\"true\" class=\"wp-block-spacer\"><\/div>\n\n\n\n<ul class=\"wp-block-list is-style-list-pdf\">\n<li><a href=\"https:\/\/monumental-valois.com\/wp-content\/uploads\/2025\/02\/DP-inauguration-Fresque-Reskate-min.pdf\" data-type=\"link\" data-id=\"https:\/\/monumental-valois.com\/wp-content\/uploads\/2025\/02\/DP-inauguration-Fresque-Reskate-min.pdf\" target=\"_blank\" rel=\"noreferrer noopener\"><strong>07\/10\/2024 Inaugura\u00e7\u00e3o do afresco de Reskate<br\/>Um afresco que celebra a identidade do Pays de Valois<\/strong><br\/>Ap\u00f3s 5 semanas de trabalho de restaura\u00e7\u00e3o e 2 semanas de trabalho criativo, os artistas do coletivo Reskate Studio conclu\u00edram o afresco neste ver\u00e3o, que agora adorna o antigo transformador de eletricidade na entrada da Voie verte em Mareuil-sur-Ourcq. Esse primeiro trabalho inaugura oficialmente o projeto Monumental Valois. <\/a><\/li>\n\n\n\n<li><a href=\"https:\/\/monumental-valois.com\/wp-content\/uploads\/2025\/02\/CP-Monumental-Valois-un-parcours-dart-contemporain-monumental-prend-naissance-au-coeur-du-Pays-de-Valois-19-09-2024.pdf\" data-type=\"link\" data-id=\"https:\/\/monumental-valois.com\/wp-content\/uploads\/2025\/02\/CP-Monumental-Valois-un-parcours-dart-contemporain-monumental-prend-naissance-au-coeur-du-Pays-de-Valois-19-09-2024.pdf\" target=\"_blank\" rel=\"noreferrer noopener\"><strong>19\/09\/24 Monumental Valois: uma trilha monumental de arte contempor\u00e2nea toma forma no cora\u00e7\u00e3o do Pays de Valois.<\/strong><br\/>A Communaut\u00e9 de Communes du Pays de Valois est\u00e1 divulgando o lan\u00e7amento oficial de um projeto ambicioso, o \u00fanico do g\u00eanero na Europa, para levar a arte contempor\u00e2nea ao ar livre em uma \u00e1rea repleta de hist\u00f3ria: Monumental Valois. Uma trilha de obras de arte monumentais, arquitetura e grafite, projetada para mostrar o patrim\u00f4nio e as riquezas naturais da regi\u00e3o. <\/a><\/li>\n<\/ul>\n\n\n\n<div style=\"height:40px\" aria-hidden=\"true\" class=\"wp-block-spacer\"><\/div>\n\n\n\n<h2 class=\"wp-block-heading has-40-px-font-size\">2022<\/h2>\n\n\n\n<div style=\"height:20px\" aria-hidden=\"true\" class=\"wp-block-spacer\"><\/div>\n\n\n\n<ul class=\"wp-block-list is-style-list-pdf\">\n<li><a href=\"https:\/\/monumental-valois.com\/wp-content\/uploads\/2025\/02\/Communique-de-presse-Projet-Inside-Out-CCPV-les-habitants-du-Pays-de-Valois-afficheront-leurs-portraits-XXL-22-06-2022.pdf\" data-type=\"link\" data-id=\"https:\/\/monumental-valois.com\/wp-content\/uploads\/2025\/02\/Communique-de-presse-Projet-Inside-Out-CCPV-les-habitants-du-Pays-de-Valois-afficheront-leurs-portraits-XXL-22-06-2022.pdf\" target=\"_blank\" rel=\"noreferrer noopener\"><strong>22\/06\/2022 Exposi\u00e7\u00e3o: em setembro de 2022, os residentes do Pays de Valois exibir\u00e3o seus retratos XXL nas paredes de suas comunas locais como parte do projeto Inside Out, iniciado pelo artista JR.<\/strong><br\/>Sob o t\u00edtulo sugestivo &#8220;Valois Emoi&#8221;, a Communaut\u00e9 de Communes du Pays de Valois est\u00e1 destacando as emo\u00e7\u00f5es que percorrem seu territ\u00f3rio e suas 62 comunas. Essa opera\u00e7\u00e3o art\u00edstica, que ser\u00e1 revelada em setembro de 2022, re\u00fane todos os habitantes do Pays de Valois. <\/a><\/li>\n<\/ul>\n<\/div>\n\n\n\n<div class=\"wp-block-column is-vertically-aligned-stretch has-gris-clair-background-color has-background is-layout-flow wp-block-column-is-layout-flow\" style=\"flex-basis:35%\">\n<div class=\"wp-block-group is-style-col-adr has-gris-clair-background-color has-background\"><div class=\"wp-block-group__inner-container is-layout-constrained wp-block-group-is-layout-constrained\"><div class=\"lazyblock-bloc-adresse-ZLdnye wp-block-lazyblock-bloc-adresse\">\n<div class=\"bloc-adresse\">\n  <div class=\"logos\">\n    <a href=\"https:\/\/monumental-valois.com\">\n  <img decoding=\"async\" src=\"https:\/\/monumental-valois.com\/wp-content\/themes\/monumental-valois\/images\/logo-monumental-valois-footer.svg\">\n  <\/a>\n  <a href=\"https:\/\/www.cc-paysdevalois.fr\/\" title=\"Communaut\u00e9 de Communes du Pays de Valois\" target=\"_blank\" rel=\"noopener\">\n<img decoding=\"async\" src=\"https:\/\/monumental-valois.com\/wp-content\/themes\/monumental-valois\/images\/logo-ccpv-nb.svg\" alt=\"Communaut\u00e9 de Communes du Pays de Valois\">\n<\/a>\n  <\/div>\n  <p class=\"titre-adr\">COMMUNAUT\u00c9 DE COMMUNES \r\nDU PAYS DE VALOIS<\/p>\n  <p class=\"texte-adr\">62 rue de Soissons<br>\n60800 Cr\u00e9py-en-Valois<\/p>\n\n <p class=\"mail-tel\">\n <a href=\"tel:+33361589190\" rel=\"nofollow\" class=\"tel\" title=\"Entre em contato conosco por telefone\">+33 3 61 58 91 90<\/a>\n<br>\n <a href=\"mailto:&#105;&#110;&#102;&#111;&#64;&#109;&#111;&#110;&#117;&#109;&#101;&#110;&#116;&#97;&#108;&#45;&#118;&#97;&#108;&#111;&#105;&#115;&#46;&#102;&#114;\" rel=\"nofollow\" class=\"mail\" target=\"_blank\" title=\"Entre em contato conosco por e-mail\">&#105;&#110;&#102;&#111;&#64;&#109;&#111;&#110;&#117;&#109;&#101;&#110;&#116;&#97;&#108;&#45;&#118;&#97;&#108;&#111;&#105;&#115;&#46;&#102;&#114;<\/a>\n <\/p>\n\n <div class=\"reseaux\">\n                            <p>Siga-nos nas redes sociais!<\/p>\n                            <a href=\"https:\/\/www.facebook.com\/CCPaysdeValois\/?locale=fr_FR\" rel=\"nofollow noopener\" target=\"_blank\" class=\"picto-facebook\"><\/a>\n                            <a href=\"\" rel=\"nofollow\" target=\"_blank\" class=\"picto-x\"><\/a>\n                            <a href=\"https:\/\/www.instagram.com\/ccpaysdevalois\/\" rel=\"nofollow noopener\" target=\"_blank\" class=\"picto-instagram\"><\/a>\n                        <\/div>\n\n<\/div><\/div><\/div><\/div>\n<\/div>\n<\/div>\n<\/div><\/div>\n\n<p><\/p>\n","protected":false},"excerpt":{"rendered":"<p>Bem-vindo \u00e0 \u00e1rea de imprensa da Monumental Valois. Aqui voc\u00ea pode fazer o download de v\u00e1rios kits de imprensa e [&hellip;]<\/p>\n","protected":false},"author":1,"featured_media":0,"parent":0,"menu_order":0,"comment_status":"closed","ping_status":"closed","template":"page-sans-img-avant.php","meta":{"footnotes":""},"class_list":["post-2008","page","type-page","status-publish","hentry"],"_links":{"self":[{"href":"https:\/\/monumental-valois.com\/pt-br\/wp-json\/wp\/v2\/pages\/2008","targetHints":{"allow":["GET"]}}],"collection":[{"href":"https:\/\/monumental-valois.com\/pt-br\/wp-json\/wp\/v2\/pages"}],"about":[{"href":"https:\/\/monumental-valois.com\/pt-br\/wp-json\/wp\/v2\/types\/page"}],"author":[{"embeddable":true,"href":"https:\/\/monumental-valois.com\/pt-br\/wp-json\/wp\/v2\/users\/1"}],"replies":[{"embeddable":true,"href":"https:\/\/monumental-valois.com\/pt-br\/wp-json\/wp\/v2\/comments?post=2008"}],"version-history":[{"count":1,"href":"https:\/\/monumental-valois.com\/pt-br\/wp-json\/wp\/v2\/pages\/2008\/revisions"}],"predecessor-version":[{"id":2009,"href":"https:\/\/monumental-valois.com\/pt-br\/wp-json\/wp\/v2\/pages\/2008\/revisions\/2009"}],"wp:attachment":[{"href":"https:\/\/monumental-valois.com\/pt-br\/wp-json\/wp\/v2\/media?parent=2008"}],"curies":[{"name":"wp","href":"https:\/\/api.w.org\/{rel}","templated":true}]}}