{"id":2037,"date":"2025-02-18T10:52:04","date_gmt":"2025-02-18T09:52:04","guid":{"rendered":"https:\/\/monumental-valois.com\/os-artistas\/"},"modified":"2026-03-02T11:18:32","modified_gmt":"2026-03-02T10:18:32","slug":"os-artistas","status":"publish","type":"page","link":"https:\/\/monumental-valois.com\/pt-br\/os-artistas\/","title":{"rendered":"Os artistas"},"content":{"rendered":"<div class=\"lazyblock-listes-des-artistes-Z1mh7gQ alignfull alignfull  wp-block-lazyblock-listes-des-artistes\"> <div class=\"listes-artistes\">\n                     \n    <div class=\"artiste\">\n      <div class=\"photo-artiste\" style=\"background-image: url(https:\/\/monumental-valois.com\/wp-content\/uploads\/2025\/02\/Antoine_Bourdelle-\u00a9agence-de-presse-Meurisse.jpg);\">\n        <a href=\"https:\/\/monumental-valois.com\/pt-br\/artista\/antoine-bourdelle\/\" title=\"Antoine Bourdelle\"><\/a>\n      <\/div>\n      <div class=\"textes\">\n      <h2>Antoine Bourdelle<\/h2>\n      <p class=\"pays\">Fran\u00e7a<\/p>\n      <div class=\"intro\">\n        <a href=\"https:\/\/monumental-valois.com\/pt-br\/artista\/antoine-bourdelle\/\" title=\"Antoine Bourdelle\">\n        Antoine Bourdelle \u00e9 uma figura importante da escultura francesa do in\u00edcio do s\u00e9culo XX. Aluno de Alexandre Falgui\u00e8re e assistente de Rodin, ele personificou uma transi\u00e7\u00e3o art\u00edstica entre o academicismo e a vanguarda modernista. Nascido em Montauban, desde cedo demonstrou talento para a escultura e, depois de estudar em Toulouse, mudou-se para Paris para desenvolver seu estilo \u00fanico.        <\/a>\n      <\/div>\n      <\/div>\n      \n    <\/div>\n    \n                        \n    <div class=\"artiste\">\n      <div class=\"photo-artiste\" style=\"background-image: url(https:\/\/monumental-valois.com\/wp-content\/uploads\/2025\/02\/daniel-buren.jpg);\">\n        <a href=\"https:\/\/monumental-valois.com\/pt-br\/artista\/daniel-buren\/\" title=\"Daniel Buren\"><\/a>\n      <\/div>\n      <div class=\"textes\">\n      <h2>Daniel Buren<\/h2>\n      <p class=\"pays\">Fran\u00e7a<\/p>\n      <div class=\"intro\">\n        <a href=\"https:\/\/monumental-valois.com\/pt-br\/artista\/daniel-buren\/\" title=\"Daniel Buren\">\n        Daniel Buren \u00e9 uma figura importante na arte contempor\u00e2nea internacional. Reconhecido por suas obras espec\u00edficas para o local, ele concebe suas cria\u00e7\u00f5es em intera\u00e7\u00e3o com os lugares que ocupam. Sua &#8220;ferramenta visual&#8221;, com tiras alternadas de cor e branco de 8,7 cm de largura, tornou-se sua assinatura art\u00edstica.        <\/a>\n      <\/div>\n      <\/div>\n      \n    <\/div>\n    \n                        \n    <div class=\"artiste\">\n      <div class=\"photo-artiste\" style=\"background-image: url(https:\/\/monumental-valois.com\/wp-content\/uploads\/2025\/02\/cc3a9sar-baldaccini-\u00a9La-Beautaniste.jpg);\">\n        <a href=\"https:\/\/monumental-valois.com\/pt-br\/artista\/cesar\/\" title=\"C\u00e9sar\"><\/a>\n      <\/div>\n      <div class=\"textes\">\n      <h2>C\u00e9sar<\/h2>\n      <p class=\"pays\">Fran\u00e7a<\/p>\n      <div class=\"intro\">\n        <a href=\"https:\/\/monumental-valois.com\/pt-br\/artista\/cesar\/\" title=\"C\u00e9sar\">\n        C\u00e9sar Baldaccini \u00e9 um dos principais artistas do movimento Novo Realista, ao lado de figuras como Arman e Jean Tinguely. Autodidata, ele se voltou para a arte moderna depois de estudar na \u00c9cole des Beaux-Arts em Paris.        <\/a>\n      <\/div>\n      <\/div>\n      \n    <\/div>\n    \n                        \n    <div class=\"artiste\">\n      <div class=\"photo-artiste\" style=\"background-image: url(https:\/\/monumental-valois.com\/wp-content\/uploads\/2025\/02\/couturier-ok-\u00a9Galerie-Dina-Vierny.jpg);\">\n        <a href=\"https:\/\/monumental-valois.com\/pt-br\/artista\/robert-couturier\/\" title=\"Robert Couturier\"><\/a>\n      <\/div>\n      <div class=\"textes\">\n      <h2>Robert Couturier<\/h2>\n      <p class=\"pays\">Fran\u00e7a<\/p>\n      <div class=\"intro\">\n        <a href=\"https:\/\/monumental-valois.com\/pt-br\/artista\/robert-couturier\/\" title=\"Robert Couturier\">\n        Robert Couturier \u00e9 um importante escultor do s\u00e9culo XX, cuja obra combina modernidade e classicismo.        <\/a>\n      <\/div>\n      <\/div>\n      \n    <\/div>\n    \n                        \n    <div class=\"artiste\">\n      <div class=\"photo-artiste\" style=\"background-image: url(https:\/\/monumental-valois.com\/wp-content\/uploads\/2025\/02\/Pascal-Cribier-jardin-Sebastien-Soriano-Le-Figaro.jpg);\">\n        <a href=\"https:\/\/monumental-valois.com\/pt-br\/artista\/pascal-cribier\/\" title=\"Pascal Cribier\"><\/a>\n      <\/div>\n      <div class=\"textes\">\n      <h2>Pascal Cribier<\/h2>\n      <p class=\"pays\">Fran\u00e7a<\/p>\n      <div class=\"intro\">\n        <a href=\"https:\/\/monumental-valois.com\/pt-br\/artista\/pascal-cribier\/\" title=\"Pascal Cribier\">\n        Pascal Cribier transformou a arte dos jardins ao combinar a heran\u00e7a cl\u00e1ssica com a inova\u00e7\u00e3o ecol\u00f3gica. Com quase 180 cria\u00e7\u00f5es p\u00fablicas e privadas em 30 anos, ele se estabeleceu como uma figura importante de sua gera\u00e7\u00e3o.        <\/a>\n      <\/div>\n      <\/div>\n      \n    <\/div>\n    \n                        \n    <div class=\"artiste\">\n      <div class=\"photo-artiste\" style=\"background-image: url(https:\/\/monumental-valois.com\/wp-content\/uploads\/2025\/02\/Eric-Croes.jpg);\">\n        <a href=\"https:\/\/monumental-valois.com\/pt-br\/artista\/eric-croes\/\" title=\"Eric Croes\"><\/a>\n      <\/div>\n      <div class=\"textes\">\n      <h2>Eric Croes<\/h2>\n      <p class=\"pays\">B\u00e9lgica<\/p>\n      <div class=\"intro\">\n        <a href=\"https:\/\/monumental-valois.com\/pt-br\/artista\/eric-croes\/\" title=\"Eric Croes\">\n        Radicado em Bruxelas, Eric Croes fez seu nome na arte contempor\u00e2nea com suas esculturas de cer\u00e2mica, que combinam artesanato, influ\u00eancias culturais e imagina\u00e7\u00e3o coletiva. Seu trabalho dilui as fronteiras entre arte, design e tradi\u00e7\u00e3o.        <\/a>\n      <\/div>\n      <\/div>\n      \n    <\/div>\n    \n                        \n    <div class=\"artiste\">\n      <div class=\"photo-artiste\" style=\"background-image: url(https:\/\/monumental-valois.com\/wp-content\/uploads\/2025\/02\/Dodeigne-Eugene-\u00a9Academie-des-Beaux-Arts.jpg);\">\n        <a href=\"https:\/\/monumental-valois.com\/pt-br\/artista\/eugene-dodeigne\/\" title=\"Eug\u00e8ne Dodeigne\"><\/a>\n      <\/div>\n      <div class=\"textes\">\n      <h2>Eug\u00e8ne Dodeigne<\/h2>\n      <p class=\"pays\">Fran\u00e7a<\/p>\n      <div class=\"intro\">\n        <a href=\"https:\/\/monumental-valois.com\/pt-br\/artista\/eugene-dodeigne\/\" title=\"Eug\u00e8ne Dodeigne\">\n        Eug\u00e8ne Dodeigne \u00e9 um escultor famoso por seu dom\u00ednio da pedra e da madeira. Treinado por seu pai, um pedreiro, desde 1936, ele continuou sua forma\u00e7\u00e3o na \u00c9cole des Beaux-Arts em Paris. A oficina de Marcel Gimond foi uma verdadeira revela\u00e7\u00e3o art\u00edstica. Em 1950, ele montou seu ateli\u00ea em Bondues e desenvolveu a t\u00e9cnica de &#8220;pedra dividida&#8221;, combinando perfura\u00e7\u00e3o e disco para criar formas humanas expressivas.        <\/a>\n      <\/div>\n      <\/div>\n      \n    <\/div>\n    \n                        \n    <div class=\"artiste\">\n      <div class=\"photo-artiste\" style=\"background-image: url(https:\/\/monumental-valois.com\/wp-content\/uploads\/2025\/02\/Gustave-Eiffel.jpg);\">\n        <a href=\"https:\/\/monumental-valois.com\/pt-br\/artista\/gustave-eiffel\/\" title=\"Gustave Eiffel\"><\/a>\n      <\/div>\n      <div class=\"textes\">\n      <h2>Gustave Eiffel<\/h2>\n      <p class=\"pays\">Fran\u00e7a<\/p>\n      <div class=\"intro\">\n        <a href=\"https:\/\/monumental-valois.com\/pt-br\/artista\/gustave-eiffel\/\" title=\"Gustave Eiffel\">\n        Gustave Eiffel \u00e9 um dos engenheiros mais famosos da hist\u00f3ria da arquitetura e da engenharia. Nascido em Dijon, ele rapidamente se estabeleceu como um especialista em estruturas met\u00e1licas, ajudando a transformar a paisagem urbana e industrial do s\u00e9culo XIX.        <\/a>\n      <\/div>\n      <\/div>\n      \n    <\/div>\n    \n                        \n    <div class=\"artiste\">\n      <div class=\"photo-artiste\" style=\"background-image: url(https:\/\/monumental-valois.com\/wp-content\/uploads\/2026\/03\/official-picture-Reskate-1-e1774535081409.webp);\">\n        <a href=\"https:\/\/monumental-valois.com\/pt-br\/artista\/estudio-de-reskate\/\" title=\"Est\u00fadio de Reskate\"><\/a>\n      <\/div>\n      <div class=\"textes\">\n      <h2>Est\u00fadio de Reskate<\/h2>\n      <p class=\"pays\">Espanha<\/p>\n      <div class=\"intro\">\n        <a href=\"https:\/\/monumental-valois.com\/pt-br\/artista\/estudio-de-reskate\/\" title=\"Est\u00fadio de Reskate\">\n        O Reskate Studio \u00e9 um coletivo de artistas formado por Mar\u00eda L\u00f3pez e Javier de Riba, de Donostia-San Sebasti\u00e1n e Barcelona, respectivamente. Com sede no bairro de Sants, em Barcelona, a dupla \u00e9 especializada em murais, instala\u00e7\u00f5es e ilustra\u00e7\u00f5es, influenciados pela cultura popular e pelo design gr\u00e1fico. Sua abordagem art\u00edstica \u00e9 caracterizada por uma busca constante por inova\u00e7\u00e3o, em que a est\u00e9tica, as t\u00e9cnicas e os materiais escolhidos sempre servem para ampliar a mensagem subjacente de cada trabalho.        <\/a>\n      <\/div>\n      <\/div>\n      \n    <\/div>\n    \n                        \n    <div class=\"artiste\">\n      <div class=\"photo-artiste\" style=\"background-image: url(https:\/\/monumental-valois.com\/wp-content\/uploads\/2025\/02\/Entrelacs-Patrick-Fleury.jpg);\">\n        <a href=\"https:\/\/monumental-valois.com\/pt-br\/artista\/patrick-fleury\/\" title=\"Patrick Fleury\"><\/a>\n      <\/div>\n      <div class=\"textes\">\n      <h2>Patrick Fleury<\/h2>\n      <p class=\"pays\">Fran\u00e7a<\/p>\n      <div class=\"intro\">\n        <a href=\"https:\/\/monumental-valois.com\/pt-br\/artista\/patrick-fleury\/\" title=\"Patrick Fleury\">\n        Patrick Fleury \u00e9 um escultor, artista visual e compositor cujo trabalho combina espa\u00e7o, movimento e inova\u00e7\u00e3o. Suas esculturas, especialmente seu &#8220;arco largo&#8221; inspirado em rel\u00f3gios de sol, brincam com as intera\u00e7\u00f5es entre as formas e seu ambiente. Ao dividir e reinterpretar o espa\u00e7o, ele imprime uma din\u00e2mica \u00fanica \u00e0s suas obras.        <\/a>\n      <\/div>\n      <\/div>\n      \n    <\/div>\n    \n                        \n    <div class=\"artiste\">\n      <div class=\"photo-artiste\" style=\"background-image: url(https:\/\/monumental-valois.com\/wp-content\/uploads\/2025\/02\/Emmanuel_Fremiet.jpg);\">\n        <a href=\"https:\/\/monumental-valois.com\/pt-br\/artista\/emmanuel-fremiet\/\" title=\"Emmanuel Fr\u00e9miet\"><\/a>\n      <\/div>\n      <div class=\"textes\">\n      <h2>Emmanuel Fr\u00e9miet<\/h2>\n      <p class=\"pays\">Fran\u00e7a<\/p>\n      <div class=\"intro\">\n        <a href=\"https:\/\/monumental-valois.com\/pt-br\/artista\/emmanuel-fremiet\/\" title=\"Emmanuel Fr\u00e9miet\">\n        Emmanuel Fr\u00e9miet foi um dos escultores mais influentes do s\u00e9culo XIX, especialmente conhecido por seus trabalhos com animais e est\u00e1tuas monumentais. Formado na \u00c9cole des Beaux-Arts em Paris, ele explorou o movimento e o realismo com precis\u00e3o em suas obras.        <\/a>\n      <\/div>\n      <\/div>\n      \n    <\/div>\n    \n                        \n    <div class=\"artiste\">\n      <div class=\"photo-artiste\" style=\"background-image: url(https:\/\/monumental-valois.com\/wp-content\/uploads\/2025\/02\/Kawamata-Tadashi.jpg);\">\n        <a href=\"https:\/\/monumental-valois.com\/pt-br\/artista\/tadashi-kawamata\/\" title=\"Tadashi Kawamata\"><\/a>\n      <\/div>\n      <div class=\"textes\">\n      <h2>Tadashi Kawamata<\/h2>\n      <p class=\"pays\">Jap\u00e3o<\/p>\n      <div class=\"intro\">\n        <a href=\"https:\/\/monumental-valois.com\/pt-br\/artista\/tadashi-kawamata\/\" title=\"Tadashi Kawamata\">\n        O artista visual japon\u00eas Tadashi Kawamata \u00e9 uma figura de renome mundial na arte contempor\u00e2nea. Radicado entre T\u00f3quio e Paris, ele \u00e9 conhecido por suas instala\u00e7\u00f5es ef\u00eameras espec\u00edficas para cada local, que combinam arquitetura, reciclagem e considera\u00e7\u00f5es ambientais.        <\/a>\n      <\/div>\n      <\/div>\n      \n    <\/div>\n    \n                        \n    <div class=\"artiste\">\n      <div class=\"photo-artiste\" style=\"background-image: url(https:\/\/monumental-valois.com\/wp-content\/uploads\/2025\/02\/Sol-LeWitt-\u00a9Beaux-Arts-magazine.jpg);\">\n        <a href=\"https:\/\/monumental-valois.com\/pt-br\/artista\/sol-lewitt\/\" title=\"Sol LeWitt\"><\/a>\n      <\/div>\n      <div class=\"textes\">\n      <h2>Sol LeWitt<\/h2>\n      <p class=\"pays\">Estados Unidos<\/p>\n      <div class=\"intro\">\n        <a href=\"https:\/\/monumental-valois.com\/pt-br\/artista\/sol-lewitt\/\" title=\"Sol LeWitt\">\n        Uma das principais figuras da arte conceitual e minimalista, esse artista americano revolucionou a cria\u00e7\u00e3o art\u00edstica ao afirmar que a ideia, e n\u00e3o o objeto, era o centro do trabalho. Sua famosa frase, &#8220;A ideia se torna uma m\u00e1quina que faz arte&#8221;, resume perfeitamente sua filosofia.        <\/a>\n      <\/div>\n      <\/div>\n      \n    <\/div>\n    \n                        \n    <div class=\"artiste\">\n      <div class=\"photo-artiste\" style=\"background-image: url(https:\/\/monumental-valois.com\/wp-content\/uploads\/2025\/02\/Morelet_Francois_portrait.jpg);\">\n        <a href=\"https:\/\/monumental-valois.com\/pt-br\/artista\/francois-morellet\/\" title=\"Fran\u00e7ois Morellet\"><\/a>\n      <\/div>\n      <div class=\"textes\">\n      <h2>Fran\u00e7ois Morellet<\/h2>\n      <p class=\"pays\">Fran\u00e7a<\/p>\n      <div class=\"intro\">\n        <a href=\"https:\/\/monumental-valois.com\/pt-br\/artista\/francois-morellet\/\" title=\"Fran\u00e7ois Morellet\">\n        Fran\u00e7ois Morellet \u00e9 um dos grandes nomes da abstra\u00e7\u00e3o geom\u00e9trica e do minimalismo. Pintor, gravador e escultor, ele revolucionou a arte moderna enquanto seguia a carreira de industrial at\u00e9 1975.        <\/a>\n      <\/div>\n      <\/div>\n      \n    <\/div>\n    \n                        \n    <div class=\"artiste\">\n      <div class=\"photo-artiste\" style=\"background-image: url(https:\/\/monumental-valois.com\/wp-content\/uploads\/2025\/02\/Jean-Pierre-Raynaud.jpg);\">\n        <a href=\"https:\/\/monumental-valois.com\/pt-br\/artista\/jean-pierre-raynaud\/\" title=\"Jean-Pierre Raynaud\"><\/a>\n      <\/div>\n      <div class=\"textes\">\n      <h2>Jean-Pierre Raynaud<\/h2>\n      <p class=\"pays\">Fran\u00e7a<\/p>\n      <div class=\"intro\">\n        <a href=\"https:\/\/monumental-valois.com\/pt-br\/artista\/jean-pierre-raynaud\/\" title=\"Jean-Pierre Raynaud\">\n        Jean-Pierre Raynaud \u00e9 um artista visual franc\u00eas conhecido por seu trabalho com s\u00edmbolos e materiais do cotidiano. Formado em horticultura, ele iniciou sua carreira art\u00edstica na d\u00e9cada de 1960 com trabalhos emblem\u00e1ticos usando vasos de flores de cimento, placas de tr\u00e2nsito e azulejos brancos com juntas pretas, que se tornaram sua assinatura.        <\/a>\n      <\/div>\n      <\/div>\n      \n    <\/div>\n    \n                        \n    <div class=\"artiste\">\n      <div class=\"photo-artiste\" style=\"background-image: url(https:\/\/monumental-valois.com\/wp-content\/uploads\/2025\/02\/takis-\u00a9Natalie-Seroussi.webp);\">\n        <a href=\"https:\/\/monumental-valois.com\/pt-br\/artista\/vassilakis-takis\/\" title=\"Vassilakis Takis\"><\/a>\n      <\/div>\n      <div class=\"textes\">\n      <h2>Vassilakis Takis<\/h2>\n      <p class=\"pays\">Gr\u00e9cia<\/p>\n      <div class=\"intro\">\n        <a href=\"https:\/\/monumental-valois.com\/pt-br\/artista\/vassilakis-takis\/\" title=\"Vassilakis Takis\">\n        O artista visual grego Vassilakis Takis revolucionou a arte cin\u00e9tica com um corpo de trabalho que mistura ci\u00eancia, natureza e espiritualidade. Vision\u00e1rio autodidata, ele explorou campos magn\u00e9ticos, vento, luz e som para criar esculturas que vibram com energia.        <\/a>\n      <\/div>\n      <\/div>\n      \n    <\/div>\n    \n                        \n    <div class=\"artiste\">\n      <div class=\"photo-artiste\" style=\"background-image: url(https:\/\/monumental-valois.com\/wp-content\/uploads\/2025\/02\/Lee-Ufan.jpg);\">\n        <a href=\"https:\/\/monumental-valois.com\/pt-br\/artista\/lee-ufan\/\" title=\"Lee Ufan\"><\/a>\n      <\/div>\n      <div class=\"textes\">\n      <h2>Lee Ufan<\/h2>\n      <p class=\"pays\">Coreia<\/p>\n      <div class=\"intro\">\n        <a href=\"https:\/\/monumental-valois.com\/pt-br\/artista\/lee-ufan\/\" title=\"Lee Ufan\">\n        Lee Ufan \u00e9 um artista coreano cujo trabalho combina tradi\u00e7\u00f5es filos\u00f3ficas asi\u00e1ticas com influ\u00eancias ocidentais. Radicado no Jap\u00e3o, seu trabalho \u00e9 caracterizado por uma abordagem \u00fanica dos materiais e do espa\u00e7o, caracterizada pela simplicidade e pureza da forma.        <\/a>\n      <\/div>\n      <\/div>\n      \n    <\/div>\n    \n                        \n    <div class=\"artiste\">\n      <div class=\"photo-artiste\" style=\"background-image: url(https:\/\/monumental-valois.com\/wp-content\/uploads\/2025\/02\/Bernar-Venet.jpg);\">\n        <a href=\"https:\/\/monumental-valois.com\/pt-br\/artista\/bernar-venet\/\" title=\"Bernar Venet\"><\/a>\n      <\/div>\n      <div class=\"textes\">\n      <h2>Bernar Venet<\/h2>\n      <p class=\"pays\">Fran\u00e7a<\/p>\n      <div class=\"intro\">\n        <a href=\"https:\/\/monumental-valois.com\/pt-br\/artista\/bernar-venet\/\" title=\"Bernar Venet\">\n        Bernar Venet \u00e9 um artista visual franc\u00eas de renome internacional. Conhecido por suas esculturas monumentais de a\u00e7o e obras conceituais, ele viveu nos Estados Unidos por quase 40 anos antes de retornar ao sul da Fran\u00e7a, onde fundou a Venet Foundation em Le Muy (Var).        <\/a>\n      <\/div>\n      <\/div>\n      \n    <\/div>\n    \n                        \n    <div class=\"artiste\">\n      <div class=\"photo-artiste\" style=\"background-image: url(https:\/\/monumental-valois.com\/wp-content\/uploads\/2025\/02\/Michel-Verjux-1.jpg);\">\n        <a href=\"https:\/\/monumental-valois.com\/pt-br\/artista\/michel-verjux\/\" title=\"Michel Verjux\"><\/a>\n      <\/div>\n      <div class=\"textes\">\n      <h2>Michel Verjux<\/h2>\n      <p class=\"pays\">Fran\u00e7a<\/p>\n      <div class=\"intro\">\n        <a href=\"https:\/\/monumental-valois.com\/pt-br\/artista\/michel-verjux\/\" title=\"Michel Verjux\">\n        Michel Verjux fez seu nome na d\u00e9cada de 1980 com um conjunto de trabalhos centrados na luz e na percep\u00e7\u00e3o. Depois de explorar o desenho, a poesia e a arte perform\u00e1tica, ele se voltou para as artes visuais em 1983, usando a ilumina\u00e7\u00e3o como seu principal meio.        <\/a>\n      <\/div>\n      <\/div>\n      \n    <\/div>\n    \n                                                                        <\/div><\/div>\n\n\n<p><\/p>\n\n\n\n<p><\/p>\n\n\n\n<p><\/p>\n\n\n\n<p><\/p>\n\n\n\n<p><\/p>\n","protected":false},"excerpt":{"rendered":"","protected":false},"author":1,"featured_media":0,"parent":0,"menu_order":0,"comment_status":"closed","ping_status":"closed","template":"page-artistes.php","meta":{"footnotes":""},"class_list":["post-2037","page","type-page","status-publish","hentry"],"_links":{"self":[{"href":"https:\/\/monumental-valois.com\/pt-br\/wp-json\/wp\/v2\/pages\/2037","targetHints":{"allow":["GET"]}}],"collection":[{"href":"https:\/\/monumental-valois.com\/pt-br\/wp-json\/wp\/v2\/pages"}],"about":[{"href":"https:\/\/monumental-valois.com\/pt-br\/wp-json\/wp\/v2\/types\/page"}],"author":[{"embeddable":true,"href":"https:\/\/monumental-valois.com\/pt-br\/wp-json\/wp\/v2\/users\/1"}],"replies":[{"embeddable":true,"href":"https:\/\/monumental-valois.com\/pt-br\/wp-json\/wp\/v2\/comments?post=2037"}],"version-history":[{"count":1,"href":"https:\/\/monumental-valois.com\/pt-br\/wp-json\/wp\/v2\/pages\/2037\/revisions"}],"predecessor-version":[{"id":2038,"href":"https:\/\/monumental-valois.com\/pt-br\/wp-json\/wp\/v2\/pages\/2037\/revisions\/2038"}],"wp:attachment":[{"href":"https:\/\/monumental-valois.com\/pt-br\/wp-json\/wp\/v2\/media?parent=2037"}],"curies":[{"name":"wp","href":"https:\/\/api.w.org\/{rel}","templated":true}]}}