{"id":2042,"date":"2025-01-08T11:58:23","date_gmt":"2025-01-08T10:58:23","guid":{"rendered":"https:\/\/monumental-valois.com\/informacoes-legais\/"},"modified":"2026-03-02T14:18:13","modified_gmt":"2026-03-02T13:18:13","slug":"informacoes-legais","status":"publish","type":"page","link":"https:\/\/monumental-valois.com\/pt-br\/informacoes-legais\/","title":{"rendered":"Informa\u00e7\u00f5es legais"},"content":{"rendered":"\n<div class=\"wp-block-group alignwide\"><div class=\"wp-block-group__inner-container is-layout-constrained wp-block-group-is-layout-constrained\">\n<div class=\"wp-block-columns alignwide is-style-espace-60-px is-layout-flex wp-container-core-columns-is-layout-28f84493 wp-block-columns-is-layout-flex\">\n<div class=\"wp-block-column is-layout-flow wp-block-column-is-layout-flow\" style=\"flex-basis:65%\"><\/div>\n\n\n\n<div class=\"wp-block-column is-layout-flow wp-block-column-is-layout-flow\" style=\"flex-basis:35%\"><\/div>\n<\/div>\n\n\n\n<div class=\"wp-block-columns alignwide is-style-espace-60-px is-layout-flex wp-container-core-columns-is-layout-28f84493 wp-block-columns-is-layout-flex\">\n<div class=\"wp-block-column is-layout-flow wp-block-column-is-layout-flow\" style=\"flex-basis:65%\">\n<h2 class=\"wp-block-heading has-40-px-font-size\">Propriet\u00e1rio<\/h2>\n\n\n\n<h3 class=\"wp-block-heading\">Comunidade de comunas do Pays de Valois<\/h3>\n\n\n\n<p><strong>Diretor de publica\u00e7\u00e3o :<\/strong><\/p>\n\n\n\n<p>Didier Doucet &#8211; Presidente da Comunidade de Comunas do Pa\u00eds de Valois<\/p>\n\n\n\n<p><strong>Reda\u00e7\u00e3o, alimenta\u00e7\u00e3o, gerenciamento editorial:<\/strong><\/p>\n\n\n\n<p>Departamento de Comunica\u00e7\u00f5es &#8211; communication@cc-paysdevalois.fr<\/p>\n\n\n\n<div style=\"height:50px\" aria-hidden=\"true\" class=\"wp-block-spacer\"><\/div>\n\n\n\n<hr class=\"wp-block-separator has-alpha-channel-opacity is-style-default\"\/>\n\n\n\n<div style=\"height:50px\" aria-hidden=\"true\" class=\"wp-block-spacer\"><\/div>\n\n\n\n<h2 class=\"wp-block-heading has-40-px-font-size\">Design<\/h2>\n\n\n\n<h3 class=\"wp-block-heading\">Grafite<\/h3>\n\n\n\n<p>11 rue des Domeiliers<br\/>60200 Compi\u00e8gne<br\/><a href=\"https:\/\/www.graffiti.fr\/\" data-type=\"link\" data-id=\"https:\/\/www.graffiti.fr\/\" target=\"_blank\" rel=\"noreferrer noopener\">www.graffiti.fr<\/a><\/p>\n\n\n\n<div style=\"height:50px\" aria-hidden=\"true\" class=\"wp-block-spacer\"><\/div>\n\n\n\n<hr class=\"wp-block-separator has-alpha-channel-opacity is-style-default\"\/>\n\n\n\n<div style=\"height:50px\" aria-hidden=\"true\" class=\"wp-block-spacer\"><\/div>\n\n\n\n<h2 class=\"wp-block-heading has-40-px-font-size\">Cr\u00e9ditos da foto<\/h2>\n\n\n\n<h3 class=\"wp-block-heading\">Francis Briest<\/h3>\n\n\n\n<p>Vez manter<\/p>\n\n\n\n<div style=\"height:30px\" aria-hidden=\"true\" class=\"wp-block-spacer\"><\/div>\n\n\n\n<h3 class=\"wp-block-heading\">Sophie Palmier<\/h3>\n\n\n\n<p>Fresco Reskate<br\/><a href=\"https:\/\/www.sophiepalmier.com\/\" target=\"_blank\" rel=\"noreferrer noopener\">www.sophiepalmier.com<\/a><\/p>\n\n\n\n<div style=\"height:50px\" aria-hidden=\"true\" class=\"wp-block-spacer\"><\/div>\n\n\n\n<hr class=\"wp-block-separator has-alpha-channel-opacity is-style-default\"\/>\n\n\n\n<div style=\"height:50px\" aria-hidden=\"true\" class=\"wp-block-spacer\"><\/div>\n\n\n\n<h2 class=\"wp-block-heading has-40-px-font-size\">Hospedagem<\/h2>\n\n\n\n<h3 class=\"wp-block-heading\">SAS OVH<\/h3>\n\n\n\n<p>  2, rue Kellermann <br\/>BP 80157<br\/>59100 ROUBAIX<br\/>www.ovh.com<\/p>\n<\/div>\n\n\n\n<div class=\"wp-block-column is-vertically-aligned-stretch has-gris-clair-background-color has-background is-layout-flow wp-block-column-is-layout-flow\" style=\"flex-basis:35%\">\n<div class=\"wp-block-group is-style-col-adr has-gris-clair-background-color has-background\"><div class=\"wp-block-group__inner-container is-layout-constrained wp-block-group-is-layout-constrained\"><div class=\"lazyblock-bloc-adresse-ZLdnye wp-block-lazyblock-bloc-adresse\">\n<div class=\"bloc-adresse\">\n  <div class=\"logos\">\n    <a href=\"https:\/\/monumental-valois.com\">\n  <img decoding=\"async\" src=\"https:\/\/monumental-valois.com\/wp-content\/themes\/monumental-valois\/images\/logo-monumental-valois-footer.svg\">\n  <\/a>\n  <a href=\"https:\/\/www.cc-paysdevalois.fr\/\" title=\"Communaut\u00e9 de Communes du Pays de Valois\" target=\"_blank\" rel=\"noopener\">\n<img decoding=\"async\" src=\"https:\/\/monumental-valois.com\/wp-content\/themes\/monumental-valois\/images\/logo-ccpv-nb.svg\" alt=\"Communaut\u00e9 de Communes du Pays de Valois\">\n<\/a>\n  <\/div>\n  <p class=\"titre-adr\">COMMUNAUT\u00c9 DE COMMUNES \r\nDU PAYS DE VALOIS<\/p>\n  <p class=\"texte-adr\">62 rue de Soissons<br>\n60800 Cr\u00e9py-en-Valois<\/p>\n\n <p class=\"mail-tel\">\n <a href=\"tel:+33361589190\" rel=\"nofollow\" class=\"tel\" title=\"Entre em contato conosco por telefone\">+33 3 61 58 91 90<\/a>\n<br>\n <a href=\"mailto:&#105;&#110;&#102;&#111;&#64;&#109;&#111;&#110;&#117;&#109;&#101;&#110;&#116;&#97;&#108;&#45;&#118;&#97;&#108;&#111;&#105;&#115;&#46;&#102;&#114;\" rel=\"nofollow\" class=\"mail\" target=\"_blank\" title=\"Entre em contato conosco por e-mail\">&#105;&#110;&#102;&#111;&#64;&#109;&#111;&#110;&#117;&#109;&#101;&#110;&#116;&#97;&#108;&#45;&#118;&#97;&#108;&#111;&#105;&#115;&#46;&#102;&#114;<\/a>\n <\/p>\n\n <div class=\"reseaux\">\n                            <p>Siga-nos nas redes sociais!<\/p>\n                            <a href=\"https:\/\/www.facebook.com\/CCPaysdeValois\/?locale=fr_FR\" rel=\"nofollow noopener\" target=\"_blank\" class=\"picto-facebook\"><\/a>\n                            <a href=\"\" rel=\"nofollow\" target=\"_blank\" class=\"picto-x\"><\/a>\n                            <a href=\"https:\/\/www.instagram.com\/ccpaysdevalois\/\" rel=\"nofollow noopener\" target=\"_blank\" class=\"picto-instagram\"><\/a>\n                        <\/div>\n\n<\/div><\/div><\/div><\/div>\n<\/div>\n<\/div>\n\n\n\n<p><\/p>\n<\/div><\/div>\n","protected":false},"excerpt":{"rendered":"<p>Propriet\u00e1rio Comunidade de comunas do Pays de Valois Diretor de publica\u00e7\u00e3o : Didier Doucet &#8211; Presidente da Comunidade de Comunas [&hellip;]<\/p>\n","protected":false},"author":1,"featured_media":0,"parent":0,"menu_order":0,"comment_status":"closed","ping_status":"closed","template":"page-sans-img-avant.php","meta":{"footnotes":""},"class_list":["post-2042","page","type-page","status-publish","hentry"],"_links":{"self":[{"href":"https:\/\/monumental-valois.com\/pt-br\/wp-json\/wp\/v2\/pages\/2042","targetHints":{"allow":["GET"]}}],"collection":[{"href":"https:\/\/monumental-valois.com\/pt-br\/wp-json\/wp\/v2\/pages"}],"about":[{"href":"https:\/\/monumental-valois.com\/pt-br\/wp-json\/wp\/v2\/types\/page"}],"author":[{"embeddable":true,"href":"https:\/\/monumental-valois.com\/pt-br\/wp-json\/wp\/v2\/users\/1"}],"replies":[{"embeddable":true,"href":"https:\/\/monumental-valois.com\/pt-br\/wp-json\/wp\/v2\/comments?post=2042"}],"version-history":[{"count":1,"href":"https:\/\/monumental-valois.com\/pt-br\/wp-json\/wp\/v2\/pages\/2042\/revisions"}],"predecessor-version":[{"id":2043,"href":"https:\/\/monumental-valois.com\/pt-br\/wp-json\/wp\/v2\/pages\/2042\/revisions\/2043"}],"wp:attachment":[{"href":"https:\/\/monumental-valois.com\/pt-br\/wp-json\/wp\/v2\/media?parent=2042"}],"curies":[{"name":"wp","href":"https:\/\/api.w.org\/{rel}","templated":true}]}}