{"id":2044,"date":"2024-12-04T11:51:23","date_gmt":"2024-12-04T10:51:23","guid":{"rendered":"https:\/\/monumental-valois.com\/politica-de-privacidade\/"},"modified":"2026-03-02T14:18:13","modified_gmt":"2026-03-02T13:18:13","slug":"politica-de-privacidade","status":"publish","type":"page","link":"https:\/\/monumental-valois.com\/pt-br\/politica-de-privacidade\/","title":{"rendered":"Pol\u00edtica de privacidade"},"content":{"rendered":"\n<div class=\"wp-block-group alignwide\"><div class=\"wp-block-group__inner-container is-layout-constrained wp-block-group-is-layout-constrained\">\n<div class=\"wp-block-columns alignwide is-style-espace-60-px is-layout-flex wp-container-core-columns-is-layout-28f84493 wp-block-columns-is-layout-flex\">\n<div class=\"wp-block-column is-layout-flow wp-block-column-is-layout-flow\" style=\"flex-basis:65%\">\n<h1 class=\"wp-block-heading\"><\/h1>\n\n\n\n<h2 class=\"wp-block-heading\"><strong>Introdu\u00e7\u00e3o<\/strong><\/h2>\n\n\n\n<p><br\/>O objetivo desta pol\u00edtica de privacidade \u00e9 informar os usu\u00e1rios do site https:\/\/monumental-valois.com\/ sobre a coleta, o uso, a prote\u00e7\u00e3o e o gerenciamento de seus dados pessoais. Esta pol\u00edtica se aplica a todos os dados coletados durante a navega\u00e7\u00e3o neste site. O site \u00e9 publicado pela Communaut\u00e9 de Communes du Pays de Valois, 62 rue de Soissons, 60800 Cr\u00e9py-en-Valois &#8211; Fran\u00e7a.  <\/p>\n\n\n\n<hr class=\"wp-block-separator has-alpha-channel-opacity\"\/>\n\n\n\n<h2 class=\"wp-block-heading\"><strong>Coleta e uso de dados pessoais<\/strong><\/h2>\n\n\n\n<p>Coletamos determinadas informa\u00e7\u00f5es quando voc\u00ea navega em nosso site ou interage com nossos formul\u00e1rios (por exemplo, por meio de uma solicita\u00e7\u00e3o de contato). Esses dados, fornecidos voluntariamente, s\u00e3o usados para : <\/p>\n\n\n\n<ul class=\"wp-block-list\">\n<li>Responder \u00e0s suas solicita\u00e7\u00f5es e acompanhar suas consultas.<\/li>\n\n\n\n<li>Para melhorar nossos servi\u00e7os e personalizar sua experi\u00eancia de usu\u00e1rio.<\/li>\n\n\n\n<li>Para enviar a voc\u00ea, com seu consentimento, informa\u00e7\u00f5es que possam ser de seu interesse.<\/li>\n<\/ul>\n\n\n\n<p>Comprometemo-nos a n\u00e3o vender, alugar ou divulgar seus dados pessoais a terceiros, a menos que isso seja necess\u00e1rio para cumprir uma obriga\u00e7\u00e3o legal.<\/p>\n\n\n\n<hr class=\"wp-block-separator has-alpha-channel-opacity\"\/>\n\n\n\n<h2 class=\"wp-block-heading\"><strong>Cookies e medidas de an\u00e1lise<\/strong><\/h2>\n\n\n\n<p>Para otimizar sua experi\u00eancia e analisar o p\u00fablico do site, usamos a ferramenta Matomo (Piwik). Essa ferramenta coleta anonimamente dados relacionados ao n\u00famero de visitantes (n\u00famero de visitas, p\u00e1ginas consultadas, dura\u00e7\u00e3o da consulta etc.) por um per\u00edodo de reten\u00e7\u00e3o de 13 meses.<br\/>O uso do Matomo n\u00e3o requer seu consentimento pr\u00e9vio em virtude de uma isen\u00e7\u00e3o concedida pela CNIL para o cookie do Web Analytics. No entanto, uma fun\u00e7\u00e3o &#8220;opt-out&#8221; est\u00e1 dispon\u00edvel para voc\u00ea desativar esse rastreamento, se assim desejar.  <\/p>\n\n\n\n<div id=\"matomo-opt-out\"><\/div>\n<script src=\"https:\/\/logstats.cc-paysdevalois.fr\/index.php?module=CoreAdminHome&#038;action=optOutJS&#038;divId=matomo-opt-out&#038;language=auto&#038;showIntro=1\"><\/script>\n\n\n\n<hr class=\"wp-block-separator has-alpha-channel-opacity\"\/>\n\n\n\n<h2 class=\"wp-block-heading\"><strong>Seguran\u00e7a de dados<\/strong><\/h2>\n\n\n\n<p>Implementamos medidas t\u00e9cnicas e organizacionais adequadas para garantir a seguran\u00e7a e a confidencialidade de seus dados pessoais. Apesar de nossos esfor\u00e7os, nenhum sistema de seguran\u00e7a \u00e9 infal\u00edvel e n\u00e3o podemos garantir prote\u00e7\u00e3o absoluta contra todas as tentativas de acesso n\u00e3o autorizado. <\/p>\n\n\n\n<hr class=\"wp-block-separator has-alpha-channel-opacity\"\/>\n\n\n\n<h2 class=\"wp-block-heading\"><strong>Seus direitos<\/strong><\/h2>\n\n\n\n<p>De acordo com as normas em vigor, voc\u00ea tem o direito de acessar, modificar, retificar e excluir seus dados pessoais. Para exercer esses direitos, entre em contato com nosso Diretor de Prote\u00e7\u00e3o de Dados (DPO) no seguinte endere\u00e7o ADICO &#8211; 5 rue Jean Monnet, 60000 Beauvais <\/p>\n\n\n\n<hr class=\"wp-block-separator has-alpha-channel-opacity\"\/>\n\n\n\n<h2 class=\"wp-block-heading\"><strong>Altera\u00e7\u00f5es na pol\u00edtica de privacidade<\/strong><\/h2>\n\n\n\n<p>Esta pol\u00edtica de privacidade pode ser alterada a qualquer momento, de acordo com as mudan\u00e7as na legisla\u00e7\u00e3o ou em nossas pr\u00e1ticas internas. Consulte-a regularmente para verificar se h\u00e1 atualiza\u00e7\u00f5es. <\/p>\n\n\n\n<hr class=\"wp-block-separator has-alpha-channel-opacity\"\/>\n\n\n\n<h2 class=\"wp-block-heading\"><strong>Contato<\/strong><\/h2>\n\n\n\n<p>Se tiver alguma d\u00favida sobre esta <strong>pol\u00edtica de privacidade<\/strong> ou quiser exercer seus direitos, voc\u00ea pode entrar em contato conosco por :<\/p>\n\n\n\n<ul class=\"wp-block-list\">\n<li>Por e-mail: info@monumental-valois.fr<\/li>\n\n\n\n<li>Pelo correio:<br\/>Communaut\u00e9 de Communes du Pays de Valois<br\/>62, rue de Soissons 60800 Cr\u00e9py-en-Valois &#8211; FRAN\u00c7A<\/li>\n<\/ul>\n<\/div>\n\n\n\n<div class=\"wp-block-column is-vertically-aligned-stretch has-gris-clair-background-color has-background is-layout-flow wp-block-column-is-layout-flow\" style=\"flex-basis:35%\">\n<div class=\"wp-block-group is-style-col-adr has-gris-clair-background-color has-background\"><div class=\"wp-block-group__inner-container is-layout-constrained wp-block-group-is-layout-constrained\"><div class=\"lazyblock-bloc-adresse-ZLdnye wp-block-lazyblock-bloc-adresse\">\n<div class=\"bloc-adresse\">\n  <div class=\"logos\">\n    <a href=\"https:\/\/monumental-valois.com\">\n  <img decoding=\"async\" src=\"https:\/\/monumental-valois.com\/wp-content\/themes\/monumental-valois\/images\/logo-monumental-valois-footer.svg\">\n  <\/a>\n  <a href=\"https:\/\/www.cc-paysdevalois.fr\/\" title=\"Communaut\u00e9 de Communes du Pays de Valois\" target=\"_blank\" rel=\"noopener\">\n<img decoding=\"async\" src=\"https:\/\/monumental-valois.com\/wp-content\/themes\/monumental-valois\/images\/logo-ccpv-nb.svg\" alt=\"Communaut\u00e9 de Communes du Pays de Valois\">\n<\/a>\n  <\/div>\n  <p class=\"titre-adr\">COMMUNAUT\u00c9 DE COMMUNES \r\nDU PAYS DE VALOIS<\/p>\n  <p class=\"texte-adr\">62 rue de Soissons<br>\n60800 Cr\u00e9py-en-Valois<\/p>\n\n <p class=\"mail-tel\">\n <a href=\"tel:+33361589190\" rel=\"nofollow\" class=\"tel\" title=\"Entre em contato conosco por telefone\">+33 3 61 58 91 90<\/a>\n<br>\n <a href=\"mailto:&#105;&#110;&#102;&#111;&#64;&#109;&#111;&#110;&#117;&#109;&#101;&#110;&#116;&#97;&#108;&#45;&#118;&#97;&#108;&#111;&#105;&#115;&#46;&#102;&#114;\" rel=\"nofollow\" class=\"mail\" target=\"_blank\" title=\"Entre em contato conosco por e-mail\">&#105;&#110;&#102;&#111;&#64;&#109;&#111;&#110;&#117;&#109;&#101;&#110;&#116;&#97;&#108;&#45;&#118;&#97;&#108;&#111;&#105;&#115;&#46;&#102;&#114;<\/a>\n <\/p>\n\n <div class=\"reseaux\">\n                            <p>Siga-nos nas redes sociais!<\/p>\n                            <a href=\"https:\/\/www.facebook.com\/CCPaysdeValois\/?locale=fr_FR\" rel=\"nofollow noopener\" target=\"_blank\" class=\"picto-facebook\"><\/a>\n                            <a href=\"\" rel=\"nofollow\" target=\"_blank\" class=\"picto-x\"><\/a>\n                            <a href=\"https:\/\/www.instagram.com\/ccpaysdevalois\/\" rel=\"nofollow noopener\" target=\"_blank\" class=\"picto-instagram\"><\/a>\n                        <\/div>\n\n<\/div><\/div><\/div><\/div>\n<\/div>\n<\/div>\n<\/div><\/div>\n\n<div class=\"wp-block-group\"><div class=\"wp-block-group__inner-container is-layout-constrained wp-block-group-is-layout-constrained\"><\/div><\/div>\n","protected":false},"excerpt":{"rendered":"<p>Introdu\u00e7\u00e3o O objetivo desta pol\u00edtica de privacidade \u00e9 informar os usu\u00e1rios do site https:\/\/monumental-valois.com\/ sobre a coleta, o uso, a [&hellip;]<\/p>\n","protected":false},"author":1,"featured_media":0,"parent":0,"menu_order":0,"comment_status":"closed","ping_status":"open","template":"page-sans-img-avant.php","meta":{"footnotes":""},"class_list":["post-2044","page","type-page","status-publish","hentry"],"_links":{"self":[{"href":"https:\/\/monumental-valois.com\/pt-br\/wp-json\/wp\/v2\/pages\/2044","targetHints":{"allow":["GET"]}}],"collection":[{"href":"https:\/\/monumental-valois.com\/pt-br\/wp-json\/wp\/v2\/pages"}],"about":[{"href":"https:\/\/monumental-valois.com\/pt-br\/wp-json\/wp\/v2\/types\/page"}],"author":[{"embeddable":true,"href":"https:\/\/monumental-valois.com\/pt-br\/wp-json\/wp\/v2\/users\/1"}],"replies":[{"embeddable":true,"href":"https:\/\/monumental-valois.com\/pt-br\/wp-json\/wp\/v2\/comments?post=2044"}],"version-history":[{"count":1,"href":"https:\/\/monumental-valois.com\/pt-br\/wp-json\/wp\/v2\/pages\/2044\/revisions"}],"predecessor-version":[{"id":2045,"href":"https:\/\/monumental-valois.com\/pt-br\/wp-json\/wp\/v2\/pages\/2044\/revisions\/2045"}],"wp:attachment":[{"href":"https:\/\/monumental-valois.com\/pt-br\/wp-json\/wp\/v2\/media?parent=2044"}],"curies":[{"name":"wp","href":"https:\/\/api.w.org\/{rel}","templated":true}]}}