{"id":2078,"date":"2025-01-08T15:03:13","date_gmt":"2025-01-08T14:03:13","guid":{"rendered":"https:\/\/monumental-valois.com\/inicio\/"},"modified":"2026-03-18T16:25:04","modified_gmt":"2026-03-18T15:25:04","slug":"inicio","status":"publish","type":"page","link":"https:\/\/monumental-valois.com\/pt-br\/","title":{"rendered":"In\u00edcio"},"content":{"rendered":"\n<header class=\"wp-block-group alignfull\"><div class=\"wp-block-group__inner-container is-layout-constrained wp-block-group-is-layout-constrained\"><div class=\"lazyblock-slider-home-page-top-11SCKt alignfull alignfull  wp-block-lazyblock-slider-home-page-top\"><div class=\"wrapper-slider-home\">\n<div class=\"swiper slider-oeuvres-home\">\n<div class=\"swiper-wrapper\">\n  <div class=\"swiper-slide slide-oeuvre\" style=\"background-image: url(https:\/\/monumental-valois.com\/wp-content\/uploads\/2026\/03\/Jardin-minimaliste-2-\u00a9Francis-Briest-retouchee.webp);\">\n  <div class=\"opaque\">\n    <div class=\"content\">\n         <h1> Monumental Valois, uma viagem \u00fanica pela arte contempor\u00e2nea<\/h1>\n         \n            <\/div>\n  <\/div>\n  \n<\/div>\n<div class=\"swiper-slide slide-oeuvre\" style=\"background-image: url(https:\/\/monumental-valois.com\/wp-content\/uploads\/2026\/01\/Mareuil-sur-ourcq-canal-de-l-ourcq.webp);\">\n  <div class=\"opaque\">\n    <div class=\"content\">\n              <h2> O Pays de Valois: uma \u00e1rea que combina natureza, hist\u00f3ria e patrim\u00f4nio<\/h2>\n       \n         <p>Pa\u00eds de Valois<\/p>\n              <a href=\"https:\/\/monumental-valois.com\/pt-br\/o-pays-de-valois-uma-area-que-combina-natureza-historia-e-patrimonio\/\" title=\"O Pays de Valois: uma \u00e1rea que combina natureza, hist\u00f3ria e patrim\u00f4nio\">\n      Mais detalhes      <\/a>\n <\/div>\n  <\/div>\n  \n<\/div>\n<div class=\"swiper-slide slide-oeuvre\" style=\"background-image: url(https:\/\/monumental-valois.com\/wp-content\/uploads\/2026\/01\/fresque-reskate.webp);\">\n  <div class=\"opaque\">\n    <div class=\"content\">\n              <h2> Reskate fresco: uma obra de arte com v\u00e1rios s\u00edmbolos<\/h2>\n       \n         <p>Reskate Studio &#8211; Mareuil-sur-Ourcq<\/p>\n              <a href=\"https:\/\/monumental-valois.com\/pt-br\/obra-monumental\/reskate-fresco-uma-obra-de-arte-com-varios-simbolos\/\" title=\"Reskate fresco: uma obra de arte com v\u00e1rios s\u00edmbolos\">\n      Mais detalhes      <\/a>\n <\/div>\n  <\/div>\n  \n<\/div>\n<\/div>\n<\/div>\n<div class=\"cote-slide\">\n            <span>em destaque na regi\u00e3o de Valois<\/span>\n        <\/div>\n        <div class=\"swiper-pagination-home\"><\/div>\n<div class=\"swiper-nav-home\">\n            <span class=\"btn-next-nav-home\" tabindex=\"0\" role=\"button\" aria-label=\"Next slide\" aria-controls=\"swiper-wrapper-70ef11098d3e543f4\"><\/span>\n            <span class=\"btn-prev-nav-home\" tabindex=\"0\" role=\"button\" aria-label=\"Previous slide\" aria-controls=\"swiper-wrapper-70ef11098d3e543f4\"><\/span>\n        <\/div>\n<\/div><\/div><\/div><\/header>\n\n<div class=\"wp-block-group alignwide\"><div class=\"wp-block-group__inner-container is-layout-constrained wp-block-group-is-layout-constrained\">\n<p class=\"has-text-align-center is-style-introduction\">Introdu\u00e7\u00e3o<\/p>\n\n\n\n<hr class=\"wp-block-separator has-text-color has-gris-fonce-color has-alpha-channel-opacity has-gris-fonce-background-color has-background is-style-petit-separator\"\/>\n\n\n\n<h2 class=\"wp-block-heading alignwide has-text-align-center is-style-fleche-gauche is-style-titre-home\">A Monumental Valois \u00e9 uma iniciativa art\u00edstica e tur\u00edstica inovadora apoiada pela Communaut\u00e9 de Communes du Pays de Valois e inspirada em exemplos internacionais do Jap\u00e3o, dos Estados Unidos e do Brasil.<\/h2>\n<\/div><\/div>\n\n<div class=\"wp-block-group alignwide\"><div class=\"wp-block-group__inner-container is-layout-constrained wp-block-group-is-layout-constrained\">\n<div class=\"wp-block-columns alignwide are-vertically-aligned-bottom is-style-espace-60-px is-layout-flex wp-container-core-columns-is-layout-28f84493 wp-block-columns-is-layout-flex\">\n<div class=\"wp-block-column is-vertically-aligned-bottom is-layout-flow wp-block-column-is-layout-flow\">\n<figure class=\"wp-block-image size-full\"><img loading=\"lazy\" decoding=\"async\" width=\"2560\" height=\"2194\" src=\"https:\/\/monumental-valois.com\/wp-content\/uploads\/2026\/01\/FresqueReskate-pays-valois2-@sophiepalmier-carre-scaled.webp\" alt=\"Maria e Javier do Reskate Studio\" class=\"wp-image-1139\" srcset=\"https:\/\/monumental-valois.com\/wp-content\/uploads\/2026\/01\/FresqueReskate-pays-valois2-@sophiepalmier-carre-scaled.webp 2560w, https:\/\/monumental-valois.com\/wp-content\/uploads\/2026\/01\/FresqueReskate-pays-valois2-@sophiepalmier-carre-467x400.webp 467w, https:\/\/monumental-valois.com\/wp-content\/uploads\/2026\/01\/FresqueReskate-pays-valois2-@sophiepalmier-carre-1050x900.webp 1050w, https:\/\/monumental-valois.com\/wp-content\/uploads\/2026\/01\/FresqueReskate-pays-valois2-@sophiepalmier-carre-768x658.webp 768w, https:\/\/monumental-valois.com\/wp-content\/uploads\/2026\/01\/FresqueReskate-pays-valois2-@sophiepalmier-carre-1536x1316.webp 1536w, https:\/\/monumental-valois.com\/wp-content\/uploads\/2026\/01\/FresqueReskate-pays-valois2-@sophiepalmier-carre-2048x1755.webp 2048w, https:\/\/monumental-valois.com\/wp-content\/uploads\/2026\/01\/FresqueReskate-pays-valois2-@sophiepalmier-carre-450x386.webp 450w, https:\/\/monumental-valois.com\/wp-content\/uploads\/2026\/01\/FresqueReskate-pays-valois2-@sophiepalmier-carre-700x600.webp 700w\" sizes=\"auto, (max-width: 2560px) 100vw, 2560px\" \/><\/figure>\n<\/div>\n\n\n\n<div class=\"wp-block-column is-vertically-aligned-bottom is-layout-flow wp-block-column-is-layout-flow\">\n<figure class=\"wp-block-image size-full\"><img loading=\"lazy\" decoding=\"async\" width=\"1707\" height=\"2560\" src=\"https:\/\/monumental-valois.com\/wp-content\/uploads\/2026\/01\/FresqueReskate-pays-valois-@sophiepalmier-9-scaled.webp\" alt=\"Renovar o afresco em Mareuil-sur-Ourcq\" class=\"wp-image-1141\" srcset=\"https:\/\/monumental-valois.com\/wp-content\/uploads\/2026\/01\/FresqueReskate-pays-valois-@sophiepalmier-9-scaled.webp 1707w, https:\/\/monumental-valois.com\/wp-content\/uploads\/2026\/01\/FresqueReskate-pays-valois-@sophiepalmier-9-267x400.webp 267w, https:\/\/monumental-valois.com\/wp-content\/uploads\/2026\/01\/FresqueReskate-pays-valois-@sophiepalmier-9-600x900.webp 600w, https:\/\/monumental-valois.com\/wp-content\/uploads\/2026\/01\/FresqueReskate-pays-valois-@sophiepalmier-9-768x1152.webp 768w, https:\/\/monumental-valois.com\/wp-content\/uploads\/2026\/01\/FresqueReskate-pays-valois-@sophiepalmier-9-1024x1536.webp 1024w, https:\/\/monumental-valois.com\/wp-content\/uploads\/2026\/01\/FresqueReskate-pays-valois-@sophiepalmier-9-1365x2048.webp 1365w, https:\/\/monumental-valois.com\/wp-content\/uploads\/2026\/01\/FresqueReskate-pays-valois-@sophiepalmier-9-300x450.webp 300w, https:\/\/monumental-valois.com\/wp-content\/uploads\/2026\/01\/FresqueReskate-pays-valois-@sophiepalmier-9-400x600.webp 400w\" sizes=\"auto, (max-width: 1707px) 100vw, 1707px\" \/><\/figure>\n<\/div>\n\n\n\n<div class=\"wp-block-column is-vertically-aligned-bottom is-layout-flow wp-block-column-is-layout-flow\">\n<h2 class=\"wp-block-heading is-style-petit-titre\">origem do projeto<\/h2>\n\n\n\n<h3 class=\"wp-block-heading has-30-px-font-size\">Uma iniciativa art\u00edstica e tur\u00edstica \u00fanica<\/h3>\n\n\n\n<p>O objetivo desse projeto, o \u00fanico desse tipo na Europa, \u00e9 criar uma trilha de esculturas monumentais, arquitetura e grafites contempor\u00e2neos, espalhados pelas 62 comunas da regi\u00e3o.<\/p>\n\n\n\n<div class=\"wp-block-buttons is-layout-flex wp-block-buttons-is-layout-flex\">\n<div class=\"wp-block-button\"><a class=\"wp-block-button__link wp-element-button\" href=\"https:\/\/monumental-valois.com\/pt-br\/monumental-valois-um-projeto-de-arte-contemporanea-unico-na-europa\/\">Leia mais<\/a><\/div>\n<\/div>\n<\/div>\n<\/div>\n<\/div><\/div>\n\n<div style=\"height:70px\" aria-hidden=\"true\" class=\"wp-block-spacer\"><\/div>\n\n<div class=\"wp-block-media-text alignfull has-media-on-the-right is-stacked-on-mobile is-vertically-aligned-bottom is-image-fill-element is-style-texte-max-400-px\" style=\"grid-template-columns:auto 59%\"><div class=\"wp-block-media-text__content\">\n<div style=\"height:100px\" aria-hidden=\"true\" class=\"wp-block-spacer\"><\/div>\n\n\n\n<h2 class=\"wp-block-heading is-style-petit-titre\">um museu para todos<\/h2>\n\n\n\n<h3 class=\"wp-block-heading has-30-px-font-size\">Um museu ao ar livre<br\/><\/h3>\n\n\n\n<p>No centro do projeto regional da Communaut\u00e9 de Communes, esse museu a c\u00e9u aberto coloca a inova\u00e7\u00e3o a servi\u00e7o do turismo, da cultura e do meio ambiente.<\/p>\n\n\n\n<div class=\"wp-block-buttons is-layout-flex wp-block-buttons-is-layout-flex\">\n<div class=\"wp-block-button\"><a class=\"wp-block-button__link wp-element-button\" href=\"https:\/\/monumental-valois.com\/pt-br\/monumental-valois-um-projeto-de-arte-contemporanea-unico-na-europa\/\">Leia mais<\/a><\/div>\n<\/div>\n<\/div><figure class=\"wp-block-media-text__media\"><img loading=\"lazy\" decoding=\"async\" width=\"1744\" height=\"900\" src=\"https:\/\/monumental-valois.com\/wp-content\/uploads\/2026\/01\/Donjon-de-vez-vue-drone-un-musee-pour-tous-1744x900.webp\" alt=\"Donjon de Vez - arte contempor\u00e2nea\" class=\"wp-image-1145 size-full\" style=\"object-position:50% 50%\" srcset=\"https:\/\/monumental-valois.com\/wp-content\/uploads\/2026\/01\/Donjon-de-vez-vue-drone-un-musee-pour-tous-1744x900.webp 1744w, https:\/\/monumental-valois.com\/wp-content\/uploads\/2026\/01\/Donjon-de-vez-vue-drone-un-musee-pour-tous-775x400.webp 775w, https:\/\/monumental-valois.com\/wp-content\/uploads\/2026\/01\/Donjon-de-vez-vue-drone-un-musee-pour-tous-768x396.webp 768w, https:\/\/monumental-valois.com\/wp-content\/uploads\/2026\/01\/Donjon-de-vez-vue-drone-un-musee-pour-tous-1536x792.webp 1536w, https:\/\/monumental-valois.com\/wp-content\/uploads\/2026\/01\/Donjon-de-vez-vue-drone-un-musee-pour-tous-2048x1057.webp 2048w, https:\/\/monumental-valois.com\/wp-content\/uploads\/2026\/01\/Donjon-de-vez-vue-drone-un-musee-pour-tous-450x232.webp 450w, https:\/\/monumental-valois.com\/wp-content\/uploads\/2026\/01\/Donjon-de-vez-vue-drone-un-musee-pour-tous-1163x600.webp 1163w\" sizes=\"auto, (max-width: 1744px) 100vw, 1744px\" \/><\/figure><\/div>\n\n<div style=\"height:70px\" aria-hidden=\"true\" class=\"wp-block-spacer\"><\/div>\n\n<div class=\"wp-block-group alignfull has-blanc-color has-noir-background-color has-text-color has-background has-link-color wp-elements-97afed3a93559d3ccdfa088ad6ea9f1d\"><div class=\"wp-block-group__inner-container is-layout-constrained wp-block-group-is-layout-constrained\">\n<div style=\"height:100px\" aria-hidden=\"true\" class=\"wp-block-spacer\"><\/div>\n\n\n\n<div class=\"wp-block-columns alignwide are-vertically-aligned-top is-layout-flex wp-container-core-columns-is-layout-28f84493 wp-block-columns-is-layout-flex\">\n<div class=\"wp-block-column is-vertically-aligned-top is-layout-flow wp-block-column-is-layout-flow\" style=\"flex-basis:45%\">\n<h2 class=\"wp-block-heading has-56-px-font-size\">Artistas trabalhando no Monumental<\/h2>\n<\/div>\n\n\n\n<div class=\"wp-block-column is-vertically-aligned-top is-layout-flow wp-block-column-is-layout-flow\" style=\"flex-basis:20%\"><\/div>\n\n\n\n<div class=\"wp-block-column is-vertically-aligned-top is-layout-flow wp-block-column-is-layout-flow\" style=\"flex-basis:35%\">\n<p>Pintores, escultores e artistas visuais, os artistas da Monumental Valois d\u00e3o uma olhada na regi\u00e3o por meio de obras contempor\u00e2neas concebidas in situ. Cada artista, com seu pr\u00f3prio universo, cria um di\u00e1logo entre arte, patrim\u00f4nio e a paisagem de Valois. <\/p>\n<\/div>\n<\/div>\n\n\n<div class=\"lazyblock-slider-artistes-ZjvKyg alignfull alignfull  wp-block-lazyblock-slider-artistes\"><div class=\"slider-artistes-wrapper\">\n  <div class=\"bloc-titre\">\n  <h2>\n    Os artistas<\/h2>\n<\/div>\n  <div class=\"slider-artiste swiper\">\n    <div class=\"swiper-wrapper\">\n     \n                    \n    <div class=\"slide-artiste swiper-slide\">\n      <div class=\"photo-artiste\" style=\"background-image: url(https:\/\/monumental-valois.com\/wp-content\/uploads\/2025\/02\/Antoine_Bourdelle-\u00a9agence-de-presse-Meurisse-294x400.jpg);\">\n        <a href=\"https:\/\/monumental-valois.com\/pt-br\/artista\/antoine-bourdelle\/\" title=\"Antoine Bourdelle\"><\/a>\n      <\/div>\n      <div class=\"textes\">\n      <h3>Antoine Bourdelle<\/h3>\n      <p class=\"pays\">Fran\u00e7a<\/p>\n      <div class=\"intro\">\n        Antoine Bourdelle \u00e9 uma figura importante da escultura francesa do in\u00edcio do s\u00e9culo XX. Aluno de Alexandre Falgui\u00e8re e assistente de Rodin, ele personificou uma transi\u00e7\u00e3o art\u00edstica entre o academicismo e a vanguarda modernista. Nascido em Montauban, desde cedo demonstrou talento para a escultura e, depois de estudar em Toulouse, mudou-se para Paris para desenvolver seu estilo \u00fanico.      <\/div>\n      <\/div>\n      \n    <\/div>\n    \n                        \n    <div class=\"slide-artiste swiper-slide\">\n      <div class=\"photo-artiste\" style=\"background-image: url(https:\/\/monumental-valois.com\/wp-content\/uploads\/2025\/02\/daniel-buren-600x400.jpg);\">\n        <a href=\"https:\/\/monumental-valois.com\/pt-br\/artista\/daniel-buren\/\" title=\"Daniel Buren\"><\/a>\n      <\/div>\n      <div class=\"textes\">\n      <h3>Daniel Buren<\/h3>\n      <p class=\"pays\">Fran\u00e7a<\/p>\n      <div class=\"intro\">\n        Daniel Buren \u00e9 uma figura importante na arte contempor\u00e2nea internacional. Reconhecido por suas obras espec\u00edficas para o local, ele concebe suas cria\u00e7\u00f5es em intera\u00e7\u00e3o com os lugares que ocupam. Sua &#8220;ferramenta visual&#8221;, com tiras alternadas de cor e branco de 8,7 cm de largura, tornou-se sua assinatura art\u00edstica.      <\/div>\n      <\/div>\n      \n    <\/div>\n    \n                        \n    <div class=\"slide-artiste swiper-slide\">\n      <div class=\"photo-artiste\" style=\"background-image: url(https:\/\/monumental-valois.com\/wp-content\/uploads\/2025\/02\/cc3a9sar-baldaccini-\u00a9La-Beautaniste-400x400.jpg);\">\n        <a href=\"https:\/\/monumental-valois.com\/pt-br\/artista\/cesar\/\" title=\"C\u00e9sar\"><\/a>\n      <\/div>\n      <div class=\"textes\">\n      <h3>C\u00e9sar<\/h3>\n      <p class=\"pays\">Fran\u00e7a<\/p>\n      <div class=\"intro\">\n        C\u00e9sar Baldaccini \u00e9 um dos principais artistas do movimento Novo Realista, ao lado de figuras como Arman e Jean Tinguely. Autodidata, ele se voltou para a arte moderna depois de estudar na \u00c9cole des Beaux-Arts em Paris.      <\/div>\n      <\/div>\n      \n    <\/div>\n    \n                        \n    <div class=\"slide-artiste swiper-slide\">\n      <div class=\"photo-artiste\" style=\"background-image: url(https:\/\/monumental-valois.com\/wp-content\/uploads\/2025\/02\/couturier-ok-\u00a9Galerie-Dina-Vierny-650x400.jpg);\">\n        <a href=\"https:\/\/monumental-valois.com\/pt-br\/artista\/robert-couturier\/\" title=\"Robert Couturier\"><\/a>\n      <\/div>\n      <div class=\"textes\">\n      <h3>Robert Couturier<\/h3>\n      <p class=\"pays\">Fran\u00e7a<\/p>\n      <div class=\"intro\">\n        Robert Couturier \u00e9 um importante escultor do s\u00e9culo XX, cuja obra combina modernidade e classicismo.      <\/div>\n      <\/div>\n      \n    <\/div>\n    \n                        \n    <div class=\"slide-artiste swiper-slide\">\n      <div class=\"photo-artiste\" style=\"background-image: url(https:\/\/monumental-valois.com\/wp-content\/uploads\/2025\/02\/Eric-Croes-594x400.jpg);\">\n        <a href=\"https:\/\/monumental-valois.com\/pt-br\/artista\/eric-croes\/\" title=\"Eric Croes\"><\/a>\n      <\/div>\n      <div class=\"textes\">\n      <h3>Eric Croes<\/h3>\n      <p class=\"pays\">B\u00e9lgica<\/p>\n      <div class=\"intro\">\n        Radicado em Bruxelas, Eric Croes fez seu nome na arte contempor\u00e2nea com suas esculturas de cer\u00e2mica, que combinam artesanato, influ\u00eancias culturais e imagina\u00e7\u00e3o coletiva. Seu trabalho dilui as fronteiras entre arte, design e tradi\u00e7\u00e3o.      <\/div>\n      <\/div>\n      \n    <\/div>\n    \n                        \n    <div class=\"slide-artiste swiper-slide\">\n      <div class=\"photo-artiste\" style=\"background-image: url(https:\/\/monumental-valois.com\/wp-content\/uploads\/2025\/02\/Gustave-Eiffel-706x400.jpg);\">\n        <a href=\"https:\/\/monumental-valois.com\/pt-br\/artista\/gustave-eiffel\/\" title=\"Gustave Eiffel\"><\/a>\n      <\/div>\n      <div class=\"textes\">\n      <h3>Gustave Eiffel<\/h3>\n      <p class=\"pays\">Fran\u00e7a<\/p>\n      <div class=\"intro\">\n        Gustave Eiffel \u00e9 um dos engenheiros mais famosos da hist\u00f3ria da arquitetura e da engenharia. Nascido em Dijon, ele rapidamente se estabeleceu como um especialista em estruturas met\u00e1licas, ajudando a transformar a paisagem urbana e industrial do s\u00e9culo XIX.      <\/div>\n      <\/div>\n      \n    <\/div>\n    \n                        \n    <div class=\"slide-artiste swiper-slide\">\n      <div class=\"photo-artiste\" style=\"background-image: url(https:\/\/monumental-valois.com\/wp-content\/uploads\/2026\/03\/official-picture-Reskate-1-e1774535081409-400x400.webp);\">\n        <a href=\"https:\/\/monumental-valois.com\/pt-br\/artista\/estudio-de-reskate\/\" title=\"Est\u00fadio de Reskate\"><\/a>\n      <\/div>\n      <div class=\"textes\">\n      <h3>Est\u00fadio de Reskate<\/h3>\n      <p class=\"pays\">Espanha<\/p>\n      <div class=\"intro\">\n        O Reskate Studio \u00e9 um coletivo de artistas formado por Mar\u00eda L\u00f3pez e Javier de Riba, de Donostia-San Sebasti\u00e1n e Barcelona, respectivamente. Com sede no bairro de Sants, em Barcelona, a dupla \u00e9 especializada em murais, instala\u00e7\u00f5es e ilustra\u00e7\u00f5es, influenciados pela cultura popular e pelo design gr\u00e1fico. Sua abordagem art\u00edstica \u00e9 caracterizada por uma busca constante por inova\u00e7\u00e3o, em que a est\u00e9tica, as t\u00e9cnicas e os materiais escolhidos sempre servem para ampliar a mensagem subjacente de cada trabalho.      <\/div>\n      <\/div>\n      \n    <\/div>\n    \n                        \n    <div class=\"slide-artiste swiper-slide\">\n      <div class=\"photo-artiste\" style=\"background-image: url(https:\/\/monumental-valois.com\/wp-content\/uploads\/2025\/02\/Entrelacs-Patrick-Fleury-533x400.jpg);\">\n        <a href=\"https:\/\/monumental-valois.com\/pt-br\/artista\/patrick-fleury\/\" title=\"Patrick Fleury\"><\/a>\n      <\/div>\n      <div class=\"textes\">\n      <h3>Patrick Fleury<\/h3>\n      <p class=\"pays\">Fran\u00e7a<\/p>\n      <div class=\"intro\">\n        Patrick Fleury \u00e9 um escultor, artista visual e compositor cujo trabalho combina espa\u00e7o, movimento e inova\u00e7\u00e3o. Suas esculturas, especialmente seu &#8220;arco largo&#8221; inspirado em rel\u00f3gios de sol, brincam com as intera\u00e7\u00f5es entre as formas e seu ambiente. Ao dividir e reinterpretar o espa\u00e7o, ele imprime uma din\u00e2mica \u00fanica \u00e0s suas obras.      <\/div>\n      <\/div>\n      \n    <\/div>\n    \n                        \n    <div class=\"slide-artiste swiper-slide\">\n      <div class=\"photo-artiste\" style=\"background-image: url(https:\/\/monumental-valois.com\/wp-content\/uploads\/2025\/02\/Morelet_Francois_portrait.jpg);\">\n        <a href=\"https:\/\/monumental-valois.com\/pt-br\/artista\/francois-morellet\/\" title=\"Fran\u00e7ois Morellet\"><\/a>\n      <\/div>\n      <div class=\"textes\">\n      <h3>Fran\u00e7ois Morellet<\/h3>\n      <p class=\"pays\">Fran\u00e7a<\/p>\n      <div class=\"intro\">\n        Fran\u00e7ois Morellet \u00e9 um dos grandes nomes da abstra\u00e7\u00e3o geom\u00e9trica e do minimalismo. Pintor, gravador e escultor, ele revolucionou a arte moderna enquanto seguia a carreira de industrial at\u00e9 1975.      <\/div>\n      <\/div>\n      \n    <\/div>\n    \n                        \n    <div class=\"slide-artiste swiper-slide\">\n      <div class=\"photo-artiste\" style=\"background-image: url(https:\/\/monumental-valois.com\/wp-content\/uploads\/2025\/02\/Jean-Pierre-Raynaud-276x400.jpg);\">\n        <a href=\"https:\/\/monumental-valois.com\/pt-br\/artista\/jean-pierre-raynaud\/\" title=\"Jean-Pierre Raynaud\"><\/a>\n      <\/div>\n      <div class=\"textes\">\n      <h3>Jean-Pierre Raynaud<\/h3>\n      <p class=\"pays\">Fran\u00e7a<\/p>\n      <div class=\"intro\">\n        Jean-Pierre Raynaud \u00e9 um artista visual franc\u00eas conhecido por seu trabalho com s\u00edmbolos e materiais do cotidiano. Formado em horticultura, ele iniciou sua carreira art\u00edstica na d\u00e9cada de 1960 com trabalhos emblem\u00e1ticos usando vasos de flores de cimento, placas de tr\u00e2nsito e azulejos brancos com juntas pretas, que se tornaram sua assinatura.      <\/div>\n      <\/div>\n      \n    <\/div>\n    \n                        \n    <div class=\"slide-artiste swiper-slide\">\n      <div class=\"photo-artiste\" style=\"background-image: url(https:\/\/monumental-valois.com\/wp-content\/uploads\/2025\/02\/Michel-Verjux-1-474x400.jpg);\">\n        <a href=\"https:\/\/monumental-valois.com\/pt-br\/artista\/michel-verjux\/\" title=\"Michel Verjux\"><\/a>\n      <\/div>\n      <div class=\"textes\">\n      <h3>Michel Verjux<\/h3>\n      <p class=\"pays\">Fran\u00e7a<\/p>\n      <div class=\"intro\">\n        Michel Verjux fez seu nome na d\u00e9cada de 1980 com um conjunto de trabalhos centrados na luz e na percep\u00e7\u00e3o. Depois de explorar o desenho, a poesia e a arte perform\u00e1tica, ele se voltou para as artes visuais em 1983, usando a ilumina\u00e7\u00e3o como seu principal meio.      <\/div>\n      <\/div>\n      \n    <\/div>\n    \n                                                          <\/div>\n  <\/div>\n  <div class=\"swiper-pagination-artistes\"><\/div>\n<\/div><\/div>\n\n\n<div style=\"height:70px\" aria-hidden=\"true\" class=\"wp-block-spacer\"><\/div>\n\n\n\n<hr class=\"wp-block-separator has-alpha-channel-opacity\"\/>\n\n\n\n<div style=\"height:70px\" aria-hidden=\"true\" class=\"wp-block-spacer\"><\/div>\n\n\n\n<div class=\"wp-block-columns alignwide are-vertically-aligned-top is-layout-flex wp-container-core-columns-is-layout-28f84493 wp-block-columns-is-layout-flex\">\n<div class=\"wp-block-column is-vertically-aligned-top is-layout-flow wp-block-column-is-layout-flow\" style=\"flex-basis:45%\">\n<h2 class=\"wp-block-heading has-54-px-font-size\">Descubra lugares emblem\u00e1ticos<br\/>revisitados por artistas<\/h2>\n<\/div>\n\n\n\n<div class=\"wp-block-column is-vertically-aligned-top is-layout-flow wp-block-column-is-layout-flow\" style=\"flex-basis:20%\"><\/div>\n\n\n\n<div class=\"wp-block-column is-vertically-aligned-top is-layout-flow wp-block-column-is-layout-flow\" style=\"flex-basis:35%\">\n<p>A Monumental Valois convida voc\u00ea a explorar a regi\u00e3o de uma maneira diferente. Atrav\u00e9s de seus olhos, artistas contempor\u00e2neos revisitam lugares emblem\u00e1ticos onde o patrim\u00f4nio e a arte se encontram. <\/p>\n<\/div>\n<\/div>\n\n\n<div class=\"lazyblock-carte-home-page-ZUDwm1 alignfull alignfull  wp-block-lazyblock-carte-home-page\"> <div class=\"carte-home-page\">\n  <div class=\"fiche-info\">\n    <div class=\"fond-opaque\">\n    <div class=\"texte\">\n      <h3 id=\"titre-oeuvre\"><\/h3>\n      <p id=\"ville-oeuvre\"><\/p>\n      <a href=\"#\" id=\"bouton-page\">\n        Saiba mais      <\/a>\n    <\/div>\n   <\/div>\n  <\/div>\n  <div class=\"la-carte\" id=\"map-home\">\n    \n  <\/div>\n<\/div><\/div><\/div><\/div>\n\n<div style=\"height:70px\" aria-hidden=\"true\" class=\"wp-block-spacer\"><\/div>\n\n<hr class=\"wp-block-separator has-alpha-channel-opacity\"\/>\n\n<div style=\"height:70px\" aria-hidden=\"true\" class=\"wp-block-spacer\"><\/div>\n\n<div class=\"wp-block-group alignfull\"><div class=\"wp-block-group__inner-container is-layout-constrained wp-block-group-is-layout-constrained\">\n<div class=\"wp-block-columns alignwide are-vertically-aligned-top is-layout-flex wp-container-core-columns-is-layout-28f84493 wp-block-columns-is-layout-flex\">\n<div class=\"wp-block-column is-vertically-aligned-top is-layout-flow wp-block-column-is-layout-flow\" style=\"flex-basis:45%\">\n<h2 class=\"wp-block-heading has-52-px-font-size\">Arte monumental<br\/>na regi\u00e3o de Valois, na Fran\u00e7a e no mundo<\/h2>\n\n\n\n<div class=\"wp-block-buttons is-layout-flex wp-block-buttons-is-layout-flex\">\n<div class=\"wp-block-button is-style-bouton-blanc\"><a class=\"wp-block-button__link wp-element-button\" href=\"https:\/\/monumental-valois.com\/actus\/\">Ver todos os artigos<\/a><\/div>\n<\/div>\n<\/div>\n\n\n\n<div class=\"wp-block-column is-vertically-aligned-top is-layout-flow wp-block-column-is-layout-flow\" style=\"flex-basis:10%\"><\/div>\n\n\n\n<div class=\"wp-block-column is-vertically-aligned-top is-layout-flow wp-block-column-is-layout-flow\" style=\"flex-basis:35%\">\n<p>Mantenha-se atualizado sobre a arte monumental na Fran\u00e7a e no exterior: novas obras, projetos atuais, exposi\u00e7\u00f5es e instala\u00e7\u00f5es de destaque&#8230; Uma vis\u00e3o geral da arte monumental contempor\u00e2nea.<\/p>\n<\/div>\n<\/div>\n\n\n<div class=\"lazyblock-actus-big-slider-1Hi2M6 alignfull alignfull  wp-block-lazyblock-actus-big-slider\"><div class=\"big-slider-actus-wrapper\">\n<div class=\"swiper big-slider-actus\">\n  <div class=\"swiper-wrapper\">\n    <div class=\"swiper-slide big-slide-actu\" style=\"background-image: url(https:\/\/monumental-valois.com\/wp-content\/uploads\/2026\/04\/James-Turrell-photo-Florien-Holzherr.webp);\">\n    <div class=\"opaque\">\n      <div class=\"texte-content\">\n    <h3>James Turrell &#8211; A Roden Crater, land art no seu melhor<\/h3>    <a href=\"https:\/\/monumental-valois.com\/pt-br\/no-mundo\/james-turrell-a-roden-crater-land-art-no-seu-melhor\/\" title=\"James Turrell &#8211; A Roden Crater, land art no seu melhor\">Lire la suite<\/a>\n    <\/div>\n    <\/div>\n  <\/div>\n    <div class=\"swiper-slide big-slide-actu\" style=\"background-image: url(https:\/\/monumental-valois.com\/wp-content\/uploads\/2026\/03\/RAIR-Credits-photo-Mike-Persico.webp);\">\n    <div class=\"opaque\">\n      <div class=\"texte-content\">\n    <h3>RAIR, uma resid\u00eancia art\u00edstica at\u00edpica na Filad\u00e9lfia<\/h3>    <a href=\"https:\/\/monumental-valois.com\/pt-br\/no-mundo\/rair-uma-residencia-artistica-atipica-na-filadelfia\/\" title=\"RAIR, uma resid\u00eancia art\u00edstica at\u00edpica na Filad\u00e9lfia\">Lire la suite<\/a>\n    <\/div>\n    <\/div>\n  <\/div>\n    <div class=\"swiper-slide big-slide-actu\" style=\"background-image: url(https:\/\/monumental-valois.com\/wp-content\/uploads\/2026\/03\/488360966_1199813035481333_4178212339294956948_n.webp);\">\n    <div class=\"opaque\">\n      <div class=\"texte-content\">\n    <h3>ART BASEL se instala no Golfo<\/h3>    <a href=\"https:\/\/monumental-valois.com\/pt-br\/no-mundo\/art-basel-se-instala-no-golfo\/\" title=\"ART BASEL se instala no Golfo\">Lire la suite<\/a>\n    <\/div>\n    <\/div>\n  <\/div>\n    <div class=\"swiper-slide big-slide-actu\" style=\"background-image: url(https:\/\/monumental-valois.com\/wp-content\/uploads\/2025\/03\/Jerusalem-Stabile-II-1976-par-Alexander-Calder-Jeffrey-Jenkins-1.webp);\">\n    <div class=\"opaque\">\n      <div class=\"texte-content\">\n    <h3>Centro de Arte Storm King<\/h3>    <a href=\"https:\/\/monumental-valois.com\/pt-br\/no-mundo\/centro-de-arte-storm-king\/\" title=\"Centro de Arte Storm King\">Lire la suite<\/a>\n    <\/div>\n    <\/div>\n  <\/div>\n  \t\n<\/div>\n<div class=\"swiper-pagination-big-actus\"><\/div>\n<\/div>\n<\/div><\/div><\/div><\/div>\n\n<div style=\"height:70px\" aria-hidden=\"true\" class=\"wp-block-spacer\"><\/div>\n<div class=\"lazyblock-liste-actus-TYIeA wp-block-lazyblock-liste-actus\"><div class=\"liste-actualites\">\n  <div class=\"liste-actus-content\">\n    <h2>Arte monumental no Pays de Valois<\/h2>\n    <div class=\"actus-categ-slider swiper\">\n        <div class=\"swiper-wrapper\">\n      \n              <div class=\"actus swiper-slide\">\n           <div class=\"bloc-actus\">\n                                <div class=\"photo-actus\" style=\"background-image: url(https:\/\/monumental-valois.com\/wp-content\/uploads\/2026\/03\/reskate-hoshinomori-version-de-jour.webp);\">\n                                    <div class=\"categs\">\n                                        <span> Na regi\u00e3o de Valois<\/span>\n                                    <\/div>\n                                    <a href=\"https:\/\/monumental-valois.com\/pt-br\/na-regiao-de-valois\/um-novo-mural-do-reskate-studio-em-toquio\/\" title=\"Um novo mural do Reskate Studio em T\u00f3quio\"><\/a>\n                                <\/div>\n                                <p class=\"date\">\n                                    26 de mar\u00e7o de 2026                                <\/p>\n        <h3>Um novo mural do Reskate Studio em T\u00f3quio<\/h3>\n        <\/div>\n      <\/div>\n              <div class=\"actus swiper-slide\">\n           <div class=\"bloc-actus\">\n                                <div class=\"photo-actus\" style=\"background-image: url(https:\/\/monumental-valois.com\/wp-content\/uploads\/2026\/03\/DGi_FR60_insideout-7524-1350x900.webp);\">\n                                    <div class=\"categs\">\n                                        <span> Na regi\u00e3o de Valois<\/span>\n                                    <\/div>\n                                    <a href=\"https:\/\/monumental-valois.com\/pt-br\/na-regiao-de-valois\/petalas-monumentais-adornam-o-novo-espaco-de-vendas-da-dior-em-pequim\/\" title=\"A iniciativa INSIDE OUT da JR comemora seu 15\u00ba anivers\u00e1rio\"><\/a>\n                                <\/div>\n                                <p class=\"date\">\n                                    25 de mar\u00e7o de 2026                                <\/p>\n        <h3>A iniciativa INSIDE OUT da JR comemora seu 15\u00ba anivers\u00e1rio<\/h3>\n        <\/div>\n      <\/div>\n        \t\n    <\/div>\n    \n    <\/div>\n  <\/div>\n<\/div> <\/div>","protected":false},"excerpt":{"rendered":"<p>Introdu\u00e7\u00e3o A Monumental Valois \u00e9 uma iniciativa art\u00edstica e tur\u00edstica inovadora apoiada pela Communaut\u00e9 de Communes du Pays de Valois [&hellip;]<\/p>\n","protected":false},"author":1,"featured_media":0,"parent":0,"menu_order":0,"comment_status":"closed","ping_status":"closed","template":"","meta":{"footnotes":""},"class_list":["post-2078","page","type-page","status-publish","hentry"],"_links":{"self":[{"href":"https:\/\/monumental-valois.com\/pt-br\/wp-json\/wp\/v2\/pages\/2078","targetHints":{"allow":["GET"]}}],"collection":[{"href":"https:\/\/monumental-valois.com\/pt-br\/wp-json\/wp\/v2\/pages"}],"about":[{"href":"https:\/\/monumental-valois.com\/pt-br\/wp-json\/wp\/v2\/types\/page"}],"author":[{"embeddable":true,"href":"https:\/\/monumental-valois.com\/pt-br\/wp-json\/wp\/v2\/users\/1"}],"replies":[{"embeddable":true,"href":"https:\/\/monumental-valois.com\/pt-br\/wp-json\/wp\/v2\/comments?post=2078"}],"version-history":[{"count":2,"href":"https:\/\/monumental-valois.com\/pt-br\/wp-json\/wp\/v2\/pages\/2078\/revisions"}],"predecessor-version":[{"id":2623,"href":"https:\/\/monumental-valois.com\/pt-br\/wp-json\/wp\/v2\/pages\/2078\/revisions\/2623"}],"wp:attachment":[{"href":"https:\/\/monumental-valois.com\/pt-br\/wp-json\/wp\/v2\/media?parent=2078"}],"curies":[{"name":"wp","href":"https:\/\/api.w.org\/{rel}","templated":true}]}}