{"id":2093,"date":"2025-02-19T10:35:36","date_gmt":"2025-02-19T09:35:36","guid":{"rendered":"https:\/\/monumental-valois.com\/os-trabalhos\/"},"modified":"2026-03-02T15:03:17","modified_gmt":"2026-03-02T14:03:17","slug":"os-trabalhos","status":"publish","type":"page","link":"https:\/\/monumental-valois.com\/pt-br\/os-trabalhos\/","title":{"rendered":"Os trabalhos"},"content":{"rendered":"\n<div class=\"wp-block-group alignwide\"><div class=\"wp-block-group__inner-container is-layout-constrained wp-block-group-is-layout-constrained\"><div class=\"lazyblock-liste-oeuvres-2AGpi alignwide alignwide  wp-block-lazyblock-liste-oeuvres\"><div class=\"list-oeuvres\">\r\n                                        <div class=\"une-oeuvre\" data-commune=\"Mareuil-sur-Ourcq\">\r\n                            <article>\r\n\r\n                                <div class=\"photo\" style=\"background-image: url(https:\/\/monumental-valois.com\/wp-content\/uploads\/2024\/12\/fresque-reskate-735x400.jpg);\">\r\n                                    <a href=\"https:\/\/monumental-valois.com\/pt-br\/obra-monumental\/reskate-fresco-uma-obra-de-arte-com-varios-simbolos\/\" title=\"Reskate fresco: uma obra de arte com v\u00e1rios s\u00edmbolos\"><\/a>\r\n                                <\/div>\r\n                                <p>Mareuil-sur-Ourcq<\/p>\r\n                                <h2><a href=\"https:\/\/monumental-valois.com\/pt-br\/obra-monumental\/reskate-fresco-uma-obra-de-arte-com-varios-simbolos\/\" title=\"Reskate fresco: uma obra de arte com v\u00e1rios s\u00edmbolos\">\r\n                                        Reskate fresco: uma obra de arte com v\u00e1rios s\u00edmbolos                                    <\/a><\/h2>\r\n<h3><a href=\"https:\/\/monumental-valois.com\/pt-br\/artista\/estudio-de-reskate\/\">Est\u00fadio de Reskate<\/a><\/h3>\r\n                            <\/article>\r\n                        <\/div>\r\n                                            <div class=\"une-oeuvre\" data-commune=\"Vez\">\r\n                            <article>\r\n\r\n                                <div class=\"photo\" style=\"background-image: url(https:\/\/monumental-valois.com\/wp-content\/uploads\/2025\/02\/Galeries-souterraines-600x400.jpg);\">\r\n                                    <a href=\"https:\/\/monumental-valois.com\/pt-br\/obra-monumental\/michel-verjux-revelando-o-espaco-por-meio-da-luz\/\" title=\"Michel Verjux: revelando o espa\u00e7o por meio da luz\"><\/a>\r\n                                <\/div>\r\n                                <p>Vez<\/p>\r\n                                <h2><a href=\"https:\/\/monumental-valois.com\/pt-br\/obra-monumental\/michel-verjux-revelando-o-espaco-por-meio-da-luz\/\" title=\"Michel Verjux: revelando o espa\u00e7o por meio da luz\">\r\n                                        Michel Verjux: revelando o espa\u00e7o por meio da luz                                    <\/a><\/h2>\r\n<h3><a href=\"https:\/\/monumental-valois.com\/pt-br\/artista\/michel-verjux\/\">Michel Verjux<\/a><\/h3>\r\n                            <\/article>\r\n                        <\/div>\r\n                                            <div class=\"une-oeuvre\" data-commune=\"Vez\">\r\n                            <article>\r\n\r\n                                <div class=\"photo\" style=\"background-image: url(https:\/\/monumental-valois.com\/wp-content\/uploads\/2025\/02\/Cabanes-533x400.jpg);\">\r\n                                    <a href=\"https:\/\/monumental-valois.com\/pt-br\/obra-monumental\/cabanas-obras-suspensas\/\" title=\"Cabanas: obras suspensas\"><\/a>\r\n                                <\/div>\r\n                                <p>Vez<\/p>\r\n                                <h2><a href=\"https:\/\/monumental-valois.com\/pt-br\/obra-monumental\/cabanas-obras-suspensas\/\" title=\"Cabanas: obras suspensas\">\r\n                                        Cabanas: obras suspensas                                    <\/a><\/h2>\r\n<h3><a href=\"https:\/\/monumental-valois.com\/pt-br\/artista\/tadashi-kawamata\/\">Tadashi Kawamata<\/a><\/h3>\r\n                            <\/article>\r\n                        <\/div>\r\n                                            <div class=\"une-oeuvre\" data-commune=\"Vez\">\r\n                            <article>\r\n\r\n                                <div class=\"photo\" style=\"background-image: url(https:\/\/monumental-valois.com\/wp-content\/uploads\/2025\/02\/Relatum-X-601x400.jpg);\">\r\n                                    <a href=\"https:\/\/monumental-valois.com\/pt-br\/obra-monumental\/relatum-x-dialogo-entre-o-homem-e-a-natureza\/\" title=\"Relatum X: di\u00e1logo entre o homem e a natureza\"><\/a>\r\n                                <\/div>\r\n                                <p>Vez<\/p>\r\n                                <h2><a href=\"https:\/\/monumental-valois.com\/pt-br\/obra-monumental\/relatum-x-dialogo-entre-o-homem-e-a-natureza\/\" title=\"Relatum X: di\u00e1logo entre o homem e a natureza\">\r\n                                        Relatum X: di\u00e1logo entre o homem e a natureza                                    <\/a><\/h2>\r\n<h3><a href=\"https:\/\/monumental-valois.com\/pt-br\/artista\/lee-ufan\/\">Lee Ufan<\/a><\/h3>\r\n                            <\/article>\r\n                        <\/div>\r\n                                            <div class=\"une-oeuvre\" data-commune=\"Vez\">\r\n                            <article>\r\n\r\n                                <div class=\"photo\" style=\"background-image: url(https:\/\/monumental-valois.com\/wp-content\/uploads\/2025\/02\/Salle-Eiffel-266x400.jpg);\">\r\n                                    <a href=\"https:\/\/monumental-valois.com\/pt-br\/obra-monumental\/estrutura-um-trabalho-em-ferro-de-eiffel\/\" title=\"Estrutura: um trabalho em ferro de Eiffel\"><\/a>\r\n                                <\/div>\r\n                                <p>Vez<\/p>\r\n                                <h2><a href=\"https:\/\/monumental-valois.com\/pt-br\/obra-monumental\/estrutura-um-trabalho-em-ferro-de-eiffel\/\" title=\"Estrutura: um trabalho em ferro de Eiffel\">\r\n                                        Estrutura: um trabalho em ferro de Eiffel                                    <\/a><\/h2>\r\n<h3><a href=\"https:\/\/monumental-valois.com\/pt-br\/artista\/gustave-eiffel\/\">Gustave Eiffel<\/a><\/h3>\r\n                            <\/article>\r\n                        <\/div>\r\n                                            <div class=\"une-oeuvre\" data-commune=\"Vez\">\r\n                            <article>\r\n\r\n                                <div class=\"photo\" style=\"background-image: url(https:\/\/monumental-valois.com\/wp-content\/uploads\/2025\/02\/ceramique-Eric-Croes-300x400.jpg);\">\r\n                                    <a href=\"https:\/\/monumental-valois.com\/pt-br\/obra-monumental\/o-trabalho-de-eric-croes-um-convite-a-imaginacao\/\" title=\"O trabalho de Eric Croes: um convite \u00e0 imagina\u00e7\u00e3o\"><\/a>\r\n                                <\/div>\r\n                                <p>Vez<\/p>\r\n                                <h2><a href=\"https:\/\/monumental-valois.com\/pt-br\/obra-monumental\/o-trabalho-de-eric-croes-um-convite-a-imaginacao\/\" title=\"O trabalho de Eric Croes: um convite \u00e0 imagina\u00e7\u00e3o\">\r\n                                        O trabalho de Eric Croes: um convite \u00e0 imagina\u00e7\u00e3o                                    <\/a><\/h2>\r\n<h3><a href=\"https:\/\/monumental-valois.com\/pt-br\/artista\/eric-croes\/\">Eric Croes<\/a><\/h3>\r\n                            <\/article>\r\n                        <\/div>\r\n                                            <div class=\"une-oeuvre\" data-commune=\"Vez\">\r\n                            <article>\r\n\r\n                                <div class=\"photo\" style=\"background-image: url(https:\/\/monumental-valois.com\/wp-content\/uploads\/2025\/02\/Gisants-581x400.jpg);\">\r\n                                    <a href=\"https:\/\/monumental-valois.com\/pt-br\/obra-monumental\/a-sombra-da-capela-em-vez-as-figuras-reclinadas-de-fremiet\/\" title=\"\u00c0 sombra da capela em Vez: as figuras reclinadas de Fr\u00e9miet\"><\/a>\r\n                                <\/div>\r\n                                <p>Vez<\/p>\r\n                                <h2><a href=\"https:\/\/monumental-valois.com\/pt-br\/obra-monumental\/a-sombra-da-capela-em-vez-as-figuras-reclinadas-de-fremiet\/\" title=\"\u00c0 sombra da capela em Vez: as figuras reclinadas de Fr\u00e9miet\">\r\n                                        \u00c0 sombra da capela em Vez: as figuras reclinadas de Fr\u00e9miet                                    <\/a><\/h2>\r\n<h3><a href=\"https:\/\/monumental-valois.com\/pt-br\/artista\/emmanuel-fremiet\/\">Emmanuel Fr\u00e9miet<\/a><\/h3>\r\n                            <\/article>\r\n                        <\/div>\r\n                                            <div class=\"une-oeuvre\" data-commune=\"Vez\">\r\n                            <article>\r\n\r\n                                <div class=\"photo\" style=\"background-image: url(https:\/\/monumental-valois.com\/wp-content\/uploads\/2025\/02\/Verrieres-daniel-buren-698x400.jpg);\">\r\n                                    <a href=\"https:\/\/monumental-valois.com\/pt-br\/obra-monumental\/les-verrieres-de-buren-ou-a-arte-da-luz\/\" title=\"Les Verri\u00e8res de Buren ou a arte da luz\"><\/a>\r\n                                <\/div>\r\n                                <p>Vez<\/p>\r\n                                <h2><a href=\"https:\/\/monumental-valois.com\/pt-br\/obra-monumental\/les-verrieres-de-buren-ou-a-arte-da-luz\/\" title=\"Les Verri\u00e8res de Buren ou a arte da luz\">\r\n                                        Les Verri\u00e8res de Buren ou a arte da luz                                    <\/a><\/h2>\r\n<h3><a href=\"https:\/\/monumental-valois.com\/pt-br\/artista\/daniel-buren\/\">Daniel Buren<\/a><\/h3>\r\n                            <\/article>\r\n                        <\/div>\r\n                                            <div class=\"une-oeuvre\" data-commune=\"Vez\">\r\n                            <article>\r\n\r\n                                <div class=\"photo\" style=\"background-image: url(https:\/\/monumental-valois.com\/wp-content\/uploads\/2025\/02\/Allegories-601x400.jpg);\">\r\n                                    <a href=\"https:\/\/monumental-valois.com\/pt-br\/obra-monumental\/alegorias-eloquencia-forca-e-liberdade\/\" title=\"Alegorias: eloqu\u00eancia, for\u00e7a e liberdade\"><\/a>\r\n                                <\/div>\r\n                                <p>Vez<\/p>\r\n                                <h2><a href=\"https:\/\/monumental-valois.com\/pt-br\/obra-monumental\/alegorias-eloquencia-forca-e-liberdade\/\" title=\"Alegorias: eloqu\u00eancia, for\u00e7a e liberdade\">\r\n                                        Alegorias: eloqu\u00eancia, for\u00e7a e liberdade                                    <\/a><\/h2>\r\n<h3><a href=\"https:\/\/monumental-valois.com\/pt-br\/artista\/antoine-bourdelle\/\">Antoine Bourdelle<\/a><\/h3>\r\n                            <\/article>\r\n                        <\/div>\r\n                                            <div class=\"une-oeuvre\" data-commune=\"Vez\">\r\n                            <article>\r\n\r\n                                <div class=\"photo\" style=\"background-image: url(https:\/\/monumental-valois.com\/wp-content\/uploads\/2025\/02\/Pot-or-482x400.jpg);\">\r\n                                    <a href=\"https:\/\/monumental-valois.com\/pt-br\/obra-monumental\/o-pote-de-ouro-de-jean-pierre-raynaud-o-brilho-da-arte-contemporanea\/\" title=\"O pote de ouro de Jean-Pierre Raynaud: o brilho da arte contempor\u00e2nea\"><\/a>\r\n                                <\/div>\r\n                                <p>Vez<\/p>\r\n                                <h2><a href=\"https:\/\/monumental-valois.com\/pt-br\/obra-monumental\/o-pote-de-ouro-de-jean-pierre-raynaud-o-brilho-da-arte-contemporanea\/\" title=\"O pote de ouro de Jean-Pierre Raynaud: o brilho da arte contempor\u00e2nea\">\r\n                                        O pote de ouro de Jean-Pierre Raynaud: o brilho da arte contempor\u00e2nea                                    <\/a><\/h2>\r\n<h3><a href=\"https:\/\/monumental-valois.com\/pt-br\/artista\/jean-pierre-raynaud\/\">Jean-Pierre Raynaud<\/a><\/h3>\r\n                            <\/article>\r\n                        <\/div>\r\n                                            <div class=\"une-oeuvre\" data-commune=\"Vez\">\r\n                            <article>\r\n\r\n                                <div class=\"photo\" style=\"background-image: url(https:\/\/monumental-valois.com\/wp-content\/uploads\/2025\/02\/Ancienne-cheminee-601x400.jpg);\">\r\n                                    <a href=\"https:\/\/monumental-valois.com\/pt-br\/obra-monumental\/lareira-antiga-harmonia-e-minimalismo-no-donjon-de-vez\/\" title=\"Lareira antiga: harmonia e minimalismo no Donjon de Vez\"><\/a>\r\n                                <\/div>\r\n                                <p>Vez<\/p>\r\n                                <h2><a href=\"https:\/\/monumental-valois.com\/pt-br\/obra-monumental\/lareira-antiga-harmonia-e-minimalismo-no-donjon-de-vez\/\" title=\"Lareira antiga: harmonia e minimalismo no Donjon de Vez\">\r\n                                        Lareira antiga: harmonia e minimalismo no Donjon de Vez                                    <\/a><\/h2>\r\n<h3><a href=\"https:\/\/monumental-valois.com\/pt-br\/artista\/francois-morellet\/\">Fran\u00e7ois Morellet<\/a><\/h3>\r\n                            <\/article>\r\n                        <\/div>\r\n                                            <div class=\"une-oeuvre\" data-commune=\"Vez\">\r\n                            <article>\r\n\r\n                                <div class=\"photo\" style=\"background-image: url(https:\/\/monumental-valois.com\/wp-content\/uploads\/2026\/03\/Jardin-minimaliste-2-\u00a9Francis-Briest-retouchee-601x400.webp);\">\r\n                                    <a href=\"https:\/\/monumental-valois.com\/pt-br\/obra-monumental\/jardim-minimalista-um-dialogo-entre-a-natureza-e-a-historia\/\" title=\"Jardim minimalista: um di\u00e1logo entre a natureza e a hist\u00f3ria\"><\/a>\r\n                                <\/div>\r\n                                <p>Vez<\/p>\r\n                                <h2><a href=\"https:\/\/monumental-valois.com\/pt-br\/obra-monumental\/jardim-minimalista-um-dialogo-entre-a-natureza-e-a-historia\/\" title=\"Jardim minimalista: um di\u00e1logo entre a natureza e a hist\u00f3ria\">\r\n                                        Jardim minimalista: um di\u00e1logo entre a natureza e a hist\u00f3ria                                    <\/a><\/h2>\r\n<h3><a href=\"https:\/\/monumental-valois.com\/pt-br\/artista\/pascal-cribier\/\">Pascal Cribier<\/a><\/h3>\r\n                            <\/article>\r\n                        <\/div>\r\n                                            <div class=\"une-oeuvre\" data-commune=\"Vez\">\r\n                            <article>\r\n\r\n                                <div class=\"photo\" style=\"background-image: url(https:\/\/monumental-valois.com\/wp-content\/uploads\/2025\/02\/Wall-Drawing-671x400.jpg);\">\r\n                                    <a href=\"https:\/\/monumental-valois.com\/pt-br\/obra-monumental\/desenho-de-parede-de-sol-lewitt-imersao-geometrica\/\" title=\"Desenho de parede de Sol LeWitt: imers\u00e3o geom\u00e9trica\"><\/a>\r\n                                <\/div>\r\n                                <p>Vez<\/p>\r\n                                <h2><a href=\"https:\/\/monumental-valois.com\/pt-br\/obra-monumental\/desenho-de-parede-de-sol-lewitt-imersao-geometrica\/\" title=\"Desenho de parede de Sol LeWitt: imers\u00e3o geom\u00e9trica\">\r\n                                        Desenho de parede de Sol LeWitt: imers\u00e3o geom\u00e9trica                                    <\/a><\/h2>\r\n<h3><a href=\"https:\/\/monumental-valois.com\/pt-br\/artista\/sol-lewitt\/\">Sol LeWitt<\/a><\/h3>\r\n                            <\/article>\r\n                        <\/div>\r\n                                            <div class=\"une-oeuvre\" data-commune=\"Vez\">\r\n                            <article>\r\n\r\n                                <div class=\"photo\" style=\"background-image: url(https:\/\/monumental-valois.com\/wp-content\/uploads\/2025\/02\/La-Savonette-2-533x400.jpg);\">\r\n                                    <a href=\"https:\/\/monumental-valois.com\/pt-br\/obra-monumental\/la-savonnette-uma-ode-a-simplicidade-do-nu\/\" title=\"La Savonnette: uma ode \u00e0 simplicidade do nu\"><\/a>\r\n                                <\/div>\r\n                                <p>Vez<\/p>\r\n                                <h2><a href=\"https:\/\/monumental-valois.com\/pt-br\/obra-monumental\/la-savonnette-uma-ode-a-simplicidade-do-nu\/\" title=\"La Savonnette: uma ode \u00e0 simplicidade do nu\">\r\n                                        La Savonnette: uma ode \u00e0 simplicidade do nu                                    <\/a><\/h2>\r\n<h3><a href=\"https:\/\/monumental-valois.com\/pt-br\/artista\/robert-couturier\/\">Robert Couturier<\/a><\/h3>\r\n                            <\/article>\r\n                        <\/div>\r\n                                            <div class=\"une-oeuvre\" data-commune=\"Vez\">\r\n                            <article>\r\n\r\n                                <div class=\"photo\" style=\"background-image: url(https:\/\/monumental-valois.com\/wp-content\/uploads\/2025\/02\/eolienne-takis-533x400.jpg);\">\r\n                                    <a href=\"https:\/\/monumental-valois.com\/pt-br\/obra-monumental\/turbina-eolica-escultura-entre-a-natureza-e-o-futurismo\/\" title=\"Turbina e\u00f3lica: escultura entre a natureza e o futurismo\"><\/a>\r\n                                <\/div>\r\n                                <p>Vez<\/p>\r\n                                <h2><a href=\"https:\/\/monumental-valois.com\/pt-br\/obra-monumental\/turbina-eolica-escultura-entre-a-natureza-e-o-futurismo\/\" title=\"Turbina e\u00f3lica: escultura entre a natureza e o futurismo\">\r\n                                        Turbina e\u00f3lica: escultura entre a natureza e o futurismo                                    <\/a><\/h2>\r\n<h3><a href=\"https:\/\/monumental-valois.com\/pt-br\/artista\/vassilakis-takis\/\">Vassilakis Takis<\/a><\/h3>\r\n                            <\/article>\r\n                        <\/div>\r\n                                            <div class=\"une-oeuvre\" data-commune=\"Vez\">\r\n                            <article>\r\n\r\n                                <div class=\"photo\" style=\"background-image: url(https:\/\/monumental-valois.com\/wp-content\/uploads\/2025\/02\/Sapho-bourdelle-300x400.jpg);\">\r\n                                    <a href=\"https:\/\/monumental-valois.com\/pt-br\/obra-monumental\/sapho-harmonia-entre-arte-e-natureza-por-bourdelle\/\" title=\"Sapho: harmonia entre arte e natureza por Bourdelle\"><\/a>\r\n                                <\/div>\r\n                                <p>Vez<\/p>\r\n                                <h2><a href=\"https:\/\/monumental-valois.com\/pt-br\/obra-monumental\/sapho-harmonia-entre-arte-e-natureza-por-bourdelle\/\" title=\"Sapho: harmonia entre arte e natureza por Bourdelle\">\r\n                                        Sapho: harmonia entre arte e natureza por Bourdelle                                    <\/a><\/h2>\r\n<h3><a href=\"https:\/\/monumental-valois.com\/pt-br\/artista\/antoine-bourdelle\/\">Antoine Bourdelle<\/a><\/h3>\r\n                            <\/article>\r\n                        <\/div>\r\n                                            <div class=\"une-oeuvre\" data-commune=\"Vez\">\r\n                            <article>\r\n\r\n                                <div class=\"photo\" style=\"background-image: url(https:\/\/monumental-valois.com\/wp-content\/uploads\/2025\/02\/Obliques-donjon-vez-267x400.jpg);\">\r\n                                    <a href=\"https:\/\/monumental-valois.com\/pt-br\/obra-monumental\/9-linhas-obliquas-o-impulso-monumental-de-bernar-venet\/\" title=\"9 linhas obl\u00edquas: o impulso monumental de Bernar Venet\"><\/a>\r\n                                <\/div>\r\n                                <p>Vez<\/p>\r\n                                <h2><a href=\"https:\/\/monumental-valois.com\/pt-br\/obra-monumental\/9-linhas-obliquas-o-impulso-monumental-de-bernar-venet\/\" title=\"9 linhas obl\u00edquas: o impulso monumental de Bernar Venet\">\r\n                                        9 linhas obl\u00edquas: o impulso monumental de Bernar Venet                                    <\/a><\/h2>\r\n<h3><a href=\"https:\/\/monumental-valois.com\/pt-br\/artista\/bernar-venet\/\">Bernar Venet<\/a><\/h3>\r\n                            <\/article>\r\n                        <\/div>\r\n                                            <div class=\"une-oeuvre\" data-commune=\"Vez\">\r\n                            <article>\r\n\r\n                                <div class=\"photo\" style=\"background-image: url(https:\/\/monumental-valois.com\/wp-content\/uploads\/2025\/02\/Expansion-n-1-sculpture-cesar-437x400.jpg);\">\r\n                                    <a href=\"https:\/\/monumental-valois.com\/pt-br\/obra-monumental\/expansao-no-1-a-escultura-viva-de-cesar\/\" title=\"Expans\u00e3o n\u00ba 1: a escultura viva de C\u00e9sar\"><\/a>\r\n                                <\/div>\r\n                                <p>Vez<\/p>\r\n                                <h2><a href=\"https:\/\/monumental-valois.com\/pt-br\/obra-monumental\/expansao-no-1-a-escultura-viva-de-cesar\/\" title=\"Expans\u00e3o n\u00ba 1: a escultura viva de C\u00e9sar\">\r\n                                        Expans\u00e3o n\u00ba 1: a escultura viva de C\u00e9sar                                    <\/a><\/h2>\r\n<h3><a href=\"https:\/\/monumental-valois.com\/pt-br\/artista\/cesar\/\">C\u00e9sar<\/a><\/h3>\r\n                            <\/article>\r\n                        <\/div>\r\n                                            <div class=\"une-oeuvre\" data-commune=\"Vez\">\r\n                            <article>\r\n\r\n                                <div class=\"photo\" style=\"background-image: url(https:\/\/monumental-valois.com\/wp-content\/uploads\/2025\/02\/Carre-eugene-dodeigne-300x400.jpg);\">\r\n                                    <a href=\"https:\/\/monumental-valois.com\/pt-br\/obra-monumental\/square-o-poder-da-pedra\/\" title=\"Square: o poder da pedra\"><\/a>\r\n                                <\/div>\r\n                                <p>Vez<\/p>\r\n                                <h2><a href=\"https:\/\/monumental-valois.com\/pt-br\/obra-monumental\/square-o-poder-da-pedra\/\" title=\"Square: o poder da pedra\">\r\n                                        Square: o poder da pedra                                    <\/a><\/h2>\r\n<h3><a href=\"https:\/\/monumental-valois.com\/pt-br\/artista\/eugene-dodeigne\/\">Eug\u00e8ne Dodeigne<\/a><\/h3>\r\n                            <\/article>\r\n                        <\/div>\r\n                                            <div class=\"une-oeuvre\" data-commune=\"Vez\">\r\n                            <article>\r\n\r\n                                <div class=\"photo\" style=\"background-image: url(https:\/\/monumental-valois.com\/wp-content\/uploads\/2025\/02\/Arc-Large-300x400.jpg);\">\r\n                                    <a href=\"https:\/\/monumental-valois.com\/pt-br\/obra-monumental\/arc-large-uma-escultura-que-combina-luz-e-espaco\/\" title=\"Arc Large: uma escultura que combina luz e espa\u00e7o\"><\/a>\r\n                                <\/div>\r\n                                <p>Vez<\/p>\r\n                                <h2><a href=\"https:\/\/monumental-valois.com\/pt-br\/obra-monumental\/arc-large-uma-escultura-que-combina-luz-e-espaco\/\" title=\"Arc Large: uma escultura que combina luz e espa\u00e7o\">\r\n                                        Arc Large: uma escultura que combina luz e espa\u00e7o                                    <\/a><\/h2>\r\n<h3><a href=\"https:\/\/monumental-valois.com\/pt-br\/artista\/patrick-fleury\/\">Patrick Fleury<\/a><\/h3>\r\n                            <\/article>\r\n                        <\/div>\r\n                                                                    <\/div>\r\n<\/div><\/div><\/div>\n","protected":false},"excerpt":{"rendered":"","protected":false},"author":1,"featured_media":0,"parent":0,"menu_order":0,"comment_status":"closed","ping_status":"closed","template":"page-oeuvres.php","meta":{"footnotes":""},"class_list":["post-2093","page","type-page","status-publish","hentry"],"_links":{"self":[{"href":"https:\/\/monumental-valois.com\/pt-br\/wp-json\/wp\/v2\/pages\/2093","targetHints":{"allow":["GET"]}}],"collection":[{"href":"https:\/\/monumental-valois.com\/pt-br\/wp-json\/wp\/v2\/pages"}],"about":[{"href":"https:\/\/monumental-valois.com\/pt-br\/wp-json\/wp\/v2\/types\/page"}],"author":[{"embeddable":true,"href":"https:\/\/monumental-valois.com\/pt-br\/wp-json\/wp\/v2\/users\/1"}],"replies":[{"embeddable":true,"href":"https:\/\/monumental-valois.com\/pt-br\/wp-json\/wp\/v2\/comments?post=2093"}],"version-history":[{"count":1,"href":"https:\/\/monumental-valois.com\/pt-br\/wp-json\/wp\/v2\/pages\/2093\/revisions"}],"predecessor-version":[{"id":2094,"href":"https:\/\/monumental-valois.com\/pt-br\/wp-json\/wp\/v2\/pages\/2093\/revisions\/2094"}],"wp:attachment":[{"href":"https:\/\/monumental-valois.com\/pt-br\/wp-json\/wp\/v2\/media?parent=2093"}],"curies":[{"name":"wp","href":"https:\/\/api.w.org\/{rel}","templated":true}]}}